{"id":889,"date":"2025-07-21T21:34:23","date_gmt":"2025-07-21T19:34:23","guid":{"rendered":"https:\/\/dev2025.seidenstrasse-winterthur.ch\/?page_id=889"},"modified":"2026-06-21T21:33:30","modified_gmt":"2026-06-21T19:33:30","slug":"ueber-uns","status":"publish","type":"page","link":"https:\/\/seidenstrasse-winterthur.ch\/?page_id=889","title":{"rendered":"\u00dcber uns"},"content":{"rendered":"\t\t<div data-elementor-type=\"wp-page\" data-elementor-id=\"889\" class=\"elementor elementor-889\" data-elementor-post-type=\"page\">\n\t\t\t\t<div class=\"elementor-element elementor-element-6b81ad4c e-flex e-con-boxed e-con e-parent\" data-id=\"6b81ad4c\" data-element_type=\"container\" data-e-type=\"container\" data-settings=\"{&quot;background_background&quot;:&quot;classic&quot;}\">\n\t\t\t\t\t<div class=\"e-con-inner\">\n\t\t<div class=\"elementor-element elementor-element-41682efd e-con-full e-flex e-con e-child\" data-id=\"41682efd\" data-element_type=\"container\" data-e-type=\"container\">\n\t\t\t\t<\/div>\n\t\t\t\t\t<\/div>\n\t\t\t\t<\/div>\n\t\t<div class=\"elementor-element elementor-element-12a5ebb1 e-flex e-con-boxed e-con e-parent\" data-id=\"12a5ebb1\" data-element_type=\"container\" data-e-type=\"container\" data-settings=\"{&quot;background_background&quot;:&quot;classic&quot;,&quot;shape_divider_bottom&quot;:&quot;curve&quot;}\">\n\t\t\t\t\t<div class=\"e-con-inner\">\n\t\t\t\t<div class=\"elementor-shape elementor-shape-bottom\" aria-hidden=\"true\" data-negative=\"false\">\n\t\t\t<svg xmlns=\"http:\/\/www.w3.org\/2000\/svg\" viewBox=\"0 0 1000 100\" preserveAspectRatio=\"none\">\n    <path class=\"elementor-shape-fill\" d=\"M1000,4.3V0H0v4.3C0.9,23.1,126.7,99.2,500,100S1000,22.7,1000,4.3z\"\/>\n<\/svg>\t\t<\/div>\n\t\t\t\t\t<\/div>\n\t\t\t\t<\/div>\n\t\t<div class=\"elementor-element elementor-element-53d1fd4 e-flex e-con-boxed e-con e-parent\" data-id=\"53d1fd4\" data-element_type=\"container\" data-e-type=\"container\" data-settings=\"{&quot;background_background&quot;:&quot;classic&quot;}\">\n\t\t\t\t\t<div class=\"e-con-inner\">\n\t\t<div class=\"elementor-element elementor-element-0b85d4b e-con-full e-flex e-con e-child\" data-id=\"0b85d4b\" data-element_type=\"container\" data-e-type=\"container\" data-settings=\"{&quot;background_background&quot;:&quot;classic&quot;}\">\n\t\t\t\t<div class=\"elementor-element elementor-element-80b4707 elementor-widget elementor-widget-heading\" data-id=\"80b4707\" data-element_type=\"widget\" data-e-type=\"widget\" data-widget_type=\"heading.default\">\n\t\t\t\t\t<h2 class=\"elementor-heading-title elementor-size-default\">Der Quartierverin Seidenstrasse<\/h2>\t\t\t\t<\/div>\n\t\t\t\t<\/div>\n\t\t<div class=\"elementor-element elementor-element-07d904b e-con-full e-flex e-con e-child\" data-id=\"07d904b\" data-element_type=\"container\" data-e-type=\"container\" data-settings=\"{&quot;background_background&quot;:&quot;classic&quot;}\">\n\t\t\t\t<div class=\"elementor-element elementor-element-6a6a7e7 elementor-widget elementor-widget-heading\" data-id=\"6a6a7e7\" data-element_type=\"widget\" data-e-type=\"widget\" data-widget_type=\"heading.default\">\n\t\t\t\t\t<h2 class=\"elementor-heading-title elementor-size-default\"><a href=\"https:\/\/qsw.webling.ch\/portal\" target=\"_blank\">Mitgliederportal Login<\/a><\/h2>\t\t\t\t<\/div>\n\t\t\t\t<\/div>\n\t\t\t\t\t<\/div>\n\t\t\t\t<\/div>\n\t\t<div class=\"elementor-element elementor-element-53a4f04 e-flex e-con-boxed e-con e-parent\" data-id=\"53a4f04\" data-element_type=\"container\" data-e-type=\"container\" data-settings=\"{&quot;background_background&quot;:&quot;classic&quot;}\">\n\t\t\t\t\t<div class=\"e-con-inner\">\n\t\t<div class=\"elementor-element elementor-element-61b9239 e-con-full e-flex e-con e-child\" data-id=\"61b9239\" data-element_type=\"container\" data-e-type=\"container\">\n\t\t<div class=\"elementor-element elementor-element-e75eb8e e-con-full e-flex e-con e-child\" data-id=\"e75eb8e\" data-element_type=\"container\" data-e-type=\"container\">\n\t\t\t\t<div class=\"elementor-element elementor-element-23fa0c9 elementor-widget elementor-widget-heading\" data-id=\"23fa0c9\" data-element_type=\"widget\" data-e-type=\"widget\" data-widget_type=\"heading.default\">\n\t\t\t\t\t<h2 class=\"elementor-heading-title elementor-size-default\">Hast Du Ideen f\u00fcr neue Events, Anregungen oder m\u00f6chtest Dich st\u00e4rker im Quartier einbringen?\n\u2028Dann schreib uns doch einfach eine kurze Mail \u2013 wir freuen uns auf Deine Nachricht!\u2028\n\nDein Quartierverein Seidenstrasse<\/h2>\t\t\t\t<\/div>\n\t\t\t\t<div class=\"elementor-element elementor-element-9979b90 elementor-widget elementor-widget-text-editor\" data-id=\"9979b90\" data-element_type=\"widget\" data-e-type=\"widget\" data-widget_type=\"text-editor.default\">\n\t\t\t\t\t\t\t\t\t<p><a href=\"mailto:info@seidenstrasse-winterthur.ch\">Schreib uns<\/a><\/p>\t\t\t\t\t\t\t\t<\/div>\n\t\t\t\t<\/div>\n\t\t<div class=\"elementor-element elementor-element-fe77ba4 e-con-full e-flex e-con e-child\" data-id=\"fe77ba4\" data-element_type=\"container\" data-e-type=\"container\">\n\t\t\t\t<div class=\"elementor-element elementor-element-72ba7ee elementor-widget elementor-widget-image\" data-id=\"72ba7ee\" data-element_type=\"widget\" data-e-type=\"widget\" data-widget_type=\"image.default\">\n\t\t\t\t\t\t\t\t\t\t\t\t\t\t\t<img fetchpriority=\"high\" decoding=\"async\" width=\"800\" height=\"635\" src=\"https:\/\/seidenstrasse-winterthur.ch\/wp-content\/uploads\/2025\/07\/Strassen-Grafik-DunkelGruen.svg\" class=\"attachment-large size-large wp-image-154\" alt=\"\" \/>\t\t\t\t\t\t\t\t\t\t\t\t\t\t\t<\/div>\n\t\t\t\t<\/div>\n\t\t\t\t<\/div>\n\t\t<div class=\"elementor-element elementor-element-b106716 e-con-full e-flex e-con e-child\" data-id=\"b106716\" data-element_type=\"container\" data-e-type=\"container\" data-settings=\"{&quot;background_background&quot;:&quot;classic&quot;}\">\n\t\t<div class=\"elementor-element elementor-element-2ff3d4e e-con-full e-flex e-con e-child\" data-id=\"2ff3d4e\" data-element_type=\"container\" data-e-type=\"container\">\n\t\t\t\t<div class=\"elementor-element elementor-element-47c6586 elementor-widget elementor-widget-heading\" data-id=\"47c6586\" data-element_type=\"widget\" data-e-type=\"widget\" data-widget_type=\"heading.default\">\n\t\t\t\t\t<h2 class=\"elementor-heading-title elementor-size-default\">Den Verein zus\u00e4tzlich unterst\u00fctzen?<\/h2>\t\t\t\t<\/div>\n\t\t\t\t<\/div>\n\t\t<div class=\"elementor-element elementor-element-91b978a e-con-full e-flex e-con e-child\" data-id=\"91b978a\" data-element_type=\"container\" data-e-type=\"container\">\n\t\t<div class=\"elementor-element elementor-element-14186c3 e-con-full e-flex e-con e-child\" data-id=\"14186c3\" data-element_type=\"container\" data-e-type=\"container\">\n\t\t\t\t<div class=\"elementor-element elementor-element-56c7619 elementor-widget elementor-widget-text-editor\" data-id=\"56c7619\" data-element_type=\"widget\" data-e-type=\"widget\" data-widget_type=\"text-editor.default\">\n\t\t\t\t\t\t\t\t\t<p>Du wohnst nicht im Quartier, m\u00f6chtest aber trotzdem etwas beitragen? Oder du bist Mitglied und willst den Verein zus\u00e4tzlich unterst\u00fctzen?<\/p>\t\t\t\t\t\t\t\t<\/div>\n\t\t\t\t<div class=\"elementor-element elementor-element-49228c7 elementor-widget elementor-widget-text-editor\" data-id=\"49228c7\" data-element_type=\"widget\" data-e-type=\"widget\" data-widget_type=\"text-editor.default\">\n\t\t\t\t\t\t\t\t\t<p>\u00dcber eine Spende freuen wir uns sehr.<\/p>\t\t\t\t\t\t\t\t<\/div>\n\t\t\t\t<\/div>\n\t\t<div class=\"elementor-element elementor-element-bcc2b6d e-con-full e-flex e-con e-child\" data-id=\"bcc2b6d\" data-element_type=\"container\" data-e-type=\"container\">\n\t\t\t\t<div class=\"elementor-element elementor-element-bd53166 elementor-widget elementor-widget-text-editor\" data-id=\"bd53166\" data-element_type=\"widget\" data-e-type=\"widget\" data-widget_type=\"text-editor.default\">\n\t\t\t\t\t\t\t\t\t<p>Unser Bankverbindungen:<\/p>\t\t\t\t\t\t\t\t<\/div>\n\t\t\t\t<div class=\"elementor-element elementor-element-8e4e9b2 elementor-widget elementor-widget-text-editor\" data-id=\"8e4e9b2\" data-element_type=\"widget\" data-e-type=\"widget\" data-widget_type=\"text-editor.default\">\n\t\t\t\t\t\t\t\t\t<p class=\"paragraph_style_1\">BAN CH52 0070 0110 0023 5532 0<br \/>Z\u00fcrcher Kantonalbank, Winterthur, Clearing-Nr 700, <br \/>Konto Nr. 1100-2355.320, PC 80-151-4<\/p><p class=\"paragraph_style_1\">Quartierverein Seidenstrasse, Seidenstrasse, 8400 Winterthur<\/p>\t\t\t\t\t\t\t\t<\/div>\n\t\t\t\t<\/div>\n\t\t\t\t<\/div>\n\t\t\t\t<\/div>\n\t\t\t\t\t<\/div>\n\t\t\t\t<\/div>\n\t\t<div class=\"elementor-element elementor-element-42f0650 elementor-hidden-mobile e-flex e-con-boxed e-con e-parent\" data-id=\"42f0650\" data-element_type=\"container\" data-e-type=\"container\" data-settings=\"{&quot;background_background&quot;:&quot;classic&quot;}\">\n\t\t\t\t\t<div class=\"e-con-inner\">\n\t\t\t\t\t<\/div>\n\t\t\t\t<\/div>\n\t\t<div class=\"elementor-element elementor-element-744b8e3 e-flex e-con-boxed e-con e-parent\" data-id=\"744b8e3\" data-element_type=\"container\" data-e-type=\"container\" data-settings=\"{&quot;background_background&quot;:&quot;classic&quot;}\">\n\t\t\t\t\t<div class=\"e-con-inner\">\n\t\t\t\t<div class=\"elementor-element elementor-element-ca18680 elementor-widget elementor-widget-heading\" data-id=\"ca18680\" data-element_type=\"widget\" data-e-type=\"widget\" data-widget_type=\"heading.default\">\n\t\t\t\t\t<h2 class=\"elementor-heading-title elementor-size-default\">Klatsch &amp; Tratsch<\/h2>\t\t\t\t<\/div>\n\t\t\t\t\t<\/div>\n\t\t\t\t<\/div>\n\t\t<div class=\"elementor-element elementor-element-05b312b e-flex e-con-boxed e-con e-parent\" data-id=\"05b312b\" data-element_type=\"container\" data-e-type=\"container\" data-settings=\"{&quot;background_background&quot;:&quot;classic&quot;}\">\n\t\t\t\t\t<div class=\"e-con-inner\">\n\t\t<div class=\"elementor-element elementor-element-120d633 e-con-full e-flex e-con e-child\" data-id=\"120d633\" data-element_type=\"container\" data-e-type=\"container\">\n\t\t<div class=\"elementor-element elementor-element-9b04280 e-con-full e-flex e-con e-child\" data-id=\"9b04280\" data-element_type=\"container\" data-e-type=\"container\">\n\t\t<div class=\"elementor-element elementor-element-81d8cab e-con-full e-flex e-con e-child\" data-id=\"81d8cab\" data-element_type=\"container\" data-e-type=\"container\">\n\t\t\t\t<div class=\"elementor-element elementor-element-de20a4f elementor-widget elementor-widget-heading\" data-id=\"de20a4f\" data-element_type=\"widget\" data-e-type=\"widget\" data-widget_type=\"heading.default\">\n\t\t\t\t\t<h2 class=\"elementor-heading-title elementor-size-default\">2025 Neuwahl: \nBernd W\u00fcthrich - Kommunikation \/ Design<\/h2>\t\t\t\t<\/div>\n\t\t\t\t<\/div>\n\t\t<div class=\"elementor-element elementor-element-e2357d0 e-con-full e-flex e-con e-child\" data-id=\"e2357d0\" data-element_type=\"container\" data-e-type=\"container\">\n\t\t\t\t<div class=\"elementor-element elementor-element-4f782ce elementor-widget elementor-widget-image\" data-id=\"4f782ce\" data-element_type=\"widget\" data-e-type=\"widget\" data-widget_type=\"image.default\">\n\t\t\t\t\t\t\t\t\t\t\t\t\t\t\t<img decoding=\"async\" width=\"800\" height=\"943\" src=\"https:\/\/seidenstrasse-winterthur.ch\/wp-content\/uploads\/2026\/01\/IMG_2973-869x1024.jpeg\" class=\"attachment-large size-large wp-image-2075\" alt=\"\" srcset=\"https:\/\/seidenstrasse-winterthur.ch\/wp-content\/uploads\/2026\/01\/IMG_2973-869x1024.jpeg 869w, https:\/\/seidenstrasse-winterthur.ch\/wp-content\/uploads\/2026\/01\/IMG_2973-254x300.jpeg 254w, https:\/\/seidenstrasse-winterthur.ch\/wp-content\/uploads\/2026\/01\/IMG_2973-768x905.jpeg 768w, https:\/\/seidenstrasse-winterthur.ch\/wp-content\/uploads\/2026\/01\/IMG_2973-1303x1536.jpeg 1303w, https:\/\/seidenstrasse-winterthur.ch\/wp-content\/uploads\/2026\/01\/IMG_2973-1737x2048.jpeg 1737w\" sizes=\"(max-width: 800px) 100vw, 800px\" \/>\t\t\t\t\t\t\t\t\t\t\t\t\t\t\t<\/div>\n\t\t\t\t<\/div>\n\t\t<div class=\"elementor-element elementor-element-b1c0a29 e-con-full e-flex e-con e-child\" data-id=\"b1c0a29\" data-element_type=\"container\" data-e-type=\"container\">\n\t\t\t\t<div class=\"elementor-element elementor-element-2e69f3f elementor-widget elementor-widget-text-editor\" data-id=\"2e69f3f\" data-element_type=\"widget\" data-e-type=\"widget\" data-widget_type=\"text-editor.default\">\n\t\t\t\t\t\t\t\t\t<p>Wir freuen uns, Bernd W\u00fcthrich als neues Mitglied im Vorstand des Seidenstrasse Quartiervereins begr\u00fcssen zu d\u00fcrfen.<br \/>Er leitet eine <span style=\"text-decoration: underline;\"><a href=\"https:\/\/falt.ch\/\" target=\"_blank\" rel=\"noopener\">Grafikdesign- und Kommunikationsagentur<\/a><\/span> in Winterthur und bringt damit wertvolle fachliche Erfahrung in den Verein ein.<\/p><p>Im Vorstand wird Bernd W\u00fcthrich k\u00fcnftig f\u00fcr den Bereich Kommunikation und Design verantwortlich sein und den Quartierverein bei der Weiterentwicklung seines Auftritts und der Information der Mitglieder unterst\u00fctzen.<\/p><p>Wir heissen Bernd W\u00fcthrich herzlich willkommen und freuen uns auf die Zusammenarbeit.<\/p>\t\t\t\t\t\t\t\t<\/div>\n\t\t\t\t<\/div>\n\t\t\t\t<\/div>\n\t\t\t\t<\/div>\n\t\t<div class=\"elementor-element elementor-element-7d45a8f e-con-full e-flex e-con e-child\" data-id=\"7d45a8f\" data-element_type=\"container\" data-e-type=\"container\">\n\t\t<div class=\"elementor-element elementor-element-d4af9b1 e-con-full e-flex e-con e-child\" data-id=\"d4af9b1\" data-element_type=\"container\" data-e-type=\"container\">\n\t\t<div class=\"elementor-element elementor-element-cf31618 e-con-full e-flex e-con e-child\" data-id=\"cf31618\" data-element_type=\"container\" data-e-type=\"container\">\n\t\t\t\t<div class=\"elementor-element elementor-element-8ec1fc5 elementor-widget elementor-widget-heading\" data-id=\"8ec1fc5\" data-element_type=\"widget\" data-e-type=\"widget\" data-widget_type=\"heading.default\">\n\t\t\t\t\t<h2 class=\"elementor-heading-title elementor-size-default\">2025 R\u00fccktritt: Urs Fehlmann, Bettina und Dani Bacher<\/h2>\t\t\t\t<\/div>\n\t\t\t\t<\/div>\n\t\t<div class=\"elementor-element elementor-element-16e025f e-con-full e-flex e-con e-child\" data-id=\"16e025f\" data-element_type=\"container\" data-e-type=\"container\">\n\t\t\t\t<div class=\"elementor-element elementor-element-36ef04b elementor-widget elementor-widget-image\" data-id=\"36ef04b\" data-element_type=\"widget\" data-e-type=\"widget\" data-widget_type=\"image.default\">\n\t\t\t\t\t\t\t\t\t\t\t\t\t\t\t<img decoding=\"async\" width=\"800\" height=\"600\" src=\"https:\/\/seidenstrasse-winterthur.ch\/wp-content\/uploads\/2026\/01\/IMG_2960-1024x768.jpeg\" class=\"attachment-large size-large wp-image-2070\" alt=\"\" srcset=\"https:\/\/seidenstrasse-winterthur.ch\/wp-content\/uploads\/2026\/01\/IMG_2960-1024x768.jpeg 1024w, https:\/\/seidenstrasse-winterthur.ch\/wp-content\/uploads\/2026\/01\/IMG_2960-300x225.jpeg 300w, https:\/\/seidenstrasse-winterthur.ch\/wp-content\/uploads\/2026\/01\/IMG_2960-768x576.jpeg 768w, https:\/\/seidenstrasse-winterthur.ch\/wp-content\/uploads\/2026\/01\/IMG_2960-1536x1152.jpeg 1536w, https:\/\/seidenstrasse-winterthur.ch\/wp-content\/uploads\/2026\/01\/IMG_2960-2048x1536.jpeg 2048w\" sizes=\"(max-width: 800px) 100vw, 800px\" \/>\t\t\t\t\t\t\t\t\t\t\t\t\t\t\t<\/div>\n\t\t\t\t<\/div>\n\t\t<div class=\"elementor-element elementor-element-1f17fff e-con-full e-flex e-con e-child\" data-id=\"1f17fff\" data-element_type=\"container\" data-e-type=\"container\">\n\t\t\t\t<div class=\"elementor-element elementor-element-46264cc elementor-widget elementor-widget-text-editor\" data-id=\"46264cc\" data-element_type=\"widget\" data-e-type=\"widget\" data-widget_type=\"text-editor.default\">\n\t\t\t\t\t\t\t\t\t<p>Nach vielen Jahren engagierter und wertvoller Vorstandsarbeit treten Urs Fehlmann, Bettina und Dani Bacher aus dem Vorstand des Seidenstrasse Quartiervereins zur\u00fcck.<\/p><p>Mit grossem Einsatz, Herzblut und Verantwortungsbewusstsein haben sie die Entwicklung des Quartiervereins \u00fcber lange Zeit mitgepr\u00e4gt und wesentlich zu einem lebendigen und gut vernetzten Quartier beigetragen.<\/p><p>Der Vorstand und der gesamte Quartierverein danken Urs Fehlmann, Bettina und Dani Bacher herzlich f\u00fcr ihr langj\u00e4hriges Engagement, ihre Zeit und ihren unerm\u00fcdlichen Einsatz. Wir w\u00fcnschen ihnen f\u00fcr die Zukunft alles Gute und hoffen, sie dem Quartierverein weiterhin verbunden zu wissen.<\/p>\t\t\t\t\t\t\t\t<\/div>\n\t\t\t\t<\/div>\n\t\t\t\t<\/div>\n\t\t\t\t<\/div>\n\t\t<div class=\"elementor-element elementor-element-5b97f9c e-con-full e-flex e-con e-child\" data-id=\"5b97f9c\" data-element_type=\"container\" data-e-type=\"container\">\n\t\t<div class=\"elementor-element elementor-element-53d5c3d e-con-full e-flex e-con e-child\" data-id=\"53d5c3d\" data-element_type=\"container\" data-e-type=\"container\">\n\t\t<div class=\"elementor-element elementor-element-d9b1daa e-con-full e-flex e-con e-child\" data-id=\"d9b1daa\" data-element_type=\"container\" data-e-type=\"container\">\n\t\t\t\t<div class=\"elementor-element elementor-element-77d2e51 elementor-widget elementor-widget-heading\" data-id=\"77d2e51\" data-element_type=\"widget\" data-e-type=\"widget\" data-widget_type=\"heading.default\">\n\t\t\t\t\t<h2 class=\"elementor-heading-title elementor-size-default\">2023 Neue Pr\u00e4sidentin<\/h2>\t\t\t\t<\/div>\n\t\t\t\t<\/div>\n\t\t<div class=\"elementor-element elementor-element-2dc11ce e-con-full e-flex e-con e-child\" data-id=\"2dc11ce\" data-element_type=\"container\" data-e-type=\"container\">\n\t\t\t\t<div class=\"elementor-element elementor-element-8695e4a elementor-widget elementor-widget-image\" data-id=\"8695e4a\" data-element_type=\"widget\" data-e-type=\"widget\" data-widget_type=\"image.default\">\n\t\t\t\t\t\t\t\t\t\t\t\t\t\t\t<img loading=\"lazy\" decoding=\"async\" width=\"800\" height=\"800\" src=\"https:\/\/seidenstrasse-winterthur.ch\/wp-content\/uploads\/2025\/12\/97651c78-4d44-4dbe-8859-7259c6f76991-1024x1024.jpg\" class=\"attachment-large size-large wp-image-1838\" alt=\"\" srcset=\"https:\/\/seidenstrasse-winterthur.ch\/wp-content\/uploads\/2025\/12\/97651c78-4d44-4dbe-8859-7259c6f76991-1024x1024.jpg 1024w, https:\/\/seidenstrasse-winterthur.ch\/wp-content\/uploads\/2025\/12\/97651c78-4d44-4dbe-8859-7259c6f76991-300x300.jpg 300w, https:\/\/seidenstrasse-winterthur.ch\/wp-content\/uploads\/2025\/12\/97651c78-4d44-4dbe-8859-7259c6f76991-150x150.jpg 150w, https:\/\/seidenstrasse-winterthur.ch\/wp-content\/uploads\/2025\/12\/97651c78-4d44-4dbe-8859-7259c6f76991-768x768.jpg 768w, https:\/\/seidenstrasse-winterthur.ch\/wp-content\/uploads\/2025\/12\/97651c78-4d44-4dbe-8859-7259c6f76991.jpg 1224w\" sizes=\"(max-width: 800px) 100vw, 800px\" \/>\t\t\t\t\t\t\t\t\t\t\t\t\t\t\t<\/div>\n\t\t\t\t<\/div>\n\t\t<div class=\"elementor-element elementor-element-c84ba6e e-con-full e-flex e-con e-child\" data-id=\"c84ba6e\" data-element_type=\"container\" data-e-type=\"container\">\n\t\t\t\t<div class=\"elementor-element elementor-element-8cd1c4e elementor-widget elementor-widget-text-editor\" data-id=\"8cd1c4e\" data-element_type=\"widget\" data-e-type=\"widget\" data-widget_type=\"text-editor.default\">\n\t\t\t\t\t\t\t\t\t<p>Nach gut 14 Jahren im Dienste der Seidenstrasse gibt der langj\u00e4hrige Pr\u00e4sident Christian Huggenberg sein Amt an die frisch gew\u00e4hlte Sabine Ihringer ab. Die Mitglieder stimmen klar f\u00fcr eine starke und dynamische Frau im Amt.<\/p>\t\t\t\t\t\t\t\t<\/div>\n\t\t\t\t<\/div>\n\t\t\t\t<\/div>\n\t\t\t\t<\/div>\n\t\t<div class=\"elementor-element elementor-element-e024fb6 e-con-full e-flex e-con e-child\" data-id=\"e024fb6\" data-element_type=\"container\" data-e-type=\"container\">\n\t\t<div class=\"elementor-element elementor-element-d621719 e-con-full e-flex e-con e-child\" data-id=\"d621719\" data-element_type=\"container\" data-e-type=\"container\">\n\t\t<div class=\"elementor-element elementor-element-5bdf2e8 e-con-full e-flex e-con e-child\" data-id=\"5bdf2e8\" data-element_type=\"container\" data-e-type=\"container\">\n\t\t\t\t<div class=\"elementor-element elementor-element-2c004f1 elementor-widget elementor-widget-heading\" data-id=\"2c004f1\" data-element_type=\"widget\" data-e-type=\"widget\" data-widget_type=\"heading.default\">\n\t\t\t\t\t<h2 class=\"elementor-heading-title elementor-size-default\">2023 Ver\u00e4nderung im Vorstand<\/h2>\t\t\t\t<\/div>\n\t\t\t\t<\/div>\n\t\t<div class=\"elementor-element elementor-element-51684d4 e-con-full e-flex e-con e-child\" data-id=\"51684d4\" data-element_type=\"container\" data-e-type=\"container\">\n\t\t\t\t<div class=\"elementor-element elementor-element-40f8f89 elementor-widget elementor-widget-image\" data-id=\"40f8f89\" data-element_type=\"widget\" data-e-type=\"widget\" data-widget_type=\"image.default\">\n\t\t\t\t\t\t\t\t\t\t\t\t\t\t\t<img loading=\"lazy\" decoding=\"async\" width=\"800\" height=\"600\" src=\"https:\/\/seidenstrasse-winterthur.ch\/wp-content\/uploads\/2025\/12\/72043f4c-40a1-4f36-9ce3-1bb4f7b7f168-1024x768.jpg\" class=\"attachment-large size-large wp-image-1850\" alt=\"\" srcset=\"https:\/\/seidenstrasse-winterthur.ch\/wp-content\/uploads\/2025\/12\/72043f4c-40a1-4f36-9ce3-1bb4f7b7f168-1024x768.jpg 1024w, https:\/\/seidenstrasse-winterthur.ch\/wp-content\/uploads\/2025\/12\/72043f4c-40a1-4f36-9ce3-1bb4f7b7f168-300x225.jpg 300w, https:\/\/seidenstrasse-winterthur.ch\/wp-content\/uploads\/2025\/12\/72043f4c-40a1-4f36-9ce3-1bb4f7b7f168-768x576.jpg 768w, https:\/\/seidenstrasse-winterthur.ch\/wp-content\/uploads\/2025\/12\/72043f4c-40a1-4f36-9ce3-1bb4f7b7f168-1536x1152.jpg 1536w, https:\/\/seidenstrasse-winterthur.ch\/wp-content\/uploads\/2025\/12\/72043f4c-40a1-4f36-9ce3-1bb4f7b7f168-2048x1536.jpg 2048w\" sizes=\"(max-width: 800px) 100vw, 800px\" \/>\t\t\t\t\t\t\t\t\t\t\t\t\t\t\t<\/div>\n\t\t\t\t<\/div>\n\t\t<div class=\"elementor-element elementor-element-5f874c8 e-con-full e-flex e-con e-child\" data-id=\"5f874c8\" data-element_type=\"container\" data-e-type=\"container\">\n\t\t\t\t<div class=\"elementor-element elementor-element-1fefbb6 elementor-widget elementor-widget-text-editor\" data-id=\"1fefbb6\" data-element_type=\"widget\" data-e-type=\"widget\" data-widget_type=\"text-editor.default\">\n\t\t\t\t\t\t\t\t\t<p>An der MV 2023 haben vier wohlverdiente, langj\u00e4hrige Vorstands- und Gr\u00fcndungsmitglieder ihr offizielles Amt im Quartierverein niedergelegt. Die Mitglieder des Quartiervereins bedanken sich f\u00fcr die grossartige Arbeit der letzten Jahre.\u00a0<br \/><br \/>Nicole Str\u00e4hl &amp; Thomas Giger &#8211;\u00a0 Kommunikation\u00a0<br \/>Yvonne &amp; Martin Rosenberger &#8211; Finanzen<\/p>\t\t\t\t\t\t\t\t<\/div>\n\t\t\t\t<\/div>\n\t\t\t\t<\/div>\n\t\t\t\t<\/div>\n\t\t<div class=\"elementor-element elementor-element-ca3e96b e-con-full e-flex e-con e-child\" data-id=\"ca3e96b\" data-element_type=\"container\" data-e-type=\"container\">\n\t\t<div class=\"elementor-element elementor-element-0b905bb e-con-full e-flex e-con e-child\" data-id=\"0b905bb\" data-element_type=\"container\" data-e-type=\"container\">\n\t\t<div class=\"elementor-element elementor-element-f8a1b08 e-con-full e-flex e-con e-child\" data-id=\"f8a1b08\" data-element_type=\"container\" data-e-type=\"container\">\n\t\t\t\t<div class=\"elementor-element elementor-element-d0b57e6 elementor-widget elementor-widget-heading\" data-id=\"d0b57e6\" data-element_type=\"widget\" data-e-type=\"widget\" data-widget_type=\"heading.default\">\n\t\t\t\t\t<h2 class=\"elementor-heading-title elementor-size-default\">2022: Kontaktstellen f\u00fcr Ukraine-Hilfe<\/h2>\t\t\t\t<\/div>\n\t\t\t\t<\/div>\n\t\t<div class=\"elementor-element elementor-element-181ea7d e-con-full e-flex e-con e-child\" data-id=\"181ea7d\" data-element_type=\"container\" data-e-type=\"container\">\n\t\t\t\t<div class=\"elementor-element elementor-element-94f368b elementor-widget elementor-widget-image\" data-id=\"94f368b\" data-element_type=\"widget\" data-e-type=\"widget\" data-widget_type=\"image.default\">\n\t\t\t\t\t\t\t\t\t\t\t\t\t\t\t<img loading=\"lazy\" decoding=\"async\" width=\"800\" height=\"741\" src=\"https:\/\/seidenstrasse-winterthur.ch\/wp-content\/uploads\/2025\/12\/heart-7039299.svg\" class=\"attachment-large size-large wp-image-1856\" alt=\"\" \/>\t\t\t\t\t\t\t\t\t\t\t\t\t\t\t<\/div>\n\t\t\t\t<\/div>\n\t\t<div class=\"elementor-element elementor-element-8ba7051 e-con-full e-flex e-con e-child\" data-id=\"8ba7051\" data-element_type=\"container\" data-e-type=\"container\">\n\t\t\t\t<div class=\"elementor-element elementor-element-9158780 elementor-widget elementor-widget-text-editor\" data-id=\"9158780\" data-element_type=\"widget\" data-e-type=\"widget\" data-widget_type=\"text-editor.default\">\n\t\t\t\t\t\t\t\t\t<div id=\"page-zones__main-widgets__5e77159f1b63e-zones__5e77159f2fa83-widgets__62ad77e030001\" class=\"widget widget--zone-widget js-widget\" data-name=\"content\" data-uniqueid=\"auIL59wAHAljRT3\" data-parentuniqueid=\"8pJH5jz0hCMRlRQ\"><div class=\"bk-content-text content widget__content wysihtml-editor-content\"><p>Der Quartierverein unterh\u00e4lt einen Kontakt zur offiziellen Begleit-Gruppe Asyl der Stadt Winterthur. Wie man sich f\u00fcr Menschen, die aus der Ukraine fl\u00fcchten mussten, engagieren kann, haben wir hier zusammengefasst:<\/p><\/div><\/div>\t\t\t\t\t\t\t\t<\/div>\n\t\t\t\t<div class=\"elementor-element elementor-element-a11080b elementor-widget elementor-widget-button\" data-id=\"a11080b\" data-element_type=\"widget\" data-e-type=\"widget\" data-widget_type=\"button.default\">\n\t\t\t\t\t\t\t\t\t\t<a class=\"elementor-button elementor-button-link elementor-size-sm\" href=\"https:\/\/files.wbk.kreativmedia.ch\/c9\/78\/c978d6a6-edb8-443b-9c29-ee8cbf2ee040.pdf\">\n\t\t\t\t\t\t<span class=\"elementor-button-content-wrapper\">\n\t\t\t\t\t\t\t\t\t<span class=\"elementor-button-text\">Mehr Info<\/span>\n\t\t\t\t\t<\/span>\n\t\t\t\t\t<\/a>\n\t\t\t\t\t\t\t\t<\/div>\n\t\t\t\t<\/div>\n\t\t\t\t<\/div>\n\t\t\t\t<\/div>\n\t\t<div class=\"elementor-element elementor-element-5182c5d e-con-full e-flex e-con e-child\" data-id=\"5182c5d\" data-element_type=\"container\" data-e-type=\"container\">\n\t\t<div class=\"elementor-element elementor-element-a12be31 e-con-full e-flex e-con e-child\" data-id=\"a12be31\" data-element_type=\"container\" data-e-type=\"container\">\n\t\t<div class=\"elementor-element elementor-element-2280740 e-con-full e-flex e-con e-child\" data-id=\"2280740\" data-element_type=\"container\" data-e-type=\"container\">\n\t\t\t\t<div class=\"elementor-element elementor-element-f8e6933 elementor-widget elementor-widget-heading\" data-id=\"f8e6933\" data-element_type=\"widget\" data-e-type=\"widget\" data-widget_type=\"heading.default\">\n\t\t\t\t\t<h2 class=\"elementor-heading-title elementor-size-default\">2022: Sanierung Schulhaus Geiselweid<\/h2>\t\t\t\t<\/div>\n\t\t\t\t<\/div>\n\t\t<div class=\"elementor-element elementor-element-7a6eb75 e-con-full e-flex e-con e-child\" data-id=\"7a6eb75\" data-element_type=\"container\" data-e-type=\"container\">\n\t\t\t\t<div class=\"elementor-element elementor-element-a8e9b3e elementor-widget elementor-widget-image\" data-id=\"a8e9b3e\" data-element_type=\"widget\" data-e-type=\"widget\" data-widget_type=\"image.default\">\n\t\t\t\t\t\t\t\t\t\t\t\t\t\t\t\t<a href=\"https:\/\/seidenstrasse-winterthur.ch\/wp-content\/uploads\/2025\/12\/d5c19759-6e2c-4c13-9aaf-c66c676bd8a0.png\" data-elementor-open-lightbox=\"yes\" data-elementor-lightbox-title=\"d5c19759-6e2c-4c13-9aaf-c66c676bd8a0\" data-e-action-hash=\"#elementor-action%3Aaction%3Dlightbox%26settings%3DeyJpZCI6MTg1NCwidXJsIjoiaHR0cHM6XC9cL3NlaWRlbnN0cmFzc2Utd2ludGVydGh1ci5jaFwvd3AtY29udGVudFwvdXBsb2Fkc1wvMjAyNVwvMTJcL2Q1YzE5NzU5LTZlMmMtNGMxMy05YWFmLWM2NmM2NzZiZDhhMC5wbmcifQ%3D%3D\">\n\t\t\t\t\t\t\t<img loading=\"lazy\" decoding=\"async\" width=\"800\" height=\"394\" src=\"https:\/\/seidenstrasse-winterthur.ch\/wp-content\/uploads\/2025\/12\/d5c19759-6e2c-4c13-9aaf-c66c676bd8a0-1024x504.png\" class=\"attachment-large size-large wp-image-1854\" alt=\"\" srcset=\"https:\/\/seidenstrasse-winterthur.ch\/wp-content\/uploads\/2025\/12\/d5c19759-6e2c-4c13-9aaf-c66c676bd8a0-1024x504.png 1024w, https:\/\/seidenstrasse-winterthur.ch\/wp-content\/uploads\/2025\/12\/d5c19759-6e2c-4c13-9aaf-c66c676bd8a0-300x148.png 300w, https:\/\/seidenstrasse-winterthur.ch\/wp-content\/uploads\/2025\/12\/d5c19759-6e2c-4c13-9aaf-c66c676bd8a0-768x378.png 768w, https:\/\/seidenstrasse-winterthur.ch\/wp-content\/uploads\/2025\/12\/d5c19759-6e2c-4c13-9aaf-c66c676bd8a0.png 1456w\" sizes=\"(max-width: 800px) 100vw, 800px\" \/>\t\t\t\t\t\t\t\t<\/a>\n\t\t\t\t\t\t\t\t\t\t\t\t\t\t\t<\/div>\n\t\t\t\t<\/div>\n\t\t<div class=\"elementor-element elementor-element-c21364b e-con-full e-flex e-con e-child\" data-id=\"c21364b\" data-element_type=\"container\" data-e-type=\"container\">\n\t\t\t\t<div class=\"elementor-element elementor-element-d9628c1 elementor-widget elementor-widget-text-editor\" data-id=\"d9628c1\" data-element_type=\"widget\" data-e-type=\"widget\" data-widget_type=\"text-editor.default\">\n\t\t\t\t\t\t\t\t\t<p>Die Stadt Winterthur will das Schulhaus Geiselweid umfassend umbauen und auf neue Unterrichts-Methoden einrichten, wie dem nebenstehendem Bericht aus dem Landboten vom 24.5.2022 zu entnehmen ist. W\u00e4hrend der Umbau-Zeit m\u00fcssen Schulkinder teilweise in andere Schulh\u00e4user ausquartiert werden.\u00a0<\/p>\t\t\t\t\t\t\t\t<\/div>\n\t\t\t\t<\/div>\n\t\t\t\t<\/div>\n\t\t\t\t<\/div>\n\t\t<div class=\"elementor-element elementor-element-c211f99 e-con-full e-flex e-con e-child\" data-id=\"c211f99\" data-element_type=\"container\" data-e-type=\"container\">\n\t\t<div class=\"elementor-element elementor-element-8f47300 e-con-full e-flex e-con e-child\" data-id=\"8f47300\" data-element_type=\"container\" data-e-type=\"container\">\n\t\t<div class=\"elementor-element elementor-element-000e30f e-con-full e-flex e-con e-child\" data-id=\"000e30f\" data-element_type=\"container\" data-e-type=\"container\">\n\t\t\t\t<div class=\"elementor-element elementor-element-69adb81 elementor-widget elementor-widget-heading\" data-id=\"69adb81\" data-element_type=\"widget\" data-e-type=\"widget\" data-widget_type=\"heading.default\">\n\t\t\t\t\t<h2 class=\"elementor-heading-title elementor-size-default\">2020: Petition \u00fcberreicht<\/h2>\t\t\t\t<\/div>\n\t\t\t\t<\/div>\n\t\t<div class=\"elementor-element elementor-element-eeb52f2 e-con-full e-flex e-con e-child\" data-id=\"eeb52f2\" data-element_type=\"container\" data-e-type=\"container\">\n\t\t\t\t<div class=\"elementor-element elementor-element-52ce7f9 elementor-widget elementor-widget-image\" data-id=\"52ce7f9\" data-element_type=\"widget\" data-e-type=\"widget\" data-widget_type=\"image.default\">\n\t\t\t\t\t\t\t\t\t\t\t\t\t\t\t\t<a href=\"https:\/\/seidenstrasse-winterthur.ch\/wp-content\/uploads\/2026\/01\/b60f0e1d-4657-4c04-ba7b-1c238f9aeb8b.jpg\" data-elementor-open-lightbox=\"yes\" data-elementor-lightbox-title=\"Pedition\" data-e-action-hash=\"#elementor-action%3Aaction%3Dlightbox%26settings%3DeyJpZCI6MjAyMiwidXJsIjoiaHR0cHM6XC9cL3NlaWRlbnN0cmFzc2Utd2ludGVydGh1ci5jaFwvd3AtY29udGVudFwvdXBsb2Fkc1wvMjAyNlwvMDFcL2I2MGYwZTFkLTQ2NTctNGMwNC1iYTdiLTFjMjM4ZjlhZWI4Yi5qcGcifQ%3D%3D\">\n\t\t\t\t\t\t\t<img loading=\"lazy\" decoding=\"async\" width=\"768\" height=\"1024\" src=\"https:\/\/seidenstrasse-winterthur.ch\/wp-content\/uploads\/2026\/01\/b60f0e1d-4657-4c04-ba7b-1c238f9aeb8b-768x1024.jpg\" class=\"attachment-large size-large wp-image-2022\" alt=\"\" srcset=\"https:\/\/seidenstrasse-winterthur.ch\/wp-content\/uploads\/2026\/01\/b60f0e1d-4657-4c04-ba7b-1c238f9aeb8b-768x1024.jpg 768w, https:\/\/seidenstrasse-winterthur.ch\/wp-content\/uploads\/2026\/01\/b60f0e1d-4657-4c04-ba7b-1c238f9aeb8b-225x300.jpg 225w, https:\/\/seidenstrasse-winterthur.ch\/wp-content\/uploads\/2026\/01\/b60f0e1d-4657-4c04-ba7b-1c238f9aeb8b-1152x1536.jpg 1152w, https:\/\/seidenstrasse-winterthur.ch\/wp-content\/uploads\/2026\/01\/b60f0e1d-4657-4c04-ba7b-1c238f9aeb8b.jpg 1224w\" sizes=\"(max-width: 768px) 100vw, 768px\" \/>\t\t\t\t\t\t\t\t<\/a>\n\t\t\t\t\t\t\t\t\t\t\t\t\t\t\t<\/div>\n\t\t\t\t<\/div>\n\t\t<div class=\"elementor-element elementor-element-f0d5e70 e-con-full e-flex e-con e-child\" data-id=\"f0d5e70\" data-element_type=\"container\" data-e-type=\"container\">\n\t\t\t\t<div class=\"elementor-element elementor-element-d5c7460 elementor-widget elementor-widget-text-editor\" data-id=\"d5c7460\" data-element_type=\"widget\" data-e-type=\"widget\" data-widget_type=\"text-editor.default\">\n\t\t\t\t\t\t\t\t\t<p><span class=\"js-text-content content-block\">Pr\u00e4sident Christian Huggenberg und Petition\u00e4rin Barbara Schneider \u00fcberreichten am 1.12.2020 die Petition &#8222;Sicherheit und Wohnqualit\u00e4t im Seidenstrasse-Quartier&#8220; der zust\u00e4ndigen Stadtr\u00e4tin Christa Meier. Alles mit den n\u00f6tigen Schutzmassnahmen.\u00a0 Christa Meier hat die beiden sehr herzlich empfangen. Es gab Gelegenheit, ihr die Situation im Quartier (Inhalt\/Kontext der Petition) aber auch die angenehme Atmosph\u00e4re und die gelebte Nachbarschaft im Quartier zu schildern. Es konnten 91 gesammelte Unterschriften aus dem Quartier \u00fcberreicht werden. Im Namen auch der Petition\u00e4rinnen herzlichen Dank an alle f\u00fcr&#8217;s Mitwirken, Mitdenken und Diskutieren. <\/span><\/p>\t\t\t\t\t\t\t\t<\/div>\n\t\t\t\t<\/div>\n\t\t\t\t<\/div>\n\t\t\t\t<\/div>\n\t\t<div class=\"elementor-element elementor-element-86e9670 e-con-full e-flex e-con e-child\" data-id=\"86e9670\" data-element_type=\"container\" data-e-type=\"container\">\n\t\t<div class=\"elementor-element elementor-element-018aef3 e-con-full e-flex e-con e-child\" data-id=\"018aef3\" data-element_type=\"container\" data-e-type=\"container\">\n\t\t<div class=\"elementor-element elementor-element-f827a5b e-con-full e-flex e-con e-child\" data-id=\"f827a5b\" data-element_type=\"container\" data-e-type=\"container\">\n\t\t\t\t<div class=\"elementor-element elementor-element-8e5f9b8 elementor-widget elementor-widget-heading\" data-id=\"8e5f9b8\" data-element_type=\"widget\" data-e-type=\"widget\" data-widget_type=\"heading.default\">\n\t\t\t\t\t<h2 class=\"elementor-heading-title elementor-size-default\">2020: Nachbarschafts-Hilfe<\/h2>\t\t\t\t<\/div>\n\t\t\t\t<\/div>\n\t\t<div class=\"elementor-element elementor-element-b76edca e-con-full e-flex e-con e-child\" data-id=\"b76edca\" data-element_type=\"container\" data-e-type=\"container\">\n\t\t\t\t<div class=\"elementor-element elementor-element-e241e7d elementor-widget elementor-widget-image\" data-id=\"e241e7d\" data-element_type=\"widget\" data-e-type=\"widget\" data-widget_type=\"image.default\">\n\t\t\t\t\t\t\t\t\t\t\t\t\t\t\t<img loading=\"lazy\" decoding=\"async\" width=\"800\" height=\"534\" src=\"https:\/\/seidenstrasse-winterthur.ch\/wp-content\/uploads\/2026\/01\/eb96ada1-f0fa-4a7f-a338-7a224f2ceec0-1024x683.jpg\" class=\"attachment-large size-large wp-image-2026\" alt=\"\" srcset=\"https:\/\/seidenstrasse-winterthur.ch\/wp-content\/uploads\/2026\/01\/eb96ada1-f0fa-4a7f-a338-7a224f2ceec0-1024x683.jpg 1024w, https:\/\/seidenstrasse-winterthur.ch\/wp-content\/uploads\/2026\/01\/eb96ada1-f0fa-4a7f-a338-7a224f2ceec0-300x200.jpg 300w, https:\/\/seidenstrasse-winterthur.ch\/wp-content\/uploads\/2026\/01\/eb96ada1-f0fa-4a7f-a338-7a224f2ceec0-768x512.jpg 768w, https:\/\/seidenstrasse-winterthur.ch\/wp-content\/uploads\/2026\/01\/eb96ada1-f0fa-4a7f-a338-7a224f2ceec0-1536x1024.jpg 1536w, https:\/\/seidenstrasse-winterthur.ch\/wp-content\/uploads\/2026\/01\/eb96ada1-f0fa-4a7f-a338-7a224f2ceec0.jpg 1920w\" sizes=\"(max-width: 800px) 100vw, 800px\" \/>\t\t\t\t\t\t\t\t\t\t\t\t\t\t\t<\/div>\n\t\t\t\t<\/div>\n\t\t<div class=\"elementor-element elementor-element-fcb8137 e-con-full e-flex e-con e-child\" data-id=\"fcb8137\" data-element_type=\"container\" data-e-type=\"container\">\n\t\t\t\t<div class=\"elementor-element elementor-element-2a6c536 elementor-widget elementor-widget-text-editor\" data-id=\"2a6c536\" data-element_type=\"widget\" data-e-type=\"widget\" data-widget_type=\"text-editor.default\">\n\t\t\t\t\t\t\t\t\t<p><span class=\"js-text-content content-block\">In der aktuellen Corana-Zeit sind wir alle aufeinander angewiesen. Es haben sich schon zahlreiche Mitglieder f\u00fcr Nachbarschafts-Dienste gemeldet. Gerne vernetzen wir Quartier-BewohnerInnen mit einem Bedarf an Unterst\u00fctzung (zB. Einkaufen, etc.) mit Nachbarn, die helfen wollen und k\u00f6nnen. <\/span><\/p>\t\t\t\t\t\t\t\t<\/div>\n\t\t\t\t<\/div>\n\t\t\t\t<\/div>\n\t\t\t\t<\/div>\n\t\t<div class=\"elementor-element elementor-element-18964ea e-con-full e-flex e-con e-child\" data-id=\"18964ea\" data-element_type=\"container\" data-e-type=\"container\">\n\t\t<div class=\"elementor-element elementor-element-aa0f3cb e-con-full e-flex e-con e-child\" data-id=\"aa0f3cb\" data-element_type=\"container\" data-e-type=\"container\">\n\t\t<div class=\"elementor-element elementor-element-0892ed2 e-con-full e-flex e-con e-child\" data-id=\"0892ed2\" data-element_type=\"container\" data-e-type=\"container\">\n\t\t\t\t<div class=\"elementor-element elementor-element-03ab9f2 elementor-widget elementor-widget-heading\" data-id=\"03ab9f2\" data-element_type=\"widget\" data-e-type=\"widget\" data-widget_type=\"heading.default\">\n\t\t\t\t\t<h2 class=\"elementor-heading-title elementor-size-default\">\n2018: Rasen-Sanierung Schulhaus Geiselweid\n\n<\/h2>\t\t\t\t<\/div>\n\t\t\t\t<\/div>\n\t\t<div class=\"elementor-element elementor-element-5e9adf5 e-con-full e-flex e-con e-child\" data-id=\"5e9adf5\" data-element_type=\"container\" data-e-type=\"container\">\n\t\t\t\t<div class=\"elementor-element elementor-element-039f1d0 elementor-widget elementor-widget-image\" data-id=\"039f1d0\" data-element_type=\"widget\" data-e-type=\"widget\" data-widget_type=\"image.default\">\n\t\t\t\t\t\t\t\t\t\t\t\t\t\t\t\t<a href=\"https:\/\/seidenstrasse-winterthur.ch\/wp-content\/uploads\/2026\/01\/6ec8a97b-5bee-4931-8628-cc518055c138-scaled.jpg\" data-elementor-open-lightbox=\"yes\" data-elementor-lightbox-title=\"Rasensanierung\" data-e-action-hash=\"#elementor-action%3Aaction%3Dlightbox%26settings%3DeyJpZCI6MjAzMCwidXJsIjoiaHR0cHM6XC9cL3NlaWRlbnN0cmFzc2Utd2ludGVydGh1ci5jaFwvd3AtY29udGVudFwvdXBsb2Fkc1wvMjAyNlwvMDFcLzZlYzhhOTdiLTViZWUtNDkzMS04NjI4LWNjNTE4MDU1YzEzOC1zY2FsZWQuanBnIn0%3D\">\n\t\t\t\t\t\t\t<img loading=\"lazy\" decoding=\"async\" width=\"800\" height=\"534\" src=\"https:\/\/seidenstrasse-winterthur.ch\/wp-content\/uploads\/2026\/01\/6ec8a97b-5bee-4931-8628-cc518055c138-1024x683.jpg\" class=\"attachment-large size-large wp-image-2030\" alt=\"\" srcset=\"https:\/\/seidenstrasse-winterthur.ch\/wp-content\/uploads\/2026\/01\/6ec8a97b-5bee-4931-8628-cc518055c138-1024x683.jpg 1024w, https:\/\/seidenstrasse-winterthur.ch\/wp-content\/uploads\/2026\/01\/6ec8a97b-5bee-4931-8628-cc518055c138-300x200.jpg 300w, https:\/\/seidenstrasse-winterthur.ch\/wp-content\/uploads\/2026\/01\/6ec8a97b-5bee-4931-8628-cc518055c138-768x512.jpg 768w, https:\/\/seidenstrasse-winterthur.ch\/wp-content\/uploads\/2026\/01\/6ec8a97b-5bee-4931-8628-cc518055c138-1536x1024.jpg 1536w, https:\/\/seidenstrasse-winterthur.ch\/wp-content\/uploads\/2026\/01\/6ec8a97b-5bee-4931-8628-cc518055c138-2048x1365.jpg 2048w\" sizes=\"(max-width: 800px) 100vw, 800px\" \/>\t\t\t\t\t\t\t\t<\/a>\n\t\t\t\t\t\t\t\t\t\t\t\t\t\t\t<\/div>\n\t\t\t\t<\/div>\n\t\t<div class=\"elementor-element elementor-element-ef37430 e-con-full e-flex e-con e-child\" data-id=\"ef37430\" data-element_type=\"container\" data-e-type=\"container\">\n\t\t\t\t<div class=\"elementor-element elementor-element-67fb8ec elementor-widget elementor-widget-text-editor\" data-id=\"67fb8ec\" data-element_type=\"widget\" data-e-type=\"widget\" data-widget_type=\"text-editor.default\">\n\t\t\t\t\t\t\t\t\t<p><span class=\"js-text-content content-block\">Auf den spontanen Aufruf anl\u00e4sslich der Mitgliederversammlung des Quartiervereins wurde am Samstag, 23.6.2018 der Schulhausrasen beim Schulhaus Geiselweid in Fronarbeit von Mitgliedern des Quartiervereins und unter fachm\u00e4nnischer Anleitung der Gartenbau-Firma Brogle saniert.Zahlreiche Mitglieder des Quartiervereins halfen mit spontanen Geldspenden, dieses Projekt zu realisieren. Vielen Dank allen Spendern und Helfern ! Am Mittwoch, 11. Juli 2018 wurde der sanierte Schulhausrasen mit einem Freundschafts-Fussball-Match zwischen den Lehrern und einer Sch\u00fcler-Auswahl \u201eeingeweiht\u201c.<\/span><\/p>\t\t\t\t\t\t\t\t<\/div>\n\t\t\t\t<\/div>\n\t\t\t\t<\/div>\n\t\t\t\t<div class=\"elementor-element elementor-element-ff5e205 elementor-widget elementor-widget-gallery\" data-id=\"ff5e205\" data-element_type=\"widget\" data-e-type=\"widget\" data-settings=\"{&quot;gallery_layout&quot;:&quot;masonry&quot;,&quot;gap&quot;:{&quot;unit&quot;:&quot;px&quot;,&quot;size&quot;:20,&quot;sizes&quot;:[]},&quot;lazyload&quot;:&quot;yes&quot;,&quot;columns&quot;:4,&quot;columns_tablet&quot;:2,&quot;columns_mobile&quot;:1,&quot;gap_tablet&quot;:{&quot;unit&quot;:&quot;px&quot;,&quot;size&quot;:10,&quot;sizes&quot;:[]},&quot;gap_mobile&quot;:{&quot;unit&quot;:&quot;px&quot;,&quot;size&quot;:10,&quot;sizes&quot;:[]},&quot;link_to&quot;:&quot;file&quot;,&quot;content_hover_animation&quot;:&quot;fade-in&quot;}\" data-widget_type=\"gallery.default\">\n\t\t\t\t\t\t\t<div class=\"elementor-gallery__container\">\n\t\t\t\t\t\t\t<a class=\"e-gallery-item elementor-gallery-item elementor-animated-content\" href=\"https:\/\/seidenstrasse-winterthur.ch\/wp-content\/uploads\/2026\/01\/ecb57808-e64c-4086-a799-93f4b210b7f5.jpeg\" data-elementor-open-lightbox=\"yes\" data-elementor-lightbox-slideshow=\"ff5e205\" data-elementor-lightbox-title=\"ecb57808-e64c-4086-a799-93f4b210b7f5\" data-e-action-hash=\"#elementor-action%3Aaction%3Dlightbox%26settings%3DeyJpZCI6MjAzOCwidXJsIjoiaHR0cHM6XC9cL3NlaWRlbnN0cmFzc2Utd2ludGVydGh1ci5jaFwvd3AtY29udGVudFwvdXBsb2Fkc1wvMjAyNlwvMDFcL2VjYjU3ODA4LWU2NGMtNDA4Ni1hNzk5LTkzZjRiMjEwYjdmNS5qcGVnIiwic2xpZGVzaG93IjoiZmY1ZTIwNSJ9\">\n\t\t\t\t\t<div class=\"e-gallery-image elementor-gallery-item__image\" data-thumbnail=\"https:\/\/seidenstrasse-winterthur.ch\/wp-content\/uploads\/2026\/01\/ecb57808-e64c-4086-a799-93f4b210b7f5.jpeg\" data-width=\"360\" data-height=\"298\" aria-label=\"\" role=\"img\" ><\/div>\n\t\t\t\t\t\t\t\t\t\t\t\t\t\t<\/a>\n\t\t\t\t\t\t\t<a class=\"e-gallery-item elementor-gallery-item elementor-animated-content\" href=\"https:\/\/seidenstrasse-winterthur.ch\/wp-content\/uploads\/2026\/01\/48efcdd3-3366-4d39-81ee-81e123d2c921.jpeg\" data-elementor-open-lightbox=\"yes\" data-elementor-lightbox-slideshow=\"ff5e205\" data-elementor-lightbox-title=\"48efcdd3-3366-4d39-81ee-81e123d2c921\" data-e-action-hash=\"#elementor-action%3Aaction%3Dlightbox%26settings%3DeyJpZCI6MjAzOSwidXJsIjoiaHR0cHM6XC9cL3NlaWRlbnN0cmFzc2Utd2ludGVydGh1ci5jaFwvd3AtY29udGVudFwvdXBsb2Fkc1wvMjAyNlwvMDFcLzQ4ZWZjZGQzLTMzNjYtNGQzOS04MWVlLTgxZTEyM2QyYzkyMS5qcGVnIiwic2xpZGVzaG93IjoiZmY1ZTIwNSJ9\">\n\t\t\t\t\t<div class=\"e-gallery-image elementor-gallery-item__image\" data-thumbnail=\"https:\/\/seidenstrasse-winterthur.ch\/wp-content\/uploads\/2026\/01\/48efcdd3-3366-4d39-81ee-81e123d2c921.jpeg\" data-width=\"751\" data-height=\"1200\" aria-label=\"\" role=\"img\" ><\/div>\n\t\t\t\t\t\t\t\t\t\t\t\t\t\t<\/a>\n\t\t\t\t\t\t\t<a class=\"e-gallery-item elementor-gallery-item elementor-animated-content\" href=\"https:\/\/seidenstrasse-winterthur.ch\/wp-content\/uploads\/2026\/01\/dcf6792f-9108-4ff0-8d28-d571a37429df.jpeg\" data-elementor-open-lightbox=\"yes\" data-elementor-lightbox-slideshow=\"ff5e205\" data-elementor-lightbox-title=\"dcf6792f-9108-4ff0-8d28-d571a37429df\" data-e-action-hash=\"#elementor-action%3Aaction%3Dlightbox%26settings%3DeyJpZCI6MjAzNywidXJsIjoiaHR0cHM6XC9cL3NlaWRlbnN0cmFzc2Utd2ludGVydGh1ci5jaFwvd3AtY29udGVudFwvdXBsb2Fkc1wvMjAyNlwvMDFcL2RjZjY3OTJmLTkxMDgtNGZmMC04ZDI4LWQ1NzFhMzc0MjlkZi5qcGVnIiwic2xpZGVzaG93IjoiZmY1ZTIwNSJ9\">\n\t\t\t\t\t<div class=\"e-gallery-image elementor-gallery-item__image\" data-thumbnail=\"https:\/\/seidenstrasse-winterthur.ch\/wp-content\/uploads\/2026\/01\/dcf6792f-9108-4ff0-8d28-d571a37429df.jpeg\" data-width=\"751\" data-height=\"542\" aria-label=\"\" role=\"img\" ><\/div>\n\t\t\t\t\t\t\t\t\t\t\t\t\t\t<\/a>\n\t\t\t\t\t\t\t<a class=\"e-gallery-item elementor-gallery-item elementor-animated-content\" href=\"https:\/\/seidenstrasse-winterthur.ch\/wp-content\/uploads\/2026\/01\/598ac7fe-f550-4c3f-9173-fccfeb3de3be.jpeg\" data-elementor-open-lightbox=\"yes\" data-elementor-lightbox-slideshow=\"ff5e205\" data-elementor-lightbox-title=\"598ac7fe-f550-4c3f-9173-fccfeb3de3be\" data-e-action-hash=\"#elementor-action%3Aaction%3Dlightbox%26settings%3DeyJpZCI6MjA0MCwidXJsIjoiaHR0cHM6XC9cL3NlaWRlbnN0cmFzc2Utd2ludGVydGh1ci5jaFwvd3AtY29udGVudFwvdXBsb2Fkc1wvMjAyNlwvMDFcLzU5OGFjN2ZlLWY1NTAtNGMzZi05MTczLWZjY2ZlYjNkZTNiZS5qcGVnIiwic2xpZGVzaG93IjoiZmY1ZTIwNSJ9\">\n\t\t\t\t\t<div class=\"e-gallery-image elementor-gallery-item__image\" data-thumbnail=\"https:\/\/seidenstrasse-winterthur.ch\/wp-content\/uploads\/2026\/01\/598ac7fe-f550-4c3f-9173-fccfeb3de3be.jpeg\" data-width=\"751\" data-height=\"1883\" aria-label=\"\" role=\"img\" ><\/div>\n\t\t\t\t\t\t\t\t\t\t\t\t\t\t<\/a>\n\t\t\t\t\t\t\t<a class=\"e-gallery-item elementor-gallery-item elementor-animated-content\" href=\"https:\/\/seidenstrasse-winterthur.ch\/wp-content\/uploads\/2026\/01\/b975707b-a691-4dcb-ba44-1454c4dad9e3.jpeg\" data-elementor-open-lightbox=\"yes\" data-elementor-lightbox-slideshow=\"ff5e205\" data-elementor-lightbox-title=\"b975707b-a691-4dcb-ba44-1454c4dad9e3\" data-e-action-hash=\"#elementor-action%3Aaction%3Dlightbox%26settings%3DeyJpZCI6MjA0MSwidXJsIjoiaHR0cHM6XC9cL3NlaWRlbnN0cmFzc2Utd2ludGVydGh1ci5jaFwvd3AtY29udGVudFwvdXBsb2Fkc1wvMjAyNlwvMDFcL2I5NzU3MDdiLWE2OTEtNGRjYi1iYTQ0LTE0NTRjNGRhZDllMy5qcGVnIiwic2xpZGVzaG93IjoiZmY1ZTIwNSJ9\">\n\t\t\t\t\t<div class=\"e-gallery-image elementor-gallery-item__image\" data-thumbnail=\"https:\/\/seidenstrasse-winterthur.ch\/wp-content\/uploads\/2026\/01\/b975707b-a691-4dcb-ba44-1454c4dad9e3.jpeg\" data-width=\"751\" data-height=\"1118\" aria-label=\"\" role=\"img\" ><\/div>\n\t\t\t\t\t\t\t\t\t\t\t\t\t\t<\/a>\n\t\t\t\t\t<\/div>\n\t\t\t\t\t<\/div>\n\t\t\t\t<\/div>\n\t\t\t\t\t<\/div>\n\t\t\t\t<\/div>\n\t\t<div class=\"elementor-element elementor-element-36429a8 e-flex e-con-boxed e-con e-parent\" data-id=\"36429a8\" data-element_type=\"container\" data-e-type=\"container\" data-settings=\"{&quot;background_background&quot;:&quot;classic&quot;}\">\n\t\t\t\t\t<div class=\"e-con-inner\">\n\t\t<div class=\"elementor-element elementor-element-11f105f e-con-full e-flex e-con e-child\" data-id=\"11f105f\" data-element_type=\"container\" data-e-type=\"container\">\n\t\t<div class=\"elementor-element elementor-element-9e8ae05 e-con-full e-flex e-con e-child\" data-id=\"9e8ae05\" data-element_type=\"container\" data-e-type=\"container\">\n\t\t\t\t<div class=\"elementor-element elementor-element-8e34ef7 elementor-widget elementor-widget-heading\" data-id=\"8e34ef7\" data-element_type=\"widget\" data-e-type=\"widget\" data-widget_type=\"heading.default\">\n\t\t\t\t\t<h2 class=\"elementor-heading-title elementor-size-default\">Gr\u00fcndung 2009<\/h2>\t\t\t\t<\/div>\n\t\t\t\t<\/div>\n\t\t<div class=\"elementor-element elementor-element-9af2d8a e-con-full e-flex e-con e-child\" data-id=\"9af2d8a\" data-element_type=\"container\" data-e-type=\"container\">\n\t\t<div class=\"elementor-element elementor-element-d454934 e-con-full e-flex e-con e-child\" data-id=\"d454934\" data-element_type=\"container\" data-e-type=\"container\">\n\t\t\t\t<div class=\"elementor-element elementor-element-a77de4c elementor-widget elementor-widget-text-editor\" data-id=\"a77de4c\" data-element_type=\"widget\" data-e-type=\"widget\" data-widget_type=\"text-editor.default\">\n\t\t\t\t\t\t\t\t\t<p>Anl\u00e4sslich des ersten Quartierfests in der Seidenstrasse Winterthur wurde am 22.8.2009 aufgrund des grossen Interesses der Teilnehmer der Quartierverein gegr\u00fcndet. Am 22.9.2009 wurden an der ersten Vorstandssitzung die Statuten\u00a0verabschiedet.<\/p>\t\t\t\t\t\t\t\t<\/div>\n\t\t\t\t<\/div>\n\t\t<div class=\"elementor-element elementor-element-7b70c3e e-con-full e-flex e-con e-child\" data-id=\"7b70c3e\" data-element_type=\"container\" data-e-type=\"container\">\n\t\t\t\t<div class=\"elementor-element elementor-element-5852dac elementor-widget elementor-widget-text-editor\" data-id=\"5852dac\" data-element_type=\"widget\" data-e-type=\"widget\" data-widget_type=\"text-editor.default\">\n\t\t\t\t\t\t\t\t\t<p>Demnach setzt sich der Quartierverein folgende Ziele<\/p><ul><li>\u2028die \u00f6ffentlichen Interessen des Quartiers Seidenstrasse zu f\u00f6rdern und allgemein st\u00e4dtische Fragen zu behandeln, die die<\/li><li>Quartier-Entwicklung beeinflussen<\/li><li>Quartier-Aktivit\u00e4ten zu f\u00f6rdern und zu unterst\u00fctzen<\/li><li>die Geselligkeit unter den Mitgliedern und die Quartier-Zusammengeh\u00f6rigkeit zu f\u00f6rdern und zu pflegen<\/li><li>die quartierbezogenen Interessen und Rechte seiner Mitglieder zu wahren.<\/li><\/ul>\t\t\t\t\t\t\t\t<\/div>\n\t\t\t\t<div class=\"elementor-element elementor-element-ea0d6dd elementor-widget-divider--view-line elementor-widget elementor-widget-divider\" data-id=\"ea0d6dd\" data-element_type=\"widget\" data-e-type=\"widget\" data-widget_type=\"divider.default\">\n\t\t\t\t\t\t\t<div class=\"elementor-divider\">\n\t\t\t<span class=\"elementor-divider-separator\">\n\t\t\t\t\t\t<\/span>\n\t\t<\/div>\n\t\t\t\t\t\t<\/div>\n\t\t\t\t<div class=\"elementor-element elementor-element-f9b48db elementor-widget elementor-widget-text-editor\" data-id=\"f9b48db\" data-element_type=\"widget\" data-e-type=\"widget\" data-widget_type=\"text-editor.default\">\n\t\t\t\t\t\t\t\t\t<p><a href=\"https:\/\/seidenstrasse-winterthur.ch\/?page_id=1347\"><span style=\"text-decoration: underline;\">Quartierverein Seidenstrasse Statuten \u2192<\/span><\/a><\/p>\t\t\t\t\t\t\t\t<\/div>\n\t\t\t\t<\/div>\n\t\t<div class=\"elementor-element elementor-element-f3d2a9f e-con-full elementor-hidden-tablet elementor-hidden-mobile e-flex e-con e-child\" data-id=\"f3d2a9f\" data-element_type=\"container\" data-e-type=\"container\">\n\t\t\t\t<div class=\"elementor-element elementor-element-e2f034d elementor-widget elementor-widget-image\" data-id=\"e2f034d\" data-element_type=\"widget\" data-e-type=\"widget\" data-widget_type=\"image.default\">\n\t\t\t\t\t\t\t\t\t\t\t\t\t\t\t<img loading=\"lazy\" decoding=\"async\" width=\"475\" height=\"475\" src=\"https:\/\/seidenstrasse-winterthur.ch\/wp-content\/uploads\/2025\/11\/Gruendung01.png\" class=\"attachment-large size-large wp-image-1743\" alt=\"\" srcset=\"https:\/\/seidenstrasse-winterthur.ch\/wp-content\/uploads\/2025\/11\/Gruendung01.png 475w, https:\/\/seidenstrasse-winterthur.ch\/wp-content\/uploads\/2025\/11\/Gruendung01-300x300.png 300w, https:\/\/seidenstrasse-winterthur.ch\/wp-content\/uploads\/2025\/11\/Gruendung01-150x150.png 150w\" sizes=\"(max-width: 475px) 100vw, 475px\" \/>\t\t\t\t\t\t\t\t\t\t\t\t\t\t\t<\/div>\n\t\t\t\t<\/div>\n\t\t\t\t<\/div>\n\t\t\t\t<\/div>\n\t\t\t\t\t<\/div>\n\t\t\t\t<\/div>\n\t\t<div class=\"elementor-element elementor-element-841614a e-flex e-con-boxed e-con e-parent\" data-id=\"841614a\" data-element_type=\"container\" data-e-type=\"container\" data-settings=\"{&quot;background_background&quot;:&quot;classic&quot;}\">\n\t\t\t\t\t<div class=\"e-con-inner\">\n\t\t\t\t<div class=\"elementor-element elementor-element-c95e47d elementor-widget elementor-widget-heading\" data-id=\"c95e47d\" data-element_type=\"widget\" data-e-type=\"widget\" data-widget_type=\"heading.default\">\n\t\t\t\t\t<h2 class=\"elementor-heading-title elementor-size-default\">Der Vorstand<\/h2>\t\t\t\t<\/div>\n\t\t<div class=\"elementor-element elementor-element-980fe2a e-con-full e-flex e-con e-child\" data-id=\"980fe2a\" data-element_type=\"container\" data-e-type=\"container\">\n\t\t<div class=\"elementor-element elementor-element-11e6663 e-con-full e-flex e-con e-child\" data-id=\"11e6663\" data-element_type=\"container\" data-e-type=\"container\">\n\t\t\t\t<div class=\"elementor-element elementor-element-1d6ba95 elementor-widget elementor-widget-text-editor\" data-id=\"1d6ba95\" data-element_type=\"widget\" data-e-type=\"widget\" data-widget_type=\"text-editor.default\">\n\t\t\t\t\t\t\t\t\t<p>Der Vorstand des Quartiervereins Seidenstrasse engagiert sich f\u00fcr ein lebendiges, offenes und gut vernetztes Quartier. Gemeinsam setzen wir uns f\u00fcr Begegnungen, Nachbarschaftshilfe und ein aktives Miteinander ein.<\/p>\t\t\t\t\t\t\t\t<\/div>\n\t\t\t\t<div class=\"elementor-element elementor-element-5a98882 elementor-widget elementor-widget-text-editor\" data-id=\"5a98882\" data-element_type=\"widget\" data-e-type=\"widget\" data-widget_type=\"text-editor.default\">\n\t\t\t\t\t\t\t\t\t<p>Juni 2025<\/p>\t\t\t\t\t\t\t\t<\/div>\n\t\t\t\t<div class=\"elementor-element elementor-element-8b46623 elementor-widget elementor-widget-text-editor\" data-id=\"8b46623\" data-element_type=\"widget\" data-e-type=\"widget\" data-widget_type=\"text-editor.default\">\n\t\t\t\t\t\t\t\t\t<p><strong>Der Vorstand des Quartiervereins besteht aktuell aus folgenden Vereins-Mitgliedern<\/strong><\/p><ul><li style=\"list-style-type: none;\">\u00a0<\/li><\/ul><ul><li>Sabine Ihringer &#8211; Pr\u00e4sidentin<\/li><li>Ralf Gleisberg &#8211; Vize-Pr\u00e4sident<\/li><li>Bernd W\u00fcthrich<\/li><li>Manuela Hasler<\/li><li>Marie-Therese Kr\u00e4henmann<\/li><li>Reta Spiess<\/li><\/ul>\t\t\t\t\t\t\t\t<\/div>\n\t\t\t\t<\/div>\n\t\t<div class=\"elementor-element elementor-element-e74162c e-con-full e-flex e-con e-child\" data-id=\"e74162c\" data-element_type=\"container\" data-e-type=\"container\">\n\t\t\t\t<div class=\"elementor-element elementor-element-f6440ef elementor-widget elementor-widget-image\" data-id=\"f6440ef\" data-element_type=\"widget\" data-e-type=\"widget\" data-widget_type=\"image.default\">\n\t\t\t\t\t\t\t\t\t\t\t\t\t\t\t<img loading=\"lazy\" decoding=\"async\" width=\"800\" height=\"534\" src=\"https:\/\/seidenstrasse-winterthur.ch\/wp-content\/uploads\/2025\/07\/Sommerfest2009-o-1024x683.jpg\" class=\"attachment-large size-large wp-image-893\" alt=\"\" srcset=\"https:\/\/seidenstrasse-winterthur.ch\/wp-content\/uploads\/2025\/07\/Sommerfest2009-o-1024x683.jpg 1024w, https:\/\/seidenstrasse-winterthur.ch\/wp-content\/uploads\/2025\/07\/Sommerfest2009-o-300x200.jpg 300w, https:\/\/seidenstrasse-winterthur.ch\/wp-content\/uploads\/2025\/07\/Sommerfest2009-o-768x512.jpg 768w, https:\/\/seidenstrasse-winterthur.ch\/wp-content\/uploads\/2025\/07\/Sommerfest2009-o-1536x1024.jpg 1536w, https:\/\/seidenstrasse-winterthur.ch\/wp-content\/uploads\/2025\/07\/Sommerfest2009-o-2048x1366.jpg 2048w\" sizes=\"(max-width: 800px) 100vw, 800px\" \/>\t\t\t\t\t\t\t\t\t\t\t\t\t\t\t<\/div>\n\t\t\t\t<\/div>\n\t\t\t\t<\/div>\n\t\t\t\t\t<\/div>\n\t\t\t\t<\/div>\n\t\t<div class=\"elementor-element elementor-element-0ebd5f0 e-flex e-con-boxed e-con e-parent\" data-id=\"0ebd5f0\" data-element_type=\"container\" data-e-type=\"container\" data-settings=\"{&quot;background_background&quot;:&quot;classic&quot;}\">\n\t\t\t\t\t<div class=\"e-con-inner\">\n\t\t<div class=\"elementor-element elementor-element-875d5a7 e-con-full e-flex e-con e-child\" data-id=\"875d5a7\" data-element_type=\"container\" data-e-type=\"container\">\n\t\t\t\t<div class=\"elementor-element elementor-element-82b21e6 elementor-widget elementor-widget-heading\" data-id=\"82b21e6\" data-element_type=\"widget\" data-e-type=\"widget\" data-widget_type=\"heading.default\">\n\t\t\t\t\t<h2 class=\"elementor-heading-title elementor-size-default\">Lust bei den Aktivit\u00e4ten dabei zu sein?<\/h2>\t\t\t\t<\/div>\n\t\t\t\t<\/div>\n\t\t<div class=\"elementor-element elementor-element-cf4aae0 e-con-full e-flex e-con e-child\" data-id=\"cf4aae0\" data-element_type=\"container\" data-e-type=\"container\">\n\t\t<div class=\"elementor-element elementor-element-24a6d9b e-con-full e-flex e-con e-child\" data-id=\"24a6d9b\" data-element_type=\"container\" data-e-type=\"container\">\n\t\t\t\t<div class=\"elementor-element elementor-element-0ff02be elementor-widget elementor-widget-text-editor\" data-id=\"0ff02be\" data-element_type=\"widget\" data-e-type=\"widget\" data-widget_type=\"text-editor.default\">\n\t\t\t\t\t\t\t\t\t<p>Werde Mitglied<\/p>\t\t\t\t\t\t\t\t<\/div>\n\t\t\t\t<div class=\"elementor-element elementor-element-dbeafb2 elementor-widget elementor-widget-text-editor\" data-id=\"dbeafb2\" data-element_type=\"widget\" data-e-type=\"widget\" data-widget_type=\"text-editor.default\">\n\t\t\t\t\t\t\t\t\t<p><span style=\"white-space: pre-wrap;\">Weil Nachbarschaft mehr ist als nur nebeneinander wohnen.<\/span><\/p>\t\t\t\t\t\t\t\t<\/div>\n\t\t\t\t<div class=\"elementor-element elementor-element-f3054d3 elementor-widget elementor-widget-button\" data-id=\"f3054d3\" data-element_type=\"widget\" data-e-type=\"widget\" data-widget_type=\"button.default\">\n\t\t\t\t\t\t\t\t\t\t<a class=\"elementor-button elementor-button-link elementor-size-sm\" href=\"https:\/\/seidenstrasse-winterthur.ch\/?page_id=489\">\n\t\t\t\t\t\t<span class=\"elementor-button-content-wrapper\">\n\t\t\t\t\t\t\t\t\t<span class=\"elementor-button-text\">Hier anmelden<\/span>\n\t\t\t\t\t<\/span>\n\t\t\t\t\t<\/a>\n\t\t\t\t\t\t\t\t<\/div>\n\t\t\t\t<\/div>\n\t\t<div class=\"elementor-element elementor-element-088baa6 e-con-full e-flex e-con e-child\" data-id=\"088baa6\" data-element_type=\"container\" data-e-type=\"container\">\n\t\t\t\t<div class=\"elementor-element elementor-element-898794e elementor-widget elementor-widget-heading\" data-id=\"898794e\" data-element_type=\"widget\" data-e-type=\"widget\" data-widget_type=\"heading.default\">\n\t\t\t\t\t<h2 class=\"elementor-heading-title elementor-size-default\">Wir freuen uns auf dich!<\/h2>\t\t\t\t<\/div>\n\t\t\t\t<\/div>\n\t\t\t\t<\/div>\n\t\t\t\t\t<\/div>\n\t\t\t\t<\/div>\n\t\t\t\t<\/div>\n\t\t","protected":false},"excerpt":{"rendered":"<p>Der Quartierverin Seidenstrasse Mitgliederportal Login Hast Du Ideen f\u00fcr neue Events, Anregungen oder m\u00f6chtest Dich st\u00e4rker im Quartier einbringen? \u2028Dann schreib uns doch einfach eine kurze Mail \u2013 wir freuen uns auf Deine Nachricht!\u2028 Dein Quartierverein Seidenstrasse Schreib uns Den Verein zus\u00e4tzlich unterst\u00fctzen? Du wohnst nicht im Quartier, m\u00f6chtest aber trotzdem etwas beitragen? Oder du [&hellip;]<\/p>\n","protected":false},"author":2,"featured_media":0,"parent":0,"menu_order":0,"comment_status":"closed","ping_status":"closed","template":"","meta":{"inline_featured_image":false,"footnotes":""},"class_list":["post-889","page","type-page","status-publish","hentry"],"aioseo_notices":[],"aioseo_head":"\n\t\t<!-- All in One SEO 5.0.0.1 - aioseo.com -->\n\t<meta name=\"description\" content=\"Der Quartierverin Seidenstrasse Mitgliederportal Login Hast Du Ideen f\u00fcr neue Events, Anregungen oder m\u00f6chtest Dich st\u00e4rker im Quartier einbringen? Dann schreib uns doch einfach eine kurze Mail \u2013 wir freuen uns auf Deine Nachricht! Dein Quartierverein Seidenstrasse Schreib uns Den Verein zus\u00e4tzlich unterst\u00fctzen? Du wohnst nicht im Quartier, m\u00f6chtest aber trotzdem etwas beitragen? Oder du\" \/>\n\t<meta name=\"robots\" content=\"max-image-preview:large\" \/>\n\t<link rel=\"canonical\" href=\"https:\/\/seidenstrasse-winterthur.ch\/?page_id=889\" \/>\n\t<meta name=\"generator\" content=\"All in One SEO (AIOSEO) 5.0.0.1\" \/>\n\t\t<meta property=\"og:locale\" content=\"de_DE\" \/>\n\t\t<meta property=\"og:site_name\" content=\"Seidenstrasse Quartierverein -\" \/>\n\t\t<meta property=\"og:type\" content=\"article\" \/>\n\t\t<meta property=\"og:title\" content=\"\u00dcber uns - Seidenstrasse Quartierverein\" \/>\n\t\t<meta property=\"og:description\" content=\"Der Quartierverin Seidenstrasse Mitgliederportal Login Hast Du Ideen f\u00fcr neue Events, Anregungen oder m\u00f6chtest Dich st\u00e4rker im Quartier einbringen? Dann schreib uns doch einfach eine kurze Mail \u2013 wir freuen uns auf Deine Nachricht! Dein Quartierverein Seidenstrasse Schreib uns Den Verein zus\u00e4tzlich unterst\u00fctzen? Du wohnst nicht im Quartier, m\u00f6chtest aber trotzdem etwas beitragen? Oder du\" \/>\n\t\t<meta property=\"og:url\" content=\"https:\/\/seidenstrasse-winterthur.ch\/?page_id=889\" \/>\n\t\t<meta property=\"og:image\" content=\"https:\/\/seidenstrasse-winterthur.ch\/wp-content\/uploads\/2025\/07\/Seidenstrasse-Logo-MintGruen-01.svg\" \/>\n\t\t<meta property=\"og:image:secure_url\" content=\"https:\/\/seidenstrasse-winterthur.ch\/wp-content\/uploads\/2025\/07\/Seidenstrasse-Logo-MintGruen-01.svg\" \/>\n\t\t<meta property=\"article:published_time\" content=\"2025-07-21T19:34:23+00:00\" \/>\n\t\t<meta property=\"article:modified_time\" content=\"2026-06-21T19:33:30+00:00\" \/>\n\t\t<meta name=\"twitter:card\" content=\"summary_large_image\" \/>\n\t\t<meta name=\"twitter:title\" content=\"\u00dcber uns - Seidenstrasse Quartierverein\" \/>\n\t\t<meta name=\"twitter:description\" content=\"Der Quartierverin Seidenstrasse Mitgliederportal Login Hast Du Ideen f\u00fcr neue Events, Anregungen oder m\u00f6chtest Dich st\u00e4rker im Quartier einbringen? Dann schreib uns doch einfach eine kurze Mail \u2013 wir freuen uns auf Deine Nachricht! Dein Quartierverein Seidenstrasse Schreib uns Den Verein zus\u00e4tzlich unterst\u00fctzen? Du wohnst nicht im Quartier, m\u00f6chtest aber trotzdem etwas beitragen? Oder du\" \/>\n\t\t<meta name=\"twitter:image\" content=\"https:\/\/seidenstrasse-winterthur.ch\/wp-content\/uploads\/2025\/07\/Seidenstrasse-Logo-MintGruen-01.svg\" \/>\n\t\t<script type=\"application\/ld+json\" class=\"aioseo-schema\">\n\t\t\t{\"@context\":\"https:\\\/\\\/schema.org\",\"@graph\":[{\"@type\":\"BreadcrumbList\",\"@id\":\"https:\\\/\\\/seidenstrasse-winterthur.ch\\\/?page_id=889#breadcrumblist\",\"itemListElement\":[{\"@type\":\"ListItem\",\"@id\":\"https:\\\/\\\/seidenstrasse-winterthur.ch#listItem\",\"position\":1,\"name\":\"Home\",\"item\":\"https:\\\/\\\/seidenstrasse-winterthur.ch\",\"nextItem\":{\"@type\":\"ListItem\",\"@id\":\"https:\\\/\\\/seidenstrasse-winterthur.ch\\\/?page_id=889#listItem\",\"name\":\"\\u00dcber uns\"}},{\"@type\":\"ListItem\",\"@id\":\"https:\\\/\\\/seidenstrasse-winterthur.ch\\\/?page_id=889#listItem\",\"position\":2,\"name\":\"\\u00dcber uns\",\"previousItem\":{\"@type\":\"ListItem\",\"@id\":\"https:\\\/\\\/seidenstrasse-winterthur.ch#listItem\",\"name\":\"Home\"}}]},{\"@type\":\"Organization\",\"@id\":\"https:\\\/\\\/seidenstrasse-winterthur.ch\\\/#organization\",\"name\":\"Seidenstrasse Quartierverein\",\"url\":\"https:\\\/\\\/seidenstrasse-winterthur.ch\\\/\",\"logo\":{\"@type\":\"ImageObject\",\"url\":\"https:\\\/\\\/seidenstrasse-winterthur.ch\\\/wp-content\\\/uploads\\\/2026\\\/03\\\/Seidenstrasse-Logo-01.svg\",\"@id\":\"https:\\\/\\\/seidenstrasse-winterthur.ch\\\/?page_id=889\\\/#organizationLogo\",\"width\":499,\"height\":201},\"image\":{\"@id\":\"https:\\\/\\\/seidenstrasse-winterthur.ch\\\/?page_id=889\\\/#organizationLogo\"}},{\"@type\":\"WebPage\",\"@id\":\"https:\\\/\\\/seidenstrasse-winterthur.ch\\\/?page_id=889#webpage\",\"url\":\"https:\\\/\\\/seidenstrasse-winterthur.ch\\\/?page_id=889\",\"name\":\"\\u00dcber uns - Seidenstrasse Quartierverein\",\"description\":\"Der Quartierverin Seidenstrasse Mitgliederportal Login Hast Du Ideen f\\u00fcr neue Events, Anregungen oder m\\u00f6chtest Dich st\\u00e4rker im Quartier einbringen? Dann schreib uns doch einfach eine kurze Mail \\u2013 wir freuen uns auf Deine Nachricht! Dein Quartierverein Seidenstrasse Schreib uns Den Verein zus\\u00e4tzlich unterst\\u00fctzen? Du wohnst nicht im Quartier, m\\u00f6chtest aber trotzdem etwas beitragen? Oder du\",\"inLanguage\":\"de-DE\",\"isPartOf\":{\"@id\":\"https:\\\/\\\/seidenstrasse-winterthur.ch\\\/#website\"},\"breadcrumb\":{\"@id\":\"https:\\\/\\\/seidenstrasse-winterthur.ch\\\/?page_id=889#breadcrumblist\"},\"datePublished\":\"2025-07-21T21:34:23+02:00\",\"dateModified\":\"2026-06-21T21:33:30+02:00\"},{\"@type\":\"WebSite\",\"@id\":\"https:\\\/\\\/seidenstrasse-winterthur.ch\\\/#website\",\"url\":\"https:\\\/\\\/seidenstrasse-winterthur.ch\\\/\",\"name\":\"Seidenstrasse Quartierverein\",\"inLanguage\":\"de-DE\",\"publisher\":{\"@id\":\"https:\\\/\\\/seidenstrasse-winterthur.ch\\\/#organization\"}}]}\n\t\t<\/script>\n\t\t<!-- All in One SEO -->\n\n","aioseo_head_json":{"title":"\u00dcber uns - Seidenstrasse Quartierverein","description":"Der Quartierverin Seidenstrasse Mitgliederportal Login Hast Du Ideen f\u00fcr neue Events, Anregungen oder m\u00f6chtest Dich st\u00e4rker im Quartier einbringen? Dann schreib uns doch einfach eine kurze Mail \u2013 wir freuen uns auf Deine Nachricht! Dein Quartierverein Seidenstrasse Schreib uns Den Verein zus\u00e4tzlich unterst\u00fctzen? Du wohnst nicht im Quartier, m\u00f6chtest aber trotzdem etwas beitragen? Oder du","canonical_url":"https:\/\/seidenstrasse-winterthur.ch\/?page_id=889","robots":"max-image-preview:large","keywords":"","webmasterTools":{"miscellaneous":""},"schema":{"@context":"https:\/\/schema.org","@graph":[{"@type":"BreadcrumbList","@id":"https:\/\/seidenstrasse-winterthur.ch\/?page_id=889#breadcrumblist","itemListElement":[{"@type":"ListItem","@id":"https:\/\/seidenstrasse-winterthur.ch#listItem","position":1,"name":"Home","item":"https:\/\/seidenstrasse-winterthur.ch","nextItem":{"@type":"ListItem","@id":"https:\/\/seidenstrasse-winterthur.ch\/?page_id=889#listItem","name":"\u00dcber uns"}},{"@type":"ListItem","@id":"https:\/\/seidenstrasse-winterthur.ch\/?page_id=889#listItem","position":2,"name":"\u00dcber uns","previousItem":{"@type":"ListItem","@id":"https:\/\/seidenstrasse-winterthur.ch#listItem","name":"Home"}}]},{"@type":"Organization","@id":"https:\/\/seidenstrasse-winterthur.ch\/#organization","name":"Seidenstrasse Quartierverein","url":"https:\/\/seidenstrasse-winterthur.ch\/","logo":{"@type":"ImageObject","url":"https:\/\/seidenstrasse-winterthur.ch\/wp-content\/uploads\/2026\/03\/Seidenstrasse-Logo-01.svg","@id":"https:\/\/seidenstrasse-winterthur.ch\/?page_id=889\/#organizationLogo","width":499,"height":201},"image":{"@id":"https:\/\/seidenstrasse-winterthur.ch\/?page_id=889\/#organizationLogo"}},{"@type":"WebPage","@id":"https:\/\/seidenstrasse-winterthur.ch\/?page_id=889#webpage","url":"https:\/\/seidenstrasse-winterthur.ch\/?page_id=889","name":"\u00dcber uns - Seidenstrasse Quartierverein","description":"Der Quartierverin Seidenstrasse Mitgliederportal Login Hast Du Ideen f\u00fcr neue Events, Anregungen oder m\u00f6chtest Dich st\u00e4rker im Quartier einbringen? Dann schreib uns doch einfach eine kurze Mail \u2013 wir freuen uns auf Deine Nachricht! Dein Quartierverein Seidenstrasse Schreib uns Den Verein zus\u00e4tzlich unterst\u00fctzen? Du wohnst nicht im Quartier, m\u00f6chtest aber trotzdem etwas beitragen? Oder du","inLanguage":"de-DE","isPartOf":{"@id":"https:\/\/seidenstrasse-winterthur.ch\/#website"},"breadcrumb":{"@id":"https:\/\/seidenstrasse-winterthur.ch\/?page_id=889#breadcrumblist"},"datePublished":"2025-07-21T21:34:23+02:00","dateModified":"2026-06-21T21:33:30+02:00"},{"@type":"WebSite","@id":"https:\/\/seidenstrasse-winterthur.ch\/#website","url":"https:\/\/seidenstrasse-winterthur.ch\/","name":"Seidenstrasse Quartierverein","inLanguage":"de-DE","publisher":{"@id":"https:\/\/seidenstrasse-winterthur.ch\/#organization"}}]},"og:locale":"de_DE","og:site_name":"Seidenstrasse Quartierverein -","og:type":"article","og:title":"\u00dcber uns - Seidenstrasse Quartierverein","og:description":"Der Quartierverin Seidenstrasse Mitgliederportal Login Hast Du Ideen f\u00fcr neue Events, Anregungen oder m\u00f6chtest Dich st\u00e4rker im Quartier einbringen? Dann schreib uns doch einfach eine kurze Mail \u2013 wir freuen uns auf Deine Nachricht! Dein Quartierverein Seidenstrasse Schreib uns Den Verein zus\u00e4tzlich unterst\u00fctzen? Du wohnst nicht im Quartier, m\u00f6chtest aber trotzdem etwas beitragen? Oder du","og:url":"https:\/\/seidenstrasse-winterthur.ch\/?page_id=889","og:image":"https:\/\/seidenstrasse-winterthur.ch\/wp-content\/uploads\/2025\/07\/Seidenstrasse-Logo-MintGruen-01.svg","og:image:secure_url":"https:\/\/seidenstrasse-winterthur.ch\/wp-content\/uploads\/2025\/07\/Seidenstrasse-Logo-MintGruen-01.svg","article:published_time":"2025-07-21T19:34:23+00:00","article:modified_time":"2026-06-21T19:33:30+00:00","twitter:card":"summary_large_image","twitter:title":"\u00dcber uns - Seidenstrasse Quartierverein","twitter:description":"Der Quartierverin Seidenstrasse Mitgliederportal Login Hast Du Ideen f\u00fcr neue Events, Anregungen oder m\u00f6chtest Dich st\u00e4rker im Quartier einbringen? Dann schreib uns doch einfach eine kurze Mail \u2013 wir freuen uns auf Deine Nachricht! Dein Quartierverein Seidenstrasse Schreib uns Den Verein zus\u00e4tzlich unterst\u00fctzen? Du wohnst nicht im Quartier, m\u00f6chtest aber trotzdem etwas beitragen? Oder du","twitter:image":"https:\/\/seidenstrasse-winterthur.ch\/wp-content\/uploads\/2025\/07\/Seidenstrasse-Logo-MintGruen-01.svg"},"aioseo_meta_data":{"post_id":"889","title":null,"description":null,"keywords":null,"keyphrases":null,"primary_term":null,"canonical_url":null,"og_title":null,"og_description":null,"og_object_type":"default","og_image_type":"default","og_image_url":null,"og_image_width":null,"og_image_height":null,"og_image_custom_url":null,"og_image_custom_fields":null,"og_video":null,"og_custom_url":null,"og_article_section":null,"og_article_tags":null,"twitter_use_og":false,"twitter_card":"default","twitter_image_type":"default","twitter_image_url":null,"twitter_image_custom_url":null,"twitter_image_custom_fields":null,"twitter_title":null,"twitter_description":null,"schema":{"blockGraphs":[],"customGraphs":[],"default":{"data":{"Article":[],"Course":[],"Dataset":[],"FAQPage":[],"Movie":[],"Person":[],"Product":[],"ProductReview":[],"Car":[],"Recipe":[],"Service":[],"SoftwareApplication":[],"WebPage":[]},"graphName":"","isEnabled":true},"graphs":[]},"schema_type":"default","schema_type_options":null,"pillar_content":false,"robots_default":true,"robots_noindex":false,"robots_noarchive":false,"robots_nosnippet":false,"robots_nofollow":false,"robots_noimageindex":false,"robots_noodp":false,"robots_notranslate":false,"robots_max_snippet":null,"robots_max_videopreview":null,"robots_max_imagepreview":"large","priority":null,"frequency":null,"local_seo":null,"breadcrumb_settings":null,"limit_modified_date":false,"ai":null,"created":"2026-03-05 17:05:01","updated":"2026-07-06 08:50:02","seo_analyzer_scan_date":null,"focus_keyword":null,"additional_keywords":null,"truseo_locale":null},"aioseo_breadcrumb":"<div class=\"aioseo-breadcrumbs\"><span class=\"aioseo-breadcrumb\">\n\t\t\t<a href=\"https:\/\/seidenstrasse-winterthur.ch\" title=\"Home\">Home<\/a>\n\t\t<\/span><span class=\"aioseo-breadcrumb-separator\">&raquo;<\/span><span class=\"aioseo-breadcrumb\">\n\t\t\t\u00dcber uns\n\t\t<\/span><\/div>","aioseo_breadcrumb_json":[{"label":"Home","link":"https:\/\/seidenstrasse-winterthur.ch"},{"label":"\u00dcber uns","link":"https:\/\/seidenstrasse-winterthur.ch\/?page_id=889"}],"_links":{"self":[{"href":"https:\/\/seidenstrasse-winterthur.ch\/index.php?rest_route=\/wp\/v2\/pages\/889","targetHints":{"allow":["GET"]}}],"collection":[{"href":"https:\/\/seidenstrasse-winterthur.ch\/index.php?rest_route=\/wp\/v2\/pages"}],"about":[{"href":"https:\/\/seidenstrasse-winterthur.ch\/index.php?rest_route=\/wp\/v2\/types\/page"}],"author":[{"embeddable":true,"href":"https:\/\/seidenstrasse-winterthur.ch\/index.php?rest_route=\/wp\/v2\/users\/2"}],"replies":[{"embeddable":true,"href":"https:\/\/seidenstrasse-winterthur.ch\/index.php?rest_route=%2Fwp%2Fv2%2Fcomments&post=889"}],"version-history":[{"count":268,"href":"https:\/\/seidenstrasse-winterthur.ch\/index.php?rest_route=\/wp\/v2\/pages\/889\/revisions"}],"predecessor-version":[{"id":3632,"href":"https:\/\/seidenstrasse-winterthur.ch\/index.php?rest_route=\/wp\/v2\/pages\/889\/revisions\/3632"}],"wp:attachment":[{"href":"https:\/\/seidenstrasse-winterthur.ch\/index.php?rest_route=%2Fwp%2Fv2%2Fmedia&parent=889"}],"curies":[{"name":"wp","href":"https:\/\/api.w.org\/{rel}","templated":true}]}}