{"id":793,"date":"2025-07-20T21:46:34","date_gmt":"2025-07-20T19:46:34","guid":{"rendered":"https:\/\/dev2025.seidenstrasse-winterthur.ch\/?page_id=793"},"modified":"2026-08-23T21:19:32","modified_gmt":"2026-08-23T19:19:32","slug":"aktivitaeten","status":"publish","type":"page","link":"https:\/\/seidenstrasse-winterthur.ch\/?page_id=793","title":{"rendered":"Aktivit\u00e4ten"},"content":{"rendered":"\t\t<div data-elementor-type=\"wp-page\" data-elementor-id=\"793\" class=\"elementor elementor-793\" data-elementor-post-type=\"page\">\n\t\t\t\t<div class=\"elementor-element elementor-element-6b81ad4c e-flex e-con-boxed e-con e-parent\" data-id=\"6b81ad4c\" data-element_type=\"container\" data-e-type=\"container\" data-settings=\"{&quot;background_background&quot;:&quot;classic&quot;}\">\n\t\t\t\t\t<div class=\"e-con-inner\">\n\t\t<div class=\"elementor-element elementor-element-41682efd e-con-full e-flex e-con e-child\" data-id=\"41682efd\" data-element_type=\"container\" data-e-type=\"container\">\n\t\t\t\t<\/div>\n\t\t\t\t\t<\/div>\n\t\t\t\t<\/div>\n\t\t<div class=\"elementor-element elementor-element-12a5ebb1 e-flex e-con-boxed e-con e-parent\" data-id=\"12a5ebb1\" data-element_type=\"container\" data-e-type=\"container\" data-settings=\"{&quot;background_background&quot;:&quot;classic&quot;,&quot;shape_divider_bottom&quot;:&quot;curve&quot;}\">\n\t\t\t\t\t<div class=\"e-con-inner\">\n\t\t\t\t<div class=\"elementor-shape elementor-shape-bottom\" aria-hidden=\"true\" data-negative=\"false\">\n\t\t\t<svg xmlns=\"http:\/\/www.w3.org\/2000\/svg\" viewBox=\"0 0 1000 100\" preserveAspectRatio=\"none\">\n    <path class=\"elementor-shape-fill\" d=\"M1000,4.3V0H0v4.3C0.9,23.1,126.7,99.2,500,100S1000,22.7,1000,4.3z\"\/>\n<\/svg>\t\t<\/div>\n\t\t\t\t\t<\/div>\n\t\t\t\t<\/div>\n\t\t<div class=\"elementor-element elementor-element-53d1fd4 e-flex e-con-boxed e-con e-parent\" data-id=\"53d1fd4\" data-element_type=\"container\" data-e-type=\"container\" data-settings=\"{&quot;background_background&quot;:&quot;classic&quot;}\">\n\t\t\t\t\t<div class=\"e-con-inner\">\n\t\t<div class=\"elementor-element elementor-element-0b85d4b e-con-full e-flex e-con e-child\" data-id=\"0b85d4b\" data-element_type=\"container\" data-e-type=\"container\" data-settings=\"{&quot;background_background&quot;:&quot;classic&quot;}\">\n\t\t\t\t<div class=\"elementor-element elementor-element-80b4707 elementor-widget elementor-widget-heading\" data-id=\"80b4707\" data-element_type=\"widget\" data-e-type=\"widget\" data-widget_type=\"heading.default\">\n\t\t\t\t\t<h2 class=\"elementor-heading-title elementor-size-default\">Aktiv sein, dabei sein, Spass haben!<\/h2>\t\t\t\t<\/div>\n\t\t\t\t<\/div>\n\t\t\t\t\t<\/div>\n\t\t\t\t<\/div>\n\t\t<div class=\"elementor-element elementor-element-aa7fd08 elementor-hidden-tablet elementor-hidden-mobile e-flex e-con-boxed e-con e-parent\" data-id=\"aa7fd08\" data-element_type=\"container\" data-e-type=\"container\" data-settings=\"{&quot;background_background&quot;:&quot;classic&quot;}\">\n\t\t\t\t\t<div class=\"e-con-inner\">\n\t\t\t\t<div class=\"elementor-element elementor-element-8de097a elementor-widget elementor-widget-spacer\" data-id=\"8de097a\" data-element_type=\"widget\" data-e-type=\"widget\" data-widget_type=\"spacer.default\">\n\t\t\t\t\t\t\t<div class=\"elementor-spacer\">\n\t\t\t<div class=\"elementor-spacer-inner\"><\/div>\n\t\t<\/div>\n\t\t\t\t\t\t<\/div>\n\t\t\t\t\t<\/div>\n\t\t\t\t<\/div>\n\t\t<div class=\"elementor-element elementor-element-813af54 e-grid e-con-boxed e-con e-parent\" data-id=\"813af54\" data-element_type=\"container\" data-e-type=\"container\" data-settings=\"{&quot;background_background&quot;:&quot;classic&quot;}\">\n\t\t\t\t\t<div class=\"e-con-inner\">\n\t\t<div class=\"elementor-element elementor-element-5d20f5b e-con-full e-flex e-con e-child\" data-id=\"5d20f5b\" data-element_type=\"container\" data-e-type=\"container\" data-settings=\"{&quot;background_background&quot;:&quot;classic&quot;}\">\n\t\t\t\t<div class=\"elementor-element elementor-element-259a6c7 elementor-widget elementor-widget-menu-anchor\" data-id=\"259a6c7\" data-element_type=\"widget\" data-e-type=\"widget\" data-widget_type=\"menu-anchor.default\">\n\t\t\t\t\t\t\t<div class=\"elementor-menu-anchor\" id=\"Mittagstisch\"><\/div>\n\t\t\t\t\t\t<\/div>\n\t\t<div class=\"elementor-element elementor-element-928f467 e-con-full e-flex e-con e-child\" data-id=\"928f467\" data-element_type=\"container\" data-e-type=\"container\">\n\t\t\t\t<div class=\"elementor-element elementor-element-d16cccc elementor-widget elementor-widget-image\" data-id=\"d16cccc\" data-element_type=\"widget\" data-e-type=\"widget\" data-widget_type=\"image.default\">\n\t\t\t\t\t\t\t\t\t\t\t\t\t\t\t<img fetchpriority=\"high\" decoding=\"async\" width=\"800\" height=\"600\" src=\"https:\/\/seidenstrasse-winterthur.ch\/wp-content\/uploads\/2025\/11\/Seidenstrasse-Mittagstisch-o-1024x768.jpg\" class=\"attachment-large size-large wp-image-1771\" alt=\"\" srcset=\"https:\/\/seidenstrasse-winterthur.ch\/wp-content\/uploads\/2025\/11\/Seidenstrasse-Mittagstisch-o-1024x768.jpg 1024w, https:\/\/seidenstrasse-winterthur.ch\/wp-content\/uploads\/2025\/11\/Seidenstrasse-Mittagstisch-o-300x225.jpg 300w, https:\/\/seidenstrasse-winterthur.ch\/wp-content\/uploads\/2025\/11\/Seidenstrasse-Mittagstisch-o-768x576.jpg 768w, https:\/\/seidenstrasse-winterthur.ch\/wp-content\/uploads\/2025\/11\/Seidenstrasse-Mittagstisch-o-1536x1152.jpg 1536w, https:\/\/seidenstrasse-winterthur.ch\/wp-content\/uploads\/2025\/11\/Seidenstrasse-Mittagstisch-o.jpg 1600w\" sizes=\"(max-width: 800px) 100vw, 800px\" \/>\t\t\t\t\t\t\t\t\t\t\t\t\t\t\t<\/div>\n\t\t\t\t<\/div>\n\t\t<div class=\"elementor-element elementor-element-18815f9 e-con-full e-flex e-con e-child\" data-id=\"18815f9\" data-element_type=\"container\" data-e-type=\"container\">\n\t\t\t\t<div class=\"elementor-element elementor-element-213e00e elementor-widget elementor-widget-heading\" data-id=\"213e00e\" data-element_type=\"widget\" data-e-type=\"widget\" data-widget_type=\"heading.default\">\n\t\t\t\t\t<h2 class=\"elementor-heading-title elementor-size-default\">Mittagstisch<\/h2>\t\t\t\t<\/div>\n\t\t\t\t<div class=\"elementor-element elementor-element-f730b44 elementor-widget elementor-widget-text-editor\" data-id=\"f730b44\" data-element_type=\"widget\" data-e-type=\"widget\" data-widget_type=\"text-editor.default\">\n\t\t\t\t\t\t\t\t\t<p><b>Jeweils am letzten Mittwoch im Monat<\/b><\/p>\t\t\t\t\t\t\t\t<\/div>\n\t\t\t\t<div class=\"elementor-element elementor-element-4646845 elementor-widget elementor-widget-text-editor\" data-id=\"4646845\" data-element_type=\"widget\" data-e-type=\"widget\" data-widget_type=\"text-editor.default\">\n\t\t\t\t\t\t\t\t\t<p>Ab 11:30Uhr<\/p>\t\t\t\t\t\t\t\t<\/div>\n\t\t\t\t<div class=\"elementor-element elementor-element-4b5c06b elementor-widget elementor-widget-text-editor\" data-id=\"4b5c06b\" data-element_type=\"widget\" data-e-type=\"widget\" data-widget_type=\"text-editor.default\">\n\t\t\t\t\t\t\t\t\t<p><a href=\"https:\/\/maps.app.goo.gl\/MYUFGRKqK4L7zn3o9\"><em><span style=\"text-decoration: underline;\">Im Bloom<\/span><\/em><\/a><\/p>\t\t\t\t\t\t\t\t<\/div>\n\t\t\t\t<div class=\"elementor-element elementor-element-368a370 elementor-widget elementor-widget-text-editor\" data-id=\"368a370\" data-element_type=\"widget\" data-e-type=\"widget\" data-widget_type=\"text-editor.default\">\n\t\t\t\t\t\t\t\t\t<p>Der Quartierverein l\u00e4dt zum gem\u00fctlichen Mittagstisch im Restaurant Bloom, Park Hotel Winterthur, ein.<\/p><p>In entspannter Atmosph\u00e4re geniessen Nachbarinnen und Nachbarn exzellente Gerichte, ausgelesene Weine und eine gesellige Runde. Der Anlass bietet die ideale Gelegenheit, neue Kontakte zu kn\u00fcpfen, Freundschaften zu vertiefen und gemeinsam eine genussvolle Mittagspause zu verbringen.<\/p><p>Wir freuen uns auf Dich!<\/p>\t\t\t\t\t\t\t\t<\/div>\n\t\t\t\t<div class=\"elementor-element elementor-element-1de4d53 elementor-widget elementor-widget-button\" data-id=\"1de4d53\" data-element_type=\"widget\" data-e-type=\"widget\" data-widget_type=\"button.default\">\n\t\t\t\t\t\t\t\t\t\t<a class=\"elementor-button elementor-button-link elementor-size-sm\" href=\"mailto:%20m.kraehenmann@gmx.ch\" target=\"_blank\" rel=\"nofollow\">\n\t\t\t\t\t\t<span class=\"elementor-button-content-wrapper\">\n\t\t\t\t\t\t\t\t\t<span class=\"elementor-button-text\">Hier Anmelden<\/span>\n\t\t\t\t\t<\/span>\n\t\t\t\t\t<\/a>\n\t\t\t\t\t\t\t\t<\/div>\n\t\t\t\t<\/div>\n\t\t\t\t<\/div>\n\t\t<div class=\"elementor-element elementor-element-23b98a6 e-con-full elementor-hidden-desktop elementor-hidden-tablet elementor-hidden-mobile e-flex e-con e-child\" data-id=\"23b98a6\" data-element_type=\"container\" data-e-type=\"container\" data-settings=\"{&quot;background_background&quot;:&quot;classic&quot;}\">\n\t\t\t\t<div class=\"elementor-element elementor-element-3ebbe79 elementor-widget elementor-widget-menu-anchor\" data-id=\"3ebbe79\" data-element_type=\"widget\" data-e-type=\"widget\" data-widget_type=\"menu-anchor.default\">\n\t\t\t\t\t\t\t<div class=\"elementor-menu-anchor\" id=\"Neujahrs-Apero\"><\/div>\n\t\t\t\t\t\t<\/div>\n\t\t<div class=\"elementor-element elementor-element-e67c73c e-con-full e-flex e-con e-child\" data-id=\"e67c73c\" data-element_type=\"container\" data-e-type=\"container\">\n\t\t\t\t<div class=\"elementor-element elementor-element-f8b1fdf elementor-widget elementor-widget-image\" data-id=\"f8b1fdf\" data-element_type=\"widget\" data-e-type=\"widget\" data-widget_type=\"image.default\">\n\t\t\t\t\t\t\t\t\t\t\t\t\t\t\t<img decoding=\"async\" width=\"800\" height=\"534\" src=\"https:\/\/seidenstrasse-winterthur.ch\/wp-content\/uploads\/2025\/12\/wine-6688901_1920-1024x683.jpg\" class=\"attachment-large size-large wp-image-1913\" alt=\"\" srcset=\"https:\/\/seidenstrasse-winterthur.ch\/wp-content\/uploads\/2025\/12\/wine-6688901_1920-1024x683.jpg 1024w, https:\/\/seidenstrasse-winterthur.ch\/wp-content\/uploads\/2025\/12\/wine-6688901_1920-300x200.jpg 300w, https:\/\/seidenstrasse-winterthur.ch\/wp-content\/uploads\/2025\/12\/wine-6688901_1920-768x512.jpg 768w, https:\/\/seidenstrasse-winterthur.ch\/wp-content\/uploads\/2025\/12\/wine-6688901_1920-1536x1024.jpg 1536w, https:\/\/seidenstrasse-winterthur.ch\/wp-content\/uploads\/2025\/12\/wine-6688901_1920.jpg 1920w\" sizes=\"(max-width: 800px) 100vw, 800px\" \/>\t\t\t\t\t\t\t\t\t\t\t\t\t\t\t<\/div>\n\t\t\t\t<\/div>\n\t\t<div class=\"elementor-element elementor-element-180ae35 e-con-full e-flex e-con e-child\" data-id=\"180ae35\" data-element_type=\"container\" data-e-type=\"container\">\n\t\t\t\t<div class=\"elementor-element elementor-element-21201a5 elementor-widget elementor-widget-heading\" data-id=\"21201a5\" data-element_type=\"widget\" data-e-type=\"widget\" data-widget_type=\"heading.default\">\n\t\t\t\t\t<h2 class=\"elementor-heading-title elementor-size-default\">Neujahrs-Ap\u00e9ro im R\u00f6merpark<\/h2>\t\t\t\t<\/div>\n\t\t\t\t<div class=\"elementor-element elementor-element-9e45a99 elementor-widget elementor-widget-text-editor\" data-id=\"9e45a99\" data-element_type=\"widget\" data-e-type=\"widget\" data-widget_type=\"text-editor.default\">\n\t\t\t\t\t\t\t\t\t<p>Freitag 16. Januar 2026<br \/>19.00 &#8211; 21.00Uhr<\/p>\t\t\t\t\t\t\t\t<\/div>\n\t\t\t\t<div class=\"elementor-element elementor-element-937c226 elementor-widget elementor-widget-text-editor\" data-id=\"937c226\" data-element_type=\"widget\" data-e-type=\"widget\" data-widget_type=\"text-editor.default\">\n\t\t\t\t\t\t\t\t\t<p>LTC, Pflanzschulstrasse 36, 8400 Winterthur<\/p>\t\t\t\t\t\t\t\t<\/div>\n\t\t\t\t<div class=\"elementor-element elementor-element-64a1bb4 elementor-widget elementor-widget-text-editor\" data-id=\"64a1bb4\" data-element_type=\"widget\" data-e-type=\"widget\" data-widget_type=\"text-editor.default\">\n\t\t\t\t\t\t\t\t\t<p>Mit dem Quartier das neue Jahr einl\u00e4uten. Auch in diesem Jahr findet unser beliebter Neujahrs-Ap\u00e9ro statt. <\/p><p><strong>Wir freuen uns auf euch. <\/strong><\/p><p class=\"last-child\"><em>Dieser Event ist als einziger den Erwachsenen vorbehalten und ist f\u00fcr alle Mitglieder kostenlos. Das Organisationsteam dankt f\u00fcr die Anmeldung bis Fr, 9. Jan. 2026.<\/em><\/p>\t\t\t\t\t\t\t\t<\/div>\n\t\t\t\t<div class=\"elementor-element elementor-element-07e4141 elementor-widget elementor-widget-button\" data-id=\"07e4141\" data-element_type=\"widget\" data-e-type=\"widget\" data-widget_type=\"button.default\">\n\t\t\t\t\t\t\t\t\t\t<a class=\"elementor-button elementor-button-link elementor-size-sm\" href=\"https:\/\/qsw.webling.ch\/portal#\/calendar\/event\/668\" target=\"_blank\">\n\t\t\t\t\t\t<span class=\"elementor-button-content-wrapper\">\n\t\t\t\t\t\t\t\t\t<span class=\"elementor-button-text\">Jetzt Anmelden<\/span>\n\t\t\t\t\t<\/span>\n\t\t\t\t\t<\/a>\n\t\t\t\t\t\t\t\t<\/div>\n\t\t\t\t<div class=\"elementor-element elementor-element-ff5c4fc elementor-widget elementor-widget-text-editor\" data-id=\"ff5c4fc\" data-element_type=\"widget\" data-e-type=\"widget\" data-widget_type=\"text-editor.default\">\n\t\t\t\t\t\t\t\t\t<p><strong>Anmeldeschluss:\u2028<\/strong><br \/>Montag, den 10. Januar 2026<\/p>\t\t\t\t\t\t\t\t<\/div>\n\t\t\t\t<\/div>\n\t\t\t\t<\/div>\n\t\t<div class=\"elementor-element elementor-element-070ea4f e-con-full elementor-hidden-desktop elementor-hidden-tablet elementor-hidden-mobile e-flex e-con e-child\" data-id=\"070ea4f\" data-element_type=\"container\" data-e-type=\"container\" data-settings=\"{&quot;background_background&quot;:&quot;classic&quot;}\">\n\t\t\t\t<div class=\"elementor-element elementor-element-ef0c332 elementor-widget elementor-widget-menu-anchor\" data-id=\"ef0c332\" data-element_type=\"widget\" data-e-type=\"widget\" data-widget_type=\"menu-anchor.default\">\n\t\t\t\t\t\t\t<div class=\"elementor-menu-anchor\" id=\"Nachbarschaftstag\"><\/div>\n\t\t\t\t\t\t<\/div>\n\t\t<div class=\"elementor-element elementor-element-52f0f28 e-con-full e-flex e-con e-child\" data-id=\"52f0f28\" data-element_type=\"container\" data-e-type=\"container\">\n\t\t\t\t<div class=\"elementor-element elementor-element-c8b4d39 elementor-widget elementor-widget-image\" data-id=\"c8b4d39\" data-element_type=\"widget\" data-e-type=\"widget\" data-widget_type=\"image.default\">\n\t\t\t\t\t\t\t\t\t\t\t\t\t\t\t<img decoding=\"async\" width=\"800\" height=\"534\" src=\"https:\/\/seidenstrasse-winterthur.ch\/wp-content\/uploads\/2026\/03\/FMW-Preview-Donors-10485-scaled-1-1024x683.jpg\" class=\"attachment-large size-large wp-image-3108\" alt=\"Fotomuseum Winterthur \/ Philipp Ottend\u00f6rfer\" srcset=\"https:\/\/seidenstrasse-winterthur.ch\/wp-content\/uploads\/2026\/03\/FMW-Preview-Donors-10485-scaled-1-1024x683.jpg 1024w, https:\/\/seidenstrasse-winterthur.ch\/wp-content\/uploads\/2026\/03\/FMW-Preview-Donors-10485-scaled-1-300x200.jpg 300w, https:\/\/seidenstrasse-winterthur.ch\/wp-content\/uploads\/2026\/03\/FMW-Preview-Donors-10485-scaled-1-768x512.jpg 768w, https:\/\/seidenstrasse-winterthur.ch\/wp-content\/uploads\/2026\/03\/FMW-Preview-Donors-10485-scaled-1-1536x1024.jpg 1536w, https:\/\/seidenstrasse-winterthur.ch\/wp-content\/uploads\/2026\/03\/FMW-Preview-Donors-10485-scaled-1-2048x1366.jpg 2048w\" sizes=\"(max-width: 800px) 100vw, 800px\" \/>\t\t\t\t\t\t\t\t\t\t\t\t\t\t\t<\/div>\n\t\t\t\t<div class=\"elementor-element elementor-element-c15653d elementor-widget elementor-widget-text-editor\" data-id=\"c15653d\" data-element_type=\"widget\" data-e-type=\"widget\" data-widget_type=\"text-editor.default\">\n\t\t\t\t\t\t\t\t\t<p><span class=\"image-container__copyright-label\">Fotomuseum Winterthur \/ <span class=\"outlook-search-highlight\" data-markjs=\"true\">Philipp<\/span> <span class=\"outlook-search-highlight\" data-markjs=\"true\">Ottend\u00f6rfer<\/span><\/span><\/p>\t\t\t\t\t\t\t\t<\/div>\n\t\t\t\t<div class=\"elementor-element elementor-element-bb67993 elementor-hidden-tablet elementor-hidden-mobile elementor-widget elementor-widget-spacer\" data-id=\"bb67993\" data-element_type=\"widget\" data-e-type=\"widget\" data-widget_type=\"spacer.default\">\n\t\t\t\t\t\t\t<div class=\"elementor-spacer\">\n\t\t\t<div class=\"elementor-spacer-inner\"><\/div>\n\t\t<\/div>\n\t\t\t\t\t\t<\/div>\n\t\t\t\t<\/div>\n\t\t<div class=\"elementor-element elementor-element-bdae849 e-con-full e-flex e-con e-child\" data-id=\"bdae849\" data-element_type=\"container\" data-e-type=\"container\">\n\t\t\t\t<div class=\"elementor-element elementor-element-59183e1 elementor-widget elementor-widget-heading\" data-id=\"59183e1\" data-element_type=\"widget\" data-e-type=\"widget\" data-widget_type=\"heading.default\">\n\t\t\t\t\t<h2 class=\"elementor-heading-title elementor-size-default\">Nachbarschaftstag<\/h2>\t\t\t\t<\/div>\n\t\t\t\t<div class=\"elementor-element elementor-element-62f22ce elementor-widget elementor-widget-text-editor\" data-id=\"62f22ce\" data-element_type=\"widget\" data-e-type=\"widget\" data-widget_type=\"text-editor.default\">\n\t\t\t\t\t\t\t\t\t<div><strong>F\u00fchrung im Fotomuseum Winterthur<\/strong><\/div><div><strong>Esther Vonplon<\/strong> &#8211; Fl\u00fcgelschlag oder Paul Mpagi Sepuya \u2013 Focus. Desire.<\/div>\t\t\t\t\t\t\t\t<\/div>\n\t\t\t\t<div class=\"elementor-element elementor-element-5c8dd56 elementor-widget elementor-widget-text-editor\" data-id=\"5c8dd56\" data-element_type=\"widget\" data-e-type=\"widget\" data-widget_type=\"text-editor.default\">\n\t\t\t\t\t\t\t\t\t<p>Freitag, 29. Mai 2026\u00a0<br \/>\u202818.00 bis 20.30 Uhr<\/p>\t\t\t\t\t\t\t\t<\/div>\n\t\t\t\t<div class=\"elementor-element elementor-element-177bc3c elementor-widget elementor-widget-text-editor\" data-id=\"177bc3c\" data-element_type=\"widget\" data-e-type=\"widget\" data-widget_type=\"text-editor.default\">\n\t\t\t\t\t\t\t\t\t<p>Gr\u00fczenstrasse 44 &#8211; 45, 8400 Winterthur<\/p>\t\t\t\t\t\t\t\t<\/div>\n\t\t\t\t<div class=\"elementor-element elementor-element-21622e5 elementor-widget elementor-widget-text-editor\" data-id=\"21622e5\" data-element_type=\"widget\" data-e-type=\"widget\" data-widget_type=\"text-editor.default\">\n\t\t\t\t\t\t\t\t\t<ul><li>18.00h Eintreffen, Eingangskontrolle<\/li><li>18.15h Begr\u00fcssung, Information zum Umbau<\/li><li>18.30h F\u00fchrung durch die Ausstellung<\/li><li>19.30h kleiner Ap\u00e9ro<\/li><li>20.30h Ende der Veranstaltung<\/li><\/ul><p>\u00a0<\/p><p>Kosten: CHF 20.- pro Person <br \/><br \/>Die Teilnehmerzahl ist beschr\u00e4nkt, first come first serve!<\/p>\t\t\t\t\t\t\t\t<\/div>\n\t\t\t\t<div class=\"elementor-element elementor-element-219150f elementor-widget elementor-widget-button\" data-id=\"219150f\" data-element_type=\"widget\" data-e-type=\"widget\" data-widget_type=\"button.default\">\n\t\t\t\t\t\t\t\t\t\t<a class=\"elementor-button elementor-button-link elementor-size-sm\" href=\"https:\/\/eventfrog.ch\/de\/p\/fuehrungen-vortraege\/fuehrung\/nachbarschaftstag-besuch-im-fotomuseum-7444303592201188802.html\" target=\"_blank\">\n\t\t\t\t\t\t<span class=\"elementor-button-content-wrapper\">\n\t\t\t\t\t\t\t\t\t<span class=\"elementor-button-text\">Hier Anmelden<\/span>\n\t\t\t\t\t<\/span>\n\t\t\t\t\t<\/a>\n\t\t\t\t\t\t\t\t<\/div>\n\t\t\t\t<div class=\"elementor-element elementor-element-d4f1774 elementor-widget elementor-widget-text-editor\" data-id=\"d4f1774\" data-element_type=\"widget\" data-e-type=\"widget\" data-widget_type=\"text-editor.default\">\n\t\t\t\t\t\t\t\t\t<p><strong>Anmeldeschluss:\u2028<\/strong><br \/>Montag, den 25. Mai 2026<\/p>\t\t\t\t\t\t\t\t<\/div>\n\t\t\t\t<\/div>\n\t\t\t\t<\/div>\n\t\t<div class=\"elementor-element elementor-element-f701fb9 e-con-full elementor-hidden-desktop elementor-hidden-tablet elementor-hidden-mobile e-flex e-con e-child\" data-id=\"f701fb9\" data-element_type=\"container\" data-e-type=\"container\" data-settings=\"{&quot;background_background&quot;:&quot;classic&quot;}\">\n\t\t\t\t<div class=\"elementor-element elementor-element-ca15a8b elementor-widget elementor-widget-menu-anchor\" data-id=\"ca15a8b\" data-element_type=\"widget\" data-e-type=\"widget\" data-widget_type=\"menu-anchor.default\">\n\t\t\t\t\t\t\t<div class=\"elementor-menu-anchor\" id=\"Generalversammlung\"><\/div>\n\t\t\t\t\t\t<\/div>\n\t\t<div class=\"elementor-element elementor-element-fc25d49 e-con-full e-flex e-con e-child\" data-id=\"fc25d49\" data-element_type=\"container\" data-e-type=\"container\">\n\t\t\t\t<div class=\"elementor-element elementor-element-db90dde elementor-widget elementor-widget-image\" data-id=\"db90dde\" data-element_type=\"widget\" data-e-type=\"widget\" data-widget_type=\"image.default\">\n\t\t\t\t\t\t\t\t\t\t\t\t\t\t\t<img loading=\"lazy\" decoding=\"async\" width=\"800\" height=\"600\" src=\"https:\/\/seidenstrasse-winterthur.ch\/wp-content\/uploads\/2025\/12\/Seidenstrasse-Quartierverein-Winterthur007-1024x768.jpg\" class=\"attachment-large size-large wp-image-1896\" alt=\"\" srcset=\"https:\/\/seidenstrasse-winterthur.ch\/wp-content\/uploads\/2025\/12\/Seidenstrasse-Quartierverein-Winterthur007-1024x768.jpg 1024w, https:\/\/seidenstrasse-winterthur.ch\/wp-content\/uploads\/2025\/12\/Seidenstrasse-Quartierverein-Winterthur007-300x225.jpg 300w, https:\/\/seidenstrasse-winterthur.ch\/wp-content\/uploads\/2025\/12\/Seidenstrasse-Quartierverein-Winterthur007-768x576.jpg 768w, https:\/\/seidenstrasse-winterthur.ch\/wp-content\/uploads\/2025\/12\/Seidenstrasse-Quartierverein-Winterthur007-1536x1152.jpg 1536w, https:\/\/seidenstrasse-winterthur.ch\/wp-content\/uploads\/2025\/12\/Seidenstrasse-Quartierverein-Winterthur007-2048x1536.jpg 2048w\" sizes=\"(max-width: 800px) 100vw, 800px\" \/>\t\t\t\t\t\t\t\t\t\t\t\t\t\t\t<\/div>\n\t\t\t\t<div class=\"elementor-element elementor-element-0af40c7 elementor-hidden-tablet elementor-hidden-mobile elementor-widget elementor-widget-spacer\" data-id=\"0af40c7\" data-element_type=\"widget\" data-e-type=\"widget\" data-widget_type=\"spacer.default\">\n\t\t\t\t\t\t\t<div class=\"elementor-spacer\">\n\t\t\t<div class=\"elementor-spacer-inner\"><\/div>\n\t\t<\/div>\n\t\t\t\t\t\t<\/div>\n\t\t\t\t<\/div>\n\t\t<div class=\"elementor-element elementor-element-9e376f1 e-con-full e-flex e-con e-child\" data-id=\"9e376f1\" data-element_type=\"container\" data-e-type=\"container\">\n\t\t\t\t<div class=\"elementor-element elementor-element-567822e elementor-widget elementor-widget-heading\" data-id=\"567822e\" data-element_type=\"widget\" data-e-type=\"widget\" data-widget_type=\"heading.default\">\n\t\t\t\t\t<h2 class=\"elementor-heading-title elementor-size-default\">Mitgliederversammlung<\/h2>\t\t\t\t<\/div>\n\t\t\t\t<div class=\"elementor-element elementor-element-85fbac6 elementor-widget elementor-widget-text-editor\" data-id=\"85fbac6\" data-element_type=\"widget\" data-e-type=\"widget\" data-widget_type=\"text-editor.default\">\n\t\t\t\t\t\t\t\t\t<p>Freitag, 19. Juni 2026\u00a0<br \/>\u202818.00 bis 21.00 Uhr<\/p>\t\t\t\t\t\t\t\t<\/div>\n\t\t\t\t<div class=\"elementor-element elementor-element-ca97870 elementor-widget elementor-widget-text-editor\" data-id=\"ca97870\" data-element_type=\"widget\" data-e-type=\"widget\" data-widget_type=\"text-editor.default\">\n\t\t\t\t\t\t\t\t\t<p>Villa Brigler, Seidenstrasse 2<\/p>\t\t\t\t\t\t\t\t<\/div>\n\t\t\t\t<div class=\"elementor-element elementor-element-992e99b elementor-widget elementor-widget-text-editor\" data-id=\"992e99b\" data-element_type=\"widget\" data-e-type=\"widget\" data-widget_type=\"text-editor.default\">\n\t\t\t\t\t\t\t\t\t<p>Die kommende Generalversammlung im Juni verspricht wieder ein sch\u00f6nes Beisammensein zu werden. In den letzten Jahren wurden wir stets mit gutem Wetter und vielen Teilnehmenden belohnt. Auch dieses Mal treffen wir uns im wundersch\u00f6nen Garten von Sabine und Frank in der Villa Bridler.<\/p>\t\t\t\t\t\t\t\t<\/div>\n\t\t\t\t<div class=\"elementor-element elementor-element-4f209a7 elementor-widget elementor-widget-button\" data-id=\"4f209a7\" data-element_type=\"widget\" data-e-type=\"widget\" data-widget_type=\"button.default\">\n\t\t\t\t\t\t\t\t\t\t<a class=\"elementor-button elementor-button-link elementor-size-sm\" href=\"https:\/\/qsw.webling.ch\/portal\">\n\t\t\t\t\t\t<span class=\"elementor-button-content-wrapper\">\n\t\t\t\t\t\t\t\t\t<span class=\"elementor-button-text\">Hier Anmelden<\/span>\n\t\t\t\t\t<\/span>\n\t\t\t\t\t<\/a>\n\t\t\t\t\t\t\t\t<\/div>\n\t\t\t\t<div class=\"elementor-element elementor-element-553a6dd elementor-widget elementor-widget-text-editor\" data-id=\"553a6dd\" data-element_type=\"widget\" data-e-type=\"widget\" data-widget_type=\"text-editor.default\">\n\t\t\t\t\t\t\t\t\t<p><strong>Anmeldeschluss:\u2028<\/strong><br \/>Mittwoch, den 15. Juni 2026<\/p>\t\t\t\t\t\t\t\t<\/div>\n\t\t\t\t<div class=\"elementor-element elementor-element-0addb85 elementor-widget elementor-widget-text-editor\" data-id=\"0addb85\" data-element_type=\"widget\" data-e-type=\"widget\" data-widget_type=\"text-editor.default\">\n\t\t\t\t\t\t\t\t\t<p><a href=\"https:\/\/seidenstrasse-winterthur.ch\/wp-content\/uploads\/2026\/05\/Mitgliedervesammlung-2026-Traktanden.pdf\"><strong>Traktanden: PDF\u2028<\/strong><\/a><\/p>\t\t\t\t\t\t\t\t<\/div>\n\t\t\t\t<div class=\"elementor-element elementor-element-63168a2 elementor-widget elementor-widget-text-editor\" data-id=\"63168a2\" data-element_type=\"widget\" data-e-type=\"widget\" data-widget_type=\"text-editor.default\">\n\t\t\t\t\t\t\t\t\t<p><a href=\"https:\/\/seidenstrasse-winterthur.ch\/wp-content\/uploads\/2026\/05\/2024-06-Statuten-Quartierverein-Seidenstrasse-V2-2.pdf\"><strong>Die neusten Statuten: PDF\u2028<\/strong><\/a><\/p>\t\t\t\t\t\t\t\t<\/div>\n\t\t\t\t<\/div>\n\t\t\t\t<\/div>\n\t\t<div class=\"elementor-element elementor-element-924cea4 e-con-full elementor-hidden-desktop elementor-hidden-tablet elementor-hidden-mobile e-flex e-con e-child\" data-id=\"924cea4\" data-element_type=\"container\" data-e-type=\"container\" data-settings=\"{&quot;background_background&quot;:&quot;classic&quot;}\">\n\t\t\t\t<div class=\"elementor-element elementor-element-31d461d elementor-widget elementor-widget-menu-anchor\" data-id=\"31d461d\" data-element_type=\"widget\" data-e-type=\"widget\" data-widget_type=\"menu-anchor.default\">\n\t\t\t\t\t\t\t<div class=\"elementor-menu-anchor\" id=\"Sommerfest\"><\/div>\n\t\t\t\t\t\t<\/div>\n\t\t<div class=\"elementor-element elementor-element-282717f e-con-full e-flex e-con e-child\" data-id=\"282717f\" data-element_type=\"container\" data-e-type=\"container\">\n\t\t\t\t<div class=\"elementor-element elementor-element-9f0e72a elementor-widget elementor-widget-image\" data-id=\"9f0e72a\" data-element_type=\"widget\" data-e-type=\"widget\" data-widget_type=\"image.default\">\n\t\t\t\t\t\t\t\t\t\t\t\t\t\t\t<img loading=\"lazy\" decoding=\"async\" width=\"800\" height=\"600\" src=\"https:\/\/seidenstrasse-winterthur.ch\/wp-content\/uploads\/2025\/12\/Seidenstrasse-Quartierverein-Winterthur008-1.jpg\" class=\"attachment-large size-large wp-image-1933\" alt=\"\" srcset=\"https:\/\/seidenstrasse-winterthur.ch\/wp-content\/uploads\/2025\/12\/Seidenstrasse-Quartierverein-Winterthur008-1.jpg 1000w, https:\/\/seidenstrasse-winterthur.ch\/wp-content\/uploads\/2025\/12\/Seidenstrasse-Quartierverein-Winterthur008-1-300x225.jpg 300w, https:\/\/seidenstrasse-winterthur.ch\/wp-content\/uploads\/2025\/12\/Seidenstrasse-Quartierverein-Winterthur008-1-768x576.jpg 768w\" sizes=\"(max-width: 800px) 100vw, 800px\" \/>\t\t\t\t\t\t\t\t\t\t\t\t\t\t\t<\/div>\n\t\t\t\t<div class=\"elementor-element elementor-element-7c29cb1 elementor-hidden-tablet elementor-hidden-mobile elementor-widget elementor-widget-spacer\" data-id=\"7c29cb1\" data-element_type=\"widget\" data-e-type=\"widget\" data-widget_type=\"spacer.default\">\n\t\t\t\t\t\t\t<div class=\"elementor-spacer\">\n\t\t\t<div class=\"elementor-spacer-inner\"><\/div>\n\t\t<\/div>\n\t\t\t\t\t\t<\/div>\n\t\t\t\t<\/div>\n\t\t<div class=\"elementor-element elementor-element-8fe22a0 e-con-full e-flex e-con e-child\" data-id=\"8fe22a0\" data-element_type=\"container\" data-e-type=\"container\">\n\t\t\t\t<div class=\"elementor-element elementor-element-65e6092 elementor-widget elementor-widget-heading\" data-id=\"65e6092\" data-element_type=\"widget\" data-e-type=\"widget\" data-widget_type=\"heading.default\">\n\t\t\t\t\t<h2 class=\"elementor-heading-title elementor-size-default\">Sommerfest<\/h2>\t\t\t\t<\/div>\n\t\t\t\t<div class=\"elementor-element elementor-element-d8ce312 elementor-widget elementor-widget-text-editor\" data-id=\"d8ce312\" data-element_type=\"widget\" data-e-type=\"widget\" data-widget_type=\"text-editor.default\">\n\t\t\t\t\t\t\t\t\t<p>Samstag, 22. August 2026\u00a0<br \/>\u202818.00 bis 22.00 Uhr<\/p>\t\t\t\t\t\t\t\t<\/div>\n\t\t\t\t<div class=\"elementor-element elementor-element-fe793ce elementor-widget elementor-widget-text-editor\" data-id=\"fe793ce\" data-element_type=\"widget\" data-e-type=\"widget\" data-widget_type=\"text-editor.default\">\n\t\t\t\t\t\t\t\t\t<p>LTC, Pflanzschulstrasse 36, 8400 Winterthur<\/p>\t\t\t\t\t\t\t\t<\/div>\n\t\t\t\t<div class=\"elementor-element elementor-element-956eab8 elementor-widget elementor-widget-text-editor\" data-id=\"956eab8\" data-element_type=\"widget\" data-e-type=\"widget\" data-widget_type=\"text-editor.default\">\n\t\t\t\t\t\t\t\t\t<p>Ende August ist es wieder so weit: Der Seidenstrasse Quartierverein l\u00e4dt zur grossen Sommerparty ein \u2013 wie alle zwei Jahre an einem ganz besonderen Ort. Gefeiert wird im LTC, der idyllischen Tennisanlage an der Seidenstrasse\/Pflanzschulstrasse.<\/p><p>Was viele nicht wissen: Diese gr\u00fcne Oase mitten in der Stadt blickt auf eine \u00fcber hundertj\u00e4hrige Geschichte zur\u00fcck. Vom barocken Sommerh\u00e4uschen \u00fcber vision\u00e4re Architektur bis zum heutigen R\u00f6merpark \u2013 der LTC verbindet Sport, Kultur und Quartierleben auf einzigartige Weise.<\/p><p><strong>Ein perfekter Ort also, um gemeinsam einen sommerlichen Abend zu geniessen.<\/strong><\/p>\t\t\t\t\t\t\t\t<\/div>\n\t\t<div class=\"elementor-element elementor-element-621cf8e e-con-full e-flex e-con e-child\" data-id=\"621cf8e\" data-element_type=\"container\" data-e-type=\"container\">\n\t\t\t\t<div class=\"elementor-element elementor-element-67629f9 elementor-widget elementor-widget-text-editor\" data-id=\"67629f9\" data-element_type=\"widget\" data-e-type=\"widget\" data-widget_type=\"text-editor.default\">\n\t\t\t\t\t\t\t\t\t<p>Kosten: CHF 30.- pro erwachsene Person.\u00a0<\/p>\t\t\t\t\t\t\t\t<\/div>\n\t\t\t\t<div class=\"elementor-element elementor-element-bd1669d elementor-widget elementor-widget-text-editor\" data-id=\"bd1669d\" data-element_type=\"widget\" data-e-type=\"widget\" data-widget_type=\"text-editor.default\">\n\t\t\t\t\t\t\t\t\t<p>Kinder bis 16 Jahre kostenlos<\/p>\t\t\t\t\t\t\t\t<\/div>\n\t\t\t\t<div class=\"elementor-element elementor-element-ef8b76e elementor-widget elementor-widget-button\" data-id=\"ef8b76e\" data-element_type=\"widget\" data-e-type=\"widget\" data-widget_type=\"button.default\">\n\t\t\t\t\t\t\t\t\t\t<a class=\"elementor-button elementor-button-link elementor-size-sm\" href=\"https:\/\/eventfrog.ch\/de\/p\/volksfeste\/sommerfest\/sommerfest-2026-7487936323338170796.html\">\n\t\t\t\t\t\t<span class=\"elementor-button-content-wrapper\">\n\t\t\t\t\t\t\t\t\t<span class=\"elementor-button-text\">Hier Ticket kaufen <\/span>\n\t\t\t\t\t<\/span>\n\t\t\t\t\t<\/a>\n\t\t\t\t\t\t\t\t<\/div>\n\t\t\t\t<\/div>\n\t\t<div class=\"elementor-element elementor-element-a8640a3 e-con-full e-flex e-con e-child\" data-id=\"a8640a3\" data-element_type=\"container\" data-e-type=\"container\">\n\t\t\t\t<div class=\"elementor-element elementor-element-d498b44 elementor-widget elementor-widget-text-editor\" data-id=\"d498b44\" data-element_type=\"widget\" data-e-type=\"widget\" data-widget_type=\"text-editor.default\">\n\t\t\t\t\t\t\t\t\t<p>Zur Organisation des Events bitte Dieses Formular ausf\u00fcllen. Vielen Dank.\u00a0<\/p>\t\t\t\t\t\t\t\t<\/div>\n\t\t\t\t<div class=\"elementor-element elementor-element-c91235d elementor-widget elementor-widget-button\" data-id=\"c91235d\" data-element_type=\"widget\" data-e-type=\"widget\" data-widget_type=\"button.default\">\n\t\t\t\t\t\t\t\t\t\t<a class=\"elementor-button elementor-button-link elementor-size-sm\" href=\"https:\/\/forms.gle\/qFuCwwbSGXSYuBet6\">\n\t\t\t\t\t\t<span class=\"elementor-button-content-wrapper\">\n\t\t\t\t\t\t\t\t\t<span class=\"elementor-button-text\">Bitte ausf\u00fcllen<\/span>\n\t\t\t\t\t<\/span>\n\t\t\t\t\t<\/a>\n\t\t\t\t\t\t\t\t<\/div>\n\t\t\t\t<\/div>\n\t\t\t\t<div class=\"elementor-element elementor-element-8dc2495 elementor-widget elementor-widget-text-editor\" data-id=\"8dc2495\" data-element_type=\"widget\" data-e-type=\"widget\" data-widget_type=\"text-editor.default\">\n\t\t\t\t\t\t\t\t\t<p><strong>Anmeldeschluss:\u2028<\/strong><br \/>Freitag, 14. August 2026<\/p>\t\t\t\t\t\t\t\t<\/div>\n\t\t\t\t<\/div>\n\t\t\t\t<\/div>\n\t\t<div class=\"elementor-element elementor-element-57b2ab1 e-con-full e-flex e-con e-child\" data-id=\"57b2ab1\" data-element_type=\"container\" data-e-type=\"container\" data-settings=\"{&quot;background_background&quot;:&quot;classic&quot;}\">\n\t\t\t\t<div class=\"elementor-element elementor-element-10659f0 elementor-widget elementor-widget-menu-anchor\" data-id=\"10659f0\" data-element_type=\"widget\" data-e-type=\"widget\" data-widget_type=\"menu-anchor.default\">\n\t\t\t\t\t\t\t<div class=\"elementor-menu-anchor\" id=\"sidetreff\"><\/div>\n\t\t\t\t\t\t<\/div>\n\t\t<div class=\"elementor-element elementor-element-bf0f593 e-con-full e-flex e-con e-child\" data-id=\"bf0f593\" data-element_type=\"container\" data-e-type=\"container\">\n\t\t\t\t<div class=\"elementor-element elementor-element-4bdbe4f elementor-widget elementor-widget-image\" data-id=\"4bdbe4f\" data-element_type=\"widget\" data-e-type=\"widget\" data-widget_type=\"image.default\">\n\t\t\t\t\t\t\t\t\t\t\t\t\t\t\t<img loading=\"lazy\" decoding=\"async\" width=\"800\" height=\"583\" src=\"https:\/\/seidenstrasse-winterthur.ch\/wp-content\/uploads\/2026\/06\/Quartierverein-Seidenstrasse-Winerthur-002-1-1024x746.jpg\" class=\"attachment-large size-large wp-image-3602\" alt=\"Siditreff\" srcset=\"https:\/\/seidenstrasse-winterthur.ch\/wp-content\/uploads\/2026\/06\/Quartierverein-Seidenstrasse-Winerthur-002-1-1024x746.jpg 1024w, https:\/\/seidenstrasse-winterthur.ch\/wp-content\/uploads\/2026\/06\/Quartierverein-Seidenstrasse-Winerthur-002-1-300x219.jpg 300w, https:\/\/seidenstrasse-winterthur.ch\/wp-content\/uploads\/2026\/06\/Quartierverein-Seidenstrasse-Winerthur-002-1-768x560.jpg 768w, https:\/\/seidenstrasse-winterthur.ch\/wp-content\/uploads\/2026\/06\/Quartierverein-Seidenstrasse-Winerthur-002-1-1536x1119.jpg 1536w, https:\/\/seidenstrasse-winterthur.ch\/wp-content\/uploads\/2026\/06\/Quartierverein-Seidenstrasse-Winerthur-002-1.jpg 1600w\" sizes=\"(max-width: 800px) 100vw, 800px\" \/>\t\t\t\t\t\t\t\t\t\t\t\t\t\t\t<\/div>\n\t\t\t\t<\/div>\n\t\t<div class=\"elementor-element elementor-element-cedd569 e-con-full e-flex e-con e-child\" data-id=\"cedd569\" data-element_type=\"container\" data-e-type=\"container\">\n\t\t\t\t<div class=\"elementor-element elementor-element-81a485e elementor-widget elementor-widget-heading\" data-id=\"81a485e\" data-element_type=\"widget\" data-e-type=\"widget\" data-widget_type=\"heading.default\">\n\t\t\t\t\t<h2 class=\"elementor-heading-title elementor-size-default\">Sidetreff<\/h2>\t\t\t\t<\/div>\n\t\t\t\t<div class=\"elementor-element elementor-element-f5dc2ea elementor-widget elementor-widget-text-editor\" data-id=\"f5dc2ea\" data-element_type=\"widget\" data-e-type=\"widget\" data-widget_type=\"text-editor.default\">\n\t\t\t\t\t\t\t\t\t<p>Im <span style=\"text-decoration: underline;\"><a href=\"https:\/\/maps.app.goo.gl\/WiKX99f3w1ik5YuK6\" target=\"_blank\" rel=\"noopener\">Fehlmann Areal<\/a><\/span><\/p>\t\t\t\t\t\t\t\t<\/div>\n\t\t\t\t<div class=\"elementor-element elementor-element-a8e4792 elementor-widget elementor-widget-text-editor\" data-id=\"a8e4792\" data-element_type=\"widget\" data-e-type=\"widget\" data-widget_type=\"text-editor.default\">\n\t\t\t\t\t\t\t\t\t<p>Sonntag 6. September 2026<br \/>15.30 &#8211; 18.00Uhr<\/p>\t\t\t\t\t\t\t\t<\/div>\n\t\t\t\t<div class=\"elementor-element elementor-element-2af10a4 elementor-widget elementor-widget-text-editor\" data-id=\"2af10a4\" data-element_type=\"widget\" data-e-type=\"widget\" data-widget_type=\"text-editor.default\">\n\t\t\t\t\t\t\t\t\t<p class=\"font-claude-response-body break-words whitespace-normal\"><strong>Lockeres Zusammenkommen im Quartier<\/strong><\/p><p class=\"font-claude-response-body break-words whitespace-normal\">Der Quartierverein Seidenstrasse l\u00e4dt zum Sidetreff: ein lockeres Zusammenkommen am Nachmittag, offen f\u00fcr alle. Jeder bringt sein Essen und Trinken selber mit, ebenso Spiele und Spielsachen f\u00fcr die Kinder. Eine Anmeldung ist nicht n\u00f6tig.<\/p><p class=\"font-claude-response-body break-words whitespace-normal\">Der Sidetreff ist explizit auch f\u00fcr Nichtmitglieder und Noch-nicht-Mitglieder gedacht \u2013 eine einfache Gelegenheit, sich im Quartier zu begegnen und auszutauschen. Erz\u00e4hlt es euren Nachbarn und kommt vorbei.<\/p><p class=\"font-claude-response-body break-words whitespace-normal\">Bei schlechtem Wetter verschieben wir auf ein anderes Datum.<\/p>\t\t\t\t\t\t\t\t<\/div>\n\t\t\t\t<\/div>\n\t\t\t\t<\/div>\n\t\t<div class=\"elementor-element elementor-element-8acc504 e-con-full e-flex e-con e-child\" data-id=\"8acc504\" data-element_type=\"container\" data-e-type=\"container\" data-settings=\"{&quot;background_background&quot;:&quot;classic&quot;}\">\n\t\t\t\t<div class=\"elementor-element elementor-element-625415e elementor-widget elementor-widget-menu-anchor\" data-id=\"625415e\" data-element_type=\"widget\" data-e-type=\"widget\" data-widget_type=\"menu-anchor.default\">\n\t\t\t\t\t\t\t<div class=\"elementor-menu-anchor\" id=\"Torggelen\"><\/div>\n\t\t\t\t\t\t<\/div>\n\t\t<div class=\"elementor-element elementor-element-31e3034 e-con-full e-flex e-con e-child\" data-id=\"31e3034\" data-element_type=\"container\" data-e-type=\"container\">\n\t\t\t\t<div class=\"elementor-element elementor-element-c5eb0a4 elementor-widget elementor-widget-image\" data-id=\"c5eb0a4\" data-element_type=\"widget\" data-e-type=\"widget\" data-widget_type=\"image.default\">\n\t\t\t\t\t\t\t\t\t\t\t\t\t\t\t<img loading=\"lazy\" decoding=\"async\" width=\"768\" height=\"1024\" src=\"https:\/\/seidenstrasse-winterthur.ch\/wp-content\/uploads\/2025\/12\/6d68ca46-1866-4112-b46c-67e5be074fe6-768x1024.jpeg\" class=\"attachment-large size-large wp-image-1800\" alt=\"\" srcset=\"https:\/\/seidenstrasse-winterthur.ch\/wp-content\/uploads\/2025\/12\/6d68ca46-1866-4112-b46c-67e5be074fe6-768x1024.jpeg 768w, https:\/\/seidenstrasse-winterthur.ch\/wp-content\/uploads\/2025\/12\/6d68ca46-1866-4112-b46c-67e5be074fe6-225x300.jpeg 225w, https:\/\/seidenstrasse-winterthur.ch\/wp-content\/uploads\/2025\/12\/6d68ca46-1866-4112-b46c-67e5be074fe6-1152x1536.jpeg 1152w, https:\/\/seidenstrasse-winterthur.ch\/wp-content\/uploads\/2025\/12\/6d68ca46-1866-4112-b46c-67e5be074fe6-1536x2048.jpeg 1536w, https:\/\/seidenstrasse-winterthur.ch\/wp-content\/uploads\/2025\/12\/6d68ca46-1866-4112-b46c-67e5be074fe6-scaled.jpeg 1920w\" sizes=\"(max-width: 768px) 100vw, 768px\" \/>\t\t\t\t\t\t\t\t\t\t\t\t\t\t\t<\/div>\n\t\t\t\t<div class=\"elementor-element elementor-element-f25e359 elementor-hidden-tablet elementor-hidden-mobile elementor-widget elementor-widget-spacer\" data-id=\"f25e359\" data-element_type=\"widget\" data-e-type=\"widget\" data-widget_type=\"spacer.default\">\n\t\t\t\t\t\t\t<div class=\"elementor-spacer\">\n\t\t\t<div class=\"elementor-spacer-inner\"><\/div>\n\t\t<\/div>\n\t\t\t\t\t\t<\/div>\n\t\t\t\t<\/div>\n\t\t<div class=\"elementor-element elementor-element-1fff1a5 e-con-full e-flex e-con e-child\" data-id=\"1fff1a5\" data-element_type=\"container\" data-e-type=\"container\">\n\t\t\t\t<div class=\"elementor-element elementor-element-db3a0d6 elementor-widget elementor-widget-heading\" data-id=\"db3a0d6\" data-element_type=\"widget\" data-e-type=\"widget\" data-widget_type=\"heading.default\">\n\t\t\t\t\t<h2 class=\"elementor-heading-title elementor-size-default\">T\u00f6rggelen<\/h2>\t\t\t\t<\/div>\n\t\t\t\t<div class=\"elementor-element elementor-element-4a08ba6 elementor-widget elementor-widget-text-editor\" data-id=\"4a08ba6\" data-element_type=\"widget\" data-e-type=\"widget\" data-widget_type=\"text-editor.default\">\n\t\t\t\t\t\t\t\t\t<p>Donnerstag, 01.10.2026\u00a0<br \/>\u202819.00 bis 21.00 Uhr<\/p>\t\t\t\t\t\t\t\t<\/div>\n\t\t\t\t<div class=\"elementor-element elementor-element-b47bb7f elementor-widget elementor-widget-text-editor\" data-id=\"b47bb7f\" data-element_type=\"widget\" data-e-type=\"widget\" data-widget_type=\"text-editor.default\">\n\t\t\t\t\t\t\t\t\t<p>Im Fehlmann Areal<\/p>\t\t\t\t\t\t\t\t<\/div>\n\t\t\t\t<div class=\"elementor-element elementor-element-988446f elementor-widget elementor-widget-text-editor\" data-id=\"988446f\" data-element_type=\"widget\" data-e-type=\"widget\" data-widget_type=\"text-editor.default\">\n\t\t\t\t\t\t\t\t\t<p>Auch 2026 laden wir herzlich zum T\u00f6rggelen ein. Freut euch auf einen geselligen Abend mit unserem Verein, umgeben von k\u00f6stlichen Maroni und erlesenem Wein, der bis in die Abendstunden hinein zum Verweilen einl\u00e4dt.<\/p><p>Wie bereits im letzten Jahr treffen wir uns im wundersch\u00f6nen Fehlmann-Areal \u2013 die perfekte Kulisse f\u00fcr Genuss, Gespr\u00e4che und gem\u00fctliches Beisammensein.<\/p>\t\t\t\t\t\t\t\t<\/div>\n\t\t\t\t<div class=\"elementor-element elementor-element-cfd4965 elementor-widget elementor-widget-text-editor\" data-id=\"cfd4965\" data-element_type=\"widget\" data-e-type=\"widget\" data-widget_type=\"text-editor.default\">\n\t\t\t\t\t\t\t\t\t<p>Kosten: CHF 20.-<\/p>\t\t\t\t\t\t\t\t<\/div>\n\t\t\t\t<div class=\"elementor-element elementor-element-dbe926e elementor-hidden-desktop elementor-hidden-tablet elementor-hidden-mobile elementor-widget elementor-widget-button\" data-id=\"dbe926e\" data-element_type=\"widget\" data-e-type=\"widget\" data-widget_type=\"button.default\">\n\t\t\t\t\t\t\t\t\t\t<a class=\"elementor-button elementor-button-link elementor-size-sm\" href=\"https:\/\/qsw.webling.ch\/portal\">\n\t\t\t\t\t\t<span class=\"elementor-button-content-wrapper\">\n\t\t\t\t\t\t\t\t\t<span class=\"elementor-button-text\">Hier Anmelden<\/span>\n\t\t\t\t\t<\/span>\n\t\t\t\t\t<\/a>\n\t\t\t\t\t\t\t\t<\/div>\n\t\t\t\t<div class=\"elementor-element elementor-element-be7ae69 elementor-hidden-desktop elementor-hidden-tablet elementor-hidden-mobile elementor-widget elementor-widget-text-editor\" data-id=\"be7ae69\" data-element_type=\"widget\" data-e-type=\"widget\" data-widget_type=\"text-editor.default\">\n\t\t\t\t\t\t\t\t\t<p><strong>Anmeldeschluss:\u2028<\/strong><br \/>XXX, den 1. August 2026<\/p>\t\t\t\t\t\t\t\t<\/div>\n\t\t\t\t<\/div>\n\t\t\t\t<\/div>\n\t\t\t\t\t<\/div>\n\t\t\t\t<\/div>\n\t\t<div class=\"elementor-element elementor-element-2ed54f8 e-flex e-con-boxed e-con e-parent\" data-id=\"2ed54f8\" data-element_type=\"container\" data-e-type=\"container\" data-settings=\"{&quot;background_background&quot;:&quot;classic&quot;}\">\n\t\t\t\t\t<div class=\"e-con-inner\">\n\t\t\t\t\t<\/div>\n\t\t\t\t<\/div>\n\t\t<div class=\"elementor-element elementor-element-2f6acae1 e-flex e-con-boxed e-con e-parent\" data-id=\"2f6acae1\" data-element_type=\"container\" data-e-type=\"container\" data-settings=\"{&quot;background_background&quot;:&quot;classic&quot;}\">\n\t\t\t\t\t<div class=\"e-con-inner\">\n\t\t<div class=\"elementor-element elementor-element-441dd7e0 e-con-full e-flex e-con e-child\" data-id=\"441dd7e0\" data-element_type=\"container\" data-e-type=\"container\">\n\t\t\t\t<div class=\"elementor-element elementor-element-9b7f1e4 elementor-widget elementor-widget-heading\" data-id=\"9b7f1e4\" data-element_type=\"widget\" data-e-type=\"widget\" data-widget_type=\"heading.default\">\n\t\t\t\t\t<h2 class=\"elementor-heading-title elementor-size-default\">Lust bei den Aktivit\u00e4ten dabei zu sein?<\/h2>\t\t\t\t<\/div>\n\t\t\t\t<\/div>\n\t\t<div class=\"elementor-element elementor-element-7de4aa05 e-con-full e-flex e-con e-child\" data-id=\"7de4aa05\" data-element_type=\"container\" data-e-type=\"container\">\n\t\t<div class=\"elementor-element elementor-element-3e2669c3 e-con-full e-flex e-con e-child\" data-id=\"3e2669c3\" data-element_type=\"container\" data-e-type=\"container\">\n\t\t\t\t<div class=\"elementor-element elementor-element-cce5e94 elementor-widget elementor-widget-text-editor\" data-id=\"cce5e94\" data-element_type=\"widget\" data-e-type=\"widget\" data-widget_type=\"text-editor.default\">\n\t\t\t\t\t\t\t\t\t<p>Werde Mitglied<\/p>\t\t\t\t\t\t\t\t<\/div>\n\t\t\t\t<div class=\"elementor-element elementor-element-4b9e3e4b elementor-widget elementor-widget-text-editor\" data-id=\"4b9e3e4b\" data-element_type=\"widget\" data-e-type=\"widget\" data-widget_type=\"text-editor.default\">\n\t\t\t\t\t\t\t\t\t<p><span style=\"white-space: pre-wrap;\">Weil Nachbarschaft mehr ist als nur nebeneinander wohnen.<\/span><\/p>\t\t\t\t\t\t\t\t<\/div>\n\t\t\t\t<div class=\"elementor-element elementor-element-27873112 elementor-widget elementor-widget-button\" data-id=\"27873112\" data-element_type=\"widget\" data-e-type=\"widget\" data-widget_type=\"button.default\">\n\t\t\t\t\t\t\t\t\t\t<a class=\"elementor-button elementor-button-link elementor-size-sm\" href=\"https:\/\/seidenstrasse-winterthur.ch\/?page_id=489\">\n\t\t\t\t\t\t<span class=\"elementor-button-content-wrapper\">\n\t\t\t\t\t\t\t\t\t<span class=\"elementor-button-text\">Hier anmelden<\/span>\n\t\t\t\t\t<\/span>\n\t\t\t\t\t<\/a>\n\t\t\t\t\t\t\t\t<\/div>\n\t\t\t\t<\/div>\n\t\t<div class=\"elementor-element elementor-element-4528d080 e-con-full e-flex e-con e-child\" data-id=\"4528d080\" data-element_type=\"container\" data-e-type=\"container\">\n\t\t\t\t<div class=\"elementor-element elementor-element-3fe47420 elementor-widget elementor-widget-heading\" data-id=\"3fe47420\" data-element_type=\"widget\" data-e-type=\"widget\" data-widget_type=\"heading.default\">\n\t\t\t\t\t<h2 class=\"elementor-heading-title elementor-size-default\">Wir freuen uns auf dich!<\/h2>\t\t\t\t<\/div>\n\t\t\t\t<\/div>\n\t\t\t\t<\/div>\n\t\t\t\t\t<\/div>\n\t\t\t\t<\/div>\n\t\t\t\t<\/div>\n\t\t","protected":false},"excerpt":{"rendered":"<p>Aktiv sein, dabei sein, Spass haben! Mittagstisch Jeweils am letzten Mittwoch im Monat Ab 11:30Uhr Im Bloom Der Quartierverein l\u00e4dt zum gem\u00fctlichen Mittagstisch im Restaurant Bloom, Park Hotel Winterthur, ein. In entspannter Atmosph\u00e4re geniessen Nachbarinnen und Nachbarn exzellente Gerichte, ausgelesene Weine und eine gesellige Runde. Der Anlass bietet die ideale Gelegenheit, neue Kontakte zu kn\u00fcpfen, [&hellip;]<\/p>\n","protected":false},"author":2,"featured_media":0,"parent":0,"menu_order":0,"comment_status":"closed","ping_status":"closed","template":"","meta":{"inline_featured_image":false,"footnotes":""},"class_list":["post-793","page","type-page","status-publish","hentry"],"aioseo_notices":[],"aioseo_head":"\n\t\t<!-- All in One SEO 5.0.0.1 - aioseo.com -->\n\t<meta name=\"description\" content=\"Aktiv sein, dabei sein, Spass haben! Mittagstisch Jeweils am letzten Mittwoch im Monat Ab 11:30Uhr Im Bloom Der Quartierverein l\u00e4dt zum gem\u00fctlichen Mittagstisch im Restaurant Bloom, Park Hotel Winterthur, ein.In entspannter Atmosph\u00e4re geniessen Nachbarinnen und Nachbarn exzellente Gerichte, ausgelesene Weine und eine gesellige Runde. Der Anlass bietet die ideale Gelegenheit, neue Kontakte zu kn\u00fcpfen, Freundschaften\" \/>\n\t<meta name=\"robots\" content=\"max-image-preview:large\" \/>\n\t<link rel=\"canonical\" href=\"https:\/\/seidenstrasse-winterthur.ch\/?page_id=793\" \/>\n\t<meta name=\"generator\" content=\"All in One SEO (AIOSEO) 5.0.0.1\" \/>\n\t\t<meta property=\"og:locale\" content=\"de_DE\" \/>\n\t\t<meta property=\"og:site_name\" content=\"Seidenstrasse Quartierverein -\" \/>\n\t\t<meta property=\"og:type\" content=\"article\" \/>\n\t\t<meta property=\"og:title\" content=\"Aktivit\u00e4ten - Seidenstrasse Quartierverein\" \/>\n\t\t<meta property=\"og:description\" content=\"Aktiv sein, dabei sein, Spass haben! Mittagstisch Jeweils am letzten Mittwoch im Monat Ab 11:30Uhr Im Bloom Der Quartierverein l\u00e4dt zum gem\u00fctlichen Mittagstisch im Restaurant Bloom, Park Hotel Winterthur, ein.In entspannter Atmosph\u00e4re geniessen Nachbarinnen und Nachbarn exzellente Gerichte, ausgelesene Weine und eine gesellige Runde. Der Anlass bietet die ideale Gelegenheit, neue Kontakte zu kn\u00fcpfen, Freundschaften\" \/>\n\t\t<meta property=\"og:url\" content=\"https:\/\/seidenstrasse-winterthur.ch\/?page_id=793\" \/>\n\t\t<meta property=\"og:image\" content=\"https:\/\/seidenstrasse-winterthur.ch\/wp-content\/uploads\/2025\/07\/Seidenstrasse-Logo-MintGruen-01.svg\" \/>\n\t\t<meta property=\"og:image:secure_url\" content=\"https:\/\/seidenstrasse-winterthur.ch\/wp-content\/uploads\/2025\/07\/Seidenstrasse-Logo-MintGruen-01.svg\" \/>\n\t\t<meta property=\"article:published_time\" content=\"2025-07-20T19:46:34+00:00\" \/>\n\t\t<meta property=\"article:modified_time\" content=\"2026-08-23T19:19:32+00:00\" \/>\n\t\t<meta name=\"twitter:card\" content=\"summary_large_image\" \/>\n\t\t<meta name=\"twitter:title\" content=\"Aktivit\u00e4ten - Seidenstrasse Quartierverein\" \/>\n\t\t<meta name=\"twitter:description\" content=\"Aktiv sein, dabei sein, Spass haben! Mittagstisch Jeweils am letzten Mittwoch im Monat Ab 11:30Uhr Im Bloom Der Quartierverein l\u00e4dt zum gem\u00fctlichen Mittagstisch im Restaurant Bloom, Park Hotel Winterthur, ein.In entspannter Atmosph\u00e4re geniessen Nachbarinnen und Nachbarn exzellente Gerichte, ausgelesene Weine und eine gesellige Runde. Der Anlass bietet die ideale Gelegenheit, neue Kontakte zu kn\u00fcpfen, Freundschaften\" \/>\n\t\t<meta name=\"twitter:image\" content=\"https:\/\/seidenstrasse-winterthur.ch\/wp-content\/uploads\/2025\/07\/Seidenstrasse-Logo-MintGruen-01.svg\" \/>\n\t\t<script type=\"application\/ld+json\" class=\"aioseo-schema\">\n\t\t\t{\"@context\":\"https:\\\/\\\/schema.org\",\"@graph\":[{\"@type\":\"BreadcrumbList\",\"@id\":\"https:\\\/\\\/seidenstrasse-winterthur.ch\\\/?page_id=793#breadcrumblist\",\"itemListElement\":[{\"@type\":\"ListItem\",\"@id\":\"https:\\\/\\\/seidenstrasse-winterthur.ch#listItem\",\"position\":1,\"name\":\"Home\",\"item\":\"https:\\\/\\\/seidenstrasse-winterthur.ch\",\"nextItem\":{\"@type\":\"ListItem\",\"@id\":\"https:\\\/\\\/seidenstrasse-winterthur.ch\\\/?page_id=793#listItem\",\"name\":\"Aktivit\\u00e4ten\"}},{\"@type\":\"ListItem\",\"@id\":\"https:\\\/\\\/seidenstrasse-winterthur.ch\\\/?page_id=793#listItem\",\"position\":2,\"name\":\"Aktivit\\u00e4ten\",\"previousItem\":{\"@type\":\"ListItem\",\"@id\":\"https:\\\/\\\/seidenstrasse-winterthur.ch#listItem\",\"name\":\"Home\"}}]},{\"@type\":\"Organization\",\"@id\":\"https:\\\/\\\/seidenstrasse-winterthur.ch\\\/#organization\",\"name\":\"Seidenstrasse Quartierverein\",\"url\":\"https:\\\/\\\/seidenstrasse-winterthur.ch\\\/\",\"logo\":{\"@type\":\"ImageObject\",\"url\":\"https:\\\/\\\/seidenstrasse-winterthur.ch\\\/wp-content\\\/uploads\\\/2026\\\/03\\\/Seidenstrasse-Logo-01.svg\",\"@id\":\"https:\\\/\\\/seidenstrasse-winterthur.ch\\\/?page_id=793\\\/#organizationLogo\",\"width\":499,\"height\":201},\"image\":{\"@id\":\"https:\\\/\\\/seidenstrasse-winterthur.ch\\\/?page_id=793\\\/#organizationLogo\"}},{\"@type\":\"WebPage\",\"@id\":\"https:\\\/\\\/seidenstrasse-winterthur.ch\\\/?page_id=793#webpage\",\"url\":\"https:\\\/\\\/seidenstrasse-winterthur.ch\\\/?page_id=793\",\"name\":\"Aktivit\\u00e4ten - Seidenstrasse Quartierverein\",\"description\":\"Aktiv sein, dabei sein, Spass haben! Mittagstisch Jeweils am letzten Mittwoch im Monat Ab 11:30Uhr Im Bloom Der Quartierverein l\\u00e4dt zum gem\\u00fctlichen Mittagstisch im Restaurant Bloom, Park Hotel Winterthur, ein.In entspannter Atmosph\\u00e4re geniessen Nachbarinnen und Nachbarn exzellente Gerichte, ausgelesene Weine und eine gesellige Runde. Der Anlass bietet die ideale Gelegenheit, neue Kontakte zu kn\\u00fcpfen, Freundschaften\",\"inLanguage\":\"de-DE\",\"isPartOf\":{\"@id\":\"https:\\\/\\\/seidenstrasse-winterthur.ch\\\/#website\"},\"breadcrumb\":{\"@id\":\"https:\\\/\\\/seidenstrasse-winterthur.ch\\\/?page_id=793#breadcrumblist\"},\"datePublished\":\"2025-07-20T21:46:34+02:00\",\"dateModified\":\"2026-08-23T21:19:32+02:00\"},{\"@type\":\"WebSite\",\"@id\":\"https:\\\/\\\/seidenstrasse-winterthur.ch\\\/#website\",\"url\":\"https:\\\/\\\/seidenstrasse-winterthur.ch\\\/\",\"name\":\"Seidenstrasse Quartierverein\",\"inLanguage\":\"de-DE\",\"publisher\":{\"@id\":\"https:\\\/\\\/seidenstrasse-winterthur.ch\\\/#organization\"}}]}\n\t\t<\/script>\n\t\t<!-- All in One SEO -->\n\n","aioseo_head_json":{"title":"Aktivit\u00e4ten - Seidenstrasse Quartierverein","description":"Aktiv sein, dabei sein, Spass haben! Mittagstisch Jeweils am letzten Mittwoch im Monat Ab 11:30Uhr Im Bloom Der Quartierverein l\u00e4dt zum gem\u00fctlichen Mittagstisch im Restaurant Bloom, Park Hotel Winterthur, ein.In entspannter Atmosph\u00e4re geniessen Nachbarinnen und Nachbarn exzellente Gerichte, ausgelesene Weine und eine gesellige Runde. Der Anlass bietet die ideale Gelegenheit, neue Kontakte zu kn\u00fcpfen, Freundschaften","canonical_url":"https:\/\/seidenstrasse-winterthur.ch\/?page_id=793","robots":"max-image-preview:large","keywords":"","webmasterTools":{"miscellaneous":""},"schema":{"@context":"https:\/\/schema.org","@graph":[{"@type":"BreadcrumbList","@id":"https:\/\/seidenstrasse-winterthur.ch\/?page_id=793#breadcrumblist","itemListElement":[{"@type":"ListItem","@id":"https:\/\/seidenstrasse-winterthur.ch#listItem","position":1,"name":"Home","item":"https:\/\/seidenstrasse-winterthur.ch","nextItem":{"@type":"ListItem","@id":"https:\/\/seidenstrasse-winterthur.ch\/?page_id=793#listItem","name":"Aktivit\u00e4ten"}},{"@type":"ListItem","@id":"https:\/\/seidenstrasse-winterthur.ch\/?page_id=793#listItem","position":2,"name":"Aktivit\u00e4ten","previousItem":{"@type":"ListItem","@id":"https:\/\/seidenstrasse-winterthur.ch#listItem","name":"Home"}}]},{"@type":"Organization","@id":"https:\/\/seidenstrasse-winterthur.ch\/#organization","name":"Seidenstrasse Quartierverein","url":"https:\/\/seidenstrasse-winterthur.ch\/","logo":{"@type":"ImageObject","url":"https:\/\/seidenstrasse-winterthur.ch\/wp-content\/uploads\/2026\/03\/Seidenstrasse-Logo-01.svg","@id":"https:\/\/seidenstrasse-winterthur.ch\/?page_id=793\/#organizationLogo","width":499,"height":201},"image":{"@id":"https:\/\/seidenstrasse-winterthur.ch\/?page_id=793\/#organizationLogo"}},{"@type":"WebPage","@id":"https:\/\/seidenstrasse-winterthur.ch\/?page_id=793#webpage","url":"https:\/\/seidenstrasse-winterthur.ch\/?page_id=793","name":"Aktivit\u00e4ten - Seidenstrasse Quartierverein","description":"Aktiv sein, dabei sein, Spass haben! Mittagstisch Jeweils am letzten Mittwoch im Monat Ab 11:30Uhr Im Bloom Der Quartierverein l\u00e4dt zum gem\u00fctlichen Mittagstisch im Restaurant Bloom, Park Hotel Winterthur, ein.In entspannter Atmosph\u00e4re geniessen Nachbarinnen und Nachbarn exzellente Gerichte, ausgelesene Weine und eine gesellige Runde. Der Anlass bietet die ideale Gelegenheit, neue Kontakte zu kn\u00fcpfen, Freundschaften","inLanguage":"de-DE","isPartOf":{"@id":"https:\/\/seidenstrasse-winterthur.ch\/#website"},"breadcrumb":{"@id":"https:\/\/seidenstrasse-winterthur.ch\/?page_id=793#breadcrumblist"},"datePublished":"2025-07-20T21:46:34+02:00","dateModified":"2026-08-23T21:19:32+02:00"},{"@type":"WebSite","@id":"https:\/\/seidenstrasse-winterthur.ch\/#website","url":"https:\/\/seidenstrasse-winterthur.ch\/","name":"Seidenstrasse Quartierverein","inLanguage":"de-DE","publisher":{"@id":"https:\/\/seidenstrasse-winterthur.ch\/#organization"}}]},"og:locale":"de_DE","og:site_name":"Seidenstrasse Quartierverein -","og:type":"article","og:title":"Aktivit\u00e4ten - Seidenstrasse Quartierverein","og:description":"Aktiv sein, dabei sein, Spass haben! Mittagstisch Jeweils am letzten Mittwoch im Monat Ab 11:30Uhr Im Bloom Der Quartierverein l\u00e4dt zum gem\u00fctlichen Mittagstisch im Restaurant Bloom, Park Hotel Winterthur, ein.In entspannter Atmosph\u00e4re geniessen Nachbarinnen und Nachbarn exzellente Gerichte, ausgelesene Weine und eine gesellige Runde. Der Anlass bietet die ideale Gelegenheit, neue Kontakte zu kn\u00fcpfen, Freundschaften","og:url":"https:\/\/seidenstrasse-winterthur.ch\/?page_id=793","og:image":"https:\/\/seidenstrasse-winterthur.ch\/wp-content\/uploads\/2025\/07\/Seidenstrasse-Logo-MintGruen-01.svg","og:image:secure_url":"https:\/\/seidenstrasse-winterthur.ch\/wp-content\/uploads\/2025\/07\/Seidenstrasse-Logo-MintGruen-01.svg","article:published_time":"2025-07-20T19:46:34+00:00","article:modified_time":"2026-08-23T19:19:32+00:00","twitter:card":"summary_large_image","twitter:title":"Aktivit\u00e4ten - Seidenstrasse Quartierverein","twitter:description":"Aktiv sein, dabei sein, Spass haben! Mittagstisch Jeweils am letzten Mittwoch im Monat Ab 11:30Uhr Im Bloom Der Quartierverein l\u00e4dt zum gem\u00fctlichen Mittagstisch im Restaurant Bloom, Park Hotel Winterthur, ein.In entspannter Atmosph\u00e4re geniessen Nachbarinnen und Nachbarn exzellente Gerichte, ausgelesene Weine und eine gesellige Runde. Der Anlass bietet die ideale Gelegenheit, neue Kontakte zu kn\u00fcpfen, Freundschaften","twitter:image":"https:\/\/seidenstrasse-winterthur.ch\/wp-content\/uploads\/2025\/07\/Seidenstrasse-Logo-MintGruen-01.svg"},"aioseo_meta_data":{"post_id":"793","title":null,"description":null,"keywords":null,"keyphrases":{"focus":[],"additional":[]},"primary_term":null,"canonical_url":null,"og_title":null,"og_description":null,"og_object_type":"default","og_image_type":"default","og_image_url":null,"og_image_width":null,"og_image_height":null,"og_image_custom_url":null,"og_image_custom_fields":null,"og_video":null,"og_custom_url":null,"og_article_section":null,"og_article_tags":null,"twitter_use_og":false,"twitter_card":"default","twitter_image_type":"default","twitter_image_url":null,"twitter_image_custom_url":null,"twitter_image_custom_fields":null,"twitter_title":null,"twitter_description":null,"schema":{"blockGraphs":[],"customGraphs":[],"default":{"data":{"Article":[],"Course":[],"Dataset":[],"FAQPage":[],"Movie":[],"Person":[],"Product":[],"ProductReview":[],"Car":[],"Recipe":[],"Service":[],"SoftwareApplication":[],"WebPage":[]},"graphName":"","isEnabled":true},"graphs":[]},"schema_type":"default","schema_type_options":null,"pillar_content":false,"robots_default":true,"robots_noindex":false,"robots_noarchive":false,"robots_nosnippet":false,"robots_nofollow":false,"robots_noimageindex":false,"robots_noodp":false,"robots_notranslate":false,"robots_max_snippet":null,"robots_max_videopreview":null,"robots_max_imagepreview":"large","priority":null,"frequency":null,"local_seo":null,"breadcrumb_settings":null,"limit_modified_date":false,"ai":null,"created":"2026-03-05 17:05:01","updated":"2026-08-23 20:33:36","seo_analyzer_scan_date":null,"focus_keyword":null,"additional_keywords":null,"truseo_locale":null},"aioseo_breadcrumb":"<div class=\"aioseo-breadcrumbs\"><span class=\"aioseo-breadcrumb\">\n\t\t\t<a href=\"https:\/\/seidenstrasse-winterthur.ch\" title=\"Home\">Home<\/a>\n\t\t<\/span><span class=\"aioseo-breadcrumb-separator\">&raquo;<\/span><span class=\"aioseo-breadcrumb\">\n\t\t\tAktivit\u00e4ten\n\t\t<\/span><\/div>","aioseo_breadcrumb_json":[{"label":"Home","link":"https:\/\/seidenstrasse-winterthur.ch"},{"label":"Aktivit\u00e4ten","link":"https:\/\/seidenstrasse-winterthur.ch\/?page_id=793"}],"_links":{"self":[{"href":"https:\/\/seidenstrasse-winterthur.ch\/index.php?rest_route=\/wp\/v2\/pages\/793","targetHints":{"allow":["GET"]}}],"collection":[{"href":"https:\/\/seidenstrasse-winterthur.ch\/index.php?rest_route=\/wp\/v2\/pages"}],"about":[{"href":"https:\/\/seidenstrasse-winterthur.ch\/index.php?rest_route=\/wp\/v2\/types\/page"}],"author":[{"embeddable":true,"href":"https:\/\/seidenstrasse-winterthur.ch\/index.php?rest_route=\/wp\/v2\/users\/2"}],"replies":[{"embeddable":true,"href":"https:\/\/seidenstrasse-winterthur.ch\/index.php?rest_route=%2Fwp%2Fv2%2Fcomments&post=793"}],"version-history":[{"count":391,"href":"https:\/\/seidenstrasse-winterthur.ch\/index.php?rest_route=\/wp\/v2\/pages\/793\/revisions"}],"predecessor-version":[{"id":3810,"href":"https:\/\/seidenstrasse-winterthur.ch\/index.php?rest_route=\/wp\/v2\/pages\/793\/revisions\/3810"}],"wp:attachment":[{"href":"https:\/\/seidenstrasse-winterthur.ch\/index.php?rest_route=%2Fwp%2Fv2%2Fmedia&parent=793"}],"curies":[{"name":"wp","href":"https:\/\/api.w.org\/{rel}","templated":true}]}}