{"id":529,"date":"2025-07-15T11:38:36","date_gmt":"2025-07-15T09:38:36","guid":{"rendered":"https:\/\/dev2025.seidenstrasse-winterthur.ch\/?page_id=529"},"modified":"2026-08-23T21:21:57","modified_gmt":"2026-08-23T19:21:57","slug":"galerie","status":"publish","type":"page","link":"https:\/\/seidenstrasse-winterthur.ch\/?page_id=529","title":{"rendered":"Galerie"},"content":{"rendered":"\t\t<div data-elementor-type=\"wp-page\" data-elementor-id=\"529\" class=\"elementor elementor-529\" data-elementor-post-type=\"page\">\n\t\t\t\t<div class=\"elementor-element elementor-element-6b81ad4c e-flex e-con-boxed e-con e-parent\" data-id=\"6b81ad4c\" data-element_type=\"container\" data-e-type=\"container\" data-settings=\"{&quot;background_background&quot;:&quot;classic&quot;}\">\n\t\t\t\t\t<div class=\"e-con-inner\">\n\t\t<div class=\"elementor-element elementor-element-41682efd e-con-full e-flex e-con e-child\" data-id=\"41682efd\" data-element_type=\"container\" data-e-type=\"container\">\n\t\t\t\t<\/div>\n\t\t\t\t\t<\/div>\n\t\t\t\t<\/div>\n\t\t<div class=\"elementor-element elementor-element-12a5ebb1 e-flex e-con-boxed e-con e-parent\" data-id=\"12a5ebb1\" data-element_type=\"container\" data-e-type=\"container\" data-settings=\"{&quot;background_background&quot;:&quot;classic&quot;,&quot;shape_divider_bottom&quot;:&quot;curve&quot;}\">\n\t\t\t\t\t<div class=\"e-con-inner\">\n\t\t\t\t<div class=\"elementor-shape elementor-shape-bottom\" aria-hidden=\"true\" data-negative=\"false\">\n\t\t\t<svg xmlns=\"http:\/\/www.w3.org\/2000\/svg\" viewBox=\"0 0 1000 100\" preserveAspectRatio=\"none\">\n    <path class=\"elementor-shape-fill\" d=\"M1000,4.3V0H0v4.3C0.9,23.1,126.7,99.2,500,100S1000,22.7,1000,4.3z\"\/>\n<\/svg>\t\t<\/div>\n\t\t\t\t\t<\/div>\n\t\t\t\t<\/div>\n\t\t<div class=\"elementor-element elementor-element-53d1fd4 e-flex e-con-boxed e-con e-parent\" data-id=\"53d1fd4\" data-element_type=\"container\" data-e-type=\"container\" data-settings=\"{&quot;background_background&quot;:&quot;classic&quot;}\">\n\t\t\t\t\t<div class=\"e-con-inner\">\n\t\t<div class=\"elementor-element elementor-element-0b85d4b e-con-full e-flex e-con e-child\" data-id=\"0b85d4b\" data-element_type=\"container\" data-e-type=\"container\" data-settings=\"{&quot;background_background&quot;:&quot;classic&quot;}\">\n\t\t\t\t<div class=\"elementor-element elementor-element-80b4707 elementor-widget elementor-widget-heading\" data-id=\"80b4707\" data-element_type=\"widget\" data-e-type=\"widget\" data-widget_type=\"heading.default\">\n\t\t\t\t\t<h2 class=\"elementor-heading-title elementor-size-default\">Gemeinsam erlebt, f\u00fcr immer festgehalten.<\/h2>\t\t\t\t<\/div>\n\t\t\t\t<\/div>\n\t\t\t\t\t<\/div>\n\t\t\t\t<\/div>\n\t\t<div class=\"elementor-element elementor-element-59c7153 e-grid e-con-boxed e-con e-parent\" data-id=\"59c7153\" data-element_type=\"container\" data-e-type=\"container\" data-settings=\"{&quot;background_background&quot;:&quot;classic&quot;}\">\n\t\t\t\t\t<div class=\"e-con-inner\">\n\t\t<a class=\"elementor-element elementor-element-748486b e-con-full e-transform elementor-hidden-desktop elementor-hidden-tablet elementor-hidden-mobile e-flex e-con e-child\" data-id=\"748486b\" data-element_type=\"container\" data-e-type=\"container\" data-settings=\"{&quot;_transform_scale_effect_hover&quot;:{&quot;unit&quot;:&quot;px&quot;,&quot;size&quot;:1.0500000000000000444089209850062616169452667236328125,&quot;sizes&quot;:[]},&quot;background_background&quot;:&quot;classic&quot;,&quot;_transform_scale_effect_hover_tablet&quot;:{&quot;unit&quot;:&quot;px&quot;,&quot;size&quot;:&quot;&quot;,&quot;sizes&quot;:[]},&quot;_transform_scale_effect_hover_mobile&quot;:{&quot;unit&quot;:&quot;px&quot;,&quot;size&quot;:&quot;&quot;,&quot;sizes&quot;:[]}}\" href=\"https:\/\/seidenstrasse-winterthur.ch\/?page_id=529\">\n\t\t<div class=\"elementor-element elementor-element-23120a3 e-con-full e-flex e-con e-child\" data-id=\"23120a3\" data-element_type=\"container\" data-e-type=\"container\">\n\t\t\t\t<div class=\"elementor-element elementor-element-9b367d9 elementor-widget elementor-widget-image\" data-id=\"9b367d9\" data-element_type=\"widget\" data-e-type=\"widget\" data-widget_type=\"image.default\">\n\t\t\t\t\t\t\t\t\t\t\t\t\t\t\t<img fetchpriority=\"high\" decoding=\"async\" width=\"800\" height=\"572\" src=\"https:\/\/seidenstrasse-winterthur.ch\/wp-content\/uploads\/2026\/01\/PlaceholderFalt02-1024x732.png\" class=\"attachment-large size-large wp-image-2287\" alt=\"\" srcset=\"https:\/\/seidenstrasse-winterthur.ch\/wp-content\/uploads\/2026\/01\/PlaceholderFalt02-1024x732.png 1024w, https:\/\/seidenstrasse-winterthur.ch\/wp-content\/uploads\/2026\/01\/PlaceholderFalt02-300x215.png 300w, https:\/\/seidenstrasse-winterthur.ch\/wp-content\/uploads\/2026\/01\/PlaceholderFalt02-768x549.png 768w, https:\/\/seidenstrasse-winterthur.ch\/wp-content\/uploads\/2026\/01\/PlaceholderFalt02.png 1130w\" sizes=\"(max-width: 800px) 100vw, 800px\" \/>\t\t\t\t\t\t\t\t\t\t\t\t\t\t\t<\/div>\n\t\t\t\t<\/div>\n\t\t<div class=\"elementor-element elementor-element-93edf61 e-con-full e-flex e-con e-child\" data-id=\"93edf61\" data-element_type=\"container\" data-e-type=\"container\">\n\t\t\t\t<div class=\"elementor-element elementor-element-4fbebef elementor-widget elementor-widget-heading\" data-id=\"4fbebef\" data-element_type=\"widget\" data-e-type=\"widget\" data-widget_type=\"heading.default\">\n\t\t\t\t\t<h2 class=\"elementor-heading-title elementor-size-default\">xxxxxx<\/h2>\t\t\t\t<\/div>\n\t\t\t\t<div class=\"elementor-element elementor-element-cc5edce elementor-widget elementor-widget-text-editor\" data-id=\"cc5edce\" data-element_type=\"widget\" data-e-type=\"widget\" data-widget_type=\"text-editor.default\">\n\t\t\t\t\t\t\t\t\t<div class=\"contentgroup__body \"><div class=\"contentgroup__body \"><div class=\"contentgroup__body \">xxxxxxxxx<\/div><\/div><\/div>\t\t\t\t\t\t\t\t<\/div>\n\t\t\t\t<\/div>\n\t\t\t\t<\/a>\n\t\t<a class=\"elementor-element elementor-element-40b33d8 e-con-full e-transform e-flex e-con e-child\" data-id=\"40b33d8\" data-element_type=\"container\" data-e-type=\"container\" data-settings=\"{&quot;_transform_scale_effect_hover&quot;:{&quot;unit&quot;:&quot;px&quot;,&quot;size&quot;:1.0500000000000000444089209850062616169452667236328125,&quot;sizes&quot;:[]},&quot;background_background&quot;:&quot;classic&quot;,&quot;_transform_scale_effect_hover_tablet&quot;:{&quot;unit&quot;:&quot;px&quot;,&quot;size&quot;:&quot;&quot;,&quot;sizes&quot;:[]},&quot;_transform_scale_effect_hover_mobile&quot;:{&quot;unit&quot;:&quot;px&quot;,&quot;size&quot;:&quot;&quot;,&quot;sizes&quot;:[]}}\" href=\"https:\/\/seidenstrasse-winterthur.ch\/?page_id=3780\">\n\t\t<div class=\"elementor-element elementor-element-7875a7e e-con-full e-flex e-con e-child\" data-id=\"7875a7e\" data-element_type=\"container\" data-e-type=\"container\">\n\t\t\t\t<div class=\"elementor-element elementor-element-7733582 elementor-widget elementor-widget-image\" data-id=\"7733582\" data-element_type=\"widget\" data-e-type=\"widget\" data-widget_type=\"image.default\">\n\t\t\t\t\t\t\t\t\t\t\t\t\t\t\t<img decoding=\"async\" width=\"800\" height=\"600\" src=\"https:\/\/seidenstrasse-winterthur.ch\/wp-content\/uploads\/2026\/08\/Seidenstrasse-1024x768.jpeg\" class=\"attachment-large size-large wp-image-3779\" alt=\"\" srcset=\"https:\/\/seidenstrasse-winterthur.ch\/wp-content\/uploads\/2026\/08\/Seidenstrasse-1024x768.jpeg 1024w, https:\/\/seidenstrasse-winterthur.ch\/wp-content\/uploads\/2026\/08\/Seidenstrasse-300x225.jpeg 300w, https:\/\/seidenstrasse-winterthur.ch\/wp-content\/uploads\/2026\/08\/Seidenstrasse-768x576.jpeg 768w, https:\/\/seidenstrasse-winterthur.ch\/wp-content\/uploads\/2026\/08\/Seidenstrasse-1536x1152.jpeg 1536w, https:\/\/seidenstrasse-winterthur.ch\/wp-content\/uploads\/2026\/08\/Seidenstrasse-2048x1536.jpeg 2048w\" sizes=\"(max-width: 800px) 100vw, 800px\" \/>\t\t\t\t\t\t\t\t\t\t\t\t\t\t\t<\/div>\n\t\t\t\t<\/div>\n\t\t<div class=\"elementor-element elementor-element-fd850ab e-con-full e-flex e-con e-child\" data-id=\"fd850ab\" data-element_type=\"container\" data-e-type=\"container\">\n\t\t\t\t<div class=\"elementor-element elementor-element-7620a52 elementor-widget elementor-widget-heading\" data-id=\"7620a52\" data-element_type=\"widget\" data-e-type=\"widget\" data-widget_type=\"heading.default\">\n\t\t\t\t\t<h2 class=\"elementor-heading-title elementor-size-default\">Sommerfest 2026<\/h2>\t\t\t\t<\/div>\n\t\t\t\t<div class=\"elementor-element elementor-element-45487c4 elementor-widget elementor-widget-text-editor\" data-id=\"45487c4\" data-element_type=\"widget\" data-e-type=\"widget\" data-widget_type=\"text-editor.default\">\n\t\t\t\t\t\t\t\t\t<div class=\"contentgroup__body \"><div class=\"contentgroup__body \"><div class=\"contentgroup__body \"><p dir=\"ltr\">Es war ein tolles Fest. Das Wetter zeigte sich erneut von seiner besten Seite, und die letzten G\u00e4ste gingen erst um 23 Uhr nach Hause. Das Salatbuffet wurde von verschiedenen Mitgliedern mitgebracht, ebenso das wie immer fantastische Dessertbuffet mit verschiedenen Cremen sowie exzellenten Kuchen und Leckereien.<\/p><p dir=\"ltr\">Ein herzliches Dankesch\u00f6n geht an das Organisationsteam: Die Vorbereitung bedeutete viel Arbeit, wurde aber sehr gut gemeistert.<\/p><\/div><\/div><\/div>\t\t\t\t\t\t\t\t<\/div>\n\t\t\t\t<\/div>\n\t\t\t\t<\/a>\n\t\t<a class=\"elementor-element elementor-element-e3b66e0 e-con-full e-transform e-flex e-con e-child\" data-id=\"e3b66e0\" data-element_type=\"container\" data-e-type=\"container\" data-settings=\"{&quot;_transform_scale_effect_hover&quot;:{&quot;unit&quot;:&quot;px&quot;,&quot;size&quot;:1.0500000000000000444089209850062616169452667236328125,&quot;sizes&quot;:[]},&quot;background_background&quot;:&quot;classic&quot;,&quot;_transform_scale_effect_hover_tablet&quot;:{&quot;unit&quot;:&quot;px&quot;,&quot;size&quot;:&quot;&quot;,&quot;sizes&quot;:[]},&quot;_transform_scale_effect_hover_mobile&quot;:{&quot;unit&quot;:&quot;px&quot;,&quot;size&quot;:&quot;&quot;,&quot;sizes&quot;:[]}}\" href=\"https:\/\/seidenstrasse-winterthur.ch\/?page_id=3571\">\n\t\t<div class=\"elementor-element elementor-element-a61a57d e-con-full e-flex e-con e-child\" data-id=\"a61a57d\" data-element_type=\"container\" data-e-type=\"container\">\n\t\t\t\t<div class=\"elementor-element elementor-element-caeb6fb elementor-widget elementor-widget-image\" data-id=\"caeb6fb\" data-element_type=\"widget\" data-e-type=\"widget\" data-widget_type=\"image.default\">\n\t\t\t\t\t\t\t\t\t\t\t\t\t\t\t<img decoding=\"async\" width=\"800\" height=\"600\" src=\"https:\/\/seidenstrasse-winterthur.ch\/wp-content\/uploads\/2026\/06\/Quartierverein-Seidenstrasse-Winerthur-001-1024x768.jpg\" class=\"attachment-large size-large wp-image-3573\" alt=\"\" srcset=\"https:\/\/seidenstrasse-winterthur.ch\/wp-content\/uploads\/2026\/06\/Quartierverein-Seidenstrasse-Winerthur-001-1024x768.jpg 1024w, https:\/\/seidenstrasse-winterthur.ch\/wp-content\/uploads\/2026\/06\/Quartierverein-Seidenstrasse-Winerthur-001-300x225.jpg 300w, https:\/\/seidenstrasse-winterthur.ch\/wp-content\/uploads\/2026\/06\/Quartierverein-Seidenstrasse-Winerthur-001-768x576.jpg 768w, https:\/\/seidenstrasse-winterthur.ch\/wp-content\/uploads\/2026\/06\/Quartierverein-Seidenstrasse-Winerthur-001-1536x1152.jpg 1536w, https:\/\/seidenstrasse-winterthur.ch\/wp-content\/uploads\/2026\/06\/Quartierverein-Seidenstrasse-Winerthur-001.jpg 1600w\" sizes=\"(max-width: 800px) 100vw, 800px\" \/>\t\t\t\t\t\t\t\t\t\t\t\t\t\t\t<\/div>\n\t\t\t\t<\/div>\n\t\t<div class=\"elementor-element elementor-element-4822c54 e-con-full e-flex e-con e-child\" data-id=\"4822c54\" data-element_type=\"container\" data-e-type=\"container\">\n\t\t\t\t<div class=\"elementor-element elementor-element-3234410 elementor-widget elementor-widget-heading\" data-id=\"3234410\" data-element_type=\"widget\" data-e-type=\"widget\" data-widget_type=\"heading.default\">\n\t\t\t\t\t<h2 class=\"elementor-heading-title elementor-size-default\">Mitgliederversammlung 2026<\/h2>\t\t\t\t<\/div>\n\t\t\t\t<div class=\"elementor-element elementor-element-546376b elementor-widget elementor-widget-text-editor\" data-id=\"546376b\" data-element_type=\"widget\" data-e-type=\"widget\" data-widget_type=\"text-editor.default\">\n\t\t\t\t\t\t\t\t\t<div class=\"contentgroup__body \"><div class=\"contentgroup__body \"><div class=\"contentgroup__body \"><p class=\"font-claude-response-body break-words whitespace-normal\">Mitgliederversammlung im Garten von Sabine und Frank<\/p><p class=\"font-claude-response-body break-words whitespace-normal\">Rund 40 Erwachsene und einige Kinder feierten letzten Freitag unsere Mitgliederversammlung im Garten von Sabine und Frank. Wurst, Vegi-Burger und frisches Brot sorgten zusammen mit guten Getr\u00e4nken f\u00fcr beste Stimmung. Just als das Essen serviert wurde, zogen Sturm und Regen auf \u2013 wir fl\u00fcchteten kurzerhand in die Villa Brigler. Das Kuchenbuffet war dort einmal mehr der Hit.<\/p><p class=\"font-claude-response-body break-words whitespace-normal\">Hier ein paar Eindr\u00fccke vom Abend.<\/p><\/div><\/div><\/div>\t\t\t\t\t\t\t\t<\/div>\n\t\t\t\t<\/div>\n\t\t\t\t<\/a>\n\t\t<a class=\"elementor-element elementor-element-b257c57 e-con-full e-transform e-flex e-con e-child\" data-id=\"b257c57\" data-element_type=\"container\" data-e-type=\"container\" data-settings=\"{&quot;_transform_scale_effect_hover&quot;:{&quot;unit&quot;:&quot;px&quot;,&quot;size&quot;:1.0500000000000000444089209850062616169452667236328125,&quot;sizes&quot;:[]},&quot;background_background&quot;:&quot;classic&quot;,&quot;_transform_scale_effect_hover_tablet&quot;:{&quot;unit&quot;:&quot;px&quot;,&quot;size&quot;:&quot;&quot;,&quot;sizes&quot;:[]},&quot;_transform_scale_effect_hover_mobile&quot;:{&quot;unit&quot;:&quot;px&quot;,&quot;size&quot;:&quot;&quot;,&quot;sizes&quot;:[]}}\" href=\"https:\/\/seidenstrasse-winterthur.ch\/?page_id=2966\">\n\t\t<div class=\"elementor-element elementor-element-37b2a23 e-con-full e-flex e-con e-child\" data-id=\"37b2a23\" data-element_type=\"container\" data-e-type=\"container\">\n\t\t\t\t<div class=\"elementor-element elementor-element-464c99d elementor-widget elementor-widget-image\" data-id=\"464c99d\" data-element_type=\"widget\" data-e-type=\"widget\" data-widget_type=\"image.default\">\n\t\t\t\t\t\t\t\t\t\t\t\t\t\t\t<img loading=\"lazy\" decoding=\"async\" width=\"768\" height=\"1024\" src=\"https:\/\/seidenstrasse-winterthur.ch\/wp-content\/uploads\/2026\/01\/IMG_0103-768x1024.jpeg\" class=\"attachment-large size-large wp-image-2977\" alt=\"\" srcset=\"https:\/\/seidenstrasse-winterthur.ch\/wp-content\/uploads\/2026\/01\/IMG_0103-768x1024.jpeg 768w, https:\/\/seidenstrasse-winterthur.ch\/wp-content\/uploads\/2026\/01\/IMG_0103-225x300.jpeg 225w, https:\/\/seidenstrasse-winterthur.ch\/wp-content\/uploads\/2026\/01\/IMG_0103-1152x1536.jpeg 1152w, https:\/\/seidenstrasse-winterthur.ch\/wp-content\/uploads\/2026\/01\/IMG_0103-1536x2048.jpeg 1536w, https:\/\/seidenstrasse-winterthur.ch\/wp-content\/uploads\/2026\/01\/IMG_0103-scaled.jpeg 1920w\" sizes=\"(max-width: 768px) 100vw, 768px\" \/>\t\t\t\t\t\t\t\t\t\t\t\t\t\t\t<\/div>\n\t\t\t\t<\/div>\n\t\t<div class=\"elementor-element elementor-element-685c084 e-con-full e-flex e-con e-child\" data-id=\"685c084\" data-element_type=\"container\" data-e-type=\"container\">\n\t\t\t\t<div class=\"elementor-element elementor-element-149f55a elementor-widget elementor-widget-heading\" data-id=\"149f55a\" data-element_type=\"widget\" data-e-type=\"widget\" data-widget_type=\"heading.default\">\n\t\t\t\t\t<h2 class=\"elementor-heading-title elementor-size-default\">Neujahrs-Apero 2026<\/h2>\t\t\t\t<\/div>\n\t\t\t\t<div class=\"elementor-element elementor-element-8206b10 elementor-widget elementor-widget-text-editor\" data-id=\"8206b10\" data-element_type=\"widget\" data-e-type=\"widget\" data-widget_type=\"text-editor.default\">\n\t\t\t\t\t\t\t\t\t<div class=\"contentgroup__body \"><div class=\"contentgroup__body \"><div class=\"contentgroup__body \">\u00dcber 65 Quartierbewohner:innen sind zum Neujahrs-Ap\u00e9ro erschienen und haben gemeinsam auf das neue Jahr angestossen.<\/div><div class=\"contentgroup__body \"><br \/>Ein kurzes Quiz sorgte f\u00fcr viel Spass und gute Stimmung.<br \/>Ausserdem wurden das neue Logo, das frische Erscheinungsbild (CI\/CD) sowie die neue Website vorgestellt, was auf grosses Interesse stiess.<\/div><\/div><\/div>\t\t\t\t\t\t\t\t<\/div>\n\t\t\t\t<\/div>\n\t\t\t\t<\/a>\n\t\t<a class=\"elementor-element elementor-element-aa5e569 e-con-full e-transform e-flex e-con e-child\" data-id=\"aa5e569\" data-element_type=\"container\" data-e-type=\"container\" data-settings=\"{&quot;_transform_scale_effect_hover&quot;:{&quot;unit&quot;:&quot;px&quot;,&quot;size&quot;:1.0500000000000000444089209850062616169452667236328125,&quot;sizes&quot;:[]},&quot;background_background&quot;:&quot;classic&quot;,&quot;_transform_scale_effect_hover_tablet&quot;:{&quot;unit&quot;:&quot;px&quot;,&quot;size&quot;:&quot;&quot;,&quot;sizes&quot;:[]},&quot;_transform_scale_effect_hover_mobile&quot;:{&quot;unit&quot;:&quot;px&quot;,&quot;size&quot;:&quot;&quot;,&quot;sizes&quot;:[]}}\" href=\"https:\/\/seidenstrasse-winterthur.ch\/?page_id=2161\">\n\t\t<div class=\"elementor-element elementor-element-f31c4c8 e-con-full e-flex e-con e-child\" data-id=\"f31c4c8\" data-element_type=\"container\" data-e-type=\"container\">\n\t\t\t\t<div class=\"elementor-element elementor-element-a425ea2 elementor-widget elementor-widget-image\" data-id=\"a425ea2\" data-element_type=\"widget\" data-e-type=\"widget\" data-widget_type=\"image.default\">\n\t\t\t\t\t\t\t\t\t\t\t\t\t\t\t<img loading=\"lazy\" decoding=\"async\" width=\"768\" height=\"1024\" src=\"https:\/\/seidenstrasse-winterthur.ch\/wp-content\/uploads\/2026\/01\/IMG_4321-768x1024.jpeg\" class=\"attachment-large size-large wp-image-2093\" alt=\"\" srcset=\"https:\/\/seidenstrasse-winterthur.ch\/wp-content\/uploads\/2026\/01\/IMG_4321-768x1024.jpeg 768w, https:\/\/seidenstrasse-winterthur.ch\/wp-content\/uploads\/2026\/01\/IMG_4321-225x300.jpeg 225w, https:\/\/seidenstrasse-winterthur.ch\/wp-content\/uploads\/2026\/01\/IMG_4321-1152x1536.jpeg 1152w, https:\/\/seidenstrasse-winterthur.ch\/wp-content\/uploads\/2026\/01\/IMG_4321-1536x2048.jpeg 1536w, https:\/\/seidenstrasse-winterthur.ch\/wp-content\/uploads\/2026\/01\/IMG_4321-scaled.jpeg 1920w\" sizes=\"(max-width: 768px) 100vw, 768px\" \/>\t\t\t\t\t\t\t\t\t\t\t\t\t\t\t<\/div>\n\t\t\t\t<\/div>\n\t\t<div class=\"elementor-element elementor-element-72cdcdb e-con-full e-flex e-con e-child\" data-id=\"72cdcdb\" data-element_type=\"container\" data-e-type=\"container\">\n\t\t\t\t<div class=\"elementor-element elementor-element-e0cffb4 elementor-widget elementor-widget-heading\" data-id=\"e0cffb4\" data-element_type=\"widget\" data-e-type=\"widget\" data-widget_type=\"heading.default\">\n\t\t\t\t\t<h2 class=\"elementor-heading-title elementor-size-default\">T\u00f6rggelen 2025<\/h2>\t\t\t\t<\/div>\n\t\t\t\t<div class=\"elementor-element elementor-element-d3ec4af elementor-widget elementor-widget-text-editor\" data-id=\"d3ec4af\" data-element_type=\"widget\" data-e-type=\"widget\" data-widget_type=\"text-editor.default\">\n\t\t\t\t\t\t\t\t\t<div class=\"contentgroup__body \"><div class=\"contentgroup__body \"><p>Der Seidenstrasse Quartierverein hat auch in diesem Jahr wieder den traditionellen T\u00f6rggelen-Anlass durchgef\u00fchrt. In geselliger Runde genossen wir gemeinsam mit unseren Nachbarinnen und Nachbarn k\u00f6stliche Maroni und erlesenen Wein.<\/p><p>Das Wetter zeigte sich von seiner sch\u00f6nsten Seite: ein klarer Abendhimmel mit funkelnden Sternen bildete die perfekte Kulisse. Viele angeregte Gespr\u00e4che pr\u00e4gten die Stimmung, w\u00e4hrend die Kinder fr\u00f6hlich bis in die sp\u00e4ten Abendstunden spielten.<\/p><p>Es war ein rundum gelungener Anlass. Ein grosses Dankesch\u00f6n geht an das engagierte Organisationsteam, das diesen sch\u00f6nen Abend m\u00f6glich gemacht hat.<\/p><\/div><\/div>\t\t\t\t\t\t\t\t<\/div>\n\t\t\t\t<\/div>\n\t\t\t\t<\/a>\n\t\t<a class=\"elementor-element elementor-element-22f5cdf e-con-full e-transform e-flex e-con e-child\" data-id=\"22f5cdf\" data-element_type=\"container\" data-e-type=\"container\" data-settings=\"{&quot;_transform_scale_effect_hover&quot;:{&quot;unit&quot;:&quot;px&quot;,&quot;size&quot;:1.0500000000000000444089209850062616169452667236328125,&quot;sizes&quot;:[]},&quot;background_background&quot;:&quot;classic&quot;,&quot;_transform_scale_effect_hover_tablet&quot;:{&quot;unit&quot;:&quot;px&quot;,&quot;size&quot;:&quot;&quot;,&quot;sizes&quot;:[]},&quot;_transform_scale_effect_hover_mobile&quot;:{&quot;unit&quot;:&quot;px&quot;,&quot;size&quot;:&quot;&quot;,&quot;sizes&quot;:[]}}\" href=\"https:\/\/seidenstrasse-winterthur.ch\/?page_id=2105\">\n\t\t<div class=\"elementor-element elementor-element-d3b0fe9 e-con-full e-flex e-con e-child\" data-id=\"d3b0fe9\" data-element_type=\"container\" data-e-type=\"container\">\n\t\t\t\t<div class=\"elementor-element elementor-element-51accd0 elementor-widget elementor-widget-image\" data-id=\"51accd0\" data-element_type=\"widget\" data-e-type=\"widget\" data-widget_type=\"image.default\">\n\t\t\t\t\t\t\t\t\t\t\t\t\t\t\t<img loading=\"lazy\" decoding=\"async\" width=\"800\" height=\"600\" src=\"https:\/\/seidenstrasse-winterthur.ch\/wp-content\/uploads\/2026\/01\/059d3f0d-4bfb-4d7c-8756-31d687495265-1024x768.jpeg\" class=\"attachment-large size-large wp-image-2103\" alt=\"\" srcset=\"https:\/\/seidenstrasse-winterthur.ch\/wp-content\/uploads\/2026\/01\/059d3f0d-4bfb-4d7c-8756-31d687495265-1024x768.jpeg 1024w, https:\/\/seidenstrasse-winterthur.ch\/wp-content\/uploads\/2026\/01\/059d3f0d-4bfb-4d7c-8756-31d687495265-300x225.jpeg 300w, https:\/\/seidenstrasse-winterthur.ch\/wp-content\/uploads\/2026\/01\/059d3f0d-4bfb-4d7c-8756-31d687495265-768x576.jpeg 768w, https:\/\/seidenstrasse-winterthur.ch\/wp-content\/uploads\/2026\/01\/059d3f0d-4bfb-4d7c-8756-31d687495265-1536x1152.jpeg 1536w, https:\/\/seidenstrasse-winterthur.ch\/wp-content\/uploads\/2026\/01\/059d3f0d-4bfb-4d7c-8756-31d687495265-2048x1536.jpeg 2048w\" sizes=\"(max-width: 800px) 100vw, 800px\" \/>\t\t\t\t\t\t\t\t\t\t\t\t\t\t\t<\/div>\n\t\t\t\t<\/div>\n\t\t<div class=\"elementor-element elementor-element-7d29021 e-con-full e-flex e-con e-child\" data-id=\"7d29021\" data-element_type=\"container\" data-e-type=\"container\">\n\t\t\t\t<div class=\"elementor-element elementor-element-3296459 elementor-widget elementor-widget-heading\" data-id=\"3296459\" data-element_type=\"widget\" data-e-type=\"widget\" data-widget_type=\"heading.default\">\n\t\t\t\t\t<h2 class=\"elementor-heading-title elementor-size-default\">Picknick Decke Party<\/h2>\t\t\t\t<\/div>\n\t\t\t\t<div class=\"elementor-element elementor-element-62b3a29 elementor-widget elementor-widget-text-editor\" data-id=\"62b3a29\" data-element_type=\"widget\" data-e-type=\"widget\" data-widget_type=\"text-editor.default\">\n\t\t\t\t\t\t\t\t\t<div class=\"contentgroup__body \">Der Quartierverein lud k\u00fcrzlich zur gem\u00fctlichen Picknick-Decke-Party ein und zahlreiche Nachbarinnen und Nachbarn folgten der Einladung. Mit selbst mitgebrachten Decken und Verpflegung verbrachten die Teilnehmenden einen entspannten und geselligen Nachmittag in angenehmer Atmosph\u00e4re. Es wurde geplaudert, gelacht und neue Kontakte im Quartier gekn\u00fcpft. Dank der offenen Gestaltung ohne Anmeldung und den zus\u00e4tzlich bereitgestellten Sitzpl\u00e4tzen f\u00fchlten sich alle willkommen. Der Anlass bot eine sch\u00f6ne Gelegenheit, das nachbarschaftliche Miteinander zu pflegen.<\/div>\t\t\t\t\t\t\t\t<\/div>\n\t\t\t\t<\/div>\n\t\t\t\t<\/a>\n\t\t<a class=\"elementor-element elementor-element-bb2b251 e-con-full e-transform e-flex e-con e-child\" data-id=\"bb2b251\" data-element_type=\"container\" data-e-type=\"container\" data-settings=\"{&quot;_transform_scale_effect_hover&quot;:{&quot;unit&quot;:&quot;px&quot;,&quot;size&quot;:1.0500000000000000444089209850062616169452667236328125,&quot;sizes&quot;:[]},&quot;background_background&quot;:&quot;classic&quot;,&quot;_transform_scale_effect_hover_tablet&quot;:{&quot;unit&quot;:&quot;px&quot;,&quot;size&quot;:&quot;&quot;,&quot;sizes&quot;:[]},&quot;_transform_scale_effect_hover_mobile&quot;:{&quot;unit&quot;:&quot;px&quot;,&quot;size&quot;:&quot;&quot;,&quot;sizes&quot;:[]}}\" href=\"https:\/\/seidenstrasse-winterthur.ch\/?page_id=646\">\n\t\t<div class=\"elementor-element elementor-element-3bd89af e-con-full e-flex e-con e-child\" data-id=\"3bd89af\" data-element_type=\"container\" data-e-type=\"container\">\n\t\t\t\t<div class=\"elementor-element elementor-element-0bd17c6 elementor-widget elementor-widget-image\" data-id=\"0bd17c6\" data-element_type=\"widget\" data-e-type=\"widget\" data-widget_type=\"image.default\">\n\t\t\t\t\t\t\t\t\t\t\t\t\t\t\t<img loading=\"lazy\" decoding=\"async\" width=\"768\" height=\"1024\" src=\"https:\/\/seidenstrasse-winterthur.ch\/wp-content\/uploads\/2025\/12\/20250613_192604-768x1024.jpg\" class=\"attachment-large size-large wp-image-1975\" alt=\"\" srcset=\"https:\/\/seidenstrasse-winterthur.ch\/wp-content\/uploads\/2025\/12\/20250613_192604-768x1024.jpg 768w, https:\/\/seidenstrasse-winterthur.ch\/wp-content\/uploads\/2025\/12\/20250613_192604-225x300.jpg 225w, https:\/\/seidenstrasse-winterthur.ch\/wp-content\/uploads\/2025\/12\/20250613_192604-1152x1536.jpg 1152w, https:\/\/seidenstrasse-winterthur.ch\/wp-content\/uploads\/2025\/12\/20250613_192604-1536x2048.jpg 1536w, https:\/\/seidenstrasse-winterthur.ch\/wp-content\/uploads\/2025\/12\/20250613_192604-scaled.jpg 1920w\" sizes=\"(max-width: 768px) 100vw, 768px\" \/>\t\t\t\t\t\t\t\t\t\t\t\t\t\t\t<\/div>\n\t\t\t\t<\/div>\n\t\t<div class=\"elementor-element elementor-element-6e25441 e-con-full e-flex e-con e-child\" data-id=\"6e25441\" data-element_type=\"container\" data-e-type=\"container\">\n\t\t\t\t<div class=\"elementor-element elementor-element-b1d5ad7 elementor-widget elementor-widget-heading\" data-id=\"b1d5ad7\" data-element_type=\"widget\" data-e-type=\"widget\" data-widget_type=\"heading.default\">\n\t\t\t\t\t<h2 class=\"elementor-heading-title elementor-size-default\">Generalversammlung 2025<\/h2>\t\t\t\t<\/div>\n\t\t\t\t<div class=\"elementor-element elementor-element-5d15c6a elementor-widget elementor-widget-text-editor\" data-id=\"5d15c6a\" data-element_type=\"widget\" data-e-type=\"widget\" data-widget_type=\"text-editor.default\">\n\t\t\t\t\t\t\t\t\tUnsere Generalversammlung 2025 war auch dieses Jahr wieder ein voller Erfolg. Bei strahlendem Wetter und bester Laune fanden sich rund 100 Mitglieder zusammen, um gemeinsam einen sch\u00f6nen Nachmittag und Abend zu verbringen.\n\nEin herzliches Dankesch\u00f6n geht an Sabine und Frank, die uns erneut in der wundersch\u00f6nen Villa Bridler willkommen hiessen. W\u00e4hrend die Erwachsenen sich bei angeregten Gespr\u00e4chen austauschten, spielten die Kinder fr\u00f6hlich im Garten und genossen die sommerliche Stimmung.\n\nWir freuen uns schon jetzt auf das n\u00e4chste Wiedersehen und danken allen, die diesen Tag so besonders gemacht haben.\t\t\t\t\t\t\t\t<\/div>\n\t\t\t\t<\/div>\n\t\t\t\t<\/a>\n\t\t<a class=\"elementor-element elementor-element-42e43c1 e-con-full e-transform e-flex e-con e-child\" data-id=\"42e43c1\" data-element_type=\"container\" data-e-type=\"container\" data-settings=\"{&quot;_transform_scale_effect_hover&quot;:{&quot;unit&quot;:&quot;px&quot;,&quot;size&quot;:1.0500000000000000444089209850062616169452667236328125,&quot;sizes&quot;:[]},&quot;background_background&quot;:&quot;classic&quot;,&quot;_transform_scale_effect_hover_tablet&quot;:{&quot;unit&quot;:&quot;px&quot;,&quot;size&quot;:&quot;&quot;,&quot;sizes&quot;:[]},&quot;_transform_scale_effect_hover_mobile&quot;:{&quot;unit&quot;:&quot;px&quot;,&quot;size&quot;:&quot;&quot;,&quot;sizes&quot;:[]}}\" href=\"https:\/\/seidenstrasse-winterthur.ch\/?page_id=2175\">\n\t\t<div class=\"elementor-element elementor-element-a826e99 e-con-full e-flex e-con e-child\" data-id=\"a826e99\" data-element_type=\"container\" data-e-type=\"container\">\n\t\t\t\t<div class=\"elementor-element elementor-element-372af1a elementor-widget elementor-widget-image\" data-id=\"372af1a\" data-element_type=\"widget\" data-e-type=\"widget\" data-widget_type=\"image.default\">\n\t\t\t\t\t\t\t\t\t\t\t\t\t\t\t<img loading=\"lazy\" decoding=\"async\" width=\"800\" height=\"600\" src=\"https:\/\/seidenstrasse-winterthur.ch\/wp-content\/uploads\/2026\/01\/8af9aa33-9c95-4511-ab25-c7a7e2456f3f-1024x768.jpg\" class=\"attachment-large size-large wp-image-2171\" alt=\"\" srcset=\"https:\/\/seidenstrasse-winterthur.ch\/wp-content\/uploads\/2026\/01\/8af9aa33-9c95-4511-ab25-c7a7e2456f3f-1024x768.jpg 1024w, https:\/\/seidenstrasse-winterthur.ch\/wp-content\/uploads\/2026\/01\/8af9aa33-9c95-4511-ab25-c7a7e2456f3f-300x225.jpg 300w, https:\/\/seidenstrasse-winterthur.ch\/wp-content\/uploads\/2026\/01\/8af9aa33-9c95-4511-ab25-c7a7e2456f3f-768x576.jpg 768w, https:\/\/seidenstrasse-winterthur.ch\/wp-content\/uploads\/2026\/01\/8af9aa33-9c95-4511-ab25-c7a7e2456f3f-1536x1153.jpg 1536w, https:\/\/seidenstrasse-winterthur.ch\/wp-content\/uploads\/2026\/01\/8af9aa33-9c95-4511-ab25-c7a7e2456f3f.jpg 1551w\" sizes=\"(max-width: 800px) 100vw, 800px\" \/>\t\t\t\t\t\t\t\t\t\t\t\t\t\t\t<\/div>\n\t\t\t\t<\/div>\n\t\t<div class=\"elementor-element elementor-element-1cbfd89 e-con-full e-flex e-con e-child\" data-id=\"1cbfd89\" data-element_type=\"container\" data-e-type=\"container\">\n\t\t\t\t<div class=\"elementor-element elementor-element-bb51be1 elementor-widget elementor-widget-heading\" data-id=\"bb51be1\" data-element_type=\"widget\" data-e-type=\"widget\" data-widget_type=\"heading.default\">\n\t\t\t\t\t<h2 class=\"elementor-heading-title elementor-size-default\">R\u00e4beliechtliumzug 2024<\/h2>\t\t\t\t<\/div>\n\t\t\t\t<div class=\"elementor-element elementor-element-e74e5bc elementor-widget elementor-widget-text-editor\" data-id=\"e74e5bc\" data-element_type=\"widget\" data-e-type=\"widget\" data-widget_type=\"text-editor.default\">\n\t\t\t\t\t\t\t\t\tSo eine sch\u00f6ne Tradition! Es klingt nach einem herzerw\u00e4rmenden Spaziergang durch die Seidenstrasse, begleitet von Sternen und dem Mond. Es ist inspirierend zu h\u00f6ren, wie der Kindergarten Geiselweid die Lieder mit den Kindern einstudiert, um das Quartier zum Klingen zu bringen. Der Quartierverein sorgt f\u00fcr einen gem\u00fctlichen Abschluss mit einem kleinen Umtrunk und leckeren &#8222;Schoggist\u00e4ngeli mit Weggli&#8220;. Solche Gemeinschaftsaktionen st\u00e4rken den Zusammenhalt und machen den Abend zu einem besonderen Erlebnis f\u00fcr alle Beteiligten.\t\t\t\t\t\t\t\t<\/div>\n\t\t\t\t<\/div>\n\t\t\t\t<\/a>\n\t\t<a class=\"elementor-element elementor-element-45d310c e-con-full e-transform e-flex e-con e-child\" data-id=\"45d310c\" data-element_type=\"container\" data-e-type=\"container\" data-settings=\"{&quot;_transform_scale_effect_hover&quot;:{&quot;unit&quot;:&quot;px&quot;,&quot;size&quot;:1.0500000000000000444089209850062616169452667236328125,&quot;sizes&quot;:[]},&quot;background_background&quot;:&quot;classic&quot;,&quot;_transform_scale_effect_hover_tablet&quot;:{&quot;unit&quot;:&quot;px&quot;,&quot;size&quot;:&quot;&quot;,&quot;sizes&quot;:[]},&quot;_transform_scale_effect_hover_mobile&quot;:{&quot;unit&quot;:&quot;px&quot;,&quot;size&quot;:&quot;&quot;,&quot;sizes&quot;:[]}}\" href=\"https:\/\/seidenstrasse-winterthur.ch\/?page_id=2236\">\n\t\t<div class=\"elementor-element elementor-element-249b773 e-con-full e-flex e-con e-child\" data-id=\"249b773\" data-element_type=\"container\" data-e-type=\"container\">\n\t\t\t\t<div class=\"elementor-element elementor-element-7de2c8d elementor-widget elementor-widget-image\" data-id=\"7de2c8d\" data-element_type=\"widget\" data-e-type=\"widget\" data-widget_type=\"image.default\">\n\t\t\t\t\t\t\t\t\t\t\t\t\t\t\t<img loading=\"lazy\" decoding=\"async\" width=\"800\" height=\"600\" src=\"https:\/\/seidenstrasse-winterthur.ch\/wp-content\/uploads\/2026\/01\/f43933be-82bb-4a61-b7e3-00312bc607a0-1024x768.jpg\" class=\"attachment-large size-large wp-image-2277\" alt=\"\" srcset=\"https:\/\/seidenstrasse-winterthur.ch\/wp-content\/uploads\/2026\/01\/f43933be-82bb-4a61-b7e3-00312bc607a0-1024x768.jpg 1024w, https:\/\/seidenstrasse-winterthur.ch\/wp-content\/uploads\/2026\/01\/f43933be-82bb-4a61-b7e3-00312bc607a0-300x225.jpg 300w, https:\/\/seidenstrasse-winterthur.ch\/wp-content\/uploads\/2026\/01\/f43933be-82bb-4a61-b7e3-00312bc607a0-768x576.jpg 768w, https:\/\/seidenstrasse-winterthur.ch\/wp-content\/uploads\/2026\/01\/f43933be-82bb-4a61-b7e3-00312bc607a0-1536x1152.jpg 1536w, https:\/\/seidenstrasse-winterthur.ch\/wp-content\/uploads\/2026\/01\/f43933be-82bb-4a61-b7e3-00312bc607a0-2048x1536.jpg 2048w\" sizes=\"(max-width: 800px) 100vw, 800px\" \/>\t\t\t\t\t\t\t\t\t\t\t\t\t\t\t<\/div>\n\t\t\t\t<\/div>\n\t\t<div class=\"elementor-element elementor-element-ba196a0 e-con-full e-flex e-con e-child\" data-id=\"ba196a0\" data-element_type=\"container\" data-e-type=\"container\">\n\t\t\t\t<div class=\"elementor-element elementor-element-ac0060c elementor-widget elementor-widget-heading\" data-id=\"ac0060c\" data-element_type=\"widget\" data-e-type=\"widget\" data-widget_type=\"heading.default\">\n\t\t\t\t\t<h2 class=\"elementor-heading-title elementor-size-default\">Sommerfest 2024<\/h2>\t\t\t\t<\/div>\n\t\t\t\t<div class=\"elementor-element elementor-element-f4e141a elementor-widget elementor-widget-text-editor\" data-id=\"f4e141a\" data-element_type=\"widget\" data-e-type=\"widget\" data-widget_type=\"text-editor.default\">\n\t\t\t\t\t\t\t\t\tDas Sommerfest 2024 war ein voller Erfolg! Rund 100 Mitglieder feierten gemeinsam mit Freunden und Familien sowie dem Quartierverein bei einem sch\u00f6nen, lauen Sommerabend. Vor dem Fest fand erstmals eine Pool &amp; Boul Party statt, die von Gross und Klein gleichermassen genossen wurde. Wir freuen uns bereits auf das n\u00e4chste Event! Bis zum n\u00e4chsten Mal!\t\t\t\t\t\t\t\t<\/div>\n\t\t\t\t<\/div>\n\t\t\t\t<\/a>\n\t\t<a class=\"elementor-element elementor-element-ab5244a e-con-full e-transform e-flex e-con e-child\" data-id=\"ab5244a\" data-element_type=\"container\" data-e-type=\"container\" data-settings=\"{&quot;_transform_scale_effect_hover&quot;:{&quot;unit&quot;:&quot;px&quot;,&quot;size&quot;:1.0500000000000000444089209850062616169452667236328125,&quot;sizes&quot;:[]},&quot;background_background&quot;:&quot;classic&quot;,&quot;_transform_scale_effect_hover_tablet&quot;:{&quot;unit&quot;:&quot;px&quot;,&quot;size&quot;:&quot;&quot;,&quot;sizes&quot;:[]},&quot;_transform_scale_effect_hover_mobile&quot;:{&quot;unit&quot;:&quot;px&quot;,&quot;size&quot;:&quot;&quot;,&quot;sizes&quot;:[]}}\" href=\"https:\/\/seidenstrasse-winterthur.ch\/?page_id=529\">\n\t\t<div class=\"elementor-element elementor-element-5a77569 e-con-full e-flex e-con e-child\" data-id=\"5a77569\" data-element_type=\"container\" data-e-type=\"container\">\n\t\t\t\t<div class=\"elementor-element elementor-element-97523b1 elementor-widget elementor-widget-image\" data-id=\"97523b1\" data-element_type=\"widget\" data-e-type=\"widget\" data-widget_type=\"image.default\">\n\t\t\t\t\t\t\t\t\t\t\t\t\t\t\t<img loading=\"lazy\" decoding=\"async\" width=\"800\" height=\"600\" src=\"https:\/\/seidenstrasse-winterthur.ch\/wp-content\/uploads\/2026\/01\/648259ac-7937-4f8e-a3f9-f4b25a16dac9-1024x768.jpg\" class=\"attachment-large size-large wp-image-2621\" alt=\"\" srcset=\"https:\/\/seidenstrasse-winterthur.ch\/wp-content\/uploads\/2026\/01\/648259ac-7937-4f8e-a3f9-f4b25a16dac9-1024x768.jpg 1024w, https:\/\/seidenstrasse-winterthur.ch\/wp-content\/uploads\/2026\/01\/648259ac-7937-4f8e-a3f9-f4b25a16dac9-300x225.jpg 300w, https:\/\/seidenstrasse-winterthur.ch\/wp-content\/uploads\/2026\/01\/648259ac-7937-4f8e-a3f9-f4b25a16dac9-768x576.jpg 768w, https:\/\/seidenstrasse-winterthur.ch\/wp-content\/uploads\/2026\/01\/648259ac-7937-4f8e-a3f9-f4b25a16dac9-1536x1152.jpg 1536w, https:\/\/seidenstrasse-winterthur.ch\/wp-content\/uploads\/2026\/01\/648259ac-7937-4f8e-a3f9-f4b25a16dac9-2048x1536.jpg 2048w\" sizes=\"(max-width: 800px) 100vw, 800px\" \/>\t\t\t\t\t\t\t\t\t\t\t\t\t\t\t<\/div>\n\t\t\t\t<\/div>\n\t\t<div class=\"elementor-element elementor-element-bfbb6ef e-con-full e-flex e-con e-child\" data-id=\"bfbb6ef\" data-element_type=\"container\" data-e-type=\"container\">\n\t\t\t\t<div class=\"elementor-element elementor-element-988ef6c elementor-widget elementor-widget-heading\" data-id=\"988ef6c\" data-element_type=\"widget\" data-e-type=\"widget\" data-widget_type=\"heading.default\">\n\t\t\t\t\t<h2 class=\"elementor-heading-title elementor-size-default\">Generalversammlung 2024<\/h2>\t\t\t\t<\/div>\n\t\t\t\t<div class=\"elementor-element elementor-element-7148c66 elementor-widget elementor-widget-text-editor\" data-id=\"7148c66\" data-element_type=\"widget\" data-e-type=\"widget\" data-widget_type=\"text-editor.default\">\n\t\t\t\t\t\t\t\t\t<p style=\"text-align: left;\">Bei bestem Wetter kamen etwa 90 Mitglieder des Quartiervereins Seidenstrasse zur j\u00e4hrlichen Generalversammlung zusammen. Es war wieder ein gelungenes Treffen mit toller Atmosph\u00e4re und gro\u00dfartigen G\u00e4sten. Ein herzlicher Dank geht an die Gastgeber Sabine und Frank Ihringer, die uns auch in diesem Jahr ihr wundersch\u00f6nes Zuhause zur Verf\u00fcgung gestellt haben.<\/p>\t\t\t\t\t\t\t\t<\/div>\n\t\t\t\t<\/div>\n\t\t\t\t<\/a>\n\t\t<a class=\"elementor-element elementor-element-8495bc5 e-con-full e-transform e-flex e-con e-child\" data-id=\"8495bc5\" data-element_type=\"container\" data-e-type=\"container\" data-settings=\"{&quot;_transform_scale_effect_hover&quot;:{&quot;unit&quot;:&quot;px&quot;,&quot;size&quot;:1.0500000000000000444089209850062616169452667236328125,&quot;sizes&quot;:[]},&quot;background_background&quot;:&quot;classic&quot;,&quot;_transform_scale_effect_hover_tablet&quot;:{&quot;unit&quot;:&quot;px&quot;,&quot;size&quot;:&quot;&quot;,&quot;sizes&quot;:[]},&quot;_transform_scale_effect_hover_mobile&quot;:{&quot;unit&quot;:&quot;px&quot;,&quot;size&quot;:&quot;&quot;,&quot;sizes&quot;:[]}}\" href=\"https:\/\/seidenstrasse-winterthur.ch\/?page_id=529\">\n\t\t<div class=\"elementor-element elementor-element-d78ed46 e-con-full e-flex e-con e-child\" data-id=\"d78ed46\" data-element_type=\"container\" data-e-type=\"container\">\n\t\t\t\t<div class=\"elementor-element elementor-element-83b2e2c elementor-widget elementor-widget-image\" data-id=\"83b2e2c\" data-element_type=\"widget\" data-e-type=\"widget\" data-widget_type=\"image.default\">\n\t\t\t\t\t\t\t\t\t\t\t\t\t\t\t<img loading=\"lazy\" decoding=\"async\" width=\"768\" height=\"1024\" src=\"https:\/\/seidenstrasse-winterthur.ch\/wp-content\/uploads\/2026\/01\/e62d47c2-7c5b-48d7-9710-02d3365c9e2a-768x1024.jpg\" class=\"attachment-large size-large wp-image-2655\" alt=\"\" srcset=\"https:\/\/seidenstrasse-winterthur.ch\/wp-content\/uploads\/2026\/01\/e62d47c2-7c5b-48d7-9710-02d3365c9e2a-768x1024.jpg 768w, https:\/\/seidenstrasse-winterthur.ch\/wp-content\/uploads\/2026\/01\/e62d47c2-7c5b-48d7-9710-02d3365c9e2a-225x300.jpg 225w, https:\/\/seidenstrasse-winterthur.ch\/wp-content\/uploads\/2026\/01\/e62d47c2-7c5b-48d7-9710-02d3365c9e2a-1152x1536.jpg 1152w, https:\/\/seidenstrasse-winterthur.ch\/wp-content\/uploads\/2026\/01\/e62d47c2-7c5b-48d7-9710-02d3365c9e2a-1536x2048.jpg 1536w, https:\/\/seidenstrasse-winterthur.ch\/wp-content\/uploads\/2026\/01\/e62d47c2-7c5b-48d7-9710-02d3365c9e2a-scaled.jpg 1920w\" sizes=\"(max-width: 768px) 100vw, 768px\" \/>\t\t\t\t\t\t\t\t\t\t\t\t\t\t\t<\/div>\n\t\t\t\t<\/div>\n\t\t<div class=\"elementor-element elementor-element-8127307 e-con-full e-flex e-con e-child\" data-id=\"8127307\" data-element_type=\"container\" data-e-type=\"container\">\n\t\t\t\t<div class=\"elementor-element elementor-element-9a1f16f elementor-widget elementor-widget-heading\" data-id=\"9a1f16f\" data-element_type=\"widget\" data-e-type=\"widget\" data-widget_type=\"heading.default\">\n\t\t\t\t\t<h2 class=\"elementor-heading-title elementor-size-default\">R\u00e4beliechtli-Umzug 2023<\/h2>\t\t\t\t<\/div>\n\t\t\t\t<div class=\"elementor-element elementor-element-abd5bc2 elementor-widget elementor-widget-text-editor\" data-id=\"abd5bc2\" data-element_type=\"widget\" data-e-type=\"widget\" data-widget_type=\"text-editor.default\">\n\t\t\t\t\t\t\t\t\t<div class=\"contentgroup__body \"><div class=\"contentgroup__body \"><div class=\"contentgroup__body \">Bei str\u00f6mendem Regen \u00f6ffnete sich der Himmel just zum Zeitpunkt unseres Umzugs und \u00fcber 150 Kinder und Erwachsene zogen durch die Stra\u00dfen des Seidenstrassen-Quartiers. Als kr\u00f6nender Abschluss spendierte der Quartierverein allen Teilnehmern das traditionelle Mutschli mit Schokoladenst\u00e4bchen und hei\u00dfem Punsch.<\/div><\/div><\/div>\t\t\t\t\t\t\t\t<\/div>\n\t\t\t\t<\/div>\n\t\t\t\t<\/a>\n\t\t<a class=\"elementor-element elementor-element-c4d510a e-con-full e-transform e-flex e-con e-child\" data-id=\"c4d510a\" data-element_type=\"container\" data-e-type=\"container\" data-settings=\"{&quot;_transform_scale_effect_hover&quot;:{&quot;unit&quot;:&quot;px&quot;,&quot;size&quot;:1.0500000000000000444089209850062616169452667236328125,&quot;sizes&quot;:[]},&quot;background_background&quot;:&quot;classic&quot;,&quot;_transform_scale_effect_hover_tablet&quot;:{&quot;unit&quot;:&quot;px&quot;,&quot;size&quot;:&quot;&quot;,&quot;sizes&quot;:[]},&quot;_transform_scale_effect_hover_mobile&quot;:{&quot;unit&quot;:&quot;px&quot;,&quot;size&quot;:&quot;&quot;,&quot;sizes&quot;:[]}}\" href=\"https:\/\/seidenstrasse-winterthur.ch\/?page_id=2770\">\n\t\t<div class=\"elementor-element elementor-element-56a5d77 e-con-full e-flex e-con e-child\" data-id=\"56a5d77\" data-element_type=\"container\" data-e-type=\"container\">\n\t\t\t\t<div class=\"elementor-element elementor-element-218b1f4 elementor-widget elementor-widget-image\" data-id=\"218b1f4\" data-element_type=\"widget\" data-e-type=\"widget\" data-widget_type=\"image.default\">\n\t\t\t\t\t\t\t\t\t\t\t\t\t\t\t<img loading=\"lazy\" decoding=\"async\" width=\"768\" height=\"1024\" src=\"https:\/\/seidenstrasse-winterthur.ch\/wp-content\/uploads\/2026\/01\/926008b0-0e33-491c-9d31-23d36095a488-768x1024.jpg\" class=\"attachment-large size-large wp-image-2762\" alt=\"\" srcset=\"https:\/\/seidenstrasse-winterthur.ch\/wp-content\/uploads\/2026\/01\/926008b0-0e33-491c-9d31-23d36095a488-768x1024.jpg 768w, https:\/\/seidenstrasse-winterthur.ch\/wp-content\/uploads\/2026\/01\/926008b0-0e33-491c-9d31-23d36095a488-225x300.jpg 225w, https:\/\/seidenstrasse-winterthur.ch\/wp-content\/uploads\/2026\/01\/926008b0-0e33-491c-9d31-23d36095a488-1152x1536.jpg 1152w, https:\/\/seidenstrasse-winterthur.ch\/wp-content\/uploads\/2026\/01\/926008b0-0e33-491c-9d31-23d36095a488.jpg 1500w\" sizes=\"(max-width: 768px) 100vw, 768px\" \/>\t\t\t\t\t\t\t\t\t\t\t\t\t\t\t<\/div>\n\t\t\t\t<\/div>\n\t\t<div class=\"elementor-element elementor-element-2673f9d e-con-full e-flex e-con e-child\" data-id=\"2673f9d\" data-element_type=\"container\" data-e-type=\"container\">\n\t\t\t\t<div class=\"elementor-element elementor-element-a008ec8 elementor-widget elementor-widget-heading\" data-id=\"a008ec8\" data-element_type=\"widget\" data-e-type=\"widget\" data-widget_type=\"heading.default\">\n\t\t\t\t\t<h2 class=\"elementor-heading-title elementor-size-default\">T\u00f6rggelen 2023<\/h2>\t\t\t\t<\/div>\n\t\t\t\t<div class=\"elementor-element elementor-element-ceb8ad1 elementor-widget elementor-widget-text-editor\" data-id=\"ceb8ad1\" data-element_type=\"widget\" data-e-type=\"widget\" data-widget_type=\"text-editor.default\">\n\t\t\t\t\t\t\t\t\tUnd wieder meinte es Petrus gut mit den Besuchern des traditionellen T\u00f6rggelen. Bei feinen Weinen des Winzer-Paar Lea &#038; Boris Peter und den ersten Marroni der Saison von Hannah Pfister genossen rund 60 Vereinsmitglieder einen wundersch\u00f6nen Oktober Abend.\t\t\t\t\t\t\t\t<\/div>\n\t\t\t\t<\/div>\n\t\t\t\t<\/a>\n\t\t\t\t<div class=\"elementor-element elementor-element-374bc75 elementor-widget elementor-widget-text-editor\" data-id=\"374bc75\" data-element_type=\"widget\" data-e-type=\"widget\" data-widget_type=\"text-editor.default\">\n\t\t\t\t\t\t\t\t\t<p>Mehr Bilder kommen bald<\/p>\t\t\t\t\t\t\t\t<\/div>\n\t\t<a class=\"elementor-element elementor-element-269643f e-con-full e-transform elementor-hidden-desktop elementor-hidden-tablet elementor-hidden-mobile e-flex e-con e-child\" data-id=\"269643f\" data-element_type=\"container\" data-e-type=\"container\" data-settings=\"{&quot;_transform_scale_effect_hover&quot;:{&quot;unit&quot;:&quot;px&quot;,&quot;size&quot;:1.0500000000000000444089209850062616169452667236328125,&quot;sizes&quot;:[]},&quot;background_background&quot;:&quot;classic&quot;,&quot;_transform_scale_effect_hover_tablet&quot;:{&quot;unit&quot;:&quot;px&quot;,&quot;size&quot;:&quot;&quot;,&quot;sizes&quot;:[]},&quot;_transform_scale_effect_hover_mobile&quot;:{&quot;unit&quot;:&quot;px&quot;,&quot;size&quot;:&quot;&quot;,&quot;sizes&quot;:[]}}\" href=\"https:\/\/seidenstrasse-winterthur.ch\/?page_id=529\">\n\t\t<div class=\"elementor-element elementor-element-173accf e-con-full e-flex e-con e-child\" data-id=\"173accf\" data-element_type=\"container\" data-e-type=\"container\">\n\t\t\t\t<div class=\"elementor-element elementor-element-f3c6821 elementor-widget elementor-widget-image\" data-id=\"f3c6821\" data-element_type=\"widget\" data-e-type=\"widget\" data-widget_type=\"image.default\">\n\t\t\t\t\t\t\t\t\t\t\t\t\t\t\t<img fetchpriority=\"high\" decoding=\"async\" width=\"800\" height=\"572\" src=\"https:\/\/seidenstrasse-winterthur.ch\/wp-content\/uploads\/2026\/01\/PlaceholderFalt02-1024x732.png\" class=\"attachment-large size-large wp-image-2287\" alt=\"\" srcset=\"https:\/\/seidenstrasse-winterthur.ch\/wp-content\/uploads\/2026\/01\/PlaceholderFalt02-1024x732.png 1024w, https:\/\/seidenstrasse-winterthur.ch\/wp-content\/uploads\/2026\/01\/PlaceholderFalt02-300x215.png 300w, https:\/\/seidenstrasse-winterthur.ch\/wp-content\/uploads\/2026\/01\/PlaceholderFalt02-768x549.png 768w, https:\/\/seidenstrasse-winterthur.ch\/wp-content\/uploads\/2026\/01\/PlaceholderFalt02.png 1130w\" sizes=\"(max-width: 800px) 100vw, 800px\" \/>\t\t\t\t\t\t\t\t\t\t\t\t\t\t\t<\/div>\n\t\t\t\t<\/div>\n\t\t<div class=\"elementor-element elementor-element-5ca0b73 e-con-full e-flex e-con e-child\" data-id=\"5ca0b73\" data-element_type=\"container\" data-e-type=\"container\">\n\t\t\t\t<div class=\"elementor-element elementor-element-57c5a87 elementor-widget elementor-widget-heading\" data-id=\"57c5a87\" data-element_type=\"widget\" data-e-type=\"widget\" data-widget_type=\"heading.default\">\n\t\t\t\t\t<h2 class=\"elementor-heading-title elementor-size-default\">Mitgliederversammlung 2023<\/h2>\t\t\t\t<\/div>\n\t\t\t\t<div class=\"elementor-element elementor-element-9f3baec elementor-widget elementor-widget-text-editor\" data-id=\"9f3baec\" data-element_type=\"widget\" data-e-type=\"widget\" data-widget_type=\"text-editor.default\">\n\t\t\t\t\t\t\t\t\t<div class=\"contentgroup__body \"><div class=\"contentgroup__body \"><div class=\"contentgroup__body \">Rund 80 Mitglieder treffen sich bei Traumwetter f\u00fcr die Mitgliederversammlung 2023. Ein weinendes Auge bescherte der Abgang von 5 wohlverdienten und gesch\u00e4tzten Vorstandsmitgliedern.<\/div><\/div><\/div>\t\t\t\t\t\t\t\t<\/div>\n\t\t\t\t<\/div>\n\t\t\t\t<\/a>\n\t\t<a class=\"elementor-element elementor-element-f1a96fb e-con-full e-transform elementor-hidden-desktop elementor-hidden-tablet elementor-hidden-mobile e-flex e-con e-child\" data-id=\"f1a96fb\" data-element_type=\"container\" data-e-type=\"container\" data-settings=\"{&quot;_transform_scale_effect_hover&quot;:{&quot;unit&quot;:&quot;px&quot;,&quot;size&quot;:1.0500000000000000444089209850062616169452667236328125,&quot;sizes&quot;:[]},&quot;background_background&quot;:&quot;classic&quot;,&quot;_transform_scale_effect_hover_tablet&quot;:{&quot;unit&quot;:&quot;px&quot;,&quot;size&quot;:&quot;&quot;,&quot;sizes&quot;:[]},&quot;_transform_scale_effect_hover_mobile&quot;:{&quot;unit&quot;:&quot;px&quot;,&quot;size&quot;:&quot;&quot;,&quot;sizes&quot;:[]}}\" href=\"https:\/\/seidenstrasse-winterthur.ch\/?page_id=529\">\n\t\t<div class=\"elementor-element elementor-element-f545536 e-con-full e-flex e-con e-child\" data-id=\"f545536\" data-element_type=\"container\" data-e-type=\"container\">\n\t\t\t\t<div class=\"elementor-element elementor-element-28bf2ca elementor-widget elementor-widget-image\" data-id=\"28bf2ca\" data-element_type=\"widget\" data-e-type=\"widget\" data-widget_type=\"image.default\">\n\t\t\t\t\t\t\t\t\t\t\t\t\t\t\t<img fetchpriority=\"high\" decoding=\"async\" width=\"800\" height=\"572\" src=\"https:\/\/seidenstrasse-winterthur.ch\/wp-content\/uploads\/2026\/01\/PlaceholderFalt02-1024x732.png\" class=\"attachment-large size-large wp-image-2287\" alt=\"\" srcset=\"https:\/\/seidenstrasse-winterthur.ch\/wp-content\/uploads\/2026\/01\/PlaceholderFalt02-1024x732.png 1024w, https:\/\/seidenstrasse-winterthur.ch\/wp-content\/uploads\/2026\/01\/PlaceholderFalt02-300x215.png 300w, https:\/\/seidenstrasse-winterthur.ch\/wp-content\/uploads\/2026\/01\/PlaceholderFalt02-768x549.png 768w, https:\/\/seidenstrasse-winterthur.ch\/wp-content\/uploads\/2026\/01\/PlaceholderFalt02.png 1130w\" sizes=\"(max-width: 800px) 100vw, 800px\" \/>\t\t\t\t\t\t\t\t\t\t\t\t\t\t\t<\/div>\n\t\t\t\t<\/div>\n\t\t<div class=\"elementor-element elementor-element-edb448e e-con-full e-flex e-con e-child\" data-id=\"edb448e\" data-element_type=\"container\" data-e-type=\"container\">\n\t\t\t\t<div class=\"elementor-element elementor-element-1d1b449 elementor-widget elementor-widget-heading\" data-id=\"1d1b449\" data-element_type=\"widget\" data-e-type=\"widget\" data-widget_type=\"heading.default\">\n\t\t\t\t\t<h2 class=\"elementor-heading-title elementor-size-default\">Neujahrs-Ap\u00e9ro 2023<\/h2>\t\t\t\t<\/div>\n\t\t\t\t<div class=\"elementor-element elementor-element-c6b1be4 elementor-widget elementor-widget-text-editor\" data-id=\"c6b1be4\" data-element_type=\"widget\" data-e-type=\"widget\" data-widget_type=\"text-editor.default\">\n\t\t\t\t\t\t\t\t\tNach 2 Jahren Corona-Pause feierten 80 Quartier-Bewohnende im Museum Lindengut den Jahres-Auftakt. Die Freude des gemeinsamen Beisammenseins und der Gespr\u00e4che war gross. Dazu beigetragen hat auch das genussvolle Catering der Kochstation von Beat Ebn\u00f6ther.\t\t\t\t\t\t\t\t<\/div>\n\t\t\t\t<\/div>\n\t\t\t\t<\/a>\n\t\t<a class=\"elementor-element elementor-element-379110b e-con-full e-transform elementor-hidden-desktop elementor-hidden-tablet elementor-hidden-mobile e-flex e-con e-child\" data-id=\"379110b\" data-element_type=\"container\" data-e-type=\"container\" data-settings=\"{&quot;_transform_scale_effect_hover&quot;:{&quot;unit&quot;:&quot;px&quot;,&quot;size&quot;:1.0500000000000000444089209850062616169452667236328125,&quot;sizes&quot;:[]},&quot;background_background&quot;:&quot;classic&quot;,&quot;_transform_scale_effect_hover_tablet&quot;:{&quot;unit&quot;:&quot;px&quot;,&quot;size&quot;:&quot;&quot;,&quot;sizes&quot;:[]},&quot;_transform_scale_effect_hover_mobile&quot;:{&quot;unit&quot;:&quot;px&quot;,&quot;size&quot;:&quot;&quot;,&quot;sizes&quot;:[]}}\" href=\"https:\/\/seidenstrasse-winterthur.ch\/?page_id=529\">\n\t\t<div class=\"elementor-element elementor-element-a6c47f8 e-con-full e-flex e-con e-child\" data-id=\"a6c47f8\" data-element_type=\"container\" data-e-type=\"container\">\n\t\t\t\t<div class=\"elementor-element elementor-element-d4f4482 elementor-widget elementor-widget-image\" data-id=\"d4f4482\" data-element_type=\"widget\" data-e-type=\"widget\" data-widget_type=\"image.default\">\n\t\t\t\t\t\t\t\t\t\t\t\t\t\t\t<img fetchpriority=\"high\" decoding=\"async\" width=\"800\" height=\"572\" src=\"https:\/\/seidenstrasse-winterthur.ch\/wp-content\/uploads\/2026\/01\/PlaceholderFalt02-1024x732.png\" class=\"attachment-large size-large wp-image-2287\" alt=\"\" srcset=\"https:\/\/seidenstrasse-winterthur.ch\/wp-content\/uploads\/2026\/01\/PlaceholderFalt02-1024x732.png 1024w, https:\/\/seidenstrasse-winterthur.ch\/wp-content\/uploads\/2026\/01\/PlaceholderFalt02-300x215.png 300w, https:\/\/seidenstrasse-winterthur.ch\/wp-content\/uploads\/2026\/01\/PlaceholderFalt02-768x549.png 768w, https:\/\/seidenstrasse-winterthur.ch\/wp-content\/uploads\/2026\/01\/PlaceholderFalt02.png 1130w\" sizes=\"(max-width: 800px) 100vw, 800px\" \/>\t\t\t\t\t\t\t\t\t\t\t\t\t\t\t<\/div>\n\t\t\t\t<\/div>\n\t\t<div class=\"elementor-element elementor-element-e110e35 e-con-full e-flex e-con e-child\" data-id=\"e110e35\" data-element_type=\"container\" data-e-type=\"container\">\n\t\t\t\t<div class=\"elementor-element elementor-element-3af558b elementor-widget elementor-widget-heading\" data-id=\"3af558b\" data-element_type=\"widget\" data-e-type=\"widget\" data-widget_type=\"heading.default\">\n\t\t\t\t\t<h2 class=\"elementor-heading-title elementor-size-default\">R\u00e4beliechtli Umzug 2022<\/h2>\t\t\t\t<\/div>\n\t\t\t\t<div class=\"elementor-element elementor-element-3899b5f elementor-widget elementor-widget-text-editor\" data-id=\"3899b5f\" data-element_type=\"widget\" data-e-type=\"widget\" data-widget_type=\"text-editor.default\">\n\t\t\t\t\t\t\t\t\t<div class=\"contentgroup__body \"><div class=\"contentgroup__body \"><div class=\"contentgroup__body \">Zusammen mit dem Kindergarten Geiselweid spazierten \u00fcber 250 Kinder und Erwachsene durch die Strassen des Seidenstrasse-Quartiers. Am Schluss offerierte der Quartierverein allen Teilnehmenden einen kleinen Imbiss.<\/div><\/div><\/div>\t\t\t\t\t\t\t\t<\/div>\n\t\t\t\t<\/div>\n\t\t\t\t<\/a>\n\t\t<a class=\"elementor-element elementor-element-1caa536 e-con-full e-transform elementor-hidden-desktop elementor-hidden-tablet elementor-hidden-mobile e-flex e-con e-child\" data-id=\"1caa536\" data-element_type=\"container\" data-e-type=\"container\" data-settings=\"{&quot;_transform_scale_effect_hover&quot;:{&quot;unit&quot;:&quot;px&quot;,&quot;size&quot;:1.0500000000000000444089209850062616169452667236328125,&quot;sizes&quot;:[]},&quot;background_background&quot;:&quot;classic&quot;,&quot;_transform_scale_effect_hover_tablet&quot;:{&quot;unit&quot;:&quot;px&quot;,&quot;size&quot;:&quot;&quot;,&quot;sizes&quot;:[]},&quot;_transform_scale_effect_hover_mobile&quot;:{&quot;unit&quot;:&quot;px&quot;,&quot;size&quot;:&quot;&quot;,&quot;sizes&quot;:[]}}\" href=\"https:\/\/seidenstrasse-winterthur.ch\/?page_id=529\">\n\t\t<div class=\"elementor-element elementor-element-a1c363c e-con-full e-flex e-con e-child\" data-id=\"a1c363c\" data-element_type=\"container\" data-e-type=\"container\">\n\t\t\t\t<div class=\"elementor-element elementor-element-bf8a4e9 elementor-widget elementor-widget-image\" data-id=\"bf8a4e9\" data-element_type=\"widget\" data-e-type=\"widget\" data-widget_type=\"image.default\">\n\t\t\t\t\t\t\t\t\t\t\t\t\t\t\t<img fetchpriority=\"high\" decoding=\"async\" width=\"800\" height=\"572\" src=\"https:\/\/seidenstrasse-winterthur.ch\/wp-content\/uploads\/2026\/01\/PlaceholderFalt02-1024x732.png\" class=\"attachment-large size-large wp-image-2287\" alt=\"\" srcset=\"https:\/\/seidenstrasse-winterthur.ch\/wp-content\/uploads\/2026\/01\/PlaceholderFalt02-1024x732.png 1024w, https:\/\/seidenstrasse-winterthur.ch\/wp-content\/uploads\/2026\/01\/PlaceholderFalt02-300x215.png 300w, https:\/\/seidenstrasse-winterthur.ch\/wp-content\/uploads\/2026\/01\/PlaceholderFalt02-768x549.png 768w, https:\/\/seidenstrasse-winterthur.ch\/wp-content\/uploads\/2026\/01\/PlaceholderFalt02.png 1130w\" sizes=\"(max-width: 800px) 100vw, 800px\" \/>\t\t\t\t\t\t\t\t\t\t\t\t\t\t\t<\/div>\n\t\t\t\t<\/div>\n\t\t<div class=\"elementor-element elementor-element-3c0e7c8 e-con-full e-flex e-con e-child\" data-id=\"3c0e7c8\" data-element_type=\"container\" data-e-type=\"container\">\n\t\t\t\t<div class=\"elementor-element elementor-element-28f793f elementor-widget elementor-widget-heading\" data-id=\"28f793f\" data-element_type=\"widget\" data-e-type=\"widget\" data-widget_type=\"heading.default\">\n\t\t\t\t\t<h2 class=\"elementor-heading-title elementor-size-default\">Kerzenziehen 2022<\/h2>\t\t\t\t<\/div>\n\t\t\t\t<div class=\"elementor-element elementor-element-3899a5f elementor-widget elementor-widget-text-editor\" data-id=\"3899a5f\" data-element_type=\"widget\" data-e-type=\"widget\" data-widget_type=\"text-editor.default\">\n\t\t\t\t\t\t\t\t\t<div class=\"contentgroup__body \"><div class=\"contentgroup__body \"><div class=\"contentgroup__body \">Erstmals wurde in Zusammenarbeit mit dem Nachbar-Quartier-Verein Inneres &amp; \u00c4usseres Lind ein Kerzenziehen angeboten. Rund 25 Erwachsene und Kinder nutzten das Angebot und zogen in der Gleiserei farbige Kerzen.<\/div><\/div><\/div>\t\t\t\t\t\t\t\t<\/div>\n\t\t\t\t<\/div>\n\t\t\t\t<\/a>\n\t\t<a class=\"elementor-element elementor-element-bc443a1 e-con-full e-transform elementor-hidden-desktop elementor-hidden-tablet elementor-hidden-mobile e-flex e-con e-child\" data-id=\"bc443a1\" data-element_type=\"container\" data-e-type=\"container\" data-settings=\"{&quot;_transform_scale_effect_hover&quot;:{&quot;unit&quot;:&quot;px&quot;,&quot;size&quot;:1.0500000000000000444089209850062616169452667236328125,&quot;sizes&quot;:[]},&quot;background_background&quot;:&quot;classic&quot;,&quot;_transform_scale_effect_hover_tablet&quot;:{&quot;unit&quot;:&quot;px&quot;,&quot;size&quot;:&quot;&quot;,&quot;sizes&quot;:[]},&quot;_transform_scale_effect_hover_mobile&quot;:{&quot;unit&quot;:&quot;px&quot;,&quot;size&quot;:&quot;&quot;,&quot;sizes&quot;:[]}}\" href=\"https:\/\/seidenstrasse-winterthur.ch\/?page_id=529\">\n\t\t<div class=\"elementor-element elementor-element-8464df2 e-con-full e-flex e-con e-child\" data-id=\"8464df2\" data-element_type=\"container\" data-e-type=\"container\">\n\t\t\t\t<div class=\"elementor-element elementor-element-92f81f2 elementor-widget elementor-widget-image\" data-id=\"92f81f2\" data-element_type=\"widget\" data-e-type=\"widget\" data-widget_type=\"image.default\">\n\t\t\t\t\t\t\t\t\t\t\t\t\t\t\t<img fetchpriority=\"high\" decoding=\"async\" width=\"800\" height=\"572\" src=\"https:\/\/seidenstrasse-winterthur.ch\/wp-content\/uploads\/2026\/01\/PlaceholderFalt02-1024x732.png\" class=\"attachment-large size-large wp-image-2287\" alt=\"\" srcset=\"https:\/\/seidenstrasse-winterthur.ch\/wp-content\/uploads\/2026\/01\/PlaceholderFalt02-1024x732.png 1024w, https:\/\/seidenstrasse-winterthur.ch\/wp-content\/uploads\/2026\/01\/PlaceholderFalt02-300x215.png 300w, https:\/\/seidenstrasse-winterthur.ch\/wp-content\/uploads\/2026\/01\/PlaceholderFalt02-768x549.png 768w, https:\/\/seidenstrasse-winterthur.ch\/wp-content\/uploads\/2026\/01\/PlaceholderFalt02.png 1130w\" sizes=\"(max-width: 800px) 100vw, 800px\" \/>\t\t\t\t\t\t\t\t\t\t\t\t\t\t\t<\/div>\n\t\t\t\t<\/div>\n\t\t<div class=\"elementor-element elementor-element-a796244 e-con-full e-flex e-con e-child\" data-id=\"a796244\" data-element_type=\"container\" data-e-type=\"container\">\n\t\t\t\t<div class=\"elementor-element elementor-element-6e94ab9 elementor-widget elementor-widget-heading\" data-id=\"6e94ab9\" data-element_type=\"widget\" data-e-type=\"widget\" data-widget_type=\"heading.default\">\n\t\t\t\t\t<h2 class=\"elementor-heading-title elementor-size-default\">Kerzenziehen 2022<\/h2>\t\t\t\t<\/div>\n\t\t\t\t<div class=\"elementor-element elementor-element-694e483 elementor-widget elementor-widget-text-editor\" data-id=\"694e483\" data-element_type=\"widget\" data-e-type=\"widget\" data-widget_type=\"text-editor.default\">\n\t\t\t\t\t\t\t\t\tErstmals wurde in Zusammenarbeit mit dem Nachbar-Quartier-Verein Inneres &#038; \u00c4usseres Lind ein Kerzenziehen angeboten. Rund 25 Erwachsene und Kinder nutzten das Angebot und zogen in der Gleiserei farbige Kerzen. \t\t\t\t\t\t\t\t<\/div>\n\t\t\t\t<\/div>\n\t\t\t\t<\/a>\n\t\t<a class=\"elementor-element elementor-element-34da54d e-con-full e-transform elementor-hidden-desktop elementor-hidden-tablet elementor-hidden-mobile e-flex e-con e-child\" data-id=\"34da54d\" data-element_type=\"container\" data-e-type=\"container\" data-settings=\"{&quot;_transform_scale_effect_hover&quot;:{&quot;unit&quot;:&quot;px&quot;,&quot;size&quot;:1.0500000000000000444089209850062616169452667236328125,&quot;sizes&quot;:[]},&quot;background_background&quot;:&quot;classic&quot;,&quot;_transform_scale_effect_hover_tablet&quot;:{&quot;unit&quot;:&quot;px&quot;,&quot;size&quot;:&quot;&quot;,&quot;sizes&quot;:[]},&quot;_transform_scale_effect_hover_mobile&quot;:{&quot;unit&quot;:&quot;px&quot;,&quot;size&quot;:&quot;&quot;,&quot;sizes&quot;:[]}}\" href=\"https:\/\/seidenstrasse-winterthur.ch\/?page_id=529\">\n\t\t<div class=\"elementor-element elementor-element-4f59f5d e-con-full e-flex e-con e-child\" data-id=\"4f59f5d\" data-element_type=\"container\" data-e-type=\"container\">\n\t\t\t\t<div class=\"elementor-element elementor-element-adf6c28 elementor-widget elementor-widget-image\" data-id=\"adf6c28\" data-element_type=\"widget\" data-e-type=\"widget\" data-widget_type=\"image.default\">\n\t\t\t\t\t\t\t\t\t\t\t\t\t\t\t<img fetchpriority=\"high\" decoding=\"async\" width=\"800\" height=\"572\" src=\"https:\/\/seidenstrasse-winterthur.ch\/wp-content\/uploads\/2026\/01\/PlaceholderFalt02-1024x732.png\" class=\"attachment-large size-large wp-image-2287\" alt=\"\" srcset=\"https:\/\/seidenstrasse-winterthur.ch\/wp-content\/uploads\/2026\/01\/PlaceholderFalt02-1024x732.png 1024w, https:\/\/seidenstrasse-winterthur.ch\/wp-content\/uploads\/2026\/01\/PlaceholderFalt02-300x215.png 300w, https:\/\/seidenstrasse-winterthur.ch\/wp-content\/uploads\/2026\/01\/PlaceholderFalt02-768x549.png 768w, https:\/\/seidenstrasse-winterthur.ch\/wp-content\/uploads\/2026\/01\/PlaceholderFalt02.png 1130w\" sizes=\"(max-width: 800px) 100vw, 800px\" \/>\t\t\t\t\t\t\t\t\t\t\t\t\t\t\t<\/div>\n\t\t\t\t<\/div>\n\t\t<div class=\"elementor-element elementor-element-4e18972 e-con-full e-flex e-con e-child\" data-id=\"4e18972\" data-element_type=\"container\" data-e-type=\"container\">\n\t\t\t\t<div class=\"elementor-element elementor-element-f63a237 elementor-widget elementor-widget-heading\" data-id=\"f63a237\" data-element_type=\"widget\" data-e-type=\"widget\" data-widget_type=\"heading.default\">\n\t\t\t\t\t<h2 class=\"elementor-heading-title elementor-size-default\">Sommerfest 2022<\/h2>\t\t\t\t<\/div>\n\t\t\t\t<div class=\"elementor-element elementor-element-3e2d730 elementor-widget elementor-widget-text-editor\" data-id=\"3e2d730\" data-element_type=\"widget\" data-e-type=\"widget\" data-widget_type=\"text-editor.default\">\n\t\t\t\t\t\t\t\t\t<div class=\"contentgroup__body \"><div class=\"contentgroup__body \"><div class=\"contentgroup__body \">Dem unsicheren Wetter zum Trotz entschied sich der Vorstand schon 10 Tage vor dem Anlass zur Durchf\u00fchrung des Sommerfests. Petrus war gn\u00e4dig und hielt sich mit Ausnahme einer &#8222;kurzen Dusche&#8220; um 16 Uhr zur\u00fcck. <br \/>Erstmals wurde vor dem Sommerfest eine Garten-Safari durch 5 G\u00e4rten der Seidenstrasse durchgef\u00fchrt. Anschliessend genossen \u00fcber 100 Anwohnende mit ihren Familien ein ungezwungenes Sommerfest und wurden von den Teenagern der Vorstandsmitglieder verw\u00f6hnt.<\/div><\/div><\/div>\t\t\t\t\t\t\t\t<\/div>\n\t\t\t\t<\/div>\n\t\t\t\t<\/a>\n\t\t<a class=\"elementor-element elementor-element-4987fe5 e-con-full e-transform elementor-hidden-desktop elementor-hidden-tablet elementor-hidden-mobile e-flex e-con e-child\" data-id=\"4987fe5\" data-element_type=\"container\" data-e-type=\"container\" data-settings=\"{&quot;_transform_scale_effect_hover&quot;:{&quot;unit&quot;:&quot;px&quot;,&quot;size&quot;:1.0500000000000000444089209850062616169452667236328125,&quot;sizes&quot;:[]},&quot;background_background&quot;:&quot;classic&quot;,&quot;_transform_scale_effect_hover_tablet&quot;:{&quot;unit&quot;:&quot;px&quot;,&quot;size&quot;:&quot;&quot;,&quot;sizes&quot;:[]},&quot;_transform_scale_effect_hover_mobile&quot;:{&quot;unit&quot;:&quot;px&quot;,&quot;size&quot;:&quot;&quot;,&quot;sizes&quot;:[]}}\" href=\"https:\/\/seidenstrasse-winterthur.ch\/?page_id=529\">\n\t\t<div class=\"elementor-element elementor-element-66afee7 e-con-full e-flex e-con e-child\" data-id=\"66afee7\" data-element_type=\"container\" data-e-type=\"container\">\n\t\t\t\t<div class=\"elementor-element elementor-element-d3ee0f6 elementor-widget elementor-widget-image\" data-id=\"d3ee0f6\" data-element_type=\"widget\" data-e-type=\"widget\" data-widget_type=\"image.default\">\n\t\t\t\t\t\t\t\t\t\t\t\t\t\t\t<img fetchpriority=\"high\" decoding=\"async\" width=\"800\" height=\"572\" src=\"https:\/\/seidenstrasse-winterthur.ch\/wp-content\/uploads\/2026\/01\/PlaceholderFalt02-1024x732.png\" class=\"attachment-large size-large wp-image-2287\" alt=\"\" srcset=\"https:\/\/seidenstrasse-winterthur.ch\/wp-content\/uploads\/2026\/01\/PlaceholderFalt02-1024x732.png 1024w, https:\/\/seidenstrasse-winterthur.ch\/wp-content\/uploads\/2026\/01\/PlaceholderFalt02-300x215.png 300w, https:\/\/seidenstrasse-winterthur.ch\/wp-content\/uploads\/2026\/01\/PlaceholderFalt02-768x549.png 768w, https:\/\/seidenstrasse-winterthur.ch\/wp-content\/uploads\/2026\/01\/PlaceholderFalt02.png 1130w\" sizes=\"(max-width: 800px) 100vw, 800px\" \/>\t\t\t\t\t\t\t\t\t\t\t\t\t\t\t<\/div>\n\t\t\t\t<\/div>\n\t\t<div class=\"elementor-element elementor-element-2b2114f e-con-full e-flex e-con e-child\" data-id=\"2b2114f\" data-element_type=\"container\" data-e-type=\"container\">\n\t\t\t\t<div class=\"elementor-element elementor-element-129a8e0 elementor-widget elementor-widget-heading\" data-id=\"129a8e0\" data-element_type=\"widget\" data-e-type=\"widget\" data-widget_type=\"heading.default\">\n\t\t\t\t\t<h2 class=\"elementor-heading-title elementor-size-default\">Mitgliederversammlung 2022<\/h2>\t\t\t\t<\/div>\n\t\t\t\t<div class=\"elementor-element elementor-element-68cf453 elementor-widget elementor-widget-text-editor\" data-id=\"68cf453\" data-element_type=\"widget\" data-e-type=\"widget\" data-widget_type=\"text-editor.default\">\n\t\t\t\t\t\t\t\t\t<div class=\"contentgroup__body \"><div class=\"contentgroup__body \"><div class=\"contentgroup__body \"><div class=\"contentgroup__body  \"><p>Bei gewohnt traumhaftem Sommer-Abend-Wetter genossen die Mitglieder einen gem\u00fctlichen Abend rund um die j\u00e4hrliche Mitglieder-Versammlung. Neben den ordentlichen Traktanden gab interessante Informationen zur Verbesserung der Verkehrs-Sicherheit von Schulkindern im Quartier und einem privaten Heizungs-Projekt auf der Basis von Grundwasser.<\/p><p><span class=\"wysiwyg-font-size-18\">Bei W\u00fcrsten, Wein, Bier und einem reichhaltigen Dessert-Buffet freute man sich auf das Wiedersehen. Mit einem Klick auf das Bild geht&#8217;s zur Foto-Galerie<\/span><\/p><\/div><\/div><\/div><\/div>\t\t\t\t\t\t\t\t<\/div>\n\t\t\t\t<\/div>\n\t\t\t\t<\/a>\n\t\t<a class=\"elementor-element elementor-element-84fdff6 e-con-full e-transform elementor-hidden-desktop elementor-hidden-tablet elementor-hidden-mobile e-flex e-con e-child\" data-id=\"84fdff6\" data-element_type=\"container\" data-e-type=\"container\" data-settings=\"{&quot;_transform_scale_effect_hover&quot;:{&quot;unit&quot;:&quot;px&quot;,&quot;size&quot;:1.0500000000000000444089209850062616169452667236328125,&quot;sizes&quot;:[]},&quot;background_background&quot;:&quot;classic&quot;,&quot;_transform_scale_effect_hover_tablet&quot;:{&quot;unit&quot;:&quot;px&quot;,&quot;size&quot;:&quot;&quot;,&quot;sizes&quot;:[]},&quot;_transform_scale_effect_hover_mobile&quot;:{&quot;unit&quot;:&quot;px&quot;,&quot;size&quot;:&quot;&quot;,&quot;sizes&quot;:[]}}\" href=\"https:\/\/seidenstrasse-winterthur.ch\/?page_id=529\">\n\t\t<div class=\"elementor-element elementor-element-3f2e441 e-con-full e-flex e-con e-child\" data-id=\"3f2e441\" data-element_type=\"container\" data-e-type=\"container\">\n\t\t\t\t<div class=\"elementor-element elementor-element-877d3e4 elementor-widget elementor-widget-image\" data-id=\"877d3e4\" data-element_type=\"widget\" data-e-type=\"widget\" data-widget_type=\"image.default\">\n\t\t\t\t\t\t\t\t\t\t\t\t\t\t\t<img fetchpriority=\"high\" decoding=\"async\" width=\"800\" height=\"572\" src=\"https:\/\/seidenstrasse-winterthur.ch\/wp-content\/uploads\/2026\/01\/PlaceholderFalt02-1024x732.png\" class=\"attachment-large size-large wp-image-2287\" alt=\"\" srcset=\"https:\/\/seidenstrasse-winterthur.ch\/wp-content\/uploads\/2026\/01\/PlaceholderFalt02-1024x732.png 1024w, https:\/\/seidenstrasse-winterthur.ch\/wp-content\/uploads\/2026\/01\/PlaceholderFalt02-300x215.png 300w, https:\/\/seidenstrasse-winterthur.ch\/wp-content\/uploads\/2026\/01\/PlaceholderFalt02-768x549.png 768w, https:\/\/seidenstrasse-winterthur.ch\/wp-content\/uploads\/2026\/01\/PlaceholderFalt02.png 1130w\" sizes=\"(max-width: 800px) 100vw, 800px\" \/>\t\t\t\t\t\t\t\t\t\t\t\t\t\t\t<\/div>\n\t\t\t\t<\/div>\n\t\t<div class=\"elementor-element elementor-element-390772a e-con-full e-flex e-con e-child\" data-id=\"390772a\" data-element_type=\"container\" data-e-type=\"container\">\n\t\t\t\t<div class=\"elementor-element elementor-element-96d1f12 elementor-widget elementor-widget-heading\" data-id=\"96d1f12\" data-element_type=\"widget\" data-e-type=\"widget\" data-widget_type=\"heading.default\">\n\t\t\t\t\t<h2 class=\"elementor-heading-title elementor-size-default\">T\u00f6rggelen 2021<\/h2>\t\t\t\t<\/div>\n\t\t\t\t<div class=\"elementor-element elementor-element-b6dede6 elementor-widget elementor-widget-text-editor\" data-id=\"b6dede6\" data-element_type=\"widget\" data-e-type=\"widget\" data-widget_type=\"text-editor.default\">\n\t\t\t\t\t\t\t\t\tPetrus meinte es gut mit den Besuchern des traditionellen T\u00f6rggelen. Bei feinen Weinen des Winzer-Paar Lea &#038; Boris Peter und den ersten Marroni der Saison von Hannah Pfister genossen \u00fcber 70 Vereinsmitglieder einen lauen Abend.  \t\t\t\t\t\t\t\t<\/div>\n\t\t\t\t<\/div>\n\t\t\t\t<\/a>\n\t\t<a class=\"elementor-element elementor-element-7704f6c e-con-full e-transform elementor-hidden-desktop elementor-hidden-tablet elementor-hidden-mobile e-flex e-con e-child\" data-id=\"7704f6c\" data-element_type=\"container\" data-e-type=\"container\" data-settings=\"{&quot;_transform_scale_effect_hover&quot;:{&quot;unit&quot;:&quot;px&quot;,&quot;size&quot;:1.0500000000000000444089209850062616169452667236328125,&quot;sizes&quot;:[]},&quot;background_background&quot;:&quot;classic&quot;,&quot;_transform_scale_effect_hover_tablet&quot;:{&quot;unit&quot;:&quot;px&quot;,&quot;size&quot;:&quot;&quot;,&quot;sizes&quot;:[]},&quot;_transform_scale_effect_hover_mobile&quot;:{&quot;unit&quot;:&quot;px&quot;,&quot;size&quot;:&quot;&quot;,&quot;sizes&quot;:[]}}\" href=\"https:\/\/seidenstrasse-winterthur.ch\/?page_id=529\">\n\t\t<div class=\"elementor-element elementor-element-99374a9 e-con-full e-flex e-con e-child\" data-id=\"99374a9\" data-element_type=\"container\" data-e-type=\"container\">\n\t\t\t\t<div class=\"elementor-element elementor-element-875912b elementor-widget elementor-widget-image\" data-id=\"875912b\" data-element_type=\"widget\" data-e-type=\"widget\" data-widget_type=\"image.default\">\n\t\t\t\t\t\t\t\t\t\t\t\t\t\t\t<img fetchpriority=\"high\" decoding=\"async\" width=\"800\" height=\"572\" src=\"https:\/\/seidenstrasse-winterthur.ch\/wp-content\/uploads\/2026\/01\/PlaceholderFalt02-1024x732.png\" class=\"attachment-large size-large wp-image-2287\" alt=\"\" srcset=\"https:\/\/seidenstrasse-winterthur.ch\/wp-content\/uploads\/2026\/01\/PlaceholderFalt02-1024x732.png 1024w, https:\/\/seidenstrasse-winterthur.ch\/wp-content\/uploads\/2026\/01\/PlaceholderFalt02-300x215.png 300w, https:\/\/seidenstrasse-winterthur.ch\/wp-content\/uploads\/2026\/01\/PlaceholderFalt02-768x549.png 768w, https:\/\/seidenstrasse-winterthur.ch\/wp-content\/uploads\/2026\/01\/PlaceholderFalt02.png 1130w\" sizes=\"(max-width: 800px) 100vw, 800px\" \/>\t\t\t\t\t\t\t\t\t\t\t\t\t\t\t<\/div>\n\t\t\t\t<\/div>\n\t\t<div class=\"elementor-element elementor-element-b48b4a0 e-con-full e-flex e-con e-child\" data-id=\"b48b4a0\" data-element_type=\"container\" data-e-type=\"container\">\n\t\t\t\t<div class=\"elementor-element elementor-element-877922c elementor-widget elementor-widget-heading\" data-id=\"877922c\" data-element_type=\"widget\" data-e-type=\"widget\" data-widget_type=\"heading.default\">\n\t\t\t\t\t<h2 class=\"elementor-heading-title elementor-size-default\">Mitgliederversammlung 2021<\/h2>\t\t\t\t<\/div>\n\t\t\t\t<div class=\"elementor-element elementor-element-d21dfe9 elementor-widget elementor-widget-text-editor\" data-id=\"d21dfe9\" data-element_type=\"widget\" data-e-type=\"widget\" data-widget_type=\"text-editor.default\">\n\t\t\t\t\t\t\t\t\tAufgrund der besonderen Lage mit dem CoVid-Virus konnten wir die Mitglieder-Versammlung in diesem Jahr nicht wie gewohnt in der Villa Bridler durchf\u00fchren. Dank der technischen Unterst\u00fctzung von Frank Ihringer begr\u00fcsste Pr\u00e4sident Christian Huggenberg \u00fcber 30 Mitglieder via Zoom digital und konnte die Versammlung samt Abstimmungen so durchf\u00fchren\t\t\t\t\t\t\t\t<\/div>\n\t\t\t\t<\/div>\n\t\t\t\t<\/a>\n\t\t<a class=\"elementor-element elementor-element-2cb15b8 e-con-full e-transform elementor-hidden-desktop elementor-hidden-tablet elementor-hidden-mobile e-flex e-con e-child\" data-id=\"2cb15b8\" data-element_type=\"container\" data-e-type=\"container\" data-settings=\"{&quot;_transform_scale_effect_hover&quot;:{&quot;unit&quot;:&quot;px&quot;,&quot;size&quot;:1.0500000000000000444089209850062616169452667236328125,&quot;sizes&quot;:[]},&quot;background_background&quot;:&quot;classic&quot;,&quot;_transform_scale_effect_hover_tablet&quot;:{&quot;unit&quot;:&quot;px&quot;,&quot;size&quot;:&quot;&quot;,&quot;sizes&quot;:[]},&quot;_transform_scale_effect_hover_mobile&quot;:{&quot;unit&quot;:&quot;px&quot;,&quot;size&quot;:&quot;&quot;,&quot;sizes&quot;:[]}}\" href=\"https:\/\/seidenstrasse-winterthur.ch\/?page_id=529\">\n\t\t<div class=\"elementor-element elementor-element-6e5ffc9 e-con-full e-flex e-con e-child\" data-id=\"6e5ffc9\" data-element_type=\"container\" data-e-type=\"container\">\n\t\t\t\t<div class=\"elementor-element elementor-element-83941c7 elementor-widget elementor-widget-image\" data-id=\"83941c7\" data-element_type=\"widget\" data-e-type=\"widget\" data-widget_type=\"image.default\">\n\t\t\t\t\t\t\t\t\t\t\t\t\t\t\t<img fetchpriority=\"high\" decoding=\"async\" width=\"800\" height=\"572\" src=\"https:\/\/seidenstrasse-winterthur.ch\/wp-content\/uploads\/2026\/01\/PlaceholderFalt02-1024x732.png\" class=\"attachment-large size-large wp-image-2287\" alt=\"\" srcset=\"https:\/\/seidenstrasse-winterthur.ch\/wp-content\/uploads\/2026\/01\/PlaceholderFalt02-1024x732.png 1024w, https:\/\/seidenstrasse-winterthur.ch\/wp-content\/uploads\/2026\/01\/PlaceholderFalt02-300x215.png 300w, https:\/\/seidenstrasse-winterthur.ch\/wp-content\/uploads\/2026\/01\/PlaceholderFalt02-768x549.png 768w, https:\/\/seidenstrasse-winterthur.ch\/wp-content\/uploads\/2026\/01\/PlaceholderFalt02.png 1130w\" sizes=\"(max-width: 800px) 100vw, 800px\" \/>\t\t\t\t\t\t\t\t\t\t\t\t\t\t\t<\/div>\n\t\t\t\t<\/div>\n\t\t<div class=\"elementor-element elementor-element-e18d980 e-con-full e-flex e-con e-child\" data-id=\"e18d980\" data-element_type=\"container\" data-e-type=\"container\">\n\t\t\t\t<div class=\"elementor-element elementor-element-9ce687f elementor-widget elementor-widget-heading\" data-id=\"9ce687f\" data-element_type=\"widget\" data-e-type=\"widget\" data-widget_type=\"heading.default\">\n\t\t\t\t\t<h2 class=\"elementor-heading-title elementor-size-default\">Mitglieder-Versammlung per Zoom-Video-Konferenz 2021<\/h2>\t\t\t\t<\/div>\n\t\t\t\t<div class=\"elementor-element elementor-element-815ece4 elementor-widget elementor-widget-text-editor\" data-id=\"815ece4\" data-element_type=\"widget\" data-e-type=\"widget\" data-widget_type=\"text-editor.default\">\n\t\t\t\t\t\t\t\t\tAufgrund der besonderen Lage mit dem CoVid-Virus konnten wir die Mitglieder-Versammlung in diesem Jahr nicht wie gewohnt in der Villa Bridler durchf\u00fchren. Dank der technischen Unterst\u00fctzung von Frank Ihringer begr\u00fcsste Pr\u00e4sident Christian Huggenberg \u00fcber 30 Mitglieder via Zoom digital und konnte die Versammlung samt Abstimmungen so durchf\u00fchren. \t\t\t\t\t\t\t\t<\/div>\n\t\t\t\t<\/div>\n\t\t\t\t<\/a>\n\t\t<a class=\"elementor-element elementor-element-47cd5a3 e-con-full e-transform elementor-hidden-desktop elementor-hidden-tablet elementor-hidden-mobile e-flex e-con e-child\" data-id=\"47cd5a3\" data-element_type=\"container\" data-e-type=\"container\" data-settings=\"{&quot;_transform_scale_effect_hover&quot;:{&quot;unit&quot;:&quot;px&quot;,&quot;size&quot;:1.0500000000000000444089209850062616169452667236328125,&quot;sizes&quot;:[]},&quot;background_background&quot;:&quot;classic&quot;,&quot;_transform_scale_effect_hover_tablet&quot;:{&quot;unit&quot;:&quot;px&quot;,&quot;size&quot;:&quot;&quot;,&quot;sizes&quot;:[]},&quot;_transform_scale_effect_hover_mobile&quot;:{&quot;unit&quot;:&quot;px&quot;,&quot;size&quot;:&quot;&quot;,&quot;sizes&quot;:[]}}\" href=\"https:\/\/seidenstrasse-winterthur.ch\/?page_id=529\">\n\t\t<div class=\"elementor-element elementor-element-531dad6 e-con-full e-flex e-con e-child\" data-id=\"531dad6\" data-element_type=\"container\" data-e-type=\"container\">\n\t\t\t\t<div class=\"elementor-element elementor-element-a9458e6 elementor-widget elementor-widget-image\" data-id=\"a9458e6\" data-element_type=\"widget\" data-e-type=\"widget\" data-widget_type=\"image.default\">\n\t\t\t\t\t\t\t\t\t\t\t\t\t\t\t<img fetchpriority=\"high\" decoding=\"async\" width=\"800\" height=\"572\" src=\"https:\/\/seidenstrasse-winterthur.ch\/wp-content\/uploads\/2026\/01\/PlaceholderFalt02-1024x732.png\" class=\"attachment-large size-large wp-image-2287\" alt=\"\" srcset=\"https:\/\/seidenstrasse-winterthur.ch\/wp-content\/uploads\/2026\/01\/PlaceholderFalt02-1024x732.png 1024w, https:\/\/seidenstrasse-winterthur.ch\/wp-content\/uploads\/2026\/01\/PlaceholderFalt02-300x215.png 300w, https:\/\/seidenstrasse-winterthur.ch\/wp-content\/uploads\/2026\/01\/PlaceholderFalt02-768x549.png 768w, https:\/\/seidenstrasse-winterthur.ch\/wp-content\/uploads\/2026\/01\/PlaceholderFalt02.png 1130w\" sizes=\"(max-width: 800px) 100vw, 800px\" \/>\t\t\t\t\t\t\t\t\t\t\t\t\t\t\t<\/div>\n\t\t\t\t<\/div>\n\t\t<div class=\"elementor-element elementor-element-1168e60 e-con-full e-flex e-con e-child\" data-id=\"1168e60\" data-element_type=\"container\" data-e-type=\"container\">\n\t\t\t\t<div class=\"elementor-element elementor-element-30894ef elementor-widget elementor-widget-heading\" data-id=\"30894ef\" data-element_type=\"widget\" data-e-type=\"widget\" data-widget_type=\"heading.default\">\n\t\t\t\t\t<h2 class=\"elementor-heading-title elementor-size-default\">Neujahrs-Ap\u00e9ro 2020<\/h2>\t\t\t\t<\/div>\n\t\t\t\t<div class=\"elementor-element elementor-element-3617eaf elementor-widget elementor-widget-text-editor\" data-id=\"3617eaf\" data-element_type=\"widget\" data-e-type=\"widget\" data-widget_type=\"text-editor.default\">\n\t\t\t\t\t\t\t\t\tDer traditionelle Neujahrs-Ap\u00e9ro fand wiederum im Restaurant R\u00f6merpark statt. \u00dcber 60 Vereins-Mitglieder und Quartier-Bewohner nutzten die Gelegenheit zum spontanen Austausch und um auf das Neue Jahr anzustossen.\t\t\t\t\t\t\t\t<\/div>\n\t\t\t\t<\/div>\n\t\t\t\t<\/a>\n\t\t<a class=\"elementor-element elementor-element-23d996a e-con-full e-transform elementor-hidden-desktop elementor-hidden-tablet elementor-hidden-mobile e-flex e-con e-child\" data-id=\"23d996a\" data-element_type=\"container\" data-e-type=\"container\" data-settings=\"{&quot;_transform_scale_effect_hover&quot;:{&quot;unit&quot;:&quot;px&quot;,&quot;size&quot;:1.0500000000000000444089209850062616169452667236328125,&quot;sizes&quot;:[]},&quot;background_background&quot;:&quot;classic&quot;,&quot;_transform_scale_effect_hover_tablet&quot;:{&quot;unit&quot;:&quot;px&quot;,&quot;size&quot;:&quot;&quot;,&quot;sizes&quot;:[]},&quot;_transform_scale_effect_hover_mobile&quot;:{&quot;unit&quot;:&quot;px&quot;,&quot;size&quot;:&quot;&quot;,&quot;sizes&quot;:[]}}\" href=\"https:\/\/seidenstrasse-winterthur.ch\/?page_id=529\">\n\t\t<div class=\"elementor-element elementor-element-021b5cd e-con-full e-flex e-con e-child\" data-id=\"021b5cd\" data-element_type=\"container\" data-e-type=\"container\">\n\t\t\t\t<div class=\"elementor-element elementor-element-8b4c3ae elementor-widget elementor-widget-image\" data-id=\"8b4c3ae\" data-element_type=\"widget\" data-e-type=\"widget\" data-widget_type=\"image.default\">\n\t\t\t\t\t\t\t\t\t\t\t\t\t\t\t<img fetchpriority=\"high\" decoding=\"async\" width=\"800\" height=\"572\" src=\"https:\/\/seidenstrasse-winterthur.ch\/wp-content\/uploads\/2026\/01\/PlaceholderFalt02-1024x732.png\" class=\"attachment-large size-large wp-image-2287\" alt=\"\" srcset=\"https:\/\/seidenstrasse-winterthur.ch\/wp-content\/uploads\/2026\/01\/PlaceholderFalt02-1024x732.png 1024w, https:\/\/seidenstrasse-winterthur.ch\/wp-content\/uploads\/2026\/01\/PlaceholderFalt02-300x215.png 300w, https:\/\/seidenstrasse-winterthur.ch\/wp-content\/uploads\/2026\/01\/PlaceholderFalt02-768x549.png 768w, https:\/\/seidenstrasse-winterthur.ch\/wp-content\/uploads\/2026\/01\/PlaceholderFalt02.png 1130w\" sizes=\"(max-width: 800px) 100vw, 800px\" \/>\t\t\t\t\t\t\t\t\t\t\t\t\t\t\t<\/div>\n\t\t\t\t<\/div>\n\t\t<div class=\"elementor-element elementor-element-e55463d e-con-full e-flex e-con e-child\" data-id=\"e55463d\" data-element_type=\"container\" data-e-type=\"container\">\n\t\t\t\t<div class=\"elementor-element elementor-element-d3d88a1 elementor-widget elementor-widget-heading\" data-id=\"d3d88a1\" data-element_type=\"widget\" data-e-type=\"widget\" data-widget_type=\"heading.default\">\n\t\t\t\t\t<h2 class=\"elementor-heading-title elementor-size-default\">Sommerfest 2019<\/h2>\t\t\t\t<\/div>\n\t\t\t\t<div class=\"elementor-element elementor-element-dd5c4ca elementor-widget elementor-widget-text-editor\" data-id=\"dd5c4ca\" data-element_type=\"widget\" data-e-type=\"widget\" data-widget_type=\"text-editor.default\">\n\t\t\t\t\t\t\t\t\t<p>Bei pr\u00e4chtigem Sp\u00e4t-Sommer-Wetter nahmen gegen 100 Quartier-BewohnerInnen am Jubil\u00e4ums-Sommer-Fest &#8222;10 Jahre Quartier-Verein&#8220; im Restaurant R\u00f6merpark teil.<\/p>\t\t\t\t\t\t\t\t<\/div>\n\t\t\t\t<\/div>\n\t\t\t\t<\/a>\n\t\t<a class=\"elementor-element elementor-element-05aa68c e-con-full e-transform elementor-hidden-desktop elementor-hidden-tablet elementor-hidden-mobile e-flex e-con e-child\" data-id=\"05aa68c\" data-element_type=\"container\" data-e-type=\"container\" data-settings=\"{&quot;_transform_scale_effect_hover&quot;:{&quot;unit&quot;:&quot;px&quot;,&quot;size&quot;:1.0500000000000000444089209850062616169452667236328125,&quot;sizes&quot;:[]},&quot;background_background&quot;:&quot;classic&quot;,&quot;_transform_scale_effect_hover_tablet&quot;:{&quot;unit&quot;:&quot;px&quot;,&quot;size&quot;:&quot;&quot;,&quot;sizes&quot;:[]},&quot;_transform_scale_effect_hover_mobile&quot;:{&quot;unit&quot;:&quot;px&quot;,&quot;size&quot;:&quot;&quot;,&quot;sizes&quot;:[]}}\" href=\"https:\/\/seidenstrasse-winterthur.ch\/?page_id=529\">\n\t\t<div class=\"elementor-element elementor-element-7a8f12a e-con-full e-flex e-con e-child\" data-id=\"7a8f12a\" data-element_type=\"container\" data-e-type=\"container\">\n\t\t\t\t<div class=\"elementor-element elementor-element-15150c7 elementor-widget elementor-widget-image\" data-id=\"15150c7\" data-element_type=\"widget\" data-e-type=\"widget\" data-widget_type=\"image.default\">\n\t\t\t\t\t\t\t\t\t\t\t\t\t\t\t<img fetchpriority=\"high\" decoding=\"async\" width=\"800\" height=\"572\" src=\"https:\/\/seidenstrasse-winterthur.ch\/wp-content\/uploads\/2026\/01\/PlaceholderFalt02-1024x732.png\" class=\"attachment-large size-large wp-image-2287\" alt=\"\" srcset=\"https:\/\/seidenstrasse-winterthur.ch\/wp-content\/uploads\/2026\/01\/PlaceholderFalt02-1024x732.png 1024w, https:\/\/seidenstrasse-winterthur.ch\/wp-content\/uploads\/2026\/01\/PlaceholderFalt02-300x215.png 300w, https:\/\/seidenstrasse-winterthur.ch\/wp-content\/uploads\/2026\/01\/PlaceholderFalt02-768x549.png 768w, https:\/\/seidenstrasse-winterthur.ch\/wp-content\/uploads\/2026\/01\/PlaceholderFalt02.png 1130w\" sizes=\"(max-width: 800px) 100vw, 800px\" \/>\t\t\t\t\t\t\t\t\t\t\t\t\t\t\t<\/div>\n\t\t\t\t<\/div>\n\t\t<div class=\"elementor-element elementor-element-2afa976 e-con-full e-flex e-con e-child\" data-id=\"2afa976\" data-element_type=\"container\" data-e-type=\"container\">\n\t\t\t\t<div class=\"elementor-element elementor-element-5149a23 elementor-widget elementor-widget-heading\" data-id=\"5149a23\" data-element_type=\"widget\" data-e-type=\"widget\" data-widget_type=\"heading.default\">\n\t\t\t\t\t<h2 class=\"elementor-heading-title elementor-size-default\">Gartenf\u00fchrung 2019<\/h2>\t\t\t\t<\/div>\n\t\t\t\t<div class=\"elementor-element elementor-element-7041922 elementor-widget elementor-widget-text-editor\" data-id=\"7041922\" data-element_type=\"widget\" data-e-type=\"widget\" data-widget_type=\"text-editor.default\">\n\t\t\t\t\t\t\t\t\tUnter kundiger F\u00fchrung von Winterthur Tourismus und mit dem Wissen zahlreicher Quartier-Bewohner besuchten wir einige G\u00e4rten an der Seidenstrasse. \t\t\t\t\t\t\t\t<\/div>\n\t\t\t\t<\/div>\n\t\t\t\t<\/a>\n\t\t<a class=\"elementor-element elementor-element-86cfb95 e-con-full e-transform elementor-hidden-desktop elementor-hidden-tablet elementor-hidden-mobile e-flex e-con e-child\" data-id=\"86cfb95\" data-element_type=\"container\" data-e-type=\"container\" data-settings=\"{&quot;_transform_scale_effect_hover&quot;:{&quot;unit&quot;:&quot;px&quot;,&quot;size&quot;:1.0500000000000000444089209850062616169452667236328125,&quot;sizes&quot;:[]},&quot;background_background&quot;:&quot;classic&quot;,&quot;_transform_scale_effect_hover_tablet&quot;:{&quot;unit&quot;:&quot;px&quot;,&quot;size&quot;:&quot;&quot;,&quot;sizes&quot;:[]},&quot;_transform_scale_effect_hover_mobile&quot;:{&quot;unit&quot;:&quot;px&quot;,&quot;size&quot;:&quot;&quot;,&quot;sizes&quot;:[]}}\" href=\"https:\/\/seidenstrasse-winterthur.ch\/?page_id=529\">\n\t\t<div class=\"elementor-element elementor-element-b6fc83f e-con-full e-flex e-con e-child\" data-id=\"b6fc83f\" data-element_type=\"container\" data-e-type=\"container\">\n\t\t\t\t<div class=\"elementor-element elementor-element-9578d41 elementor-widget elementor-widget-image\" data-id=\"9578d41\" data-element_type=\"widget\" data-e-type=\"widget\" data-widget_type=\"image.default\">\n\t\t\t\t\t\t\t\t\t\t\t\t\t\t\t<img fetchpriority=\"high\" decoding=\"async\" width=\"800\" height=\"572\" src=\"https:\/\/seidenstrasse-winterthur.ch\/wp-content\/uploads\/2026\/01\/PlaceholderFalt02-1024x732.png\" class=\"attachment-large size-large wp-image-2287\" alt=\"\" srcset=\"https:\/\/seidenstrasse-winterthur.ch\/wp-content\/uploads\/2026\/01\/PlaceholderFalt02-1024x732.png 1024w, https:\/\/seidenstrasse-winterthur.ch\/wp-content\/uploads\/2026\/01\/PlaceholderFalt02-300x215.png 300w, https:\/\/seidenstrasse-winterthur.ch\/wp-content\/uploads\/2026\/01\/PlaceholderFalt02-768x549.png 768w, https:\/\/seidenstrasse-winterthur.ch\/wp-content\/uploads\/2026\/01\/PlaceholderFalt02.png 1130w\" sizes=\"(max-width: 800px) 100vw, 800px\" \/>\t\t\t\t\t\t\t\t\t\t\t\t\t\t\t<\/div>\n\t\t\t\t<\/div>\n\t\t<div class=\"elementor-element elementor-element-d79a136 e-con-full e-flex e-con e-child\" data-id=\"d79a136\" data-element_type=\"container\" data-e-type=\"container\">\n\t\t\t\t<div class=\"elementor-element elementor-element-47cd46e elementor-widget elementor-widget-heading\" data-id=\"47cd46e\" data-element_type=\"widget\" data-e-type=\"widget\" data-widget_type=\"heading.default\">\n\t\t\t\t\t<h2 class=\"elementor-heading-title elementor-size-default\">T\u00f6rggelen 2018<\/h2>\t\t\t\t<\/div>\n\t\t\t\t<div class=\"elementor-element elementor-element-bca1ce8 elementor-widget elementor-widget-text-editor\" data-id=\"bca1ce8\" data-element_type=\"widget\" data-e-type=\"widget\" data-widget_type=\"text-editor.default\">\n\t\t\t\t\t\t\t\t\tDas T\u00f6rggelen ist unterdessen ein fester Bestandteil des Jahresprogramms. Der Brauch stammt urspr\u00fcnglich aus dem S\u00fcdtirol. Es war ein Anlass, zu dem urspr\u00fcnglich die St\u00e4dter zu den Winzern gingen, um den neuen Wein zu verkosten. An der Seidenstrasse bietet jeweils ein Winzer seine Weine an. Dazu werden Marroni gebraten. \t\t\t\t\t\t\t\t<\/div>\n\t\t\t\t<\/div>\n\t\t\t\t<\/a>\n\t\t<a class=\"elementor-element elementor-element-0802430 e-con-full e-transform elementor-hidden-desktop elementor-hidden-tablet elementor-hidden-mobile e-flex e-con e-child\" data-id=\"0802430\" data-element_type=\"container\" data-e-type=\"container\" data-settings=\"{&quot;_transform_scale_effect_hover&quot;:{&quot;unit&quot;:&quot;px&quot;,&quot;size&quot;:1.0500000000000000444089209850062616169452667236328125,&quot;sizes&quot;:[]},&quot;background_background&quot;:&quot;classic&quot;,&quot;_transform_scale_effect_hover_tablet&quot;:{&quot;unit&quot;:&quot;px&quot;,&quot;size&quot;:&quot;&quot;,&quot;sizes&quot;:[]},&quot;_transform_scale_effect_hover_mobile&quot;:{&quot;unit&quot;:&quot;px&quot;,&quot;size&quot;:&quot;&quot;,&quot;sizes&quot;:[]}}\" href=\"https:\/\/seidenstrasse-winterthur.ch\/?page_id=529\">\n\t\t<div class=\"elementor-element elementor-element-ec6e94a e-con-full e-flex e-con e-child\" data-id=\"ec6e94a\" data-element_type=\"container\" data-e-type=\"container\">\n\t\t\t\t<div class=\"elementor-element elementor-element-29eadb1 elementor-widget elementor-widget-image\" data-id=\"29eadb1\" data-element_type=\"widget\" data-e-type=\"widget\" data-widget_type=\"image.default\">\n\t\t\t\t\t\t\t\t\t\t\t\t\t\t\t<img fetchpriority=\"high\" decoding=\"async\" width=\"800\" height=\"572\" src=\"https:\/\/seidenstrasse-winterthur.ch\/wp-content\/uploads\/2026\/01\/PlaceholderFalt02-1024x732.png\" class=\"attachment-large size-large wp-image-2287\" alt=\"\" srcset=\"https:\/\/seidenstrasse-winterthur.ch\/wp-content\/uploads\/2026\/01\/PlaceholderFalt02-1024x732.png 1024w, https:\/\/seidenstrasse-winterthur.ch\/wp-content\/uploads\/2026\/01\/PlaceholderFalt02-300x215.png 300w, https:\/\/seidenstrasse-winterthur.ch\/wp-content\/uploads\/2026\/01\/PlaceholderFalt02-768x549.png 768w, https:\/\/seidenstrasse-winterthur.ch\/wp-content\/uploads\/2026\/01\/PlaceholderFalt02.png 1130w\" sizes=\"(max-width: 800px) 100vw, 800px\" \/>\t\t\t\t\t\t\t\t\t\t\t\t\t\t\t<\/div>\n\t\t\t\t<\/div>\n\t\t<div class=\"elementor-element elementor-element-4e862a6 e-con-full e-flex e-con e-child\" data-id=\"4e862a6\" data-element_type=\"container\" data-e-type=\"container\">\n\t\t\t\t<div class=\"elementor-element elementor-element-9dfdda6 elementor-widget elementor-widget-heading\" data-id=\"9dfdda6\" data-element_type=\"widget\" data-e-type=\"widget\" data-widget_type=\"heading.default\">\n\t\t\t\t\t<h2 class=\"elementor-heading-title elementor-size-default\">T\u00f6rggelen 2018<\/h2>\t\t\t\t<\/div>\n\t\t\t\t<div class=\"elementor-element elementor-element-603be95 elementor-widget elementor-widget-text-editor\" data-id=\"603be95\" data-element_type=\"widget\" data-e-type=\"widget\" data-widget_type=\"text-editor.default\">\n\t\t\t\t\t\t\t\t\t<div class=\"contentgroup__body \"><div class=\"contentgroup__body \">\u00a0<\/div><\/div>\t\t\t\t\t\t\t\t<\/div>\n\t\t\t\t<\/div>\n\t\t\t\t<\/a>\n\t\t<a class=\"elementor-element elementor-element-0570995 e-con-full e-transform elementor-hidden-desktop elementor-hidden-tablet elementor-hidden-mobile e-flex e-con e-child\" data-id=\"0570995\" data-element_type=\"container\" data-e-type=\"container\" data-settings=\"{&quot;_transform_scale_effect_hover&quot;:{&quot;unit&quot;:&quot;px&quot;,&quot;size&quot;:1.0500000000000000444089209850062616169452667236328125,&quot;sizes&quot;:[]},&quot;background_background&quot;:&quot;classic&quot;,&quot;_transform_scale_effect_hover_tablet&quot;:{&quot;unit&quot;:&quot;px&quot;,&quot;size&quot;:&quot;&quot;,&quot;sizes&quot;:[]},&quot;_transform_scale_effect_hover_mobile&quot;:{&quot;unit&quot;:&quot;px&quot;,&quot;size&quot;:&quot;&quot;,&quot;sizes&quot;:[]}}\" href=\"https:\/\/seidenstrasse-winterthur.ch\/?page_id=529\">\n\t\t<div class=\"elementor-element elementor-element-b73cd17 e-con-full e-flex e-con e-child\" data-id=\"b73cd17\" data-element_type=\"container\" data-e-type=\"container\">\n\t\t\t\t<div class=\"elementor-element elementor-element-f7f9e85 elementor-widget elementor-widget-image\" data-id=\"f7f9e85\" data-element_type=\"widget\" data-e-type=\"widget\" data-widget_type=\"image.default\">\n\t\t\t\t\t\t\t\t\t\t\t\t\t\t\t<img fetchpriority=\"high\" decoding=\"async\" width=\"800\" height=\"572\" src=\"https:\/\/seidenstrasse-winterthur.ch\/wp-content\/uploads\/2026\/01\/PlaceholderFalt02-1024x732.png\" class=\"attachment-large size-large wp-image-2287\" alt=\"\" srcset=\"https:\/\/seidenstrasse-winterthur.ch\/wp-content\/uploads\/2026\/01\/PlaceholderFalt02-1024x732.png 1024w, https:\/\/seidenstrasse-winterthur.ch\/wp-content\/uploads\/2026\/01\/PlaceholderFalt02-300x215.png 300w, https:\/\/seidenstrasse-winterthur.ch\/wp-content\/uploads\/2026\/01\/PlaceholderFalt02-768x549.png 768w, https:\/\/seidenstrasse-winterthur.ch\/wp-content\/uploads\/2026\/01\/PlaceholderFalt02.png 1130w\" sizes=\"(max-width: 800px) 100vw, 800px\" \/>\t\t\t\t\t\t\t\t\t\t\t\t\t\t\t<\/div>\n\t\t\t\t<\/div>\n\t\t<div class=\"elementor-element elementor-element-7978248 e-con-full e-flex e-con e-child\" data-id=\"7978248\" data-element_type=\"container\" data-e-type=\"container\">\n\t\t\t\t<div class=\"elementor-element elementor-element-53f320f elementor-widget elementor-widget-heading\" data-id=\"53f320f\" data-element_type=\"widget\" data-e-type=\"widget\" data-widget_type=\"heading.default\">\n\t\t\t\t\t<h2 class=\"elementor-heading-title elementor-size-default\">Sommerfest 2017<\/h2>\t\t\t\t<\/div>\n\t\t\t\t<div class=\"elementor-element elementor-element-1afc999 elementor-widget elementor-widget-text-editor\" data-id=\"1afc999\" data-element_type=\"widget\" data-e-type=\"widget\" data-widget_type=\"text-editor.default\">\n\t\t\t\t\t\t\t\t\t<div class=\"contentgroup__body \"><div class=\"contentgroup__body \"><div class=\"contentgroup__body \">\u00a0<\/div><\/div><\/div>\t\t\t\t\t\t\t\t<\/div>\n\t\t\t\t<\/div>\n\t\t\t\t<\/a>\n\t\t<a class=\"elementor-element elementor-element-e05d52b e-con-full e-transform elementor-hidden-desktop elementor-hidden-tablet elementor-hidden-mobile e-flex e-con e-child\" data-id=\"e05d52b\" data-element_type=\"container\" data-e-type=\"container\" data-settings=\"{&quot;_transform_scale_effect_hover&quot;:{&quot;unit&quot;:&quot;px&quot;,&quot;size&quot;:1.0500000000000000444089209850062616169452667236328125,&quot;sizes&quot;:[]},&quot;background_background&quot;:&quot;classic&quot;,&quot;_transform_scale_effect_hover_tablet&quot;:{&quot;unit&quot;:&quot;px&quot;,&quot;size&quot;:&quot;&quot;,&quot;sizes&quot;:[]},&quot;_transform_scale_effect_hover_mobile&quot;:{&quot;unit&quot;:&quot;px&quot;,&quot;size&quot;:&quot;&quot;,&quot;sizes&quot;:[]}}\" href=\"https:\/\/seidenstrasse-winterthur.ch\/?page_id=529\">\n\t\t<div class=\"elementor-element elementor-element-6b88863 e-con-full e-flex e-con e-child\" data-id=\"6b88863\" data-element_type=\"container\" data-e-type=\"container\">\n\t\t\t\t<div class=\"elementor-element elementor-element-e8ebff2 elementor-widget elementor-widget-image\" data-id=\"e8ebff2\" data-element_type=\"widget\" data-e-type=\"widget\" data-widget_type=\"image.default\">\n\t\t\t\t\t\t\t\t\t\t\t\t\t\t\t<img fetchpriority=\"high\" decoding=\"async\" width=\"800\" height=\"572\" src=\"https:\/\/seidenstrasse-winterthur.ch\/wp-content\/uploads\/2026\/01\/PlaceholderFalt02-1024x732.png\" class=\"attachment-large size-large wp-image-2287\" alt=\"\" srcset=\"https:\/\/seidenstrasse-winterthur.ch\/wp-content\/uploads\/2026\/01\/PlaceholderFalt02-1024x732.png 1024w, https:\/\/seidenstrasse-winterthur.ch\/wp-content\/uploads\/2026\/01\/PlaceholderFalt02-300x215.png 300w, https:\/\/seidenstrasse-winterthur.ch\/wp-content\/uploads\/2026\/01\/PlaceholderFalt02-768x549.png 768w, https:\/\/seidenstrasse-winterthur.ch\/wp-content\/uploads\/2026\/01\/PlaceholderFalt02.png 1130w\" sizes=\"(max-width: 800px) 100vw, 800px\" \/>\t\t\t\t\t\t\t\t\t\t\t\t\t\t\t<\/div>\n\t\t\t\t<\/div>\n\t\t<div class=\"elementor-element elementor-element-1e49c61 e-con-full e-flex e-con e-child\" data-id=\"1e49c61\" data-element_type=\"container\" data-e-type=\"container\">\n\t\t\t\t<div class=\"elementor-element elementor-element-ddc866d elementor-widget elementor-widget-heading\" data-id=\"ddc866d\" data-element_type=\"widget\" data-e-type=\"widget\" data-widget_type=\"heading.default\">\n\t\t\t\t\t<h2 class=\"elementor-heading-title elementor-size-default\">Rabeliechtli-Umzug 2012<\/h2>\t\t\t\t<\/div>\n\t\t\t\t<div class=\"elementor-element elementor-element-7980206 elementor-widget elementor-widget-text-editor\" data-id=\"7980206\" data-element_type=\"widget\" data-e-type=\"widget\" data-widget_type=\"text-editor.default\">\n\t\t\t\t\t\t\t\t\t<div class=\"contentgroup__body \"><div class=\"contentgroup__body \"><div class=\"contentgroup__body \">\u00a0<\/div><\/div><\/div>\t\t\t\t\t\t\t\t<\/div>\n\t\t\t\t<\/div>\n\t\t\t\t<\/a>\n\t\t<a class=\"elementor-element elementor-element-651e0bb e-con-full e-transform elementor-hidden-desktop elementor-hidden-tablet elementor-hidden-mobile e-flex e-con e-child\" data-id=\"651e0bb\" data-element_type=\"container\" data-e-type=\"container\" data-settings=\"{&quot;_transform_scale_effect_hover&quot;:{&quot;unit&quot;:&quot;px&quot;,&quot;size&quot;:1.0500000000000000444089209850062616169452667236328125,&quot;sizes&quot;:[]},&quot;background_background&quot;:&quot;classic&quot;,&quot;_transform_scale_effect_hover_tablet&quot;:{&quot;unit&quot;:&quot;px&quot;,&quot;size&quot;:&quot;&quot;,&quot;sizes&quot;:[]},&quot;_transform_scale_effect_hover_mobile&quot;:{&quot;unit&quot;:&quot;px&quot;,&quot;size&quot;:&quot;&quot;,&quot;sizes&quot;:[]}}\" href=\"https:\/\/seidenstrasse-winterthur.ch\/?page_id=529\">\n\t\t<div class=\"elementor-element elementor-element-8f0a93f e-con-full e-flex e-con e-child\" data-id=\"8f0a93f\" data-element_type=\"container\" data-e-type=\"container\">\n\t\t\t\t<div class=\"elementor-element elementor-element-49d0f10 elementor-widget elementor-widget-image\" data-id=\"49d0f10\" data-element_type=\"widget\" data-e-type=\"widget\" data-widget_type=\"image.default\">\n\t\t\t\t\t\t\t\t\t\t\t\t\t\t\t<img fetchpriority=\"high\" decoding=\"async\" width=\"800\" height=\"572\" src=\"https:\/\/seidenstrasse-winterthur.ch\/wp-content\/uploads\/2026\/01\/PlaceholderFalt02-1024x732.png\" class=\"attachment-large size-large wp-image-2287\" alt=\"\" srcset=\"https:\/\/seidenstrasse-winterthur.ch\/wp-content\/uploads\/2026\/01\/PlaceholderFalt02-1024x732.png 1024w, https:\/\/seidenstrasse-winterthur.ch\/wp-content\/uploads\/2026\/01\/PlaceholderFalt02-300x215.png 300w, https:\/\/seidenstrasse-winterthur.ch\/wp-content\/uploads\/2026\/01\/PlaceholderFalt02-768x549.png 768w, https:\/\/seidenstrasse-winterthur.ch\/wp-content\/uploads\/2026\/01\/PlaceholderFalt02.png 1130w\" sizes=\"(max-width: 800px) 100vw, 800px\" \/>\t\t\t\t\t\t\t\t\t\t\t\t\t\t\t<\/div>\n\t\t\t\t<\/div>\n\t\t<div class=\"elementor-element elementor-element-efe9850 e-con-full e-flex e-con e-child\" data-id=\"efe9850\" data-element_type=\"container\" data-e-type=\"container\">\n\t\t\t\t<div class=\"elementor-element elementor-element-213feba elementor-widget elementor-widget-heading\" data-id=\"213feba\" data-element_type=\"widget\" data-e-type=\"widget\" data-widget_type=\"heading.default\">\n\t\t\t\t\t<h2 class=\"elementor-heading-title elementor-size-default\">Sommerfest 2009<\/h2>\t\t\t\t<\/div>\n\t\t\t\t<div class=\"elementor-element elementor-element-a8d5c72 elementor-widget elementor-widget-text-editor\" data-id=\"a8d5c72\" data-element_type=\"widget\" data-e-type=\"widget\" data-widget_type=\"text-editor.default\">\n\t\t\t\t\t\t\t\t\t<div class=\"contentgroup__body \"><div class=\"contentgroup__body \"><div class=\"contentgroup__body \">Nachdem im Fr\u00fchling 2009 die Seidenstrasse nach einer umfassenden Sanierung von Werkleitungen neu eingedeckt und geteert wurde, feierten die Anwohner die neue Seidenstrasse mit dem ersten Quartierfest. Es war gleichzeitig der Gr\u00fcndungszeitpunkt des Quartier-Vereins Seidenstrasse.<\/div><\/div><\/div>\t\t\t\t\t\t\t\t<\/div>\n\t\t\t\t<\/div>\n\t\t\t\t<\/a>\n\t\t\t\t\t<\/div>\n\t\t\t\t<\/div>\n\t\t<div class=\"elementor-element elementor-element-0ebd5f0 e-flex e-con-boxed e-con e-parent\" data-id=\"0ebd5f0\" data-element_type=\"container\" data-e-type=\"container\" data-settings=\"{&quot;background_background&quot;:&quot;classic&quot;}\">\n\t\t\t\t\t<div class=\"e-con-inner\">\n\t\t<div class=\"elementor-element elementor-element-875d5a7 e-con-full e-flex e-con e-child\" data-id=\"875d5a7\" data-element_type=\"container\" data-e-type=\"container\">\n\t\t\t\t<div class=\"elementor-element elementor-element-82b21e6 elementor-widget elementor-widget-heading\" data-id=\"82b21e6\" data-element_type=\"widget\" data-e-type=\"widget\" data-widget_type=\"heading.default\">\n\t\t\t\t\t<h2 class=\"elementor-heading-title elementor-size-default\">Lust bei den Aktivit\u00e4ten dabei zu sein?<\/h2>\t\t\t\t<\/div>\n\t\t\t\t<\/div>\n\t\t<div class=\"elementor-element elementor-element-cf4aae0 e-con-full e-flex e-con e-child\" data-id=\"cf4aae0\" data-element_type=\"container\" data-e-type=\"container\">\n\t\t<div class=\"elementor-element elementor-element-24a6d9b e-con-full e-flex e-con e-child\" data-id=\"24a6d9b\" data-element_type=\"container\" data-e-type=\"container\">\n\t\t\t\t<div class=\"elementor-element elementor-element-0ff02be elementor-widget elementor-widget-text-editor\" data-id=\"0ff02be\" data-element_type=\"widget\" data-e-type=\"widget\" data-widget_type=\"text-editor.default\">\n\t\t\t\t\t\t\t\t\t<p>Werde Mitglied<\/p>\t\t\t\t\t\t\t\t<\/div>\n\t\t\t\t<div class=\"elementor-element elementor-element-dbeafb2 elementor-widget elementor-widget-text-editor\" data-id=\"dbeafb2\" data-element_type=\"widget\" data-e-type=\"widget\" data-widget_type=\"text-editor.default\">\n\t\t\t\t\t\t\t\t\t<p><span style=\"white-space: pre-wrap;\">Weil Nachbarschaft mehr ist als nur nebeneinander wohnen.<\/span><\/p>\t\t\t\t\t\t\t\t<\/div>\n\t\t\t\t<div class=\"elementor-element elementor-element-f3054d3 elementor-widget elementor-widget-button\" data-id=\"f3054d3\" data-element_type=\"widget\" data-e-type=\"widget\" data-widget_type=\"button.default\">\n\t\t\t\t\t\t\t\t\t\t<a class=\"elementor-button elementor-button-link elementor-size-sm\" href=\"https:\/\/seidenstrasse-winterthur.ch\/?page_id=489\">\n\t\t\t\t\t\t<span class=\"elementor-button-content-wrapper\">\n\t\t\t\t\t\t\t\t\t<span class=\"elementor-button-text\">Hier anmelden<\/span>\n\t\t\t\t\t<\/span>\n\t\t\t\t\t<\/a>\n\t\t\t\t\t\t\t\t<\/div>\n\t\t\t\t<\/div>\n\t\t<div class=\"elementor-element elementor-element-088baa6 e-con-full e-flex e-con e-child\" data-id=\"088baa6\" data-element_type=\"container\" data-e-type=\"container\">\n\t\t\t\t<div class=\"elementor-element elementor-element-898794e elementor-widget elementor-widget-heading\" data-id=\"898794e\" data-element_type=\"widget\" data-e-type=\"widget\" data-widget_type=\"heading.default\">\n\t\t\t\t\t<h2 class=\"elementor-heading-title elementor-size-default\">Wir freuen uns auf dich!<\/h2>\t\t\t\t<\/div>\n\t\t\t\t<\/div>\n\t\t\t\t<\/div>\n\t\t\t\t\t<\/div>\n\t\t\t\t<\/div>\n\t\t\t\t<\/div>\n\t\t","protected":false},"excerpt":{"rendered":"<p>Gemeinsam erlebt, f\u00fcr immer festgehalten. xxxxxx xxxxxxxxx Sommerfest 2026 Es war ein tolles Fest. Das Wetter zeigte sich erneut von seiner besten Seite, und die letzten G\u00e4ste gingen erst um 23 Uhr nach Hause. Das Salatbuffet wurde von verschiedenen Mitgliedern mitgebracht, ebenso das wie immer fantastische Dessertbuffet mit verschiedenen Cremen sowie exzellenten Kuchen und Leckereien. [&hellip;]<\/p>\n","protected":false},"author":2,"featured_media":0,"parent":0,"menu_order":0,"comment_status":"closed","ping_status":"closed","template":"","meta":{"inline_featured_image":false,"footnotes":""},"class_list":["post-529","page","type-page","status-publish","hentry"],"aioseo_notices":[],"aioseo_head":"\n\t\t<!-- All in One SEO 5.0.0.1 - aioseo.com -->\n\t<meta name=\"description\" content=\"Gemeinsam erlebt, f\u00fcr immer festgehalten. xxxxxx xxxxxxxxx Sommerfest 2026 Es war ein tolles Fest. Das Wetter zeigte sich erneut von seiner besten Seite, und die letzten G\u00e4ste gingen erst um 23 Uhr nach Hause. Das Salatbuffet wurde von verschiedenen Mitgliedern mitgebracht, ebenso das wie immer fantastische Dessertbuffet mit verschiedenen Cremen sowie exzellenten Kuchen und Leckereien.Ein\" \/>\n\t<meta name=\"robots\" content=\"max-image-preview:large\" \/>\n\t<link rel=\"canonical\" href=\"https:\/\/seidenstrasse-winterthur.ch\/?page_id=529\" \/>\n\t<meta name=\"generator\" content=\"All in One SEO (AIOSEO) 5.0.0.1\" \/>\n\t\t<meta property=\"og:locale\" content=\"de_DE\" \/>\n\t\t<meta property=\"og:site_name\" content=\"Seidenstrasse Quartierverein -\" \/>\n\t\t<meta property=\"og:type\" content=\"article\" \/>\n\t\t<meta property=\"og:title\" content=\"Galerie - Seidenstrasse Quartierverein\" \/>\n\t\t<meta property=\"og:description\" content=\"Gemeinsam erlebt, f\u00fcr immer festgehalten. xxxxxx xxxxxxxxx Sommerfest 2026 Es war ein tolles Fest. Das Wetter zeigte sich erneut von seiner besten Seite, und die letzten G\u00e4ste gingen erst um 23 Uhr nach Hause. Das Salatbuffet wurde von verschiedenen Mitgliedern mitgebracht, ebenso das wie immer fantastische Dessertbuffet mit verschiedenen Cremen sowie exzellenten Kuchen und Leckereien.Ein\" \/>\n\t\t<meta property=\"og:url\" content=\"https:\/\/seidenstrasse-winterthur.ch\/?page_id=529\" \/>\n\t\t<meta property=\"og:image\" content=\"https:\/\/seidenstrasse-winterthur.ch\/wp-content\/uploads\/2025\/07\/Seidenstrasse-Logo-MintGruen-01.svg\" \/>\n\t\t<meta property=\"og:image:secure_url\" content=\"https:\/\/seidenstrasse-winterthur.ch\/wp-content\/uploads\/2025\/07\/Seidenstrasse-Logo-MintGruen-01.svg\" \/>\n\t\t<meta property=\"article:published_time\" content=\"2025-07-15T09:38:36+00:00\" \/>\n\t\t<meta property=\"article:modified_time\" content=\"2026-08-23T19:21:57+00:00\" \/>\n\t\t<meta name=\"twitter:card\" content=\"summary_large_image\" \/>\n\t\t<meta name=\"twitter:title\" content=\"Galerie - Seidenstrasse Quartierverein\" \/>\n\t\t<meta name=\"twitter:description\" content=\"Gemeinsam erlebt, f\u00fcr immer festgehalten. xxxxxx xxxxxxxxx Sommerfest 2026 Es war ein tolles Fest. Das Wetter zeigte sich erneut von seiner besten Seite, und die letzten G\u00e4ste gingen erst um 23 Uhr nach Hause. Das Salatbuffet wurde von verschiedenen Mitgliedern mitgebracht, ebenso das wie immer fantastische Dessertbuffet mit verschiedenen Cremen sowie exzellenten Kuchen und Leckereien.Ein\" \/>\n\t\t<meta name=\"twitter:image\" content=\"https:\/\/seidenstrasse-winterthur.ch\/wp-content\/uploads\/2025\/07\/Seidenstrasse-Logo-MintGruen-01.svg\" \/>\n\t\t<script type=\"application\/ld+json\" class=\"aioseo-schema\">\n\t\t\t{\"@context\":\"https:\\\/\\\/schema.org\",\"@graph\":[{\"@type\":\"BreadcrumbList\",\"@id\":\"https:\\\/\\\/seidenstrasse-winterthur.ch\\\/?page_id=529#breadcrumblist\",\"itemListElement\":[{\"@type\":\"ListItem\",\"@id\":\"https:\\\/\\\/seidenstrasse-winterthur.ch#listItem\",\"position\":1,\"name\":\"Home\",\"item\":\"https:\\\/\\\/seidenstrasse-winterthur.ch\",\"nextItem\":{\"@type\":\"ListItem\",\"@id\":\"https:\\\/\\\/seidenstrasse-winterthur.ch\\\/?page_id=529#listItem\",\"name\":\"Galerie\"}},{\"@type\":\"ListItem\",\"@id\":\"https:\\\/\\\/seidenstrasse-winterthur.ch\\\/?page_id=529#listItem\",\"position\":2,\"name\":\"Galerie\",\"previousItem\":{\"@type\":\"ListItem\",\"@id\":\"https:\\\/\\\/seidenstrasse-winterthur.ch#listItem\",\"name\":\"Home\"}}]},{\"@type\":\"Organization\",\"@id\":\"https:\\\/\\\/seidenstrasse-winterthur.ch\\\/#organization\",\"name\":\"Seidenstrasse Quartierverein\",\"url\":\"https:\\\/\\\/seidenstrasse-winterthur.ch\\\/\",\"logo\":{\"@type\":\"ImageObject\",\"url\":\"https:\\\/\\\/seidenstrasse-winterthur.ch\\\/wp-content\\\/uploads\\\/2026\\\/03\\\/Seidenstrasse-Logo-01.svg\",\"@id\":\"https:\\\/\\\/seidenstrasse-winterthur.ch\\\/?page_id=529\\\/#organizationLogo\",\"width\":499,\"height\":201},\"image\":{\"@id\":\"https:\\\/\\\/seidenstrasse-winterthur.ch\\\/?page_id=529\\\/#organizationLogo\"}},{\"@type\":\"WebPage\",\"@id\":\"https:\\\/\\\/seidenstrasse-winterthur.ch\\\/?page_id=529#webpage\",\"url\":\"https:\\\/\\\/seidenstrasse-winterthur.ch\\\/?page_id=529\",\"name\":\"Galerie - Seidenstrasse Quartierverein\",\"description\":\"Gemeinsam erlebt, f\\u00fcr immer festgehalten. xxxxxx xxxxxxxxx Sommerfest 2026 Es war ein tolles Fest. Das Wetter zeigte sich erneut von seiner besten Seite, und die letzten G\\u00e4ste gingen erst um 23 Uhr nach Hause. Das Salatbuffet wurde von verschiedenen Mitgliedern mitgebracht, ebenso das wie immer fantastische Dessertbuffet mit verschiedenen Cremen sowie exzellenten Kuchen und Leckereien.Ein\",\"inLanguage\":\"de-DE\",\"isPartOf\":{\"@id\":\"https:\\\/\\\/seidenstrasse-winterthur.ch\\\/#website\"},\"breadcrumb\":{\"@id\":\"https:\\\/\\\/seidenstrasse-winterthur.ch\\\/?page_id=529#breadcrumblist\"},\"datePublished\":\"2025-07-15T11:38:36+02:00\",\"dateModified\":\"2026-08-23T21:21:57+02:00\"},{\"@type\":\"WebSite\",\"@id\":\"https:\\\/\\\/seidenstrasse-winterthur.ch\\\/#website\",\"url\":\"https:\\\/\\\/seidenstrasse-winterthur.ch\\\/\",\"name\":\"Seidenstrasse Quartierverein\",\"inLanguage\":\"de-DE\",\"publisher\":{\"@id\":\"https:\\\/\\\/seidenstrasse-winterthur.ch\\\/#organization\"}}]}\n\t\t<\/script>\n\t\t<!-- All in One SEO -->\n\n","aioseo_head_json":{"title":"Galerie - Seidenstrasse Quartierverein","description":"Gemeinsam erlebt, f\u00fcr immer festgehalten. xxxxxx xxxxxxxxx Sommerfest 2026 Es war ein tolles Fest. Das Wetter zeigte sich erneut von seiner besten Seite, und die letzten G\u00e4ste gingen erst um 23 Uhr nach Hause. Das Salatbuffet wurde von verschiedenen Mitgliedern mitgebracht, ebenso das wie immer fantastische Dessertbuffet mit verschiedenen Cremen sowie exzellenten Kuchen und Leckereien.Ein","canonical_url":"https:\/\/seidenstrasse-winterthur.ch\/?page_id=529","robots":"max-image-preview:large","keywords":"","webmasterTools":{"miscellaneous":""},"schema":{"@context":"https:\/\/schema.org","@graph":[{"@type":"BreadcrumbList","@id":"https:\/\/seidenstrasse-winterthur.ch\/?page_id=529#breadcrumblist","itemListElement":[{"@type":"ListItem","@id":"https:\/\/seidenstrasse-winterthur.ch#listItem","position":1,"name":"Home","item":"https:\/\/seidenstrasse-winterthur.ch","nextItem":{"@type":"ListItem","@id":"https:\/\/seidenstrasse-winterthur.ch\/?page_id=529#listItem","name":"Galerie"}},{"@type":"ListItem","@id":"https:\/\/seidenstrasse-winterthur.ch\/?page_id=529#listItem","position":2,"name":"Galerie","previousItem":{"@type":"ListItem","@id":"https:\/\/seidenstrasse-winterthur.ch#listItem","name":"Home"}}]},{"@type":"Organization","@id":"https:\/\/seidenstrasse-winterthur.ch\/#organization","name":"Seidenstrasse Quartierverein","url":"https:\/\/seidenstrasse-winterthur.ch\/","logo":{"@type":"ImageObject","url":"https:\/\/seidenstrasse-winterthur.ch\/wp-content\/uploads\/2026\/03\/Seidenstrasse-Logo-01.svg","@id":"https:\/\/seidenstrasse-winterthur.ch\/?page_id=529\/#organizationLogo","width":499,"height":201},"image":{"@id":"https:\/\/seidenstrasse-winterthur.ch\/?page_id=529\/#organizationLogo"}},{"@type":"WebPage","@id":"https:\/\/seidenstrasse-winterthur.ch\/?page_id=529#webpage","url":"https:\/\/seidenstrasse-winterthur.ch\/?page_id=529","name":"Galerie - Seidenstrasse Quartierverein","description":"Gemeinsam erlebt, f\u00fcr immer festgehalten. xxxxxx xxxxxxxxx Sommerfest 2026 Es war ein tolles Fest. Das Wetter zeigte sich erneut von seiner besten Seite, und die letzten G\u00e4ste gingen erst um 23 Uhr nach Hause. Das Salatbuffet wurde von verschiedenen Mitgliedern mitgebracht, ebenso das wie immer fantastische Dessertbuffet mit verschiedenen Cremen sowie exzellenten Kuchen und Leckereien.Ein","inLanguage":"de-DE","isPartOf":{"@id":"https:\/\/seidenstrasse-winterthur.ch\/#website"},"breadcrumb":{"@id":"https:\/\/seidenstrasse-winterthur.ch\/?page_id=529#breadcrumblist"},"datePublished":"2025-07-15T11:38:36+02:00","dateModified":"2026-08-23T21:21:57+02:00"},{"@type":"WebSite","@id":"https:\/\/seidenstrasse-winterthur.ch\/#website","url":"https:\/\/seidenstrasse-winterthur.ch\/","name":"Seidenstrasse Quartierverein","inLanguage":"de-DE","publisher":{"@id":"https:\/\/seidenstrasse-winterthur.ch\/#organization"}}]},"og:locale":"de_DE","og:site_name":"Seidenstrasse Quartierverein -","og:type":"article","og:title":"Galerie - Seidenstrasse Quartierverein","og:description":"Gemeinsam erlebt, f\u00fcr immer festgehalten. xxxxxx xxxxxxxxx Sommerfest 2026 Es war ein tolles Fest. Das Wetter zeigte sich erneut von seiner besten Seite, und die letzten G\u00e4ste gingen erst um 23 Uhr nach Hause. Das Salatbuffet wurde von verschiedenen Mitgliedern mitgebracht, ebenso das wie immer fantastische Dessertbuffet mit verschiedenen Cremen sowie exzellenten Kuchen und Leckereien.Ein","og:url":"https:\/\/seidenstrasse-winterthur.ch\/?page_id=529","og:image":"https:\/\/seidenstrasse-winterthur.ch\/wp-content\/uploads\/2025\/07\/Seidenstrasse-Logo-MintGruen-01.svg","og:image:secure_url":"https:\/\/seidenstrasse-winterthur.ch\/wp-content\/uploads\/2025\/07\/Seidenstrasse-Logo-MintGruen-01.svg","article:published_time":"2025-07-15T09:38:36+00:00","article:modified_time":"2026-08-23T19:21:57+00:00","twitter:card":"summary_large_image","twitter:title":"Galerie - Seidenstrasse Quartierverein","twitter:description":"Gemeinsam erlebt, f\u00fcr immer festgehalten. xxxxxx xxxxxxxxx Sommerfest 2026 Es war ein tolles Fest. Das Wetter zeigte sich erneut von seiner besten Seite, und die letzten G\u00e4ste gingen erst um 23 Uhr nach Hause. Das Salatbuffet wurde von verschiedenen Mitgliedern mitgebracht, ebenso das wie immer fantastische Dessertbuffet mit verschiedenen Cremen sowie exzellenten Kuchen und Leckereien.Ein","twitter:image":"https:\/\/seidenstrasse-winterthur.ch\/wp-content\/uploads\/2025\/07\/Seidenstrasse-Logo-MintGruen-01.svg"},"aioseo_meta_data":{"post_id":"529","title":null,"description":null,"keywords":null,"keyphrases":{"focus":[],"additional":[]},"primary_term":null,"canonical_url":null,"og_title":null,"og_description":null,"og_object_type":"default","og_image_type":"default","og_image_url":null,"og_image_width":null,"og_image_height":null,"og_image_custom_url":null,"og_image_custom_fields":null,"og_video":null,"og_custom_url":null,"og_article_section":null,"og_article_tags":null,"twitter_use_og":false,"twitter_card":"default","twitter_image_type":"default","twitter_image_url":null,"twitter_image_custom_url":null,"twitter_image_custom_fields":null,"twitter_title":null,"twitter_description":null,"schema":{"blockGraphs":[],"customGraphs":[],"default":{"data":{"Article":[],"Course":[],"Dataset":[],"FAQPage":[],"Movie":[],"Person":[],"Product":[],"ProductReview":[],"Car":[],"Recipe":[],"Service":[],"SoftwareApplication":[],"WebPage":[]},"graphName":"","isEnabled":true},"graphs":[]},"schema_type":"default","schema_type_options":null,"pillar_content":false,"robots_default":true,"robots_noindex":false,"robots_noarchive":false,"robots_nosnippet":false,"robots_nofollow":false,"robots_noimageindex":false,"robots_noodp":false,"robots_notranslate":false,"robots_max_snippet":null,"robots_max_videopreview":null,"robots_max_imagepreview":"large","priority":null,"frequency":null,"local_seo":null,"breadcrumb_settings":null,"limit_modified_date":false,"ai":null,"created":"2026-03-05 17:05:01","updated":"2026-08-23 20:33:36","seo_analyzer_scan_date":null,"focus_keyword":null,"additional_keywords":null,"truseo_locale":null},"aioseo_breadcrumb":"<div class=\"aioseo-breadcrumbs\"><span class=\"aioseo-breadcrumb\">\n\t\t\t<a href=\"https:\/\/seidenstrasse-winterthur.ch\" title=\"Home\">Home<\/a>\n\t\t<\/span><span class=\"aioseo-breadcrumb-separator\">&raquo;<\/span><span class=\"aioseo-breadcrumb\">\n\t\t\tGalerie\n\t\t<\/span><\/div>","aioseo_breadcrumb_json":[{"label":"Home","link":"https:\/\/seidenstrasse-winterthur.ch"},{"label":"Galerie","link":"https:\/\/seidenstrasse-winterthur.ch\/?page_id=529"}],"_links":{"self":[{"href":"https:\/\/seidenstrasse-winterthur.ch\/index.php?rest_route=\/wp\/v2\/pages\/529","targetHints":{"allow":["GET"]}}],"collection":[{"href":"https:\/\/seidenstrasse-winterthur.ch\/index.php?rest_route=\/wp\/v2\/pages"}],"about":[{"href":"https:\/\/seidenstrasse-winterthur.ch\/index.php?rest_route=\/wp\/v2\/types\/page"}],"author":[{"embeddable":true,"href":"https:\/\/seidenstrasse-winterthur.ch\/index.php?rest_route=\/wp\/v2\/users\/2"}],"replies":[{"embeddable":true,"href":"https:\/\/seidenstrasse-winterthur.ch\/index.php?rest_route=%2Fwp%2Fv2%2Fcomments&post=529"}],"version-history":[{"count":460,"href":"https:\/\/seidenstrasse-winterthur.ch\/index.php?rest_route=\/wp\/v2\/pages\/529\/revisions"}],"predecessor-version":[{"id":3813,"href":"https:\/\/seidenstrasse-winterthur.ch\/index.php?rest_route=\/wp\/v2\/pages\/529\/revisions\/3813"}],"wp:attachment":[{"href":"https:\/\/seidenstrasse-winterthur.ch\/index.php?rest_route=%2Fwp%2Fv2%2Fmedia&parent=529"}],"curies":[{"name":"wp","href":"https:\/\/api.w.org\/{rel}","templated":true}]}}