{"id":489,"date":"2025-07-15T10:17:08","date_gmt":"2025-07-15T08:17:08","guid":{"rendered":"https:\/\/dev2025.seidenstrasse-winterthur.ch\/?page_id=489"},"modified":"2026-06-16T21:53:57","modified_gmt":"2026-06-16T19:53:57","slug":"mitglied-werden","status":"publish","type":"page","link":"https:\/\/seidenstrasse-winterthur.ch\/?page_id=489","title":{"rendered":"Mitglied werden"},"content":{"rendered":"\t\t<div data-elementor-type=\"wp-page\" data-elementor-id=\"489\" class=\"elementor elementor-489\" data-elementor-post-type=\"page\">\n\t\t\t\t<div class=\"elementor-element elementor-element-399ea0ea e-flex e-con-boxed e-con e-parent\" data-id=\"399ea0ea\" data-element_type=\"container\" data-e-type=\"container\" data-settings=\"{&quot;background_background&quot;:&quot;classic&quot;}\">\n\t\t\t\t\t<div class=\"e-con-inner\">\n\t\t<div class=\"elementor-element elementor-element-4a010262 e-con-full e-flex e-con e-child\" data-id=\"4a010262\" data-element_type=\"container\" data-e-type=\"container\">\n\t\t\t\t<\/div>\n\t\t\t\t\t<\/div>\n\t\t\t\t<\/div>\n\t\t<div class=\"elementor-element elementor-element-7671df1c e-flex e-con-boxed e-con e-parent\" data-id=\"7671df1c\" data-element_type=\"container\" data-e-type=\"container\" data-settings=\"{&quot;background_background&quot;:&quot;classic&quot;,&quot;shape_divider_bottom&quot;:&quot;curve&quot;}\">\n\t\t\t\t\t<div class=\"e-con-inner\">\n\t\t\t\t<div class=\"elementor-shape elementor-shape-bottom\" aria-hidden=\"true\" data-negative=\"false\">\n\t\t\t<svg xmlns=\"http:\/\/www.w3.org\/2000\/svg\" viewBox=\"0 0 1000 100\" preserveAspectRatio=\"none\">\n    <path class=\"elementor-shape-fill\" d=\"M1000,4.3V0H0v4.3C0.9,23.1,126.7,99.2,500,100S1000,22.7,1000,4.3z\"\/>\n<\/svg>\t\t<\/div>\n\t\t\t\t\t<\/div>\n\t\t\t\t<\/div>\n\t\t<div class=\"elementor-element elementor-element-3a761edf e-flex e-con-boxed e-con e-parent\" data-id=\"3a761edf\" data-element_type=\"container\" data-e-type=\"container\" data-settings=\"{&quot;background_background&quot;:&quot;classic&quot;}\">\n\t\t\t\t\t<div class=\"e-con-inner\">\n\t\t<div class=\"elementor-element elementor-element-17bc8f00 e-con-full e-flex e-con e-child\" data-id=\"17bc8f00\" data-element_type=\"container\" data-e-type=\"container\" data-settings=\"{&quot;background_background&quot;:&quot;classic&quot;}\">\n\t\t\t\t<div class=\"elementor-element elementor-element-634ec213 elementor-widget elementor-widget-heading\" data-id=\"634ec213\" data-element_type=\"widget\" data-e-type=\"widget\" data-widget_type=\"heading.default\">\n\t\t\t\t\t<h2 class=\"elementor-heading-title elementor-size-default\">Werde Mitglied \u2014 weil\u2019s gemeinsam einfach sch\u00f6ner ist!<\/h2>\t\t\t\t<\/div>\n\t\t\t\t<\/div>\n\t\t\t\t\t<\/div>\n\t\t\t\t<\/div>\n\t\t<div class=\"elementor-element elementor-element-7985cb0 e-flex e-con-boxed e-con e-parent\" data-id=\"7985cb0\" data-element_type=\"container\" data-e-type=\"container\" data-settings=\"{&quot;background_background&quot;:&quot;classic&quot;}\">\n\t\t\t\t\t<div class=\"e-con-inner\">\n\t\t<div class=\"elementor-element elementor-element-8d3893c e-con-full elementor-hidden-mobile e-flex e-con e-child\" data-id=\"8d3893c\" data-element_type=\"container\" data-e-type=\"container\">\n\t\t\t\t<\/div>\n\t\t<div class=\"elementor-element elementor-element-4c5d003 e-con-full e-flex e-con e-child\" data-id=\"4c5d003\" data-element_type=\"container\" data-e-type=\"container\">\n\t\t\t\t<div class=\"elementor-element elementor-element-b7ba71c elementor-widget elementor-widget-text-editor\" data-id=\"b7ba71c\" data-element_type=\"widget\" data-e-type=\"widget\" data-widget_type=\"text-editor.default\">\n\t\t\t\t\t\t\t\t\t<p>Jede Bewohnerin und Bewohner des Quartiers Seidenstrasse ist herzlich als Mitglied willkommen.<\/p>\t\t\t\t\t\t\t\t<\/div>\n\t\t\t\t<\/div>\n\t\t<div class=\"elementor-element elementor-element-3c6fac1 e-con-full e-flex e-con e-child\" data-id=\"3c6fac1\" data-element_type=\"container\" data-e-type=\"container\">\n\t\t\t\t<div class=\"elementor-element elementor-element-aab7847 elementor-widget elementor-widget-text-editor\" data-id=\"aab7847\" data-element_type=\"widget\" data-e-type=\"widget\" data-widget_type=\"text-editor.default\">\n\t\t\t\t\t\t\t\t\t<p>Innerhalb der Strassen:<\/p><ul><li><strong>General-Guisan-Strasse<\/strong><\/li><li><strong>St. Galler-Strasse<\/strong><\/li><li><strong>R\u00f6mer-Strasse<\/strong><\/li><li><strong>Geiselweid-Strasse<\/strong><\/li><\/ul>\t\t\t\t\t\t\t\t<\/div>\n\t\t\t\t<\/div>\n\t\t\t\t\t<\/div>\n\t\t\t\t<\/div>\n\t\t<div class=\"elementor-element elementor-element-44294e42 e-flex e-con-boxed e-con e-parent\" data-id=\"44294e42\" data-element_type=\"container\" data-e-type=\"container\" data-settings=\"{&quot;background_background&quot;:&quot;classic&quot;}\">\n\t\t\t\t\t<div class=\"e-con-inner\">\n\t\t<div class=\"elementor-element elementor-element-295b3f86 e-con-full e-flex e-con e-child\" data-id=\"295b3f86\" data-element_type=\"container\" data-e-type=\"container\">\n\t\t\t\t<div class=\"elementor-element elementor-element-6d0428ae elementor-widget elementor-widget-heading\" data-id=\"6d0428ae\" data-element_type=\"widget\" data-e-type=\"widget\" data-widget_type=\"heading.default\">\n\t\t\t\t\t<h2 class=\"elementor-heading-title elementor-size-default\">Den Verein zus\u00e4tzlich unterst\u00fctzen?<\/h2>\t\t\t\t<\/div>\n\t\t\t\t<\/div>\n\t\t<div class=\"elementor-element elementor-element-51d8835b e-con-full e-flex e-con e-child\" data-id=\"51d8835b\" data-element_type=\"container\" data-e-type=\"container\">\n\t\t<div class=\"elementor-element elementor-element-a262644 e-con-full e-flex e-con e-child\" data-id=\"a262644\" data-element_type=\"container\" data-e-type=\"container\">\n\t\t\t\t<div class=\"elementor-element elementor-element-99546bd elementor-widget elementor-widget-text-editor\" data-id=\"99546bd\" data-element_type=\"widget\" data-e-type=\"widget\" data-widget_type=\"text-editor.default\">\n\t\t\t\t\t\t\t\t\t<p>Du wohnst nicht im Quartier, m\u00f6chtest aber trotzdem etwas beitragen? Oder du bist Mitglied und willst den Verein zus\u00e4tzlich unterst\u00fctzen?<\/p>\t\t\t\t\t\t\t\t<\/div>\n\t\t\t\t<div class=\"elementor-element elementor-element-55d8d40b elementor-widget elementor-widget-text-editor\" data-id=\"55d8d40b\" data-element_type=\"widget\" data-e-type=\"widget\" data-widget_type=\"text-editor.default\">\n\t\t\t\t\t\t\t\t\t<p>\u00dcber eine Spende freuen wir uns sehr.<\/p>\t\t\t\t\t\t\t\t<\/div>\n\t\t\t\t<\/div>\n\t\t<div class=\"elementor-element elementor-element-fa2de3b e-con-full e-flex e-con e-child\" data-id=\"fa2de3b\" data-element_type=\"container\" data-e-type=\"container\">\n\t\t\t\t<div class=\"elementor-element elementor-element-5008fa2 elementor-widget elementor-widget-text-editor\" data-id=\"5008fa2\" data-element_type=\"widget\" data-e-type=\"widget\" data-widget_type=\"text-editor.default\">\n\t\t\t\t\t\t\t\t\t<p>Unser Bankverbindungen:<\/p>\t\t\t\t\t\t\t\t<\/div>\n\t\t\t\t<div class=\"elementor-element elementor-element-2bb4394 elementor-widget elementor-widget-text-editor\" data-id=\"2bb4394\" data-element_type=\"widget\" data-e-type=\"widget\" data-widget_type=\"text-editor.default\">\n\t\t\t\t\t\t\t\t\t<p class=\"paragraph_style_1\">BAN CH52 0070 0110 0023 5532 0<br \/>Z\u00fcrcher Kantonalbank, Winterthur, Clearing-Nr 700, <br \/>Konto Nr. 1100-2355.320, PC 80-151-4<\/p><p class=\"paragraph_style_1\">Quartierverein Seidenstrasse, Seidenstrasse, 8400 Winterthur<\/p>\t\t\t\t\t\t\t\t<\/div>\n\t\t\t\t<\/div>\n\t\t\t\t<\/div>\n\t\t\t\t\t<\/div>\n\t\t\t\t<\/div>\n\t\t<div class=\"elementor-element elementor-element-76d3544 e-flex e-con-boxed e-con e-parent\" data-id=\"76d3544\" data-element_type=\"container\" data-e-type=\"container\" data-settings=\"{&quot;background_background&quot;:&quot;classic&quot;}\">\n\t\t\t\t\t<div class=\"e-con-inner\">\n\t\t<div class=\"elementor-element elementor-element-203d510 e-con-full e-flex e-con e-child\" data-id=\"203d510\" data-element_type=\"container\" data-e-type=\"container\" data-settings=\"{&quot;background_background&quot;:&quot;classic&quot;}\">\n\t\t<div class=\"elementor-element elementor-element-f4f1687 e-con-full e-flex e-con e-child\" data-id=\"f4f1687\" data-element_type=\"container\" data-e-type=\"container\">\n\t\t\t\t<div class=\"elementor-element elementor-element-9eb7642 elementor-widget__width-inherit elementor-invisible elementor-widget elementor-widget-html\" data-id=\"9eb7642\" data-element_type=\"widget\" data-e-type=\"widget\" data-settings=\"{&quot;_animation&quot;:&quot;fadeIn&quot;}\" data-widget_type=\"html.default\">\n\t\t\t\t\t<iframe\nsrc=\"https:\/\/qsw.webling.ch\/forms\/memberform\/40cc972f10ab4bb7155b\"\nframeborder=\"0\"\nstyle=\"overflow: hidden; min-height: 1300px; width: 100%\"\nheight=\"100%\"\nwidth=\"100%\"\n><\/iframe>\t\t\t\t<\/div>\n\t\t\t\t<div class=\"elementor-element elementor-element-6984b6f elementor-widget elementor-widget-spacer\" data-id=\"6984b6f\" data-element_type=\"widget\" data-e-type=\"widget\" data-widget_type=\"spacer.default\">\n\t\t\t\t\t\t\t<div class=\"elementor-spacer\">\n\t\t\t<div class=\"elementor-spacer-inner\"><\/div>\n\t\t<\/div>\n\t\t\t\t\t\t<\/div>\n\t\t\t\t<\/div>\n\t\t<div class=\"elementor-element elementor-element-4fbc263 e-con-full e-flex e-con e-child\" data-id=\"4fbc263\" data-element_type=\"container\" data-e-type=\"container\">\n\t\t\t\t<div class=\"elementor-element elementor-element-9ddf3f8 elementor-widget elementor-widget-heading\" data-id=\"9ddf3f8\" data-element_type=\"widget\" data-e-type=\"widget\" data-widget_type=\"heading.default\">\n\t\t\t\t\t<h2 class=\"elementor-heading-title elementor-size-default\">Zur Zeit gelten folgende Jahres-Beitr\u00e4ge:<\/h2>\t\t\t\t<\/div>\n\t\t\t\t<div class=\"elementor-element elementor-element-a38175a elementor-widget elementor-widget-text-editor\" data-id=\"a38175a\" data-element_type=\"widget\" data-e-type=\"widget\" data-widget_type=\"text-editor.default\">\n\t\t\t\t\t\t\t\t\t<p class=\"paragraph_style_1\">Einzelmitglied: CHF 30<\/p><p class=\"paragraph_style_1\">Familien \/ Ehepaare: CHF 50<\/p><p class=\"paragraph_style_1\">Kollektivmitglied: CHF 100<\/p>\t\t\t\t\t\t\t\t<\/div>\n\t\t\t\t<div class=\"elementor-element elementor-element-6652474 elementor-widget elementor-widget-image\" data-id=\"6652474\" data-element_type=\"widget\" data-e-type=\"widget\" data-settings=\"{&quot;motion_fx_motion_fx_scrolling&quot;:&quot;yes&quot;,&quot;motion_fx_translateY_effect&quot;:&quot;yes&quot;,&quot;motion_fx_translateY_speed&quot;:{&quot;unit&quot;:&quot;px&quot;,&quot;size&quot;:2.5,&quot;sizes&quot;:[]},&quot;motion_fx_translateY_affectedRange&quot;:{&quot;unit&quot;:&quot;%&quot;,&quot;size&quot;:&quot;&quot;,&quot;sizes&quot;:{&quot;start&quot;:0,&quot;end&quot;:98}},&quot;motion_fx_opacity_effect&quot;:&quot;yes&quot;,&quot;motion_fx_opacity_range&quot;:{&quot;unit&quot;:&quot;%&quot;,&quot;size&quot;:&quot;&quot;,&quot;sizes&quot;:{&quot;start&quot;:0,&quot;end&quot;:57}},&quot;motion_fx_opacity_direction&quot;:&quot;out-in&quot;,&quot;motion_fx_opacity_level&quot;:{&quot;unit&quot;:&quot;px&quot;,&quot;size&quot;:10,&quot;sizes&quot;:[]},&quot;motion_fx_devices&quot;:[&quot;desktop&quot;,&quot;tablet&quot;,&quot;mobile&quot;]}\" data-widget_type=\"image.default\">\n\t\t\t\t\t\t\t\t\t\t\t\t\t\t\t<img fetchpriority=\"high\" decoding=\"async\" width=\"800\" height=\"635\" src=\"https:\/\/seidenstrasse-winterthur.ch\/wp-content\/uploads\/2025\/07\/Strassen-Grafik-DunkelGruen.svg\" class=\"attachment-large size-large wp-image-154\" alt=\"\" \/>\t\t\t\t\t\t\t\t\t\t\t\t\t\t\t<\/div>\n\t\t\t\t<div class=\"elementor-element elementor-element-89aaf56 elementor-hidden-desktop elementor-hidden-tablet elementor-hidden-mobile elementor-widget elementor-widget-text-editor\" data-id=\"89aaf56\" data-element_type=\"widget\" data-e-type=\"widget\" data-widget_type=\"text-editor.default\">\n\t\t\t\t\t\t\t\t\t<p><strong><span class=\"js-text-content content-block\">Einzuzahlen an -&gt; jetzt noch einfacher dank QR-Code-Einzahlungsschein unten (ACHTUNG: eBanking-App verwenden, Twint funktioniert nicht)<\/span><\/strong><\/p><p class=\"paragraph_style_1\">BAN CH52 0070 0110 0023 5532 0<br \/>Z\u00fcrcher Kantonalbank, Winterthur, Clearing-Nr 700, <br \/>Konto Nr. 1100-2355.320, PC 80-151-4<\/p><p class=\"paragraph_style_1\">Quartierverein Seidenstrasse, Seidenstrasse, 8400 Winterthur.<\/p><p class=\"paragraph_style_1\">Vermerk: Mitgliederbeitrag 202x (Jahr)<\/p>\t\t\t\t\t\t\t\t<\/div>\n\t\t\t\t<div class=\"elementor-element elementor-element-41457b7 elementor-hidden-desktop elementor-hidden-tablet elementor-hidden-mobile elementor-widget elementor-widget-image\" data-id=\"41457b7\" data-element_type=\"widget\" data-e-type=\"widget\" data-widget_type=\"image.default\">\n\t\t\t\t\t\t\t\t\t\t\t\t\t\t\t<img decoding=\"async\" width=\"800\" height=\"584\" src=\"https:\/\/seidenstrasse-winterthur.ch\/wp-content\/uploads\/2025\/10\/a6a1acf5-a72c-4505-8704-ff966861f81a-1024x747.jpeg\" class=\"attachment-large size-large wp-image-1472\" alt=\"\" srcset=\"https:\/\/seidenstrasse-winterthur.ch\/wp-content\/uploads\/2025\/10\/a6a1acf5-a72c-4505-8704-ff966861f81a-1024x747.jpeg 1024w, https:\/\/seidenstrasse-winterthur.ch\/wp-content\/uploads\/2025\/10\/a6a1acf5-a72c-4505-8704-ff966861f81a-300x219.jpeg 300w, https:\/\/seidenstrasse-winterthur.ch\/wp-content\/uploads\/2025\/10\/a6a1acf5-a72c-4505-8704-ff966861f81a-768x560.jpeg 768w, https:\/\/seidenstrasse-winterthur.ch\/wp-content\/uploads\/2025\/10\/a6a1acf5-a72c-4505-8704-ff966861f81a-1536x1121.jpeg 1536w, https:\/\/seidenstrasse-winterthur.ch\/wp-content\/uploads\/2025\/10\/a6a1acf5-a72c-4505-8704-ff966861f81a.jpeg 1620w\" sizes=\"(max-width: 800px) 100vw, 800px\" \/>\t\t\t\t\t\t\t\t\t\t\t\t\t\t\t<\/div>\n\t\t\t\t<\/div>\n\t\t\t\t<\/div>\n\t\t\t\t\t<\/div>\n\t\t\t\t<\/div>\n\t\t<div class=\"elementor-element elementor-element-9bbaf42 e-flex e-con-boxed e-con e-parent\" data-id=\"9bbaf42\" data-element_type=\"container\" data-e-type=\"container\" data-settings=\"{&quot;background_background&quot;:&quot;classic&quot;}\">\n\t\t\t\t\t<div class=\"e-con-inner\">\n\t\t\t\t\t<\/div>\n\t\t\t\t<\/div>\n\t\t\t\t<\/div>\n\t\t","protected":false},"excerpt":{"rendered":"<p>Werde Mitglied \u2014 weil\u2019s gemeinsam einfach sch\u00f6ner ist! Jede Bewohnerin und Bewohner des Quartiers Seidenstrasse ist herzlich als Mitglied willkommen. Innerhalb der Strassen: General-Guisan-Strasse St. Galler-Strasse R\u00f6mer-Strasse Geiselweid-Strasse Den Verein zus\u00e4tzlich unterst\u00fctzen? Du wohnst nicht im Quartier, m\u00f6chtest aber trotzdem etwas beitragen? Oder du bist Mitglied und willst den Verein zus\u00e4tzlich unterst\u00fctzen? \u00dcber eine Spende [&hellip;]<\/p>\n","protected":false},"author":2,"featured_media":0,"parent":0,"menu_order":0,"comment_status":"closed","ping_status":"closed","template":"","meta":{"inline_featured_image":false,"footnotes":""},"class_list":["post-489","page","type-page","status-publish","hentry"],"aioseo_notices":[],"aioseo_head":"\n\t\t<!-- All in One SEO 5.0.0.1 - aioseo.com -->\n\t<meta name=\"description\" content=\"Werde Mitglied \u2014 weil\u2019s gemeinsam einfach sch\u00f6ner ist! Jede Bewohnerin und Bewohner des Quartiers Seidenstrasse ist herzlich als Mitglied willkommen. Innerhalb der Strassen:General-Guisan-StrasseSt. Galler-StrasseR\u00f6mer-StrasseGeiselweid-Strasse Den Verein zus\u00e4tzlich unterst\u00fctzen? Du wohnst nicht im Quartier, m\u00f6chtest aber trotzdem etwas beitragen? Oder du bist Mitglied und willst den Verein zus\u00e4tzlich unterst\u00fctzen? \u00dcber eine Spende freuen wir uns sehr.\" \/>\n\t<meta name=\"robots\" content=\"max-image-preview:large\" \/>\n\t<link rel=\"canonical\" href=\"https:\/\/seidenstrasse-winterthur.ch\/?page_id=489\" \/>\n\t<meta name=\"generator\" content=\"All in One SEO (AIOSEO) 5.0.0.1\" \/>\n\t\t<meta property=\"og:locale\" content=\"de_DE\" \/>\n\t\t<meta property=\"og:site_name\" content=\"Seidenstrasse Quartierverein -\" \/>\n\t\t<meta property=\"og:type\" content=\"article\" \/>\n\t\t<meta property=\"og:title\" content=\"Mitglied werden - Seidenstrasse Quartierverein\" \/>\n\t\t<meta property=\"og:description\" content=\"Werde Mitglied \u2014 weil\u2019s gemeinsam einfach sch\u00f6ner ist! Jede Bewohnerin und Bewohner des Quartiers Seidenstrasse ist herzlich als Mitglied willkommen. Innerhalb der Strassen:General-Guisan-StrasseSt. Galler-StrasseR\u00f6mer-StrasseGeiselweid-Strasse Den Verein zus\u00e4tzlich unterst\u00fctzen? Du wohnst nicht im Quartier, m\u00f6chtest aber trotzdem etwas beitragen? Oder du bist Mitglied und willst den Verein zus\u00e4tzlich unterst\u00fctzen? \u00dcber eine Spende freuen wir uns sehr.\" \/>\n\t\t<meta property=\"og:url\" content=\"https:\/\/seidenstrasse-winterthur.ch\/?page_id=489\" \/>\n\t\t<meta property=\"og:image\" content=\"https:\/\/seidenstrasse-winterthur.ch\/wp-content\/uploads\/2025\/07\/Seidenstrasse-Logo-MintGruen-01.svg\" \/>\n\t\t<meta property=\"og:image:secure_url\" content=\"https:\/\/seidenstrasse-winterthur.ch\/wp-content\/uploads\/2025\/07\/Seidenstrasse-Logo-MintGruen-01.svg\" \/>\n\t\t<meta property=\"article:published_time\" content=\"2025-07-15T08:17:08+00:00\" \/>\n\t\t<meta property=\"article:modified_time\" content=\"2026-06-16T19:53:57+00:00\" \/>\n\t\t<meta name=\"twitter:card\" content=\"summary_large_image\" \/>\n\t\t<meta name=\"twitter:title\" content=\"Mitglied werden - Seidenstrasse Quartierverein\" \/>\n\t\t<meta name=\"twitter:description\" content=\"Werde Mitglied \u2014 weil\u2019s gemeinsam einfach sch\u00f6ner ist! Jede Bewohnerin und Bewohner des Quartiers Seidenstrasse ist herzlich als Mitglied willkommen. Innerhalb der Strassen:General-Guisan-StrasseSt. Galler-StrasseR\u00f6mer-StrasseGeiselweid-Strasse Den Verein zus\u00e4tzlich unterst\u00fctzen? Du wohnst nicht im Quartier, m\u00f6chtest aber trotzdem etwas beitragen? Oder du bist Mitglied und willst den Verein zus\u00e4tzlich unterst\u00fctzen? \u00dcber eine Spende freuen wir uns sehr.\" \/>\n\t\t<meta name=\"twitter:image\" content=\"https:\/\/seidenstrasse-winterthur.ch\/wp-content\/uploads\/2025\/07\/Seidenstrasse-Logo-MintGruen-01.svg\" \/>\n\t\t<script type=\"application\/ld+json\" class=\"aioseo-schema\">\n\t\t\t{\"@context\":\"https:\\\/\\\/schema.org\",\"@graph\":[{\"@type\":\"BreadcrumbList\",\"@id\":\"https:\\\/\\\/seidenstrasse-winterthur.ch\\\/?page_id=489#breadcrumblist\",\"itemListElement\":[{\"@type\":\"ListItem\",\"@id\":\"https:\\\/\\\/seidenstrasse-winterthur.ch#listItem\",\"position\":1,\"name\":\"Home\",\"item\":\"https:\\\/\\\/seidenstrasse-winterthur.ch\",\"nextItem\":{\"@type\":\"ListItem\",\"@id\":\"https:\\\/\\\/seidenstrasse-winterthur.ch\\\/?page_id=489#listItem\",\"name\":\"Mitglied werden\"}},{\"@type\":\"ListItem\",\"@id\":\"https:\\\/\\\/seidenstrasse-winterthur.ch\\\/?page_id=489#listItem\",\"position\":2,\"name\":\"Mitglied werden\",\"previousItem\":{\"@type\":\"ListItem\",\"@id\":\"https:\\\/\\\/seidenstrasse-winterthur.ch#listItem\",\"name\":\"Home\"}}]},{\"@type\":\"Organization\",\"@id\":\"https:\\\/\\\/seidenstrasse-winterthur.ch\\\/#organization\",\"name\":\"Seidenstrasse Quartierverein\",\"url\":\"https:\\\/\\\/seidenstrasse-winterthur.ch\\\/\",\"logo\":{\"@type\":\"ImageObject\",\"url\":\"https:\\\/\\\/seidenstrasse-winterthur.ch\\\/wp-content\\\/uploads\\\/2026\\\/03\\\/Seidenstrasse-Logo-01.svg\",\"@id\":\"https:\\\/\\\/seidenstrasse-winterthur.ch\\\/?page_id=489\\\/#organizationLogo\",\"width\":499,\"height\":201},\"image\":{\"@id\":\"https:\\\/\\\/seidenstrasse-winterthur.ch\\\/?page_id=489\\\/#organizationLogo\"}},{\"@type\":\"WebPage\",\"@id\":\"https:\\\/\\\/seidenstrasse-winterthur.ch\\\/?page_id=489#webpage\",\"url\":\"https:\\\/\\\/seidenstrasse-winterthur.ch\\\/?page_id=489\",\"name\":\"Mitglied werden - Seidenstrasse Quartierverein\",\"description\":\"Werde Mitglied \\u2014 weil\\u2019s gemeinsam einfach sch\\u00f6ner ist! Jede Bewohnerin und Bewohner des Quartiers Seidenstrasse ist herzlich als Mitglied willkommen. Innerhalb der Strassen:General-Guisan-StrasseSt. Galler-StrasseR\\u00f6mer-StrasseGeiselweid-Strasse Den Verein zus\\u00e4tzlich unterst\\u00fctzen? Du wohnst nicht im Quartier, m\\u00f6chtest aber trotzdem etwas beitragen? Oder du bist Mitglied und willst den Verein zus\\u00e4tzlich unterst\\u00fctzen? \\u00dcber eine Spende freuen wir uns sehr.\",\"inLanguage\":\"de-DE\",\"isPartOf\":{\"@id\":\"https:\\\/\\\/seidenstrasse-winterthur.ch\\\/#website\"},\"breadcrumb\":{\"@id\":\"https:\\\/\\\/seidenstrasse-winterthur.ch\\\/?page_id=489#breadcrumblist\"},\"datePublished\":\"2025-07-15T10:17:08+02:00\",\"dateModified\":\"2026-06-16T21:53:57+02:00\"},{\"@type\":\"WebSite\",\"@id\":\"https:\\\/\\\/seidenstrasse-winterthur.ch\\\/#website\",\"url\":\"https:\\\/\\\/seidenstrasse-winterthur.ch\\\/\",\"name\":\"Seidenstrasse Quartierverein\",\"inLanguage\":\"de-DE\",\"publisher\":{\"@id\":\"https:\\\/\\\/seidenstrasse-winterthur.ch\\\/#organization\"}}]}\n\t\t<\/script>\n\t\t<!-- All in One SEO -->\n\n","aioseo_head_json":{"title":"Mitglied werden - Seidenstrasse Quartierverein","description":"Werde Mitglied \u2014 weil\u2019s gemeinsam einfach sch\u00f6ner ist! Jede Bewohnerin und Bewohner des Quartiers Seidenstrasse ist herzlich als Mitglied willkommen. Innerhalb der Strassen:General-Guisan-StrasseSt. Galler-StrasseR\u00f6mer-StrasseGeiselweid-Strasse Den Verein zus\u00e4tzlich unterst\u00fctzen? Du wohnst nicht im Quartier, m\u00f6chtest aber trotzdem etwas beitragen? Oder du bist Mitglied und willst den Verein zus\u00e4tzlich unterst\u00fctzen? \u00dcber eine Spende freuen wir uns sehr.","canonical_url":"https:\/\/seidenstrasse-winterthur.ch\/?page_id=489","robots":"max-image-preview:large","keywords":"","webmasterTools":{"miscellaneous":""},"schema":{"@context":"https:\/\/schema.org","@graph":[{"@type":"BreadcrumbList","@id":"https:\/\/seidenstrasse-winterthur.ch\/?page_id=489#breadcrumblist","itemListElement":[{"@type":"ListItem","@id":"https:\/\/seidenstrasse-winterthur.ch#listItem","position":1,"name":"Home","item":"https:\/\/seidenstrasse-winterthur.ch","nextItem":{"@type":"ListItem","@id":"https:\/\/seidenstrasse-winterthur.ch\/?page_id=489#listItem","name":"Mitglied werden"}},{"@type":"ListItem","@id":"https:\/\/seidenstrasse-winterthur.ch\/?page_id=489#listItem","position":2,"name":"Mitglied werden","previousItem":{"@type":"ListItem","@id":"https:\/\/seidenstrasse-winterthur.ch#listItem","name":"Home"}}]},{"@type":"Organization","@id":"https:\/\/seidenstrasse-winterthur.ch\/#organization","name":"Seidenstrasse Quartierverein","url":"https:\/\/seidenstrasse-winterthur.ch\/","logo":{"@type":"ImageObject","url":"https:\/\/seidenstrasse-winterthur.ch\/wp-content\/uploads\/2026\/03\/Seidenstrasse-Logo-01.svg","@id":"https:\/\/seidenstrasse-winterthur.ch\/?page_id=489\/#organizationLogo","width":499,"height":201},"image":{"@id":"https:\/\/seidenstrasse-winterthur.ch\/?page_id=489\/#organizationLogo"}},{"@type":"WebPage","@id":"https:\/\/seidenstrasse-winterthur.ch\/?page_id=489#webpage","url":"https:\/\/seidenstrasse-winterthur.ch\/?page_id=489","name":"Mitglied werden - Seidenstrasse Quartierverein","description":"Werde Mitglied \u2014 weil\u2019s gemeinsam einfach sch\u00f6ner ist! Jede Bewohnerin und Bewohner des Quartiers Seidenstrasse ist herzlich als Mitglied willkommen. Innerhalb der Strassen:General-Guisan-StrasseSt. Galler-StrasseR\u00f6mer-StrasseGeiselweid-Strasse Den Verein zus\u00e4tzlich unterst\u00fctzen? Du wohnst nicht im Quartier, m\u00f6chtest aber trotzdem etwas beitragen? Oder du bist Mitglied und willst den Verein zus\u00e4tzlich unterst\u00fctzen? \u00dcber eine Spende freuen wir uns sehr.","inLanguage":"de-DE","isPartOf":{"@id":"https:\/\/seidenstrasse-winterthur.ch\/#website"},"breadcrumb":{"@id":"https:\/\/seidenstrasse-winterthur.ch\/?page_id=489#breadcrumblist"},"datePublished":"2025-07-15T10:17:08+02:00","dateModified":"2026-06-16T21:53:57+02:00"},{"@type":"WebSite","@id":"https:\/\/seidenstrasse-winterthur.ch\/#website","url":"https:\/\/seidenstrasse-winterthur.ch\/","name":"Seidenstrasse Quartierverein","inLanguage":"de-DE","publisher":{"@id":"https:\/\/seidenstrasse-winterthur.ch\/#organization"}}]},"og:locale":"de_DE","og:site_name":"Seidenstrasse Quartierverein -","og:type":"article","og:title":"Mitglied werden - Seidenstrasse Quartierverein","og:description":"Werde Mitglied \u2014 weil\u2019s gemeinsam einfach sch\u00f6ner ist! Jede Bewohnerin und Bewohner des Quartiers Seidenstrasse ist herzlich als Mitglied willkommen. Innerhalb der Strassen:General-Guisan-StrasseSt. Galler-StrasseR\u00f6mer-StrasseGeiselweid-Strasse Den Verein zus\u00e4tzlich unterst\u00fctzen? Du wohnst nicht im Quartier, m\u00f6chtest aber trotzdem etwas beitragen? Oder du bist Mitglied und willst den Verein zus\u00e4tzlich unterst\u00fctzen? \u00dcber eine Spende freuen wir uns sehr.","og:url":"https:\/\/seidenstrasse-winterthur.ch\/?page_id=489","og:image":"https:\/\/seidenstrasse-winterthur.ch\/wp-content\/uploads\/2025\/07\/Seidenstrasse-Logo-MintGruen-01.svg","og:image:secure_url":"https:\/\/seidenstrasse-winterthur.ch\/wp-content\/uploads\/2025\/07\/Seidenstrasse-Logo-MintGruen-01.svg","article:published_time":"2025-07-15T08:17:08+00:00","article:modified_time":"2026-06-16T19:53:57+00:00","twitter:card":"summary_large_image","twitter:title":"Mitglied werden - Seidenstrasse Quartierverein","twitter:description":"Werde Mitglied \u2014 weil\u2019s gemeinsam einfach sch\u00f6ner ist! Jede Bewohnerin und Bewohner des Quartiers Seidenstrasse ist herzlich als Mitglied willkommen. Innerhalb der Strassen:General-Guisan-StrasseSt. Galler-StrasseR\u00f6mer-StrasseGeiselweid-Strasse Den Verein zus\u00e4tzlich unterst\u00fctzen? Du wohnst nicht im Quartier, m\u00f6chtest aber trotzdem etwas beitragen? Oder du bist Mitglied und willst den Verein zus\u00e4tzlich unterst\u00fctzen? \u00dcber eine Spende freuen wir uns sehr.","twitter:image":"https:\/\/seidenstrasse-winterthur.ch\/wp-content\/uploads\/2025\/07\/Seidenstrasse-Logo-MintGruen-01.svg"},"aioseo_meta_data":{"post_id":"489","title":null,"description":null,"keywords":null,"keyphrases":{"focus":[],"additional":[]},"primary_term":null,"canonical_url":null,"og_title":null,"og_description":null,"og_object_type":"default","og_image_type":"default","og_image_url":null,"og_image_width":null,"og_image_height":null,"og_image_custom_url":null,"og_image_custom_fields":null,"og_video":null,"og_custom_url":null,"og_article_section":null,"og_article_tags":null,"twitter_use_og":false,"twitter_card":"default","twitter_image_type":"default","twitter_image_url":null,"twitter_image_custom_url":null,"twitter_image_custom_fields":null,"twitter_title":null,"twitter_description":null,"schema":{"blockGraphs":[],"customGraphs":[],"default":{"data":{"Article":[],"Course":[],"Dataset":[],"FAQPage":[],"Movie":[],"Person":[],"Product":[],"ProductReview":[],"Car":[],"Recipe":[],"Service":[],"SoftwareApplication":[],"WebPage":[]},"graphName":"","isEnabled":true},"graphs":[]},"schema_type":"default","schema_type_options":null,"pillar_content":false,"robots_default":true,"robots_noindex":false,"robots_noarchive":false,"robots_nosnippet":false,"robots_nofollow":false,"robots_noimageindex":false,"robots_noodp":false,"robots_notranslate":false,"robots_max_snippet":null,"robots_max_videopreview":null,"robots_max_imagepreview":"large","priority":null,"frequency":null,"local_seo":null,"breadcrumb_settings":null,"limit_modified_date":false,"ai":null,"created":"2026-03-05 17:03:22","updated":"2026-08-23 19:13:17","seo_analyzer_scan_date":null,"focus_keyword":null,"additional_keywords":null,"truseo_locale":null},"aioseo_breadcrumb":"<div class=\"aioseo-breadcrumbs\"><span class=\"aioseo-breadcrumb\">\n\t\t\t<a href=\"https:\/\/seidenstrasse-winterthur.ch\" title=\"Home\">Home<\/a>\n\t\t<\/span><span class=\"aioseo-breadcrumb-separator\">&raquo;<\/span><span class=\"aioseo-breadcrumb\">\n\t\t\tMitglied werden\n\t\t<\/span><\/div>","aioseo_breadcrumb_json":[{"label":"Home","link":"https:\/\/seidenstrasse-winterthur.ch"},{"label":"Mitglied werden","link":"https:\/\/seidenstrasse-winterthur.ch\/?page_id=489"}],"_links":{"self":[{"href":"https:\/\/seidenstrasse-winterthur.ch\/index.php?rest_route=\/wp\/v2\/pages\/489","targetHints":{"allow":["GET"]}}],"collection":[{"href":"https:\/\/seidenstrasse-winterthur.ch\/index.php?rest_route=\/wp\/v2\/pages"}],"about":[{"href":"https:\/\/seidenstrasse-winterthur.ch\/index.php?rest_route=\/wp\/v2\/types\/page"}],"author":[{"embeddable":true,"href":"https:\/\/seidenstrasse-winterthur.ch\/index.php?rest_route=\/wp\/v2\/users\/2"}],"replies":[{"embeddable":true,"href":"https:\/\/seidenstrasse-winterthur.ch\/index.php?rest_route=%2Fwp%2Fv2%2Fcomments&post=489"}],"version-history":[{"count":115,"href":"https:\/\/seidenstrasse-winterthur.ch\/index.php?rest_route=\/wp\/v2\/pages\/489\/revisions"}],"predecessor-version":[{"id":3530,"href":"https:\/\/seidenstrasse-winterthur.ch\/index.php?rest_route=\/wp\/v2\/pages\/489\/revisions\/3530"}],"wp:attachment":[{"href":"https:\/\/seidenstrasse-winterthur.ch\/index.php?rest_route=%2Fwp%2Fv2%2Fmedia&parent=489"}],"curies":[{"name":"wp","href":"https:\/\/api.w.org\/{rel}","templated":true}]}}