{"id":2966,"date":"2026-01-17T20:39:24","date_gmt":"2026-01-17T19:39:24","guid":{"rendered":"https:\/\/seidenstrasse-winterthur.ch\/?page_id=2966"},"modified":"2026-01-17T21:03:15","modified_gmt":"2026-01-17T20:03:15","slug":"neujahrs-apero-2026-2","status":"publish","type":"page","link":"https:\/\/seidenstrasse-winterthur.ch\/?page_id=2966","title":{"rendered":"Neujahrs-Apero 2026"},"content":{"rendered":"\t\t<div data-elementor-type=\"wp-page\" data-elementor-id=\"2966\" class=\"elementor elementor-2966\" data-elementor-post-type=\"page\">\n\t\t\t\t<div class=\"elementor-element elementor-element-6b81ad4c e-flex e-con-boxed e-con e-parent\" data-id=\"6b81ad4c\" data-element_type=\"container\" data-e-type=\"container\" data-settings=\"{&quot;background_background&quot;:&quot;classic&quot;}\">\n\t\t\t\t\t<div class=\"e-con-inner\">\n\t\t<div class=\"elementor-element elementor-element-41682efd e-con-full e-flex e-con e-child\" data-id=\"41682efd\" data-element_type=\"container\" data-e-type=\"container\">\n\t\t\t\t<\/div>\n\t\t\t\t\t<\/div>\n\t\t\t\t<\/div>\n\t\t<div class=\"elementor-element elementor-element-12a5ebb1 e-flex e-con-boxed e-con e-parent\" data-id=\"12a5ebb1\" data-element_type=\"container\" data-e-type=\"container\" data-settings=\"{&quot;background_background&quot;:&quot;classic&quot;,&quot;shape_divider_bottom&quot;:&quot;curve&quot;}\">\n\t\t\t\t\t<div class=\"e-con-inner\">\n\t\t\t\t<div class=\"elementor-shape elementor-shape-bottom\" aria-hidden=\"true\" data-negative=\"false\">\n\t\t\t<svg xmlns=\"http:\/\/www.w3.org\/2000\/svg\" viewBox=\"0 0 1000 100\" preserveAspectRatio=\"none\">\n    <path class=\"elementor-shape-fill\" d=\"M1000,4.3V0H0v4.3C0.9,23.1,126.7,99.2,500,100S1000,22.7,1000,4.3z\"\/>\n<\/svg>\t\t<\/div>\n\t\t\t\t\t<\/div>\n\t\t\t\t<\/div>\n\t\t<div class=\"elementor-element elementor-element-53d1fd4 e-flex e-con-boxed e-con e-parent\" data-id=\"53d1fd4\" data-element_type=\"container\" data-e-type=\"container\" data-settings=\"{&quot;background_background&quot;:&quot;classic&quot;}\">\n\t\t\t\t\t<div class=\"e-con-inner\">\n\t\t<div class=\"elementor-element elementor-element-0b85d4b e-con-full e-flex e-con e-child\" data-id=\"0b85d4b\" data-element_type=\"container\" data-e-type=\"container\" data-settings=\"{&quot;background_background&quot;:&quot;classic&quot;}\">\n\t\t\t\t<div class=\"elementor-element elementor-element-80b4707 elementor-widget elementor-widget-heading\" data-id=\"80b4707\" data-element_type=\"widget\" data-e-type=\"widget\" data-widget_type=\"heading.default\">\n\t\t\t\t\t<h2 class=\"elementor-heading-title elementor-size-default\">Neujahrs-Ap\u00e9ro 2026<\/h2>\t\t\t\t<\/div>\n\t\t\t\t<div class=\"elementor-element elementor-element-c631389 elementor-widget elementor-widget-button\" data-id=\"c631389\" data-element_type=\"widget\" data-e-type=\"widget\" data-widget_type=\"button.default\">\n\t\t\t\t\t\t\t\t\t\t<a class=\"elementor-button elementor-button-link elementor-size-sm\" href=\"https:\/\/seidenstrasse-winterthur.ch\/?page_id=529\">\n\t\t\t\t\t\t<span class=\"elementor-button-content-wrapper\">\n\t\t\t\t\t\t\t\t\t<span class=\"elementor-button-text\">Zur\u00fcck zur Galerie<\/span>\n\t\t\t\t\t<\/span>\n\t\t\t\t\t<\/a>\n\t\t\t\t\t\t\t\t<\/div>\n\t\t\t\t<\/div>\n\t\t\t\t\t<\/div>\n\t\t\t\t<\/div>\n\t\t<div class=\"elementor-element elementor-element-3e18d7b e-flex e-con-boxed e-con e-parent\" data-id=\"3e18d7b\" data-element_type=\"container\" data-e-type=\"container\" data-settings=\"{&quot;background_background&quot;:&quot;classic&quot;}\">\n\t\t\t\t\t<div class=\"e-con-inner\">\n\t\t\t\t<div class=\"elementor-element elementor-element-7513462 elementor-widget elementor-widget-gallery\" data-id=\"7513462\" data-element_type=\"widget\" data-e-type=\"widget\" data-settings=\"{&quot;gallery_layout&quot;:&quot;masonry&quot;,&quot;gap&quot;:{&quot;unit&quot;:&quot;px&quot;,&quot;size&quot;:15,&quot;sizes&quot;:[]},&quot;gap_mobile&quot;:{&quot;unit&quot;:&quot;px&quot;,&quot;size&quot;:15,&quot;sizes&quot;:[]},&quot;columns&quot;:3,&quot;lazyload&quot;:&quot;yes&quot;,&quot;columns_tablet&quot;:2,&quot;columns_mobile&quot;:1,&quot;gap_tablet&quot;:{&quot;unit&quot;:&quot;px&quot;,&quot;size&quot;:10,&quot;sizes&quot;:[]},&quot;link_to&quot;:&quot;file&quot;,&quot;content_hover_animation&quot;:&quot;fade-in&quot;}\" data-widget_type=\"gallery.default\">\n\t\t\t\t\t\t\t<div class=\"elementor-gallery__container\">\n\t\t\t\t\t\t\t<a class=\"e-gallery-item elementor-gallery-item elementor-animated-content\" href=\"https:\/\/seidenstrasse-winterthur.ch\/wp-content\/uploads\/2026\/01\/IMG_0094-scaled.jpeg\" data-elementor-open-lightbox=\"yes\" data-elementor-lightbox-slideshow=\"7513462\" data-elementor-lightbox-title=\"Neujahrs-Apero\" data-e-action-hash=\"#elementor-action%3Aaction%3Dlightbox%26settings%3DeyJpZCI6Mjk3MywidXJsIjoiaHR0cHM6XC9cL3NlaWRlbnN0cmFzc2Utd2ludGVydGh1ci5jaFwvd3AtY29udGVudFwvdXBsb2Fkc1wvMjAyNlwvMDFcL0lNR18wMDk0LXNjYWxlZC5qcGVnIiwic2xpZGVzaG93IjoiNzUxMzQ2MiJ9\">\n\t\t\t\t\t<div class=\"e-gallery-image elementor-gallery-item__image\" data-thumbnail=\"https:\/\/seidenstrasse-winterthur.ch\/wp-content\/uploads\/2026\/01\/IMG_0094-768x576.jpeg\" data-width=\"768\" data-height=\"576\" aria-label=\"\" role=\"img\" ><\/div>\n\t\t\t\t\t\t\t\t\t\t\t\t\t\t<\/a>\n\t\t\t\t\t\t\t<a class=\"e-gallery-item elementor-gallery-item elementor-animated-content\" href=\"https:\/\/seidenstrasse-winterthur.ch\/wp-content\/uploads\/2026\/01\/IMG_0103-scaled.jpeg\" data-elementor-open-lightbox=\"yes\" data-elementor-lightbox-slideshow=\"7513462\" data-elementor-lightbox-title=\"Neujahrs-Apero\" data-e-action-hash=\"#elementor-action%3Aaction%3Dlightbox%26settings%3DeyJpZCI6Mjk3NywidXJsIjoiaHR0cHM6XC9cL3NlaWRlbnN0cmFzc2Utd2ludGVydGh1ci5jaFwvd3AtY29udGVudFwvdXBsb2Fkc1wvMjAyNlwvMDFcL0lNR18wMTAzLXNjYWxlZC5qcGVnIiwic2xpZGVzaG93IjoiNzUxMzQ2MiJ9\">\n\t\t\t\t\t<div class=\"e-gallery-image elementor-gallery-item__image\" data-thumbnail=\"https:\/\/seidenstrasse-winterthur.ch\/wp-content\/uploads\/2026\/01\/IMG_0103-768x1024.jpeg\" data-width=\"768\" data-height=\"1024\" aria-label=\"\" role=\"img\" ><\/div>\n\t\t\t\t\t\t\t\t\t\t\t\t\t\t<\/a>\n\t\t\t\t\t\t\t<a class=\"e-gallery-item elementor-gallery-item elementor-animated-content\" href=\"https:\/\/seidenstrasse-winterthur.ch\/wp-content\/uploads\/2026\/01\/IMG_0108-scaled.jpeg\" data-elementor-open-lightbox=\"yes\" data-elementor-lightbox-slideshow=\"7513462\" data-elementor-lightbox-title=\"Neujahrs-Apero\" data-e-action-hash=\"#elementor-action%3Aaction%3Dlightbox%26settings%3DeyJpZCI6Mjk3OSwidXJsIjoiaHR0cHM6XC9cL3NlaWRlbnN0cmFzc2Utd2ludGVydGh1ci5jaFwvd3AtY29udGVudFwvdXBsb2Fkc1wvMjAyNlwvMDFcL0lNR18wMTA4LXNjYWxlZC5qcGVnIiwic2xpZGVzaG93IjoiNzUxMzQ2MiJ9\">\n\t\t\t\t\t<div class=\"e-gallery-image elementor-gallery-item__image\" data-thumbnail=\"https:\/\/seidenstrasse-winterthur.ch\/wp-content\/uploads\/2026\/01\/IMG_0108-768x576.jpeg\" data-width=\"768\" data-height=\"576\" aria-label=\"\" role=\"img\" ><\/div>\n\t\t\t\t\t\t\t\t\t\t\t\t\t\t<\/a>\n\t\t\t\t\t\t\t<a class=\"e-gallery-item elementor-gallery-item elementor-animated-content\" href=\"https:\/\/seidenstrasse-winterthur.ch\/wp-content\/uploads\/2026\/01\/IMG_0098-scaled.jpeg\" data-elementor-open-lightbox=\"yes\" data-elementor-lightbox-slideshow=\"7513462\" data-elementor-lightbox-title=\"Neujahrs-Apero\" data-e-action-hash=\"#elementor-action%3Aaction%3Dlightbox%26settings%3DeyJpZCI6Mjk3NCwidXJsIjoiaHR0cHM6XC9cL3NlaWRlbnN0cmFzc2Utd2ludGVydGh1ci5jaFwvd3AtY29udGVudFwvdXBsb2Fkc1wvMjAyNlwvMDFcL0lNR18wMDk4LXNjYWxlZC5qcGVnIiwic2xpZGVzaG93IjoiNzUxMzQ2MiJ9\">\n\t\t\t\t\t<div class=\"e-gallery-image elementor-gallery-item__image\" data-thumbnail=\"https:\/\/seidenstrasse-winterthur.ch\/wp-content\/uploads\/2026\/01\/IMG_0098-768x576.jpeg\" data-width=\"768\" data-height=\"576\" aria-label=\"\" role=\"img\" ><\/div>\n\t\t\t\t\t\t\t\t\t\t\t\t\t\t<\/a>\n\t\t\t\t\t\t\t<a class=\"e-gallery-item elementor-gallery-item elementor-animated-content\" href=\"https:\/\/seidenstrasse-winterthur.ch\/wp-content\/uploads\/2026\/01\/IMG_0102-scaled.jpeg\" data-elementor-open-lightbox=\"yes\" data-elementor-lightbox-slideshow=\"7513462\" data-elementor-lightbox-title=\"Neujahrs-Apero\" data-e-action-hash=\"#elementor-action%3Aaction%3Dlightbox%26settings%3DeyJpZCI6Mjk3NiwidXJsIjoiaHR0cHM6XC9cL3NlaWRlbnN0cmFzc2Utd2ludGVydGh1ci5jaFwvd3AtY29udGVudFwvdXBsb2Fkc1wvMjAyNlwvMDFcL0lNR18wMTAyLXNjYWxlZC5qcGVnIiwic2xpZGVzaG93IjoiNzUxMzQ2MiJ9\">\n\t\t\t\t\t<div class=\"e-gallery-image elementor-gallery-item__image\" data-thumbnail=\"https:\/\/seidenstrasse-winterthur.ch\/wp-content\/uploads\/2026\/01\/IMG_0102-768x1024.jpeg\" data-width=\"768\" data-height=\"1024\" aria-label=\"\" role=\"img\" ><\/div>\n\t\t\t\t\t\t\t\t\t\t\t\t\t\t<\/a>\n\t\t\t\t\t\t\t<a class=\"e-gallery-item elementor-gallery-item elementor-animated-content\" href=\"https:\/\/seidenstrasse-winterthur.ch\/wp-content\/uploads\/2026\/01\/IMG_0106-scaled.jpeg\" data-elementor-open-lightbox=\"yes\" data-elementor-lightbox-slideshow=\"7513462\" data-elementor-lightbox-title=\"Neujahrs-Apero\" data-e-action-hash=\"#elementor-action%3Aaction%3Dlightbox%26settings%3DeyJpZCI6Mjk3OCwidXJsIjoiaHR0cHM6XC9cL3NlaWRlbnN0cmFzc2Utd2ludGVydGh1ci5jaFwvd3AtY29udGVudFwvdXBsb2Fkc1wvMjAyNlwvMDFcL0lNR18wMTA2LXNjYWxlZC5qcGVnIiwic2xpZGVzaG93IjoiNzUxMzQ2MiJ9\">\n\t\t\t\t\t<div class=\"e-gallery-image elementor-gallery-item__image\" data-thumbnail=\"https:\/\/seidenstrasse-winterthur.ch\/wp-content\/uploads\/2026\/01\/IMG_0106-768x1024.jpeg\" data-width=\"768\" data-height=\"1024\" aria-label=\"\" role=\"img\" ><\/div>\n\t\t\t\t\t\t\t\t\t\t\t\t\t\t<\/a>\n\t\t\t\t\t\t\t<a class=\"e-gallery-item elementor-gallery-item elementor-animated-content\" href=\"https:\/\/seidenstrasse-winterthur.ch\/wp-content\/uploads\/2026\/01\/IMG_0090-scaled.jpeg\" data-elementor-open-lightbox=\"yes\" data-elementor-lightbox-slideshow=\"7513462\" data-elementor-lightbox-title=\"Neujahrs-Apero\" data-e-action-hash=\"#elementor-action%3Aaction%3Dlightbox%26settings%3DeyJpZCI6Mjk3MSwidXJsIjoiaHR0cHM6XC9cL3NlaWRlbnN0cmFzc2Utd2ludGVydGh1ci5jaFwvd3AtY29udGVudFwvdXBsb2Fkc1wvMjAyNlwvMDFcL0lNR18wMDkwLXNjYWxlZC5qcGVnIiwic2xpZGVzaG93IjoiNzUxMzQ2MiJ9\">\n\t\t\t\t\t<div class=\"e-gallery-image elementor-gallery-item__image\" data-thumbnail=\"https:\/\/seidenstrasse-winterthur.ch\/wp-content\/uploads\/2026\/01\/IMG_0090-768x448.jpeg\" data-width=\"768\" data-height=\"448\" aria-label=\"\" role=\"img\" ><\/div>\n\t\t\t\t\t\t\t\t\t\t\t\t\t\t<\/a>\n\t\t\t\t\t\t\t<a class=\"e-gallery-item elementor-gallery-item elementor-animated-content\" href=\"https:\/\/seidenstrasse-winterthur.ch\/wp-content\/uploads\/2026\/01\/IMG_0099-scaled.jpeg\" data-elementor-open-lightbox=\"yes\" data-elementor-lightbox-slideshow=\"7513462\" data-elementor-lightbox-title=\"Neujahrs-Apero\" data-e-action-hash=\"#elementor-action%3Aaction%3Dlightbox%26settings%3DeyJpZCI6Mjk3NSwidXJsIjoiaHR0cHM6XC9cL3NlaWRlbnN0cmFzc2Utd2ludGVydGh1ci5jaFwvd3AtY29udGVudFwvdXBsb2Fkc1wvMjAyNlwvMDFcL0lNR18wMDk5LXNjYWxlZC5qcGVnIiwic2xpZGVzaG93IjoiNzUxMzQ2MiJ9\">\n\t\t\t\t\t<div class=\"e-gallery-image elementor-gallery-item__image\" data-thumbnail=\"https:\/\/seidenstrasse-winterthur.ch\/wp-content\/uploads\/2026\/01\/IMG_0099-768x576.jpeg\" data-width=\"768\" data-height=\"576\" aria-label=\"\" role=\"img\" ><\/div>\n\t\t\t\t\t\t\t\t\t\t\t\t\t\t<\/a>\n\t\t\t\t\t\t\t<a class=\"e-gallery-item elementor-gallery-item elementor-animated-content\" href=\"https:\/\/seidenstrasse-winterthur.ch\/wp-content\/uploads\/2026\/01\/IMG_0109-scaled.jpeg\" data-elementor-open-lightbox=\"yes\" data-elementor-lightbox-slideshow=\"7513462\" data-elementor-lightbox-title=\"Neujahrs-Apero\" data-e-action-hash=\"#elementor-action%3Aaction%3Dlightbox%26settings%3DeyJpZCI6Mjk4MCwidXJsIjoiaHR0cHM6XC9cL3NlaWRlbnN0cmFzc2Utd2ludGVydGh1ci5jaFwvd3AtY29udGVudFwvdXBsb2Fkc1wvMjAyNlwvMDFcL0lNR18wMTA5LXNjYWxlZC5qcGVnIiwic2xpZGVzaG93IjoiNzUxMzQ2MiJ9\">\n\t\t\t\t\t<div class=\"e-gallery-image elementor-gallery-item__image\" data-thumbnail=\"https:\/\/seidenstrasse-winterthur.ch\/wp-content\/uploads\/2026\/01\/IMG_0109-768x576.jpeg\" data-width=\"768\" data-height=\"576\" aria-label=\"\" role=\"img\" ><\/div>\n\t\t\t\t\t\t\t\t\t\t\t\t\t\t<\/a>\n\t\t\t\t\t\t\t<a class=\"e-gallery-item elementor-gallery-item elementor-animated-content\" href=\"https:\/\/seidenstrasse-winterthur.ch\/wp-content\/uploads\/2026\/01\/IMG_0092-scaled.jpeg\" data-elementor-open-lightbox=\"yes\" data-elementor-lightbox-slideshow=\"7513462\" data-elementor-lightbox-title=\"Neujahrs-Apero\" data-e-action-hash=\"#elementor-action%3Aaction%3Dlightbox%26settings%3DeyJpZCI6Mjk3MiwidXJsIjoiaHR0cHM6XC9cL3NlaWRlbnN0cmFzc2Utd2ludGVydGh1ci5jaFwvd3AtY29udGVudFwvdXBsb2Fkc1wvMjAyNlwvMDFcL0lNR18wMDkyLXNjYWxlZC5qcGVnIiwic2xpZGVzaG93IjoiNzUxMzQ2MiJ9\">\n\t\t\t\t\t<div class=\"e-gallery-image elementor-gallery-item__image\" data-thumbnail=\"https:\/\/seidenstrasse-winterthur.ch\/wp-content\/uploads\/2026\/01\/IMG_0092-768x388.jpeg\" data-width=\"768\" data-height=\"388\" aria-label=\"\" role=\"img\" ><\/div>\n\t\t\t\t\t\t\t\t\t\t\t\t\t\t<\/a>\n\t\t\t\t\t<\/div>\n\t\t\t\t\t<\/div>\n\t\t\t\t\t<\/div>\n\t\t\t\t<\/div>\n\t\t<div class=\"elementor-element elementor-element-0ebd5f0 e-flex e-con-boxed e-con e-parent\" data-id=\"0ebd5f0\" data-element_type=\"container\" data-e-type=\"container\" data-settings=\"{&quot;background_background&quot;:&quot;classic&quot;}\">\n\t\t\t\t\t<div class=\"e-con-inner\">\n\t\t<div class=\"elementor-element elementor-element-875d5a7 e-con-full e-flex e-con e-child\" data-id=\"875d5a7\" data-element_type=\"container\" data-e-type=\"container\">\n\t\t\t\t<div class=\"elementor-element elementor-element-82b21e6 elementor-widget elementor-widget-heading\" data-id=\"82b21e6\" data-element_type=\"widget\" data-e-type=\"widget\" data-widget_type=\"heading.default\">\n\t\t\t\t\t<h2 class=\"elementor-heading-title elementor-size-default\">Lust bei den Aktivit\u00e4ten dabei zu sein?<\/h2>\t\t\t\t<\/div>\n\t\t\t\t<\/div>\n\t\t<div class=\"elementor-element elementor-element-cf4aae0 e-con-full e-flex e-con e-child\" data-id=\"cf4aae0\" data-element_type=\"container\" data-e-type=\"container\">\n\t\t<div class=\"elementor-element elementor-element-24a6d9b e-con-full e-flex e-con e-child\" data-id=\"24a6d9b\" data-element_type=\"container\" data-e-type=\"container\">\n\t\t\t\t<div class=\"elementor-element elementor-element-0ff02be elementor-widget elementor-widget-text-editor\" data-id=\"0ff02be\" data-element_type=\"widget\" data-e-type=\"widget\" data-widget_type=\"text-editor.default\">\n\t\t\t\t\t\t\t\t\t<p>Werde Mitglied<\/p>\t\t\t\t\t\t\t\t<\/div>\n\t\t\t\t<div class=\"elementor-element elementor-element-dbeafb2 elementor-widget elementor-widget-text-editor\" data-id=\"dbeafb2\" data-element_type=\"widget\" data-e-type=\"widget\" data-widget_type=\"text-editor.default\">\n\t\t\t\t\t\t\t\t\t<p><span style=\"white-space: pre-wrap;\">Weil Nachbarschaft mehr ist als nur nebeneinander wohnen.<\/span><\/p>\t\t\t\t\t\t\t\t<\/div>\n\t\t\t\t<div class=\"elementor-element elementor-element-f3054d3 elementor-widget elementor-widget-button\" data-id=\"f3054d3\" data-element_type=\"widget\" data-e-type=\"widget\" data-widget_type=\"button.default\">\n\t\t\t\t\t\t\t\t\t\t<a class=\"elementor-button elementor-button-link elementor-size-sm\" href=\"#\">\n\t\t\t\t\t\t<span class=\"elementor-button-content-wrapper\">\n\t\t\t\t\t\t\t\t\t<span class=\"elementor-button-text\">Hier anmelden<\/span>\n\t\t\t\t\t<\/span>\n\t\t\t\t\t<\/a>\n\t\t\t\t\t\t\t\t<\/div>\n\t\t\t\t<\/div>\n\t\t<div class=\"elementor-element elementor-element-088baa6 e-con-full e-flex e-con e-child\" data-id=\"088baa6\" data-element_type=\"container\" data-e-type=\"container\">\n\t\t\t\t<div class=\"elementor-element elementor-element-898794e elementor-widget elementor-widget-heading\" data-id=\"898794e\" data-element_type=\"widget\" data-e-type=\"widget\" data-widget_type=\"heading.default\">\n\t\t\t\t\t<h2 class=\"elementor-heading-title elementor-size-default\">Wir freuen uns auf dich!<\/h2>\t\t\t\t<\/div>\n\t\t\t\t<\/div>\n\t\t\t\t<\/div>\n\t\t\t\t\t<\/div>\n\t\t\t\t<\/div>\n\t\t\t\t<\/div>\n\t\t","protected":false},"excerpt":{"rendered":"<p>Neujahrs-Ap\u00e9ro 2026 Zur\u00fcck zur Galerie Lust bei den Aktivit\u00e4ten dabei zu sein? Werde Mitglied Weil Nachbarschaft mehr ist als nur nebeneinander wohnen. Hier anmelden Wir freuen uns auf dich!<\/p>\n","protected":false},"author":2,"featured_media":0,"parent":0,"menu_order":0,"comment_status":"closed","ping_status":"closed","template":"","meta":{"inline_featured_image":false,"footnotes":""},"class_list":["post-2966","page","type-page","status-publish","hentry"],"aioseo_notices":[],"aioseo_head":"\n\t\t<!-- All in One SEO 5.0.0.1 - aioseo.com -->\n\t<meta name=\"description\" content=\"Neujahrs-Ap\u00e9ro 2026 Zur\u00fcck zur Galerie Lust bei den Aktivit\u00e4ten dabei zu sein? Werde Mitglied Weil Nachbarschaft mehr ist als nur nebeneinander wohnen. Hier anmelden Wir freuen uns auf dich!\" \/>\n\t<meta name=\"robots\" content=\"max-image-preview:large\" \/>\n\t<link rel=\"canonical\" href=\"https:\/\/seidenstrasse-winterthur.ch\/?page_id=2966\" \/>\n\t<meta name=\"generator\" content=\"All in One SEO (AIOSEO) 5.0.0.1\" \/>\n\t\t<meta property=\"og:locale\" content=\"de_DE\" \/>\n\t\t<meta property=\"og:site_name\" content=\"Seidenstrasse Quartierverein -\" \/>\n\t\t<meta property=\"og:type\" content=\"article\" \/>\n\t\t<meta property=\"og:title\" content=\"Neujahrs-Apero 2026 - Seidenstrasse Quartierverein\" \/>\n\t\t<meta property=\"og:description\" content=\"Neujahrs-Ap\u00e9ro 2026 Zur\u00fcck zur Galerie Lust bei den Aktivit\u00e4ten dabei zu sein? Werde Mitglied Weil Nachbarschaft mehr ist als nur nebeneinander wohnen. Hier anmelden Wir freuen uns auf dich!\" \/>\n\t\t<meta property=\"og:url\" content=\"https:\/\/seidenstrasse-winterthur.ch\/?page_id=2966\" \/>\n\t\t<meta property=\"og:image\" content=\"https:\/\/seidenstrasse-winterthur.ch\/wp-content\/uploads\/2025\/07\/Seidenstrasse-Logo-MintGruen-01.svg\" \/>\n\t\t<meta property=\"og:image:secure_url\" content=\"https:\/\/seidenstrasse-winterthur.ch\/wp-content\/uploads\/2025\/07\/Seidenstrasse-Logo-MintGruen-01.svg\" \/>\n\t\t<meta property=\"article:published_time\" content=\"2026-01-17T19:39:24+00:00\" \/>\n\t\t<meta property=\"article:modified_time\" content=\"2026-01-17T20:03:15+00:00\" \/>\n\t\t<meta name=\"twitter:card\" content=\"summary_large_image\" \/>\n\t\t<meta name=\"twitter:title\" content=\"Neujahrs-Apero 2026 - Seidenstrasse Quartierverein\" \/>\n\t\t<meta name=\"twitter:description\" content=\"Neujahrs-Ap\u00e9ro 2026 Zur\u00fcck zur Galerie Lust bei den Aktivit\u00e4ten dabei zu sein? Werde Mitglied Weil Nachbarschaft mehr ist als nur nebeneinander wohnen. Hier anmelden Wir freuen uns auf dich!\" \/>\n\t\t<meta name=\"twitter:image\" content=\"https:\/\/seidenstrasse-winterthur.ch\/wp-content\/uploads\/2025\/07\/Seidenstrasse-Logo-MintGruen-01.svg\" \/>\n\t\t<script type=\"application\/ld+json\" class=\"aioseo-schema\">\n\t\t\t{\"@context\":\"https:\\\/\\\/schema.org\",\"@graph\":[{\"@type\":\"BreadcrumbList\",\"@id\":\"https:\\\/\\\/seidenstrasse-winterthur.ch\\\/?page_id=2966#breadcrumblist\",\"itemListElement\":[{\"@type\":\"ListItem\",\"@id\":\"https:\\\/\\\/seidenstrasse-winterthur.ch#listItem\",\"position\":1,\"name\":\"Home\",\"item\":\"https:\\\/\\\/seidenstrasse-winterthur.ch\",\"nextItem\":{\"@type\":\"ListItem\",\"@id\":\"https:\\\/\\\/seidenstrasse-winterthur.ch\\\/?page_id=2966#listItem\",\"name\":\"Neujahrs-Apero 2026\"}},{\"@type\":\"ListItem\",\"@id\":\"https:\\\/\\\/seidenstrasse-winterthur.ch\\\/?page_id=2966#listItem\",\"position\":2,\"name\":\"Neujahrs-Apero 2026\",\"previousItem\":{\"@type\":\"ListItem\",\"@id\":\"https:\\\/\\\/seidenstrasse-winterthur.ch#listItem\",\"name\":\"Home\"}}]},{\"@type\":\"Organization\",\"@id\":\"https:\\\/\\\/seidenstrasse-winterthur.ch\\\/#organization\",\"name\":\"Seidenstrasse Quartierverein\",\"url\":\"https:\\\/\\\/seidenstrasse-winterthur.ch\\\/\",\"logo\":{\"@type\":\"ImageObject\",\"url\":\"https:\\\/\\\/seidenstrasse-winterthur.ch\\\/wp-content\\\/uploads\\\/2026\\\/03\\\/Seidenstrasse-Logo-01.svg\",\"@id\":\"https:\\\/\\\/seidenstrasse-winterthur.ch\\\/?page_id=2966\\\/#organizationLogo\",\"width\":499,\"height\":201},\"image\":{\"@id\":\"https:\\\/\\\/seidenstrasse-winterthur.ch\\\/?page_id=2966\\\/#organizationLogo\"}},{\"@type\":\"WebPage\",\"@id\":\"https:\\\/\\\/seidenstrasse-winterthur.ch\\\/?page_id=2966#webpage\",\"url\":\"https:\\\/\\\/seidenstrasse-winterthur.ch\\\/?page_id=2966\",\"name\":\"Neujahrs-Apero 2026 - Seidenstrasse Quartierverein\",\"description\":\"Neujahrs-Ap\\u00e9ro 2026 Zur\\u00fcck zur Galerie Lust bei den Aktivit\\u00e4ten dabei zu sein? Werde Mitglied Weil Nachbarschaft mehr ist als nur nebeneinander wohnen. Hier anmelden Wir freuen uns auf dich!\",\"inLanguage\":\"de-DE\",\"isPartOf\":{\"@id\":\"https:\\\/\\\/seidenstrasse-winterthur.ch\\\/#website\"},\"breadcrumb\":{\"@id\":\"https:\\\/\\\/seidenstrasse-winterthur.ch\\\/?page_id=2966#breadcrumblist\"},\"datePublished\":\"2026-01-17T20:39:24+01:00\",\"dateModified\":\"2026-01-17T21:03:15+01:00\"},{\"@type\":\"WebSite\",\"@id\":\"https:\\\/\\\/seidenstrasse-winterthur.ch\\\/#website\",\"url\":\"https:\\\/\\\/seidenstrasse-winterthur.ch\\\/\",\"name\":\"Seidenstrasse Quartierverein\",\"inLanguage\":\"de-DE\",\"publisher\":{\"@id\":\"https:\\\/\\\/seidenstrasse-winterthur.ch\\\/#organization\"}}]}\n\t\t<\/script>\n\t\t<!-- All in One SEO -->\n\n","aioseo_head_json":{"title":"Neujahrs-Apero 2026 - Seidenstrasse Quartierverein","description":"Neujahrs-Ap\u00e9ro 2026 Zur\u00fcck zur Galerie Lust bei den Aktivit\u00e4ten dabei zu sein? Werde Mitglied Weil Nachbarschaft mehr ist als nur nebeneinander wohnen. Hier anmelden Wir freuen uns auf dich!","canonical_url":"https:\/\/seidenstrasse-winterthur.ch\/?page_id=2966","robots":"max-image-preview:large","keywords":"","webmasterTools":{"miscellaneous":""},"schema":{"@context":"https:\/\/schema.org","@graph":[{"@type":"BreadcrumbList","@id":"https:\/\/seidenstrasse-winterthur.ch\/?page_id=2966#breadcrumblist","itemListElement":[{"@type":"ListItem","@id":"https:\/\/seidenstrasse-winterthur.ch#listItem","position":1,"name":"Home","item":"https:\/\/seidenstrasse-winterthur.ch","nextItem":{"@type":"ListItem","@id":"https:\/\/seidenstrasse-winterthur.ch\/?page_id=2966#listItem","name":"Neujahrs-Apero 2026"}},{"@type":"ListItem","@id":"https:\/\/seidenstrasse-winterthur.ch\/?page_id=2966#listItem","position":2,"name":"Neujahrs-Apero 2026","previousItem":{"@type":"ListItem","@id":"https:\/\/seidenstrasse-winterthur.ch#listItem","name":"Home"}}]},{"@type":"Organization","@id":"https:\/\/seidenstrasse-winterthur.ch\/#organization","name":"Seidenstrasse Quartierverein","url":"https:\/\/seidenstrasse-winterthur.ch\/","logo":{"@type":"ImageObject","url":"https:\/\/seidenstrasse-winterthur.ch\/wp-content\/uploads\/2026\/03\/Seidenstrasse-Logo-01.svg","@id":"https:\/\/seidenstrasse-winterthur.ch\/?page_id=2966\/#organizationLogo","width":499,"height":201},"image":{"@id":"https:\/\/seidenstrasse-winterthur.ch\/?page_id=2966\/#organizationLogo"}},{"@type":"WebPage","@id":"https:\/\/seidenstrasse-winterthur.ch\/?page_id=2966#webpage","url":"https:\/\/seidenstrasse-winterthur.ch\/?page_id=2966","name":"Neujahrs-Apero 2026 - Seidenstrasse Quartierverein","description":"Neujahrs-Ap\u00e9ro 2026 Zur\u00fcck zur Galerie Lust bei den Aktivit\u00e4ten dabei zu sein? Werde Mitglied Weil Nachbarschaft mehr ist als nur nebeneinander wohnen. Hier anmelden Wir freuen uns auf dich!","inLanguage":"de-DE","isPartOf":{"@id":"https:\/\/seidenstrasse-winterthur.ch\/#website"},"breadcrumb":{"@id":"https:\/\/seidenstrasse-winterthur.ch\/?page_id=2966#breadcrumblist"},"datePublished":"2026-01-17T20:39:24+01:00","dateModified":"2026-01-17T21:03:15+01:00"},{"@type":"WebSite","@id":"https:\/\/seidenstrasse-winterthur.ch\/#website","url":"https:\/\/seidenstrasse-winterthur.ch\/","name":"Seidenstrasse Quartierverein","inLanguage":"de-DE","publisher":{"@id":"https:\/\/seidenstrasse-winterthur.ch\/#organization"}}]},"og:locale":"de_DE","og:site_name":"Seidenstrasse Quartierverein -","og:type":"article","og:title":"Neujahrs-Apero 2026 - Seidenstrasse Quartierverein","og:description":"Neujahrs-Ap\u00e9ro 2026 Zur\u00fcck zur Galerie Lust bei den Aktivit\u00e4ten dabei zu sein? Werde Mitglied Weil Nachbarschaft mehr ist als nur nebeneinander wohnen. Hier anmelden Wir freuen uns auf dich!","og:url":"https:\/\/seidenstrasse-winterthur.ch\/?page_id=2966","og:image":"https:\/\/seidenstrasse-winterthur.ch\/wp-content\/uploads\/2025\/07\/Seidenstrasse-Logo-MintGruen-01.svg","og:image:secure_url":"https:\/\/seidenstrasse-winterthur.ch\/wp-content\/uploads\/2025\/07\/Seidenstrasse-Logo-MintGruen-01.svg","article:published_time":"2026-01-17T19:39:24+00:00","article:modified_time":"2026-01-17T20:03:15+00:00","twitter:card":"summary_large_image","twitter:title":"Neujahrs-Apero 2026 - Seidenstrasse Quartierverein","twitter:description":"Neujahrs-Ap\u00e9ro 2026 Zur\u00fcck zur Galerie Lust bei den Aktivit\u00e4ten dabei zu sein? Werde Mitglied Weil Nachbarschaft mehr ist als nur nebeneinander wohnen. Hier anmelden Wir freuen uns auf dich!","twitter:image":"https:\/\/seidenstrasse-winterthur.ch\/wp-content\/uploads\/2025\/07\/Seidenstrasse-Logo-MintGruen-01.svg"},"aioseo_meta_data":{"post_id":"2966","title":null,"description":null,"keywords":null,"keyphrases":{"focus":[],"additional":[]},"primary_term":null,"canonical_url":null,"og_title":null,"og_description":null,"og_object_type":"default","og_image_type":"default","og_image_url":null,"og_image_width":null,"og_image_height":null,"og_image_custom_url":null,"og_image_custom_fields":null,"og_video":null,"og_custom_url":null,"og_article_section":null,"og_article_tags":null,"twitter_use_og":false,"twitter_card":"default","twitter_image_type":"default","twitter_image_url":null,"twitter_image_custom_url":null,"twitter_image_custom_fields":null,"twitter_title":null,"twitter_description":null,"schema":{"blockGraphs":[],"customGraphs":[],"default":{"data":{"Article":[],"Course":[],"Dataset":[],"FAQPage":[],"Movie":[],"Person":[],"Product":[],"ProductReview":[],"Car":[],"Recipe":[],"Service":[],"SoftwareApplication":[],"WebPage":[]},"graphName":"","isEnabled":true},"graphs":[]},"schema_type":"default","schema_type_options":null,"pillar_content":false,"robots_default":true,"robots_noindex":false,"robots_noarchive":false,"robots_nosnippet":false,"robots_nofollow":false,"robots_noimageindex":false,"robots_noodp":false,"robots_notranslate":false,"robots_max_snippet":null,"robots_max_videopreview":null,"robots_max_imagepreview":"large","priority":null,"frequency":null,"local_seo":null,"breadcrumb_settings":null,"limit_modified_date":false,"ai":null,"created":"2026-03-05 17:06:31","updated":"2026-08-23 19:13:18","seo_analyzer_scan_date":null,"focus_keyword":null,"additional_keywords":null,"truseo_locale":null},"aioseo_breadcrumb":"<div class=\"aioseo-breadcrumbs\"><span class=\"aioseo-breadcrumb\">\n\t\t\t<a href=\"https:\/\/seidenstrasse-winterthur.ch\" title=\"Home\">Home<\/a>\n\t\t<\/span><span class=\"aioseo-breadcrumb-separator\">&raquo;<\/span><span class=\"aioseo-breadcrumb\">\n\t\t\tNeujahrs-Apero 2026\n\t\t<\/span><\/div>","aioseo_breadcrumb_json":[{"label":"Home","link":"https:\/\/seidenstrasse-winterthur.ch"},{"label":"Neujahrs-Apero 2026","link":"https:\/\/seidenstrasse-winterthur.ch\/?page_id=2966"}],"_links":{"self":[{"href":"https:\/\/seidenstrasse-winterthur.ch\/index.php?rest_route=\/wp\/v2\/pages\/2966","targetHints":{"allow":["GET"]}}],"collection":[{"href":"https:\/\/seidenstrasse-winterthur.ch\/index.php?rest_route=\/wp\/v2\/pages"}],"about":[{"href":"https:\/\/seidenstrasse-winterthur.ch\/index.php?rest_route=\/wp\/v2\/types\/page"}],"author":[{"embeddable":true,"href":"https:\/\/seidenstrasse-winterthur.ch\/index.php?rest_route=\/wp\/v2\/users\/2"}],"replies":[{"embeddable":true,"href":"https:\/\/seidenstrasse-winterthur.ch\/index.php?rest_route=%2Fwp%2Fv2%2Fcomments&post=2966"}],"version-history":[{"count":13,"href":"https:\/\/seidenstrasse-winterthur.ch\/index.php?rest_route=\/wp\/v2\/pages\/2966\/revisions"}],"predecessor-version":[{"id":3001,"href":"https:\/\/seidenstrasse-winterthur.ch\/index.php?rest_route=\/wp\/v2\/pages\/2966\/revisions\/3001"}],"wp:attachment":[{"href":"https:\/\/seidenstrasse-winterthur.ch\/index.php?rest_route=%2Fwp%2Fv2%2Fmedia&parent=2966"}],"curies":[{"name":"wp","href":"https:\/\/api.w.org\/{rel}","templated":true}]}}