{"id":1347,"date":"2025-07-29T11:17:45","date_gmt":"2025-07-29T09:17:45","guid":{"rendered":"https:\/\/dev2025.seidenstrasse-winterthur.ch\/?page_id=1347"},"modified":"2026-01-25T10:48:45","modified_gmt":"2026-01-25T09:48:45","slug":"statuten","status":"publish","type":"page","link":"https:\/\/seidenstrasse-winterthur.ch\/?page_id=1347","title":{"rendered":"Statuten"},"content":{"rendered":"\t\t<div data-elementor-type=\"wp-page\" data-elementor-id=\"1347\" class=\"elementor elementor-1347\" data-elementor-post-type=\"page\">\n\t\t\t\t<div class=\"elementor-element elementor-element-399ea0ea e-flex e-con-boxed e-con e-parent\" data-id=\"399ea0ea\" data-element_type=\"container\" data-e-type=\"container\" data-settings=\"{&quot;background_background&quot;:&quot;classic&quot;}\">\n\t\t\t\t\t<div class=\"e-con-inner\">\n\t\t<div class=\"elementor-element elementor-element-4a010262 e-con-full e-flex e-con e-child\" data-id=\"4a010262\" data-element_type=\"container\" data-e-type=\"container\">\n\t\t\t\t<\/div>\n\t\t\t\t\t<\/div>\n\t\t\t\t<\/div>\n\t\t<div class=\"elementor-element elementor-element-7671df1c e-flex e-con-boxed e-con e-parent\" data-id=\"7671df1c\" data-element_type=\"container\" data-e-type=\"container\" data-settings=\"{&quot;background_background&quot;:&quot;classic&quot;,&quot;shape_divider_bottom&quot;:&quot;curve&quot;}\">\n\t\t\t\t\t<div class=\"e-con-inner\">\n\t\t\t\t<div class=\"elementor-shape elementor-shape-bottom\" aria-hidden=\"true\" data-negative=\"false\">\n\t\t\t<svg xmlns=\"http:\/\/www.w3.org\/2000\/svg\" viewBox=\"0 0 1000 100\" preserveAspectRatio=\"none\">\n    <path class=\"elementor-shape-fill\" d=\"M1000,4.3V0H0v4.3C0.9,23.1,126.7,99.2,500,100S1000,22.7,1000,4.3z\"\/>\n<\/svg>\t\t<\/div>\n\t\t\t\t\t<\/div>\n\t\t\t\t<\/div>\n\t\t<div class=\"elementor-element elementor-element-3a761edf e-flex e-con-boxed e-con e-parent\" data-id=\"3a761edf\" data-element_type=\"container\" data-e-type=\"container\" data-settings=\"{&quot;background_background&quot;:&quot;classic&quot;}\">\n\t\t\t\t\t<div class=\"e-con-inner\">\n\t\t<div class=\"elementor-element elementor-element-17bc8f00 e-con-full e-flex e-con e-child\" data-id=\"17bc8f00\" data-element_type=\"container\" data-e-type=\"container\" data-settings=\"{&quot;background_background&quot;:&quot;classic&quot;}\">\n\t\t\t\t<div class=\"elementor-element elementor-element-634ec213 elementor-widget elementor-widget-heading\" data-id=\"634ec213\" data-element_type=\"widget\" data-e-type=\"widget\" data-widget_type=\"heading.default\">\n\t\t\t\t\t<h2 class=\"elementor-heading-title elementor-size-default\">Quartierverein Seidenstrasse\nStatuten<\/h2>\t\t\t\t<\/div>\n\t\t\t\t<\/div>\n\t\t\t\t\t<\/div>\n\t\t\t\t<\/div>\n\t\t<div class=\"elementor-element elementor-element-7985cb0 e-flex e-con-boxed e-con e-parent\" data-id=\"7985cb0\" data-element_type=\"container\" data-e-type=\"container\" data-settings=\"{&quot;background_background&quot;:&quot;classic&quot;}\">\n\t\t\t\t\t<div class=\"e-con-inner\">\n\t\t<div class=\"elementor-element elementor-element-8d3893c e-con-full e-flex e-con e-child\" data-id=\"8d3893c\" data-element_type=\"container\" data-e-type=\"container\">\n\t\t\t\t<\/div>\n\t\t<div class=\"elementor-element elementor-element-4c5d003 e-con-full e-flex e-con e-child\" data-id=\"4c5d003\" data-element_type=\"container\" data-e-type=\"container\">\n\t\t\t\t<div class=\"elementor-element elementor-element-b7ba71c elementor-widget elementor-widget-text-editor\" data-id=\"b7ba71c\" data-element_type=\"widget\" data-e-type=\"widget\" data-widget_type=\"text-editor.default\">\n\t\t\t\t\t\t\t\t\t<p>(bereingte Fassung nach Vorstandssitzung 22.9.2009)<\/p>\t\t\t\t\t\t\t\t<\/div>\n\t\t\t\t<\/div>\n\t\t<div class=\"elementor-element elementor-element-3c6fac1 e-con-full elementor-hidden-mobile e-flex e-con e-child\" data-id=\"3c6fac1\" data-element_type=\"container\" data-e-type=\"container\">\n\t\t\t\t<\/div>\n\t\t\t\t\t<\/div>\n\t\t\t\t<\/div>\n\t\t<div class=\"elementor-element elementor-element-76d3544 e-con-full e-flex e-con e-parent\" data-id=\"76d3544\" data-element_type=\"container\" data-e-type=\"container\" data-settings=\"{&quot;background_background&quot;:&quot;classic&quot;}\">\n\t\t<div class=\"elementor-element elementor-element-203d510 e-con-full e-flex e-con e-child\" data-id=\"203d510\" data-element_type=\"container\" data-e-type=\"container\" data-settings=\"{&quot;background_background&quot;:&quot;classic&quot;}\">\n\t\t<div class=\"elementor-element elementor-element-f4f1687 e-con-full e-flex e-con e-child\" data-id=\"f4f1687\" data-element_type=\"container\" data-e-type=\"container\">\n\t\t<div class=\"elementor-element elementor-element-451cee7 e-con-full e-flex e-con e-child\" data-id=\"451cee7\" data-element_type=\"container\" data-e-type=\"container\">\n\t\t\t\t<div class=\"elementor-element elementor-element-87e5ce5 elementor-widget elementor-widget-heading\" data-id=\"87e5ce5\" data-element_type=\"widget\" data-e-type=\"widget\" data-widget_type=\"heading.default\">\n\t\t\t\t\t<h2 class=\"elementor-heading-title elementor-size-default\">I. Allgemeines<\/h2>\t\t\t\t<\/div>\n\t\t\t\t<div class=\"elementor-element elementor-element-10aff01 elementor-widget-divider--view-line elementor-widget elementor-widget-divider\" data-id=\"10aff01\" data-element_type=\"widget\" data-e-type=\"widget\" data-widget_type=\"divider.default\">\n\t\t\t\t\t\t\t<div class=\"elementor-divider\">\n\t\t\t<span class=\"elementor-divider-separator\">\n\t\t\t\t\t\t<\/span>\n\t\t<\/div>\n\t\t\t\t\t\t<\/div>\n\t\t\t\t<\/div>\n\t\t\t\t<div class=\"elementor-element elementor-element-3246526 elementor-widget elementor-widget-text-editor\" data-id=\"3246526\" data-element_type=\"widget\" data-e-type=\"widget\" data-widget_type=\"text-editor.default\">\n\t\t\t\t\t\t\t\t\t<p><strong><em>\u00a7 1 Name und Sitz<br \/><\/em><\/strong>Unter dem Namen \u201eQuartierverein Seidenstrasse-Winterthur\u201c besteht ein Verein im Sinne von Art. 60 ff. des Schweiz. Zivilgesetzbuches mit Sitz in Winterthur. Der Verein ist politisch und konfessionell neutral.<\/p><p><em><strong>\u00a7 2 Zweck<\/strong><\/em><br \/>a. die \u00f6ffentlichen Interessen des Quartiers Seidenstrasse zu f\u00f6rdern und allgemein<br \/>st\u00e4dtische Fragen zu behandeln, die die Quartierentwicklung beeinflussen;<br \/>b. Quartieraktivit\u00e4ten zu f\u00f6rdern und zu unterstu\u0308tzen;<br \/>c. die Geselligkeit unter den Mitgliedern und die Quartierzusammengeh\u00f6rigkeit zu f\u00f6rdern<br \/>und zu pflegen;<br \/>d. die quartierbezogenen Interessen und Rechte seiner Mitglieder zu wahren. Er ist dabei<br \/>insbesondere befugt, selber Rechtsmittel gegen Planungs- und Bauvorhaben zu ergreifen, die dem Vereinszweck zuwider laufen.<\/p><p><em><strong>\u00a7 3 Finanzielle Mittel<\/strong><\/em><br \/>Die finanziellen Mittel des Vereins bestehen aus:<br \/>a.Jahresbeitr\u00e4gen der Mitglieder<br \/>b.Zuwendungen und Schenkungen<br \/>c.u\u0308brigen Ertr\u00e4gen (zB. aus Quartier-Aktivit\u00e4ten)<br \/>Fu\u0308r die Verbindlichkeiten des Vereins haftet ausschliesslich das Vereinsverm\u00f6gen.<\/p>\t\t\t\t\t\t\t\t<\/div>\n\t\t\t\t<\/div>\n\t\t<div class=\"elementor-element elementor-element-fa7939f e-con-full e-flex e-con e-child\" data-id=\"fa7939f\" data-element_type=\"container\" data-e-type=\"container\">\n\t\t\t\t<div class=\"elementor-element elementor-element-938767c elementor-widget elementor-widget-heading\" data-id=\"938767c\" data-element_type=\"widget\" data-e-type=\"widget\" data-widget_type=\"heading.default\">\n\t\t\t\t\t<h2 class=\"elementor-heading-title elementor-size-default\">II. Mitgliedschaft <\/h2>\t\t\t\t<\/div>\n\t\t\t\t<div class=\"elementor-element elementor-element-24648b9 elementor-widget-divider--view-line elementor-widget elementor-widget-divider\" data-id=\"24648b9\" data-element_type=\"widget\" data-e-type=\"widget\" data-widget_type=\"divider.default\">\n\t\t\t\t\t\t\t<div class=\"elementor-divider\">\n\t\t\t<span class=\"elementor-divider-separator\">\n\t\t\t\t\t\t<\/span>\n\t\t<\/div>\n\t\t\t\t\t\t<\/div>\n\t\t\t\t<div class=\"elementor-element elementor-element-1bf401e elementor-widget elementor-widget-text-editor\" data-id=\"1bf401e\" data-element_type=\"widget\" data-e-type=\"widget\" data-widget_type=\"text-editor.default\">\n\t\t\t\t\t\t\t\t\t<p><strong><em>\u00a7 4 Arten der Mitgliedschaft<br \/><\/em><\/strong>Die Mitgliedschaft umfasst:<br \/>&#8211; Einzelmitglieder (Jahresbeitrag: CHF 30)<br \/>&#8211; Familienmitglieder \/ Ehepaare (Jahresbeitrag: CHF 50)<br \/>&#8211; Kollektivmitglieder (Jahresbeitrag: CHF 100)<br \/>&#8211; Ehrenmitglieder (gratis)<br \/>Als Einzelmitglieder k\u00f6nnen alle mindestens 16j\u00e4hrigen, dem Quartier nahe stehenden<br \/>Personen aufgenommen werden. Familien k\u00f6nnen auf Antrag als Familienmitglied<br \/>aufgenommen werden. Firmen, Vereine oder Gesellschaften werden als Kollektivmitglied<br \/>aufgenommen.<br \/>Zu Ehrenmitgliedern k\u00f6nnen durch die Generalversammlung Personen ernannt werden, die sich in herausragender und uneigennu\u0308tziger Weise um den Verein und das Quartier verdient gemacht haben.<\/p><p><em><strong>\u00a7 5 Aufnahme<br \/><\/strong><\/em>Die Bezahlung des Mitgliederbeitrags gilt Beitrittsgesuch.<\/p><p><em><strong>\u00a7 6 Rechte und Pflichten<\/strong><\/em><br \/>Mit seiner Aufnahme wird jedes Mitglied stimmberechtigt und wahlf\u00e4hig und verpflichtet sich zur Bezahlung des ordentlichen Jahresbeitrages fu\u0308r das laufende Vereinsjahr. Ehrenmitglieder sind beitragsfrei.<\/p><p><em><strong>\u00a7 7 Beendigung der Mitgliedschaft<\/strong><\/em><br \/>Die Mitgliedschaft endet:<br \/>&#8211; durch Tod.<br \/>&#8211; durch Wegzug aus dem Quartier Seidenstrasse, sofern das Mitglied nicht ausdru\u0308cklich<br \/>die Beibehaltung der Mitgliedschaft wu\u0308nscht.<br \/>&#8211; durch freiwilligen Austritt per Ende des laufenden Vereinsjahres, was dem Vorstand schriftlich mitzuteilen ist.<br \/>&#8211; durch Ausschluss<\/p>\t\t\t\t\t\t\t\t<\/div>\n\t\t\t\t<\/div>\n\t\t<div class=\"elementor-element elementor-element-2d75cc4 e-con-full e-flex e-con e-child\" data-id=\"2d75cc4\" data-element_type=\"container\" data-e-type=\"container\">\n\t\t\t\t<div class=\"elementor-element elementor-element-2e18a8b elementor-widget elementor-widget-heading\" data-id=\"2e18a8b\" data-element_type=\"widget\" data-e-type=\"widget\" data-widget_type=\"heading.default\">\n\t\t\t\t\t<h2 class=\"elementor-heading-title elementor-size-default\">III. Organisation<\/h2>\t\t\t\t<\/div>\n\t\t\t\t<div class=\"elementor-element elementor-element-3794540 elementor-widget-divider--view-line elementor-widget elementor-widget-divider\" data-id=\"3794540\" data-element_type=\"widget\" data-e-type=\"widget\" data-widget_type=\"divider.default\">\n\t\t\t\t\t\t\t<div class=\"elementor-divider\">\n\t\t\t<span class=\"elementor-divider-separator\">\n\t\t\t\t\t\t<\/span>\n\t\t<\/div>\n\t\t\t\t\t\t<\/div>\n\t\t\t\t<div class=\"elementor-element elementor-element-a08ea62 elementor-widget elementor-widget-text-editor\" data-id=\"a08ea62\" data-element_type=\"widget\" data-e-type=\"widget\" data-widget_type=\"text-editor.default\">\n\t\t\t\t\t\t\t\t\t<p><em><strong>\u00a7 8 Organe<\/strong><\/em><br \/>Die Organe des Quartiervereins Seidenstrasse sind:<br \/>a) die Generalversammlung<br \/>b) der Vorstand<br \/>c) die Kontrollstelle<\/p><p><em><strong>\u00a7 9 ordentliche Generalversammlung<\/strong><\/em><br \/>Die ordentliche Generalversammlung findet j\u00e4hrlich im ersten Halbjahr des Jahres statt.<br \/>Sie behandelt haupts\u00e4chlich folgende Gesch\u00e4fte:<br \/>1. Genehmigung des Jahresberichtes des\/der Pr\u00e4sidenten\/in<br \/>2. Genehmigung der Jahresrechnung und D\u00e9chargeerteilung an den Vorstand.<br \/>3. Festsetzung des Jahresbeitrages<br \/>4. Wahlen von Pr\u00e4sident\/in, der weiteren Mitglieder des Vorstandes, der Kontrollstelle und<br \/>von Ehrenmitgliedern<br \/>5. \u00c4nderung der Statuten<br \/>6. Beschlussfassung u\u0308ber Antr\u00e4ge von Mitgliedern.<br \/>Die Generalversammlung wird durch den Vorstand mindestens 20 Tage vorher durch<br \/>Versand eines e-mails an die Mitglieder oder Einladungsbrief fu\u0308r Mitglieder ohne e-mail-<br \/>Adresse einberufen. Antr\u00e4ge fu\u0308r die Generalversammlung mu\u0308ssen sp\u00e4testens 10 Tage vor<br \/>derselben schriftlich und begru\u0308ndet dem Vorstand eingereicht sein.<\/p><p><em><strong>\u00a7 10 ausserordentliche Generalversammlung<\/strong><\/em><br \/>Ausserordentliche Generalversammlungen k\u00f6nnen vom Vorstand oder auf Antrag von<br \/>mindestens 25 Mitgliedern einberufen werden. Ein Begehren um eine ausserordentliche<br \/>Generalversammlung muss schriftlich begru\u0308ndet sein. Entscheide k\u00f6nnen mit einfachem<br \/>Mehr gef\u00e4llt werden.<\/p><p><em><strong>\u00a7 11 Wahlen und Abstimmungen<\/strong><\/em><br \/>Jede Person ab 16 Jahren verfu\u0308gt u\u0308ber eine Stimme. Kollektiv-Mitglieder haben maximal 2<br \/>Stimmen (inkl der Stimmen als Einzel- bzw. Familienmitglied). Die Einladung gilt als<br \/>Stimmausweis. In der Regel wird offen abgestimmt und gew\u00e4hlt. Der Vorstand oder einDrittel der anwesenden Mitglieder k\u00f6nnen die Durchfu\u0308hrung geheimer Wahlen und<br \/>Abstimmungen verlangen. Massgebend ist das einfache Stimmenmehr der anwesenden<br \/>Mitglieder, ausser fu\u0308r die \u00c4nderung der Statuten, fu\u0308r welche eine Zweidrittelmehrheit der<br \/>anwesenden Mitglieder erforderlich ist.<br \/>\u00a7 12 Vorstand<br \/>Der Vorstand besteht aus Pr\u00e4sident\/in und mindestens weiteren 3 Mitgliedern. Er wird<br \/>von der Generalversammlung auf die Dauer eines Jahres gew\u00e4hlt. Wiederwahl ist<br \/>m\u00f6glich. Der Vorstand konstituiert sich selbst, wobei der Pr\u00e4sident von der<br \/>Generalversammlung gew\u00e4hlt wird. Der Vorstand vertritt den Quartierverein nach aussen<br \/>und besorgt die laufenden Gesch\u00e4fte. Er entscheidet u\u0308ber Aufnahme und Ausschluss von<br \/>Mitgliedern ohne Angabe von Gru\u0308nden. Dieser Entscheid kann an die<br \/>Generalversammlung zum endgu\u0308ltigen Entscheid weitergezogen werden.<br \/>\u00a7 13 Kontrollstelle<br \/>Die Kontrollstelle besteht aus zwei Revisoren oder Revisorinnen, die nicht Mitglieder des<br \/>Vereins sein mu\u0308ssen. Sie wird auf ein Jahr gew\u00e4hlt. Wiederwahl ist m\u00f6glich.<br \/>Sie u\u0308berpru\u0308ft die Rechnungsfu\u0308hrung und erstattet dem Vorstand Bericht zuhanden der<br \/>Generalversammlung.<br \/>IV. SCHLUSSBESTIMMUNGEN<br \/>\u00a7 14 Aufl\u00f6sung des Vereins<br \/>Die Aufl\u00f6sung des Vereins kann nur an einer ordentlichen Generalversammlung mit<br \/>Dreiviertelmehrheit der anwesenden Mitglieder dann beschlossen werden, wenn dieses<br \/>Traktandung in der Einladung der Versammlung ausdru\u0308cklich aufgefu\u0308hrt ist.<br \/>Bei Vereinsaufl\u00f6sung werden die vorhandenen Aktiven nach Abzug allf\u00e4lliger Passiven<br \/>gemeinnu\u0308tzigen Einrichtungen des Quartiers Seidenstrasse zugewendet.<br \/>\u00a7 15 Inkraftsetzung<br \/>Diese Statuten treten nach Genehmigung durch die Gru\u0308ndungsversammlung vom 24.<br \/>September 2009 in Kraft.<br \/>Winterthur, 24. September 2009<\/p>\t\t\t\t\t\t\t\t<\/div>\n\t\t\t\t<\/div>\n\t\t<div class=\"elementor-element elementor-element-0919d16 e-con-full e-flex e-con e-child\" data-id=\"0919d16\" data-element_type=\"container\" data-e-type=\"container\">\n\t\t\t\t<div class=\"elementor-element elementor-element-1dee201 elementor-widget elementor-widget-heading\" data-id=\"1dee201\" data-element_type=\"widget\" data-e-type=\"widget\" data-widget_type=\"heading.default\">\n\t\t\t\t\t<h2 class=\"elementor-heading-title elementor-size-default\">IV. Schluss-bestimmungen<\/h2>\t\t\t\t<\/div>\n\t\t\t\t<div class=\"elementor-element elementor-element-245956f elementor-widget-divider--view-line elementor-widget elementor-widget-divider\" data-id=\"245956f\" data-element_type=\"widget\" data-e-type=\"widget\" data-widget_type=\"divider.default\">\n\t\t\t\t\t\t\t<div class=\"elementor-divider\">\n\t\t\t<span class=\"elementor-divider-separator\">\n\t\t\t\t\t\t<\/span>\n\t\t<\/div>\n\t\t\t\t\t\t<\/div>\n\t\t\t\t<div class=\"elementor-element elementor-element-14beb8d elementor-widget elementor-widget-text-editor\" data-id=\"14beb8d\" data-element_type=\"widget\" data-e-type=\"widget\" data-widget_type=\"text-editor.default\">\n\t\t\t\t\t\t\t\t\t<p><strong>\u00a7 14 Aufl\u00f6sung des Vereins<\/strong><br \/><br \/>Die Aufl\u00f6sung des Vereins kann nur an einer ordentlichen Generalversammlung mit Dreiviertelmehrheit der anwesenden Mitglieder dann beschlossen werden, wenn dieses Traktandung in der Einladung der Versammlung ausdru\u0308cklich aufgefu\u0308hrt ist.<br \/>Bei Vereinsaufl\u00f6sung werden die vorhandenen Aktiven nach Abzug allf\u00e4lliger Passiven<br \/>gemeinnu\u0308tzigen Einrichtungen des Quartiers Seidenstrasse zugewendet.<br \/><br \/><strong>\u00a7 15 Inkraftsetzung<\/strong><br \/>Diese Statuten treten nach Genehmigung durch die Gru\u0308ndungsversammlung vom 24.<br \/>September 2009 in Kraft.<br \/><br \/><em>Winterthur, 24. September 2009<\/em><\/p>\t\t\t\t\t\t\t\t<\/div>\n\t\t\t\t<\/div>\n\t\t\t\t<\/div>\n\t\t\t\t<\/div>\n\t\t<div class=\"elementor-element elementor-element-9bbaf42 e-flex e-con-boxed e-con e-parent\" data-id=\"9bbaf42\" data-element_type=\"container\" data-e-type=\"container\" data-settings=\"{&quot;background_background&quot;:&quot;classic&quot;}\">\n\t\t\t\t\t<div class=\"e-con-inner\">\n\t\t\t\t\t<\/div>\n\t\t\t\t<\/div>\n\t\t\t\t<\/div>\n\t\t","protected":false},"excerpt":{"rendered":"<p>Quartierverein Seidenstrasse Statuten (bereingte Fassung nach Vorstandssitzung 22.9.2009) I. Allgemeines \u00a7 1 Name und SitzUnter dem Namen \u201eQuartierverein Seidenstrasse-Winterthur\u201c besteht ein Verein im Sinne von Art. 60 ff. des Schweiz. Zivilgesetzbuches mit Sitz in Winterthur. Der Verein ist politisch und konfessionell neutral. \u00a7 2 Zwecka. die \u00f6ffentlichen Interessen des Quartiers Seidenstrasse zu f\u00f6rdern und allgemeinst\u00e4dtische [&hellip;]<\/p>\n","protected":false},"author":2,"featured_media":0,"parent":0,"menu_order":0,"comment_status":"closed","ping_status":"closed","template":"","meta":{"inline_featured_image":false,"footnotes":""},"class_list":["post-1347","page","type-page","status-publish","hentry"],"aioseo_notices":[],"aioseo_head":"\n\t\t<!-- All in One SEO 5.0.0.1 - aioseo.com -->\n\t<meta name=\"description\" content=\"Quartierverein Seidenstrasse Statuten (bereingte Fassung nach Vorstandssitzung 22.9.2009) I. Allgemeines \u00a7 1 Name und SitzUnter dem Namen \u201eQuartierverein Seidenstrasse-Winterthur\u201c besteht ein Verein im Sinne von Art. 60 ff. des Schweiz. Zivilgesetzbuches mit Sitz in Winterthur. Der Verein ist politisch und konfessionell neutral.\u00a7 2 Zwecka. die \u00f6ffentlichen Interessen des Quartiers Seidenstrasse zu f\u00f6rdern und allgemeinst\u00e4dtische Fragen\" \/>\n\t<meta name=\"robots\" content=\"max-image-preview:large\" \/>\n\t<link rel=\"canonical\" href=\"https:\/\/seidenstrasse-winterthur.ch\/?page_id=1347\" \/>\n\t<meta name=\"generator\" content=\"All in One SEO (AIOSEO) 5.0.0.1\" \/>\n\t\t<meta property=\"og:locale\" content=\"de_DE\" \/>\n\t\t<meta property=\"og:site_name\" content=\"Seidenstrasse Quartierverein -\" \/>\n\t\t<meta property=\"og:type\" content=\"article\" \/>\n\t\t<meta property=\"og:title\" content=\"Statuten - Seidenstrasse Quartierverein\" \/>\n\t\t<meta property=\"og:description\" content=\"Quartierverein Seidenstrasse Statuten (bereingte Fassung nach Vorstandssitzung 22.9.2009) I. Allgemeines \u00a7 1 Name und SitzUnter dem Namen \u201eQuartierverein Seidenstrasse-Winterthur\u201c besteht ein Verein im Sinne von Art. 60 ff. des Schweiz. Zivilgesetzbuches mit Sitz in Winterthur. Der Verein ist politisch und konfessionell neutral.\u00a7 2 Zwecka. die \u00f6ffentlichen Interessen des Quartiers Seidenstrasse zu f\u00f6rdern und allgemeinst\u00e4dtische Fragen\" \/>\n\t\t<meta property=\"og:url\" content=\"https:\/\/seidenstrasse-winterthur.ch\/?page_id=1347\" \/>\n\t\t<meta property=\"og:image\" content=\"https:\/\/seidenstrasse-winterthur.ch\/wp-content\/uploads\/2025\/07\/Seidenstrasse-Logo-MintGruen-01.svg\" \/>\n\t\t<meta property=\"og:image:secure_url\" content=\"https:\/\/seidenstrasse-winterthur.ch\/wp-content\/uploads\/2025\/07\/Seidenstrasse-Logo-MintGruen-01.svg\" \/>\n\t\t<meta property=\"article:published_time\" content=\"2025-07-29T09:17:45+00:00\" \/>\n\t\t<meta property=\"article:modified_time\" content=\"2026-01-25T09:48:45+00:00\" \/>\n\t\t<meta name=\"twitter:card\" content=\"summary_large_image\" \/>\n\t\t<meta name=\"twitter:title\" content=\"Statuten - Seidenstrasse Quartierverein\" \/>\n\t\t<meta name=\"twitter:description\" content=\"Quartierverein Seidenstrasse Statuten (bereingte Fassung nach Vorstandssitzung 22.9.2009) I. Allgemeines \u00a7 1 Name und SitzUnter dem Namen \u201eQuartierverein Seidenstrasse-Winterthur\u201c besteht ein Verein im Sinne von Art. 60 ff. des Schweiz. Zivilgesetzbuches mit Sitz in Winterthur. Der Verein ist politisch und konfessionell neutral.\u00a7 2 Zwecka. die \u00f6ffentlichen Interessen des Quartiers Seidenstrasse zu f\u00f6rdern und allgemeinst\u00e4dtische Fragen\" \/>\n\t\t<meta name=\"twitter:image\" content=\"https:\/\/seidenstrasse-winterthur.ch\/wp-content\/uploads\/2025\/07\/Seidenstrasse-Logo-MintGruen-01.svg\" \/>\n\t\t<script type=\"application\/ld+json\" class=\"aioseo-schema\">\n\t\t\t{\"@context\":\"https:\\\/\\\/schema.org\",\"@graph\":[{\"@type\":\"BreadcrumbList\",\"@id\":\"https:\\\/\\\/seidenstrasse-winterthur.ch\\\/?page_id=1347#breadcrumblist\",\"itemListElement\":[{\"@type\":\"ListItem\",\"@id\":\"https:\\\/\\\/seidenstrasse-winterthur.ch#listItem\",\"position\":1,\"name\":\"Home\",\"item\":\"https:\\\/\\\/seidenstrasse-winterthur.ch\",\"nextItem\":{\"@type\":\"ListItem\",\"@id\":\"https:\\\/\\\/seidenstrasse-winterthur.ch\\\/?page_id=1347#listItem\",\"name\":\"Statuten\"}},{\"@type\":\"ListItem\",\"@id\":\"https:\\\/\\\/seidenstrasse-winterthur.ch\\\/?page_id=1347#listItem\",\"position\":2,\"name\":\"Statuten\",\"previousItem\":{\"@type\":\"ListItem\",\"@id\":\"https:\\\/\\\/seidenstrasse-winterthur.ch#listItem\",\"name\":\"Home\"}}]},{\"@type\":\"Organization\",\"@id\":\"https:\\\/\\\/seidenstrasse-winterthur.ch\\\/#organization\",\"name\":\"Seidenstrasse Quartierverein\",\"url\":\"https:\\\/\\\/seidenstrasse-winterthur.ch\\\/\",\"logo\":{\"@type\":\"ImageObject\",\"url\":\"https:\\\/\\\/seidenstrasse-winterthur.ch\\\/wp-content\\\/uploads\\\/2026\\\/03\\\/Seidenstrasse-Logo-01.svg\",\"@id\":\"https:\\\/\\\/seidenstrasse-winterthur.ch\\\/?page_id=1347\\\/#organizationLogo\",\"width\":499,\"height\":201},\"image\":{\"@id\":\"https:\\\/\\\/seidenstrasse-winterthur.ch\\\/?page_id=1347\\\/#organizationLogo\"}},{\"@type\":\"WebPage\",\"@id\":\"https:\\\/\\\/seidenstrasse-winterthur.ch\\\/?page_id=1347#webpage\",\"url\":\"https:\\\/\\\/seidenstrasse-winterthur.ch\\\/?page_id=1347\",\"name\":\"Statuten - Seidenstrasse Quartierverein\",\"description\":\"Quartierverein Seidenstrasse Statuten (bereingte Fassung nach Vorstandssitzung 22.9.2009) I. Allgemeines \\u00a7 1 Name und SitzUnter dem Namen \\u201eQuartierverein Seidenstrasse-Winterthur\\u201c besteht ein Verein im Sinne von Art. 60 ff. des Schweiz. Zivilgesetzbuches mit Sitz in Winterthur. Der Verein ist politisch und konfessionell neutral.\\u00a7 2 Zwecka. die \\u00f6ffentlichen Interessen des Quartiers Seidenstrasse zu f\\u00f6rdern und allgemeinst\\u00e4dtische Fragen\",\"inLanguage\":\"de-DE\",\"isPartOf\":{\"@id\":\"https:\\\/\\\/seidenstrasse-winterthur.ch\\\/#website\"},\"breadcrumb\":{\"@id\":\"https:\\\/\\\/seidenstrasse-winterthur.ch\\\/?page_id=1347#breadcrumblist\"},\"datePublished\":\"2025-07-29T11:17:45+02:00\",\"dateModified\":\"2026-01-25T10:48:45+01:00\"},{\"@type\":\"WebSite\",\"@id\":\"https:\\\/\\\/seidenstrasse-winterthur.ch\\\/#website\",\"url\":\"https:\\\/\\\/seidenstrasse-winterthur.ch\\\/\",\"name\":\"Seidenstrasse Quartierverein\",\"inLanguage\":\"de-DE\",\"publisher\":{\"@id\":\"https:\\\/\\\/seidenstrasse-winterthur.ch\\\/#organization\"}}]}\n\t\t<\/script>\n\t\t<!-- All in One SEO -->\n\n","aioseo_head_json":{"title":"Statuten - Seidenstrasse Quartierverein","description":"Quartierverein Seidenstrasse Statuten (bereingte Fassung nach Vorstandssitzung 22.9.2009) I. Allgemeines \u00a7 1 Name und SitzUnter dem Namen \u201eQuartierverein Seidenstrasse-Winterthur\u201c besteht ein Verein im Sinne von Art. 60 ff. des Schweiz. Zivilgesetzbuches mit Sitz in Winterthur. Der Verein ist politisch und konfessionell neutral.\u00a7 2 Zwecka. die \u00f6ffentlichen Interessen des Quartiers Seidenstrasse zu f\u00f6rdern und allgemeinst\u00e4dtische Fragen","canonical_url":"https:\/\/seidenstrasse-winterthur.ch\/?page_id=1347","robots":"max-image-preview:large","keywords":"","webmasterTools":{"miscellaneous":""},"schema":{"@context":"https:\/\/schema.org","@graph":[{"@type":"BreadcrumbList","@id":"https:\/\/seidenstrasse-winterthur.ch\/?page_id=1347#breadcrumblist","itemListElement":[{"@type":"ListItem","@id":"https:\/\/seidenstrasse-winterthur.ch#listItem","position":1,"name":"Home","item":"https:\/\/seidenstrasse-winterthur.ch","nextItem":{"@type":"ListItem","@id":"https:\/\/seidenstrasse-winterthur.ch\/?page_id=1347#listItem","name":"Statuten"}},{"@type":"ListItem","@id":"https:\/\/seidenstrasse-winterthur.ch\/?page_id=1347#listItem","position":2,"name":"Statuten","previousItem":{"@type":"ListItem","@id":"https:\/\/seidenstrasse-winterthur.ch#listItem","name":"Home"}}]},{"@type":"Organization","@id":"https:\/\/seidenstrasse-winterthur.ch\/#organization","name":"Seidenstrasse Quartierverein","url":"https:\/\/seidenstrasse-winterthur.ch\/","logo":{"@type":"ImageObject","url":"https:\/\/seidenstrasse-winterthur.ch\/wp-content\/uploads\/2026\/03\/Seidenstrasse-Logo-01.svg","@id":"https:\/\/seidenstrasse-winterthur.ch\/?page_id=1347\/#organizationLogo","width":499,"height":201},"image":{"@id":"https:\/\/seidenstrasse-winterthur.ch\/?page_id=1347\/#organizationLogo"}},{"@type":"WebPage","@id":"https:\/\/seidenstrasse-winterthur.ch\/?page_id=1347#webpage","url":"https:\/\/seidenstrasse-winterthur.ch\/?page_id=1347","name":"Statuten - Seidenstrasse Quartierverein","description":"Quartierverein Seidenstrasse Statuten (bereingte Fassung nach Vorstandssitzung 22.9.2009) I. Allgemeines \u00a7 1 Name und SitzUnter dem Namen \u201eQuartierverein Seidenstrasse-Winterthur\u201c besteht ein Verein im Sinne von Art. 60 ff. des Schweiz. Zivilgesetzbuches mit Sitz in Winterthur. Der Verein ist politisch und konfessionell neutral.\u00a7 2 Zwecka. die \u00f6ffentlichen Interessen des Quartiers Seidenstrasse zu f\u00f6rdern und allgemeinst\u00e4dtische Fragen","inLanguage":"de-DE","isPartOf":{"@id":"https:\/\/seidenstrasse-winterthur.ch\/#website"},"breadcrumb":{"@id":"https:\/\/seidenstrasse-winterthur.ch\/?page_id=1347#breadcrumblist"},"datePublished":"2025-07-29T11:17:45+02:00","dateModified":"2026-01-25T10:48:45+01:00"},{"@type":"WebSite","@id":"https:\/\/seidenstrasse-winterthur.ch\/#website","url":"https:\/\/seidenstrasse-winterthur.ch\/","name":"Seidenstrasse Quartierverein","inLanguage":"de-DE","publisher":{"@id":"https:\/\/seidenstrasse-winterthur.ch\/#organization"}}]},"og:locale":"de_DE","og:site_name":"Seidenstrasse Quartierverein -","og:type":"article","og:title":"Statuten - Seidenstrasse Quartierverein","og:description":"Quartierverein Seidenstrasse Statuten (bereingte Fassung nach Vorstandssitzung 22.9.2009) I. Allgemeines \u00a7 1 Name und SitzUnter dem Namen \u201eQuartierverein Seidenstrasse-Winterthur\u201c besteht ein Verein im Sinne von Art. 60 ff. des Schweiz. Zivilgesetzbuches mit Sitz in Winterthur. Der Verein ist politisch und konfessionell neutral.\u00a7 2 Zwecka. die \u00f6ffentlichen Interessen des Quartiers Seidenstrasse zu f\u00f6rdern und allgemeinst\u00e4dtische Fragen","og:url":"https:\/\/seidenstrasse-winterthur.ch\/?page_id=1347","og:image":"https:\/\/seidenstrasse-winterthur.ch\/wp-content\/uploads\/2025\/07\/Seidenstrasse-Logo-MintGruen-01.svg","og:image:secure_url":"https:\/\/seidenstrasse-winterthur.ch\/wp-content\/uploads\/2025\/07\/Seidenstrasse-Logo-MintGruen-01.svg","article:published_time":"2025-07-29T09:17:45+00:00","article:modified_time":"2026-01-25T09:48:45+00:00","twitter:card":"summary_large_image","twitter:title":"Statuten - Seidenstrasse Quartierverein","twitter:description":"Quartierverein Seidenstrasse Statuten (bereingte Fassung nach Vorstandssitzung 22.9.2009) I. Allgemeines \u00a7 1 Name und SitzUnter dem Namen \u201eQuartierverein Seidenstrasse-Winterthur\u201c besteht ein Verein im Sinne von Art. 60 ff. des Schweiz. Zivilgesetzbuches mit Sitz in Winterthur. Der Verein ist politisch und konfessionell neutral.\u00a7 2 Zwecka. die \u00f6ffentlichen Interessen des Quartiers Seidenstrasse zu f\u00f6rdern und allgemeinst\u00e4dtische Fragen","twitter:image":"https:\/\/seidenstrasse-winterthur.ch\/wp-content\/uploads\/2025\/07\/Seidenstrasse-Logo-MintGruen-01.svg"},"aioseo_meta_data":{"post_id":"1347","title":null,"description":null,"keywords":null,"keyphrases":{"focus":[],"additional":[]},"primary_term":null,"canonical_url":null,"og_title":null,"og_description":null,"og_object_type":"default","og_image_type":"default","og_image_url":null,"og_image_width":null,"og_image_height":null,"og_image_custom_url":null,"og_image_custom_fields":null,"og_video":null,"og_custom_url":null,"og_article_section":null,"og_article_tags":null,"twitter_use_og":false,"twitter_card":"default","twitter_image_type":"default","twitter_image_url":null,"twitter_image_custom_url":null,"twitter_image_custom_fields":null,"twitter_title":null,"twitter_description":null,"schema":{"blockGraphs":[],"customGraphs":[],"default":{"data":{"Article":[],"Course":[],"Dataset":[],"FAQPage":[],"Movie":[],"Person":[],"Product":[],"ProductReview":[],"Car":[],"Recipe":[],"Service":[],"SoftwareApplication":[],"WebPage":[]},"graphName":"","isEnabled":true},"graphs":[]},"schema_type":"default","schema_type_options":null,"pillar_content":false,"robots_default":true,"robots_noindex":false,"robots_noarchive":false,"robots_nosnippet":false,"robots_nofollow":false,"robots_noimageindex":false,"robots_noodp":false,"robots_notranslate":false,"robots_max_snippet":null,"robots_max_videopreview":null,"robots_max_imagepreview":"large","priority":null,"frequency":null,"local_seo":null,"breadcrumb_settings":null,"limit_modified_date":false,"ai":null,"created":"2026-03-05 17:05:01","updated":"2026-08-23 19:13:19","seo_analyzer_scan_date":null,"focus_keyword":null,"additional_keywords":null,"truseo_locale":null},"aioseo_breadcrumb":"<div class=\"aioseo-breadcrumbs\"><span class=\"aioseo-breadcrumb\">\n\t\t\t<a href=\"https:\/\/seidenstrasse-winterthur.ch\" title=\"Home\">Home<\/a>\n\t\t<\/span><span class=\"aioseo-breadcrumb-separator\">&raquo;<\/span><span class=\"aioseo-breadcrumb\">\n\t\t\tStatuten\n\t\t<\/span><\/div>","aioseo_breadcrumb_json":[{"label":"Home","link":"https:\/\/seidenstrasse-winterthur.ch"},{"label":"Statuten","link":"https:\/\/seidenstrasse-winterthur.ch\/?page_id=1347"}],"_links":{"self":[{"href":"https:\/\/seidenstrasse-winterthur.ch\/index.php?rest_route=\/wp\/v2\/pages\/1347","targetHints":{"allow":["GET"]}}],"collection":[{"href":"https:\/\/seidenstrasse-winterthur.ch\/index.php?rest_route=\/wp\/v2\/pages"}],"about":[{"href":"https:\/\/seidenstrasse-winterthur.ch\/index.php?rest_route=\/wp\/v2\/types\/page"}],"author":[{"embeddable":true,"href":"https:\/\/seidenstrasse-winterthur.ch\/index.php?rest_route=\/wp\/v2\/users\/2"}],"replies":[{"embeddable":true,"href":"https:\/\/seidenstrasse-winterthur.ch\/index.php?rest_route=%2Fwp%2Fv2%2Fcomments&post=1347"}],"version-history":[{"count":61,"href":"https:\/\/seidenstrasse-winterthur.ch\/index.php?rest_route=\/wp\/v2\/pages\/1347\/revisions"}],"predecessor-version":[{"id":3025,"href":"https:\/\/seidenstrasse-winterthur.ch\/index.php?rest_route=\/wp\/v2\/pages\/1347\/revisions\/3025"}],"wp:attachment":[{"href":"https:\/\/seidenstrasse-winterthur.ch\/index.php?rest_route=%2Fwp%2Fv2%2Fmedia&parent=1347"}],"curies":[{"name":"wp","href":"https:\/\/api.w.org\/{rel}","templated":true}]}}