{"id":1337,"date":"2025-07-29T11:06:03","date_gmt":"2025-07-29T09:06:03","guid":{"rendered":"https:\/\/dev2025.seidenstrasse-winterthur.ch\/?page_id=1337"},"modified":"2026-05-14T20:50:57","modified_gmt":"2026-05-14T18:50:57","slug":"impressum-und-datenschutz","status":"publish","type":"page","link":"https:\/\/seidenstrasse-winterthur.ch\/?page_id=1337","title":{"rendered":"Impressum"},"content":{"rendered":"\t\t<div data-elementor-type=\"wp-page\" data-elementor-id=\"1337\" class=\"elementor elementor-1337\" data-elementor-post-type=\"page\">\n\t\t\t\t<div class=\"elementor-element elementor-element-6b81ad4c e-flex e-con-boxed e-con e-parent\" data-id=\"6b81ad4c\" data-element_type=\"container\" data-e-type=\"container\" data-settings=\"{&quot;background_background&quot;:&quot;classic&quot;}\">\n\t\t\t\t\t<div class=\"e-con-inner\">\n\t\t<div class=\"elementor-element elementor-element-41682efd e-con-full e-flex e-con e-child\" data-id=\"41682efd\" data-element_type=\"container\" data-e-type=\"container\">\n\t\t\t\t<\/div>\n\t\t\t\t\t<\/div>\n\t\t\t\t<\/div>\n\t\t<div class=\"elementor-element elementor-element-12a5ebb1 e-flex e-con-boxed e-con e-parent\" data-id=\"12a5ebb1\" data-element_type=\"container\" data-e-type=\"container\" data-settings=\"{&quot;background_background&quot;:&quot;classic&quot;,&quot;shape_divider_bottom&quot;:&quot;curve&quot;}\">\n\t\t\t\t\t<div class=\"e-con-inner\">\n\t\t\t\t<div class=\"elementor-shape elementor-shape-bottom\" aria-hidden=\"true\" data-negative=\"false\">\n\t\t\t<svg xmlns=\"http:\/\/www.w3.org\/2000\/svg\" viewBox=\"0 0 1000 100\" preserveAspectRatio=\"none\">\n    <path class=\"elementor-shape-fill\" d=\"M1000,4.3V0H0v4.3C0.9,23.1,126.7,99.2,500,100S1000,22.7,1000,4.3z\"\/>\n<\/svg>\t\t<\/div>\n\t\t\t\t\t<\/div>\n\t\t\t\t<\/div>\n\t\t<div class=\"elementor-element elementor-element-53d1fd4 e-flex e-con-boxed e-con e-parent\" data-id=\"53d1fd4\" data-element_type=\"container\" data-e-type=\"container\" data-settings=\"{&quot;background_background&quot;:&quot;classic&quot;}\">\n\t\t\t\t\t<div class=\"e-con-inner\">\n\t\t<div class=\"elementor-element elementor-element-0b85d4b e-con-full e-flex e-con e-child\" data-id=\"0b85d4b\" data-element_type=\"container\" data-e-type=\"container\" data-settings=\"{&quot;background_background&quot;:&quot;classic&quot;}\">\n\t\t\t\t<div class=\"elementor-element elementor-element-80b4707 elementor-widget elementor-widget-heading\" data-id=\"80b4707\" data-element_type=\"widget\" data-e-type=\"widget\" data-widget_type=\"heading.default\">\n\t\t\t\t\t<h2 class=\"elementor-heading-title elementor-size-default\">Das Formelle<\/h2>\t\t\t\t<\/div>\n\t\t\t\t<div class=\"elementor-element elementor-element-7b88ef5 elementor-widget elementor-widget-heading\" data-id=\"7b88ef5\" data-element_type=\"widget\" data-e-type=\"widget\" data-widget_type=\"heading.default\">\n\t\t\t\t\t<h2 class=\"elementor-heading-title elementor-size-default\">Impressum<\/h2>\t\t\t\t<\/div>\n\t\t\t\t<\/div>\n\t\t\t\t\t<\/div>\n\t\t\t\t<\/div>\n\t\t<div class=\"elementor-element elementor-element-9f77912 e-flex e-con-boxed e-con e-parent\" data-id=\"9f77912\" data-element_type=\"container\" data-e-type=\"container\">\n\t\t\t\t\t<div class=\"e-con-inner\">\n\t\t<div class=\"elementor-element elementor-element-5bedb2c e-con-full e-flex e-con e-child\" data-id=\"5bedb2c\" data-element_type=\"container\" data-e-type=\"container\">\n\t\t\t\t<div class=\"elementor-element elementor-element-2f38079 elementor-widget elementor-widget-heading\" data-id=\"2f38079\" data-element_type=\"widget\" data-e-type=\"widget\" data-widget_type=\"heading.default\">\n\t\t\t\t\t<h2 class=\"elementor-heading-title elementor-size-default\">Kontaktadresse:<\/h2>\t\t\t\t<\/div>\n\t\t\t\t<div class=\"elementor-element elementor-element-e5faf37 elementor-widget elementor-widget-text-editor\" data-id=\"e5faf37\" data-element_type=\"widget\" data-e-type=\"widget\" data-widget_type=\"text-editor.default\">\n\t\t\t\t\t\t\t\t\t<div><strong>Quartierverein Seidenstrasse-Winterthur<\/strong><\/div><div>Seidenstrasse 2<\/div><div>8400 Winterthur<br \/>Schweiz<\/div><div>\u00a0<\/div><div><a href=\"mailto:info@seidenstrasse-winterthur.ch\"><span style=\"text-decoration: underline;\">info@seidenstrasse-winterthur.ch<\/span><\/a><\/div><div>\u00a0<\/div>\t\t\t\t\t\t\t\t<\/div>\n\t\t\t\t<div class=\"elementor-element elementor-element-961e55e elementor-widget elementor-widget-text-editor\" data-id=\"961e55e\" data-element_type=\"widget\" data-e-type=\"widget\" data-widget_type=\"text-editor.default\">\n\t\t\t\t\t\t\t\t\t<p>Webseite wurde erstellt mit WordPress und Elementor.\u00a0<\/p>\t\t\t\t\t\t\t\t<\/div>\n\t\t\t\t<\/div>\n\t\t<div class=\"elementor-element elementor-element-9d16a96 e-con-full e-flex e-con e-child\" data-id=\"9d16a96\" data-element_type=\"container\" data-e-type=\"container\">\n\t\t\t\t<div class=\"elementor-element elementor-element-8f36084 elementor-widget elementor-widget-heading\" data-id=\"8f36084\" data-element_type=\"widget\" data-e-type=\"widget\" data-widget_type=\"heading.default\">\n\t\t\t\t\t<h2 class=\"elementor-heading-title elementor-size-default\">Vertretungsberechtigte Personen<\/h2>\t\t\t\t<\/div>\n\t\t\t\t<div class=\"elementor-element elementor-element-e5a6edb elementor-widget elementor-widget-text-editor\" data-id=\"e5a6edb\" data-element_type=\"widget\" data-e-type=\"widget\" data-widget_type=\"text-editor.default\">\n\t\t\t\t\t\t\t\t\t<p><strong>Sabine Ihringer<\/strong> &#8211; Pr\u00e4sidentin<br \/><strong>Ralf Gleisberg<\/strong> &#8211; Vize-Pr\u00e4sident \/ Finanzen<br \/><strong>Antoinette Gleisberg<\/strong> &#8211; Finanzen<br \/><strong>Manuela Hasler John<\/strong> &#8211; Aktuarin<br \/><strong>Urs Fehlmann<\/strong> &#8211; Senior:Innen<br \/><strong>Bernd W\u00fcthrich<\/strong> &#8211; Kommunikation \/ Design<br \/><strong>Matthias Baumgartner<\/strong> &#8211; Revisor<br \/><strong>Frank Ihringer<\/strong> &#8211; Revisor<\/p>\t\t\t\t\t\t\t\t<\/div>\n\t\t\t\t<div class=\"elementor-element elementor-element-b40d375 elementor-widget elementor-widget-heading\" data-id=\"b40d375\" data-element_type=\"widget\" data-e-type=\"widget\" data-widget_type=\"heading.default\">\n\t\t\t\t\t<h2 class=\"elementor-heading-title elementor-size-default\">Haftungs- und Schutzrechtshinweise<\/h2>\t\t\t\t<\/div>\n\t\t<div class=\"elementor-element elementor-element-6ce7cdd e-con-full e-flex e-con e-child\" data-id=\"6ce7cdd\" data-element_type=\"container\" data-e-type=\"container\">\n\t\t\t\t<div class=\"elementor-element elementor-element-7f26f64 elementor-widget elementor-widget-text-editor\" data-id=\"7f26f64\" data-element_type=\"widget\" data-e-type=\"widget\" data-widget_type=\"text-editor.default\">\n\t\t\t\t\t\t\t\t\t<p>Haftungsausschluss: Die Inhalte dieses Onlineangebotes wurden sorgf\u00e4ltig und nach unserem aktuellen Kenntnisstand erstellt, dienen jedoch nur der Information und entfalten keine rechtlich bindende Wirkung, sofern es sich nicht um gesetzlich verpflichtende Informationen (z.B. das Impressum, die Datenschutzerkl\u00e4rung, AGB oder verpflichtende Belehrungen von Verbrauchern) handelt. Wir behalten uns vor, die Inhalte vollst\u00e4ndig oder teilweise zu \u00e4ndern oder zu l\u00f6schen, soweit vertragliche Verpflichtungen unber\u00fchrt bleiben. Alle Angebote sind freibleibend und unverbindlich.<\/p><p>Links auf fremde Webseiten: Die Inhalte fremder Webseiten, auf die wir direkt oder indirekt verweisen, liegen ausserhalb unseres Verantwortungsbereiches und wir machen sie uns nicht zu Eigen. F\u00fcr alle Inhalte und Nachteile, die aus der Nutzung der in den verlinkten Webseiten aufrufbaren Informationen entstehen, \u00fcbernehmen wir keine Verantwortung.<\/p><p>Urheberrechte und Markenrechte: Alle auf dieser Website dargestellten Inhalte, wie Texte, Fotografien, Grafiken, Marken und Warenzeichen sind durch die jeweiligen Schutzrechte (Urheberrechte, Markenrechte) gesch\u00fctzt. Die Verwendung, Vervielf\u00e4ltigung usw. unterliegen unseren Rechten oder den Rechten der jeweiligen Urheber bzw. Rechteinhaber.<\/p>\t\t\t\t\t\t\t\t<\/div>\n\t\t\t\t<\/div>\n\t\t\t\t<\/div>\n\t\t\t\t\t<\/div>\n\t\t\t\t<\/div>\n\t\t<div class=\"elementor-element elementor-element-8c605cc elementor-hidden-mobile e-flex e-con-boxed e-con e-parent\" data-id=\"8c605cc\" data-element_type=\"container\" data-e-type=\"container\">\n\t\t\t\t\t<div class=\"e-con-inner\">\n\t\t\t\t<div class=\"elementor-element elementor-element-d422de2 elementor-widget elementor-widget-spacer\" data-id=\"d422de2\" data-element_type=\"widget\" data-e-type=\"widget\" data-widget_type=\"spacer.default\">\n\t\t\t\t\t\t\t<div class=\"elementor-spacer\">\n\t\t\t<div class=\"elementor-spacer-inner\"><\/div>\n\t\t<\/div>\n\t\t\t\t\t\t<\/div>\n\t\t\t\t\t<\/div>\n\t\t\t\t<\/div>\n\t\t\t\t<\/div>\n\t\t","protected":false},"excerpt":{"rendered":"<p>Das Formelle Impressum Kontaktadresse: Quartierverein Seidenstrasse-WinterthurSeidenstrasse 28400 WinterthurSchweiz\u00a0info@seidenstrasse-winterthur.ch\u00a0 Webseite wurde erstellt mit WordPress und Elementor.\u00a0 Vertretungsberechtigte Personen Sabine Ihringer &#8211; Pr\u00e4sidentinRalf Gleisberg &#8211; Vize-Pr\u00e4sident \/ FinanzenAntoinette Gleisberg &#8211; FinanzenManuela Hasler John &#8211; AktuarinUrs Fehlmann &#8211; Senior:InnenBernd W\u00fcthrich &#8211; Kommunikation \/ DesignMatthias Baumgartner &#8211; RevisorFrank Ihringer &#8211; Revisor Haftungs- und Schutzrechtshinweise Haftungsausschluss: Die Inhalte dieses Onlineangebotes [&hellip;]<\/p>\n","protected":false},"author":2,"featured_media":0,"parent":0,"menu_order":0,"comment_status":"closed","ping_status":"closed","template":"","meta":{"inline_featured_image":false,"footnotes":""},"class_list":["post-1337","page","type-page","status-publish","hentry"],"aioseo_notices":[],"aioseo_head":"\n\t\t<!-- All in One SEO 5.0.0.1 - aioseo.com -->\n\t<meta name=\"description\" content=\"Das Formelle Impressum Kontaktadresse: Quartierverein Seidenstrasse-WinterthurSeidenstrasse 28400 WinterthurSchweiz info@seidenstrasse-winterthur.ch Webseite wurde erstellt mit WordPress und Elementor. Vertretungsberechtigte Personen Sabine Ihringer \u2013 Pr\u00e4sidentinRalf Gleisberg \u2013 Vize-Pr\u00e4sident \/ FinanzenAntoinette Gleisberg \u2013 FinanzenManuela Hasler John \u2013 AktuarinUrs Fehlmann \u2013 Senior:InnenBernd W\u00fcthrich \u2013 Kommunikation \/ DesignMatthias Baumgartner \u2013 RevisorFrank Ihringer \u2013 Revisor Haftungs- und Schutzrechtshinweise Haftungsausschluss: Die Inhalte dieses Onlineangebotes\" \/>\n\t<meta name=\"robots\" content=\"max-image-preview:large\" \/>\n\t<link rel=\"canonical\" href=\"https:\/\/seidenstrasse-winterthur.ch\/?page_id=1337\" \/>\n\t<meta name=\"generator\" content=\"All in One SEO (AIOSEO) 5.0.0.1\" \/>\n\t\t<meta property=\"og:locale\" content=\"de_DE\" \/>\n\t\t<meta property=\"og:site_name\" content=\"Seidenstrasse Quartierverein -\" \/>\n\t\t<meta property=\"og:type\" content=\"article\" \/>\n\t\t<meta property=\"og:title\" content=\"Impressum - Seidenstrasse Quartierverein\" \/>\n\t\t<meta property=\"og:description\" content=\"Das Formelle Impressum Kontaktadresse: Quartierverein Seidenstrasse-WinterthurSeidenstrasse 28400 WinterthurSchweiz info@seidenstrasse-winterthur.ch Webseite wurde erstellt mit WordPress und Elementor. Vertretungsberechtigte Personen Sabine Ihringer \u2013 Pr\u00e4sidentinRalf Gleisberg \u2013 Vize-Pr\u00e4sident \/ FinanzenAntoinette Gleisberg \u2013 FinanzenManuela Hasler John \u2013 AktuarinUrs Fehlmann \u2013 Senior:InnenBernd W\u00fcthrich \u2013 Kommunikation \/ DesignMatthias Baumgartner \u2013 RevisorFrank Ihringer \u2013 Revisor Haftungs- und Schutzrechtshinweise Haftungsausschluss: Die Inhalte dieses Onlineangebotes\" \/>\n\t\t<meta property=\"og:url\" content=\"https:\/\/seidenstrasse-winterthur.ch\/?page_id=1337\" \/>\n\t\t<meta property=\"og:image\" content=\"https:\/\/seidenstrasse-winterthur.ch\/wp-content\/uploads\/2025\/07\/Seidenstrasse-Logo-MintGruen-01.svg\" \/>\n\t\t<meta property=\"og:image:secure_url\" content=\"https:\/\/seidenstrasse-winterthur.ch\/wp-content\/uploads\/2025\/07\/Seidenstrasse-Logo-MintGruen-01.svg\" \/>\n\t\t<meta property=\"article:published_time\" content=\"2025-07-29T09:06:03+00:00\" \/>\n\t\t<meta property=\"article:modified_time\" content=\"2026-05-14T18:50:57+00:00\" \/>\n\t\t<meta name=\"twitter:card\" content=\"summary_large_image\" \/>\n\t\t<meta name=\"twitter:title\" content=\"Impressum - Seidenstrasse Quartierverein\" \/>\n\t\t<meta name=\"twitter:description\" content=\"Das Formelle Impressum Kontaktadresse: Quartierverein Seidenstrasse-WinterthurSeidenstrasse 28400 WinterthurSchweiz info@seidenstrasse-winterthur.ch Webseite wurde erstellt mit WordPress und Elementor. Vertretungsberechtigte Personen Sabine Ihringer \u2013 Pr\u00e4sidentinRalf Gleisberg \u2013 Vize-Pr\u00e4sident \/ FinanzenAntoinette Gleisberg \u2013 FinanzenManuela Hasler John \u2013 AktuarinUrs Fehlmann \u2013 Senior:InnenBernd W\u00fcthrich \u2013 Kommunikation \/ DesignMatthias Baumgartner \u2013 RevisorFrank Ihringer \u2013 Revisor Haftungs- und Schutzrechtshinweise Haftungsausschluss: Die Inhalte dieses Onlineangebotes\" \/>\n\t\t<meta name=\"twitter:image\" content=\"https:\/\/seidenstrasse-winterthur.ch\/wp-content\/uploads\/2025\/07\/Seidenstrasse-Logo-MintGruen-01.svg\" \/>\n\t\t<script type=\"application\/ld+json\" class=\"aioseo-schema\">\n\t\t\t{\"@context\":\"https:\\\/\\\/schema.org\",\"@graph\":[{\"@type\":\"BreadcrumbList\",\"@id\":\"https:\\\/\\\/seidenstrasse-winterthur.ch\\\/?page_id=1337#breadcrumblist\",\"itemListElement\":[{\"@type\":\"ListItem\",\"@id\":\"https:\\\/\\\/seidenstrasse-winterthur.ch#listItem\",\"position\":1,\"name\":\"Home\",\"item\":\"https:\\\/\\\/seidenstrasse-winterthur.ch\",\"nextItem\":{\"@type\":\"ListItem\",\"@id\":\"https:\\\/\\\/seidenstrasse-winterthur.ch\\\/?page_id=1337#listItem\",\"name\":\"Impressum\"}},{\"@type\":\"ListItem\",\"@id\":\"https:\\\/\\\/seidenstrasse-winterthur.ch\\\/?page_id=1337#listItem\",\"position\":2,\"name\":\"Impressum\",\"previousItem\":{\"@type\":\"ListItem\",\"@id\":\"https:\\\/\\\/seidenstrasse-winterthur.ch#listItem\",\"name\":\"Home\"}}]},{\"@type\":\"Organization\",\"@id\":\"https:\\\/\\\/seidenstrasse-winterthur.ch\\\/#organization\",\"name\":\"Seidenstrasse Quartierverein\",\"url\":\"https:\\\/\\\/seidenstrasse-winterthur.ch\\\/\",\"logo\":{\"@type\":\"ImageObject\",\"url\":\"https:\\\/\\\/seidenstrasse-winterthur.ch\\\/wp-content\\\/uploads\\\/2026\\\/03\\\/Seidenstrasse-Logo-01.svg\",\"@id\":\"https:\\\/\\\/seidenstrasse-winterthur.ch\\\/?page_id=1337\\\/#organizationLogo\",\"width\":499,\"height\":201},\"image\":{\"@id\":\"https:\\\/\\\/seidenstrasse-winterthur.ch\\\/?page_id=1337\\\/#organizationLogo\"}},{\"@type\":\"WebPage\",\"@id\":\"https:\\\/\\\/seidenstrasse-winterthur.ch\\\/?page_id=1337#webpage\",\"url\":\"https:\\\/\\\/seidenstrasse-winterthur.ch\\\/?page_id=1337\",\"name\":\"Impressum - Seidenstrasse Quartierverein\",\"description\":\"Das Formelle Impressum Kontaktadresse: Quartierverein Seidenstrasse-WinterthurSeidenstrasse 28400 WinterthurSchweiz info@seidenstrasse-winterthur.ch Webseite wurde erstellt mit WordPress und Elementor. Vertretungsberechtigte Personen Sabine Ihringer \\u2013 Pr\\u00e4sidentinRalf Gleisberg \\u2013 Vize-Pr\\u00e4sident \\\/ FinanzenAntoinette Gleisberg \\u2013 FinanzenManuela Hasler John \\u2013 AktuarinUrs Fehlmann \\u2013 Senior:InnenBernd W\\u00fcthrich \\u2013 Kommunikation \\\/ DesignMatthias Baumgartner \\u2013 RevisorFrank Ihringer \\u2013 Revisor Haftungs- und Schutzrechtshinweise Haftungsausschluss: Die Inhalte dieses Onlineangebotes\",\"inLanguage\":\"de-DE\",\"isPartOf\":{\"@id\":\"https:\\\/\\\/seidenstrasse-winterthur.ch\\\/#website\"},\"breadcrumb\":{\"@id\":\"https:\\\/\\\/seidenstrasse-winterthur.ch\\\/?page_id=1337#breadcrumblist\"},\"datePublished\":\"2025-07-29T11:06:03+02:00\",\"dateModified\":\"2026-05-14T20:50:57+02:00\"},{\"@type\":\"WebSite\",\"@id\":\"https:\\\/\\\/seidenstrasse-winterthur.ch\\\/#website\",\"url\":\"https:\\\/\\\/seidenstrasse-winterthur.ch\\\/\",\"name\":\"Seidenstrasse Quartierverein\",\"inLanguage\":\"de-DE\",\"publisher\":{\"@id\":\"https:\\\/\\\/seidenstrasse-winterthur.ch\\\/#organization\"}}]}\n\t\t<\/script>\n\t\t<!-- All in One SEO -->\n\n","aioseo_head_json":{"title":"Impressum - Seidenstrasse Quartierverein","description":"Das Formelle Impressum Kontaktadresse: Quartierverein Seidenstrasse-WinterthurSeidenstrasse 28400 WinterthurSchweiz info@seidenstrasse-winterthur.ch Webseite wurde erstellt mit WordPress und Elementor. Vertretungsberechtigte Personen Sabine Ihringer \u2013 Pr\u00e4sidentinRalf Gleisberg \u2013 Vize-Pr\u00e4sident \/ FinanzenAntoinette Gleisberg \u2013 FinanzenManuela Hasler John \u2013 AktuarinUrs Fehlmann \u2013 Senior:InnenBernd W\u00fcthrich \u2013 Kommunikation \/ DesignMatthias Baumgartner \u2013 RevisorFrank Ihringer \u2013 Revisor Haftungs- und Schutzrechtshinweise Haftungsausschluss: Die Inhalte dieses Onlineangebotes","canonical_url":"https:\/\/seidenstrasse-winterthur.ch\/?page_id=1337","robots":"max-image-preview:large","keywords":"","webmasterTools":{"miscellaneous":""},"schema":{"@context":"https:\/\/schema.org","@graph":[{"@type":"BreadcrumbList","@id":"https:\/\/seidenstrasse-winterthur.ch\/?page_id=1337#breadcrumblist","itemListElement":[{"@type":"ListItem","@id":"https:\/\/seidenstrasse-winterthur.ch#listItem","position":1,"name":"Home","item":"https:\/\/seidenstrasse-winterthur.ch","nextItem":{"@type":"ListItem","@id":"https:\/\/seidenstrasse-winterthur.ch\/?page_id=1337#listItem","name":"Impressum"}},{"@type":"ListItem","@id":"https:\/\/seidenstrasse-winterthur.ch\/?page_id=1337#listItem","position":2,"name":"Impressum","previousItem":{"@type":"ListItem","@id":"https:\/\/seidenstrasse-winterthur.ch#listItem","name":"Home"}}]},{"@type":"Organization","@id":"https:\/\/seidenstrasse-winterthur.ch\/#organization","name":"Seidenstrasse Quartierverein","url":"https:\/\/seidenstrasse-winterthur.ch\/","logo":{"@type":"ImageObject","url":"https:\/\/seidenstrasse-winterthur.ch\/wp-content\/uploads\/2026\/03\/Seidenstrasse-Logo-01.svg","@id":"https:\/\/seidenstrasse-winterthur.ch\/?page_id=1337\/#organizationLogo","width":499,"height":201},"image":{"@id":"https:\/\/seidenstrasse-winterthur.ch\/?page_id=1337\/#organizationLogo"}},{"@type":"WebPage","@id":"https:\/\/seidenstrasse-winterthur.ch\/?page_id=1337#webpage","url":"https:\/\/seidenstrasse-winterthur.ch\/?page_id=1337","name":"Impressum - Seidenstrasse Quartierverein","description":"Das Formelle Impressum Kontaktadresse: Quartierverein Seidenstrasse-WinterthurSeidenstrasse 28400 WinterthurSchweiz info@seidenstrasse-winterthur.ch Webseite wurde erstellt mit WordPress und Elementor. Vertretungsberechtigte Personen Sabine Ihringer \u2013 Pr\u00e4sidentinRalf Gleisberg \u2013 Vize-Pr\u00e4sident \/ FinanzenAntoinette Gleisberg \u2013 FinanzenManuela Hasler John \u2013 AktuarinUrs Fehlmann \u2013 Senior:InnenBernd W\u00fcthrich \u2013 Kommunikation \/ DesignMatthias Baumgartner \u2013 RevisorFrank Ihringer \u2013 Revisor Haftungs- und Schutzrechtshinweise Haftungsausschluss: Die Inhalte dieses Onlineangebotes","inLanguage":"de-DE","isPartOf":{"@id":"https:\/\/seidenstrasse-winterthur.ch\/#website"},"breadcrumb":{"@id":"https:\/\/seidenstrasse-winterthur.ch\/?page_id=1337#breadcrumblist"},"datePublished":"2025-07-29T11:06:03+02:00","dateModified":"2026-05-14T20:50:57+02:00"},{"@type":"WebSite","@id":"https:\/\/seidenstrasse-winterthur.ch\/#website","url":"https:\/\/seidenstrasse-winterthur.ch\/","name":"Seidenstrasse Quartierverein","inLanguage":"de-DE","publisher":{"@id":"https:\/\/seidenstrasse-winterthur.ch\/#organization"}}]},"og:locale":"de_DE","og:site_name":"Seidenstrasse Quartierverein -","og:type":"article","og:title":"Impressum - Seidenstrasse Quartierverein","og:description":"Das Formelle Impressum Kontaktadresse: Quartierverein Seidenstrasse-WinterthurSeidenstrasse 28400 WinterthurSchweiz info@seidenstrasse-winterthur.ch Webseite wurde erstellt mit WordPress und Elementor. Vertretungsberechtigte Personen Sabine Ihringer \u2013 Pr\u00e4sidentinRalf Gleisberg \u2013 Vize-Pr\u00e4sident \/ FinanzenAntoinette Gleisberg \u2013 FinanzenManuela Hasler John \u2013 AktuarinUrs Fehlmann \u2013 Senior:InnenBernd W\u00fcthrich \u2013 Kommunikation \/ DesignMatthias Baumgartner \u2013 RevisorFrank Ihringer \u2013 Revisor Haftungs- und Schutzrechtshinweise Haftungsausschluss: Die Inhalte dieses Onlineangebotes","og:url":"https:\/\/seidenstrasse-winterthur.ch\/?page_id=1337","og:image":"https:\/\/seidenstrasse-winterthur.ch\/wp-content\/uploads\/2025\/07\/Seidenstrasse-Logo-MintGruen-01.svg","og:image:secure_url":"https:\/\/seidenstrasse-winterthur.ch\/wp-content\/uploads\/2025\/07\/Seidenstrasse-Logo-MintGruen-01.svg","article:published_time":"2025-07-29T09:06:03+00:00","article:modified_time":"2026-05-14T18:50:57+00:00","twitter:card":"summary_large_image","twitter:title":"Impressum - Seidenstrasse Quartierverein","twitter:description":"Das Formelle Impressum Kontaktadresse: Quartierverein Seidenstrasse-WinterthurSeidenstrasse 28400 WinterthurSchweiz info@seidenstrasse-winterthur.ch Webseite wurde erstellt mit WordPress und Elementor. Vertretungsberechtigte Personen Sabine Ihringer \u2013 Pr\u00e4sidentinRalf Gleisberg \u2013 Vize-Pr\u00e4sident \/ FinanzenAntoinette Gleisberg \u2013 FinanzenManuela Hasler John \u2013 AktuarinUrs Fehlmann \u2013 Senior:InnenBernd W\u00fcthrich \u2013 Kommunikation \/ DesignMatthias Baumgartner \u2013 RevisorFrank Ihringer \u2013 Revisor Haftungs- und Schutzrechtshinweise Haftungsausschluss: Die Inhalte dieses Onlineangebotes","twitter:image":"https:\/\/seidenstrasse-winterthur.ch\/wp-content\/uploads\/2025\/07\/Seidenstrasse-Logo-MintGruen-01.svg"},"aioseo_meta_data":{"post_id":"1337","title":"#post_title #separator_sa #site_title","description":"#post_content","keywords":null,"keyphrases":{"focus":[],"additional":[]},"primary_term":null,"canonical_url":null,"og_title":null,"og_description":null,"og_object_type":"default","og_image_type":"default","og_image_url":null,"og_image_width":null,"og_image_height":null,"og_image_custom_url":null,"og_image_custom_fields":null,"og_video":null,"og_custom_url":null,"og_article_section":null,"og_article_tags":null,"twitter_use_og":false,"twitter_card":"default","twitter_image_type":"default","twitter_image_url":null,"twitter_image_custom_url":null,"twitter_image_custom_fields":null,"twitter_title":null,"twitter_description":null,"schema":{"blockGraphs":[],"customGraphs":[],"default":{"data":{"Article":[],"Course":[],"Dataset":[],"FAQPage":[],"Movie":[],"Person":[],"Product":[],"ProductReview":[],"Car":[],"Recipe":[],"Service":[],"SoftwareApplication":[],"WebPage":[]},"graphName":"","isEnabled":true},"graphs":[]},"schema_type":"default","schema_type_options":null,"pillar_content":false,"robots_default":true,"robots_noindex":false,"robots_noarchive":false,"robots_nosnippet":false,"robots_nofollow":false,"robots_noimageindex":false,"robots_noodp":false,"robots_notranslate":false,"robots_max_snippet":null,"robots_max_videopreview":null,"robots_max_imagepreview":"large","priority":null,"frequency":null,"local_seo":null,"breadcrumb_settings":null,"limit_modified_date":false,"ai":null,"created":"2026-03-05 17:05:01","updated":"2026-08-23 19:13:16","seo_analyzer_scan_date":null,"focus_keyword":null,"additional_keywords":null,"truseo_locale":null},"aioseo_breadcrumb":"<div class=\"aioseo-breadcrumbs\"><span class=\"aioseo-breadcrumb\">\n\t\t\t<a href=\"https:\/\/seidenstrasse-winterthur.ch\" title=\"Home\">Home<\/a>\n\t\t<\/span><span class=\"aioseo-breadcrumb-separator\">&raquo;<\/span><span class=\"aioseo-breadcrumb\">\n\t\t\tImpressum\n\t\t<\/span><\/div>","aioseo_breadcrumb_json":[{"label":"Home","link":"https:\/\/seidenstrasse-winterthur.ch"},{"label":"Impressum","link":"https:\/\/seidenstrasse-winterthur.ch\/?page_id=1337"}],"_links":{"self":[{"href":"https:\/\/seidenstrasse-winterthur.ch\/index.php?rest_route=\/wp\/v2\/pages\/1337","targetHints":{"allow":["GET"]}}],"collection":[{"href":"https:\/\/seidenstrasse-winterthur.ch\/index.php?rest_route=\/wp\/v2\/pages"}],"about":[{"href":"https:\/\/seidenstrasse-winterthur.ch\/index.php?rest_route=\/wp\/v2\/types\/page"}],"author":[{"embeddable":true,"href":"https:\/\/seidenstrasse-winterthur.ch\/index.php?rest_route=\/wp\/v2\/users\/2"}],"replies":[{"embeddable":true,"href":"https:\/\/seidenstrasse-winterthur.ch\/index.php?rest_route=%2Fwp%2Fv2%2Fcomments&post=1337"}],"version-history":[{"count":32,"href":"https:\/\/seidenstrasse-winterthur.ch\/index.php?rest_route=\/wp\/v2\/pages\/1337\/revisions"}],"predecessor-version":[{"id":3405,"href":"https:\/\/seidenstrasse-winterthur.ch\/index.php?rest_route=\/wp\/v2\/pages\/1337\/revisions\/3405"}],"wp:attachment":[{"href":"https:\/\/seidenstrasse-winterthur.ch\/index.php?rest_route=%2Fwp%2Fv2%2Fmedia&parent=1337"}],"curies":[{"name":"wp","href":"https:\/\/api.w.org\/{rel}","templated":true}]}}