{"id":1155,"date":"2025-07-28T21:15:51","date_gmt":"2025-07-28T19:15:51","guid":{"rendered":"https:\/\/dev2025.seidenstrasse-winterthur.ch\/?page_id=1155"},"modified":"2026-06-18T15:46:52","modified_gmt":"2026-06-18T13:46:52","slug":"geschichten","status":"publish","type":"page","link":"https:\/\/seidenstrasse-winterthur.ch\/?page_id=1155","title":{"rendered":"Geschichten"},"content":{"rendered":"\t\t<div data-elementor-type=\"wp-page\" data-elementor-id=\"1155\" class=\"elementor elementor-1155\" data-elementor-post-type=\"page\">\n\t\t\t\t<div class=\"elementor-element elementor-element-6b81ad4c e-flex e-con-boxed e-con e-parent\" data-id=\"6b81ad4c\" data-element_type=\"container\" data-e-type=\"container\" data-settings=\"{&quot;background_background&quot;:&quot;classic&quot;}\">\n\t\t\t\t\t<div class=\"e-con-inner\">\n\t\t<div class=\"elementor-element elementor-element-41682efd e-con-full e-flex e-con e-child\" data-id=\"41682efd\" data-element_type=\"container\" data-e-type=\"container\">\n\t\t\t\t<\/div>\n\t\t\t\t\t<\/div>\n\t\t\t\t<\/div>\n\t\t<div class=\"elementor-element elementor-element-12a5ebb1 e-flex e-con-boxed e-con e-parent\" data-id=\"12a5ebb1\" data-element_type=\"container\" data-e-type=\"container\" data-settings=\"{&quot;background_background&quot;:&quot;classic&quot;,&quot;shape_divider_bottom&quot;:&quot;curve&quot;}\">\n\t\t\t\t\t<div class=\"e-con-inner\">\n\t\t\t\t<div class=\"elementor-shape elementor-shape-bottom\" aria-hidden=\"true\" data-negative=\"false\">\n\t\t\t<svg xmlns=\"http:\/\/www.w3.org\/2000\/svg\" viewBox=\"0 0 1000 100\" preserveAspectRatio=\"none\">\n    <path class=\"elementor-shape-fill\" d=\"M1000,4.3V0H0v4.3C0.9,23.1,126.7,99.2,500,100S1000,22.7,1000,4.3z\"\/>\n<\/svg>\t\t<\/div>\n\t\t\t\t\t<\/div>\n\t\t\t\t<\/div>\n\t\t<div class=\"elementor-element elementor-element-53d1fd4 e-flex e-con-boxed e-con e-parent\" data-id=\"53d1fd4\" data-element_type=\"container\" data-e-type=\"container\" data-settings=\"{&quot;background_background&quot;:&quot;classic&quot;}\">\n\t\t\t\t\t<div class=\"e-con-inner\">\n\t\t<div class=\"elementor-element elementor-element-0b85d4b e-con-full e-flex e-con e-child\" data-id=\"0b85d4b\" data-element_type=\"container\" data-e-type=\"container\" data-settings=\"{&quot;background_background&quot;:&quot;classic&quot;}\">\n\t\t\t\t<div class=\"elementor-element elementor-element-80b4707 elementor-widget elementor-widget-heading\" data-id=\"80b4707\" data-element_type=\"widget\" data-e-type=\"widget\" data-widget_type=\"heading.default\">\n\t\t\t\t\t<h2 class=\"elementor-heading-title elementor-size-default\">Geschichte &amp; Geschichten zum Seidenstrassen-Quartier <\/h2>\t\t\t\t<\/div>\n\t\t\t\t<\/div>\n\t\t\t\t\t<\/div>\n\t\t\t\t<\/div>\n\t\t<div class=\"elementor-element elementor-element-01fd46a e-con-full e-flex e-con e-parent\" data-id=\"01fd46a\" data-element_type=\"container\" data-e-type=\"container\">\n\t\t<div class=\"elementor-element elementor-element-8aac72e e-flex e-con-boxed e-con e-child\" data-id=\"8aac72e\" data-element_type=\"container\" data-e-type=\"container\">\n\t\t\t\t\t<div class=\"e-con-inner\">\n\t\t\t\t<div class=\"elementor-element elementor-element-a100a57 elementor-pagination-position-outside elementor-widget elementor-widget-image-carousel\" data-id=\"a100a57\" data-element_type=\"widget\" data-e-type=\"widget\" data-settings=\"{&quot;slides_to_show&quot;:&quot;1&quot;,&quot;autoplay_speed&quot;:6000,&quot;speed&quot;:1000,&quot;navigation&quot;:&quot;dots&quot;,&quot;autoplay&quot;:&quot;yes&quot;,&quot;pause_on_hover&quot;:&quot;yes&quot;,&quot;pause_on_interaction&quot;:&quot;yes&quot;,&quot;infinite&quot;:&quot;yes&quot;,&quot;effect&quot;:&quot;slide&quot;}\" data-widget_type=\"image-carousel.default\">\n\t\t\t\t\t\t\t<div class=\"elementor-image-carousel-wrapper swiper\" role=\"region\" aria-roledescription=\"carousel\" aria-label=\"Bild Karussell\" dir=\"ltr\">\n\t\t\t<div class=\"elementor-image-carousel swiper-wrapper swiper-image-stretch\" aria-live=\"off\">\n\t\t\t\t\t\t\t\t<div class=\"swiper-slide\" role=\"group\" aria-roledescription=\"slide\" aria-label=\"1 von 6\"><figure class=\"swiper-slide-inner\"><img decoding=\"async\" class=\"swiper-slide-image\" src=\"https:\/\/seidenstrasse-winterthur.ch\/wp-content\/uploads\/2026\/05\/Seidenstrasse-1885.jpeg\" alt=\"1885\" \/><figcaption class=\"elementor-image-carousel-caption\">Seidenstrasse 1885<\/figcaption><\/figure><\/div><div class=\"swiper-slide\" role=\"group\" aria-roledescription=\"slide\" aria-label=\"2 von 6\"><figure class=\"swiper-slide-inner\"><img decoding=\"async\" class=\"swiper-slide-image\" src=\"https:\/\/seidenstrasse-winterthur.ch\/wp-content\/uploads\/2026\/05\/Seidenstrasse-1904.jpeg\" alt=\"1904\" \/><figcaption class=\"elementor-image-carousel-caption\">Seidenstrasse 1904<\/figcaption><\/figure><\/div><div class=\"swiper-slide\" role=\"group\" aria-roledescription=\"slide\" aria-label=\"3 von 6\"><figure class=\"swiper-slide-inner\"><img decoding=\"async\" class=\"swiper-slide-image\" src=\"https:\/\/seidenstrasse-winterthur.ch\/wp-content\/uploads\/2026\/05\/Seidenstrasse-1932.jpeg\" alt=\"1932\" \/><figcaption class=\"elementor-image-carousel-caption\">Seidenstrasse 1932<\/figcaption><\/figure><\/div><div class=\"swiper-slide\" role=\"group\" aria-roledescription=\"slide\" aria-label=\"4 von 6\"><figure class=\"swiper-slide-inner\"><img decoding=\"async\" class=\"swiper-slide-image\" src=\"https:\/\/seidenstrasse-winterthur.ch\/wp-content\/uploads\/2026\/05\/Seidenstrasse-1960.jpeg\" alt=\"1960\" \/><figcaption class=\"elementor-image-carousel-caption\">Seidenstrasse 1960<\/figcaption><\/figure><\/div><div class=\"swiper-slide\" role=\"group\" aria-roledescription=\"slide\" aria-label=\"5 von 6\"><figure class=\"swiper-slide-inner\"><img decoding=\"async\" class=\"swiper-slide-image\" src=\"https:\/\/seidenstrasse-winterthur.ch\/wp-content\/uploads\/2026\/05\/Seidenstrasse-1990.jpeg\" alt=\"1990\" \/><figcaption class=\"elementor-image-carousel-caption\">Seidenstrasse 1990<\/figcaption><\/figure><\/div><div class=\"swiper-slide\" role=\"group\" aria-roledescription=\"slide\" aria-label=\"6 von 6\"><figure class=\"swiper-slide-inner\"><img decoding=\"async\" class=\"swiper-slide-image\" src=\"https:\/\/seidenstrasse-winterthur.ch\/wp-content\/uploads\/2026\/05\/Seidenstrasse-2025.jpeg\" alt=\"2025\" \/><figcaption class=\"elementor-image-carousel-caption\">Seidenstrasse 2025<\/figcaption><\/figure><\/div>\t\t\t<\/div>\n\t\t\t\t\t\t\t\n\t\t\t\t\t\t\t\t\t<div class=\"swiper-pagination\"><\/div>\n\t\t\t\t\t\t\t\t\t<\/div>\n\t\t\t\t\t\t<\/div>\n\t\t\t\t\t<\/div>\n\t\t\t\t<\/div>\n\t\t\t\t<\/div>\n\t\t<div class=\"elementor-element elementor-element-a78d078 e-flex e-con-boxed e-con e-parent\" data-id=\"a78d078\" data-element_type=\"container\" data-e-type=\"container\">\n\t\t\t\t\t<div class=\"e-con-inner\">\n\t\t<div class=\"elementor-element elementor-element-2069a32 e-grid e-con-full e-con e-child\" data-id=\"2069a32\" data-element_type=\"container\" data-e-type=\"container\">\n\t\t\t\t<div class=\"elementor-element elementor-element-624454b elementor-hidden-mobile elementor-widget elementor-widget-spacer\" data-id=\"624454b\" data-element_type=\"widget\" data-e-type=\"widget\" data-widget_type=\"spacer.default\">\n\t\t\t\t\t\t\t<div class=\"elementor-spacer\">\n\t\t\t<div class=\"elementor-spacer-inner\"><\/div>\n\t\t<\/div>\n\t\t\t\t\t\t<\/div>\n\t\t\t\t<div class=\"elementor-element elementor-element-9345913 elementor-hidden-mobile elementor-widget elementor-widget-spacer\" data-id=\"9345913\" data-element_type=\"widget\" data-e-type=\"widget\" data-widget_type=\"spacer.default\">\n\t\t\t\t\t\t\t<div class=\"elementor-spacer\">\n\t\t\t<div class=\"elementor-spacer-inner\"><\/div>\n\t\t<\/div>\n\t\t\t\t\t\t<\/div>\n\t\t\t\t<div class=\"elementor-element elementor-element-e5faf37 elementor-widget elementor-widget-text-editor\" data-id=\"e5faf37\" data-element_type=\"widget\" data-e-type=\"widget\" data-widget_type=\"text-editor.default\">\n\t\t\t\t\t\t\t\t\t<p>Die Seidenstrasse wurde vor 150 Jahren von der Stadt Winterthur angelegt.\u00a0Was war davor? Wie hat sich die Umgebung seither entwickelt?\u00a0Die folgenden Inhalte bieten einen \u00dcberblick zur Entstehung des Quartiers und erz\u00e4hlen Geschichten \u00fcber Menschen aus dem Quartier.<\/p>\t\t\t\t\t\t\t\t<\/div>\n\t\t<div class=\"elementor-element elementor-element-401b39f e-con-full e-flex e-con e-child\" data-id=\"401b39f\" data-element_type=\"container\" data-e-type=\"container\">\n\t\t\t\t<div class=\"elementor-element elementor-element-28d04a8 elementor-widget elementor-widget-image\" data-id=\"28d04a8\" data-element_type=\"widget\" data-e-type=\"widget\" data-widget_type=\"image.default\">\n\t\t\t\t\t\t\t\t\t\t\t\t\t\t\t<img fetchpriority=\"high\" decoding=\"async\" width=\"800\" height=\"533\" src=\"https:\/\/seidenstrasse-winterthur.ch\/wp-content\/uploads\/2026\/05\/Geschichten-zum-Seidenstrasse-Quartier-KI-Bild-1024x682.jpeg\" class=\"attachment-large size-large wp-image-3368\" alt=\"\" srcset=\"https:\/\/seidenstrasse-winterthur.ch\/wp-content\/uploads\/2026\/05\/Geschichten-zum-Seidenstrasse-Quartier-KI-Bild-1024x682.jpeg 1024w, https:\/\/seidenstrasse-winterthur.ch\/wp-content\/uploads\/2026\/05\/Geschichten-zum-Seidenstrasse-Quartier-KI-Bild-300x200.jpeg 300w, https:\/\/seidenstrasse-winterthur.ch\/wp-content\/uploads\/2026\/05\/Geschichten-zum-Seidenstrasse-Quartier-KI-Bild-768x512.jpeg 768w, https:\/\/seidenstrasse-winterthur.ch\/wp-content\/uploads\/2026\/05\/Geschichten-zum-Seidenstrasse-Quartier-KI-Bild.jpeg 1280w\" sizes=\"(max-width: 800px) 100vw, 800px\" \/>\t\t\t\t\t\t\t\t\t\t\t\t\t\t\t<\/div>\n\t\t\t\t<div class=\"elementor-element elementor-element-8b08af1 elementor-widget elementor-widget-text-editor\" data-id=\"8b08af1\" data-element_type=\"widget\" data-e-type=\"widget\" data-widget_type=\"text-editor.default\">\n\t\t\t\t\t\t\t\t\t<p class=\"p1\">Der Bau der Seidenstrasse begann im Jahr 1874. Doch schon vorher bauten wohlhabende Winterthurer Familien hier<\/p><p class=\"p1\">ihre Landsitze. Die Geschichte der Seidenstrasse auf einen Blick.<\/p><p><br \/><a href=\"https:\/\/files.wbk.kreativmedia.ch\/75\/9d\/759d8946-79af-4b2b-b5a6-deab1393e8f4.pdf\" target=\"_blank\" rel=\"noopener\"><span style=\"text-decoration: underline;\"><strong>\u2028PDF Download<\/strong><\/span><\/a><\/p>\t\t\t\t\t\t\t\t<\/div>\n\t\t\t\t<\/div>\n\t\t<div class=\"elementor-element elementor-element-ebea43e e-con-full e-flex e-con e-child\" data-id=\"ebea43e\" data-element_type=\"container\" data-e-type=\"container\">\n\t\t\t\t<div class=\"elementor-element elementor-element-a7dc350 elementor-widget elementor-widget-image\" data-id=\"a7dc350\" data-element_type=\"widget\" data-e-type=\"widget\" data-widget_type=\"image.default\">\n\t\t\t\t\t\t\t\t\t\t\t\t\t\t\t<img decoding=\"async\" width=\"800\" height=\"664\" src=\"https:\/\/seidenstrasse-winterthur.ch\/wp-content\/uploads\/2026\/05\/Illustration-SeidenStrasse-01-1024x850.jpg\" class=\"attachment-large size-large wp-image-3218\" alt=\"\" srcset=\"https:\/\/seidenstrasse-winterthur.ch\/wp-content\/uploads\/2026\/05\/Illustration-SeidenStrasse-01-1024x850.jpg 1024w, https:\/\/seidenstrasse-winterthur.ch\/wp-content\/uploads\/2026\/05\/Illustration-SeidenStrasse-01-300x249.jpg 300w, https:\/\/seidenstrasse-winterthur.ch\/wp-content\/uploads\/2026\/05\/Illustration-SeidenStrasse-01-768x637.jpg 768w, https:\/\/seidenstrasse-winterthur.ch\/wp-content\/uploads\/2026\/05\/Illustration-SeidenStrasse-01-1536x1275.jpg 1536w, https:\/\/seidenstrasse-winterthur.ch\/wp-content\/uploads\/2026\/05\/Illustration-SeidenStrasse-01.jpg 1600w\" sizes=\"(max-width: 800px) 100vw, 800px\" \/>\t\t\t\t\t\t\t\t\t\t\t\t\t\t\t<\/div>\n\t\t\t\t<div class=\"elementor-element elementor-element-dbb79f1 elementor-widget elementor-widget-text-editor\" data-id=\"dbb79f1\" data-element_type=\"widget\" data-e-type=\"widget\" data-widget_type=\"text-editor.default\">\n\t\t\t\t\t\t\t\t\t<p>\u00abDie Seidenstrasse &#8211; leise, leise!\u00bb Unter diesem Titel schrieb das \u00abNeue Winterthurer Tagblatt \u00bb 1959 eine Hommage<br \/>an unser Quartier.<\/p><p><br \/><a href=\"https:\/\/seidenstrasse-winterthur.ch\/wp-content\/uploads\/2026\/05\/DasGesichtunsererStadt.pdf\" target=\"_blank\" rel=\"noopener\"><span style=\"text-decoration: underline;\"><strong>\u2028PDF Download<\/strong><\/span><\/a><\/p>\t\t\t\t\t\t\t\t<\/div>\n\t\t\t\t<\/div>\n\t\t<div class=\"elementor-element elementor-element-d7401b0 e-con-full e-flex e-con e-child\" data-id=\"d7401b0\" data-element_type=\"container\" data-e-type=\"container\">\n\t\t\t\t<div class=\"elementor-element elementor-element-860b927 elementor-widget elementor-widget-image\" data-id=\"860b927\" data-element_type=\"widget\" data-e-type=\"widget\" data-widget_type=\"image.default\">\n\t\t\t\t\t\t\t\t\t\t\t\t\t\t\t<img decoding=\"async\" width=\"800\" height=\"548\" src=\"https:\/\/seidenstrasse-winterthur.ch\/wp-content\/uploads\/2026\/05\/Bildschirmfoto-2026-05-07-um-09.50.01-1024x701.png\" class=\"attachment-large size-large wp-image-3163\" alt=\"\" srcset=\"https:\/\/seidenstrasse-winterthur.ch\/wp-content\/uploads\/2026\/05\/Bildschirmfoto-2026-05-07-um-09.50.01-1024x701.png 1024w, https:\/\/seidenstrasse-winterthur.ch\/wp-content\/uploads\/2026\/05\/Bildschirmfoto-2026-05-07-um-09.50.01-300x205.png 300w, https:\/\/seidenstrasse-winterthur.ch\/wp-content\/uploads\/2026\/05\/Bildschirmfoto-2026-05-07-um-09.50.01-768x526.png 768w, https:\/\/seidenstrasse-winterthur.ch\/wp-content\/uploads\/2026\/05\/Bildschirmfoto-2026-05-07-um-09.50.01-1536x1052.png 1536w, https:\/\/seidenstrasse-winterthur.ch\/wp-content\/uploads\/2026\/05\/Bildschirmfoto-2026-05-07-um-09.50.01-2048x1402.png 2048w\" sizes=\"(max-width: 800px) 100vw, 800px\" \/>\t\t\t\t\t\t\t\t\t\t\t\t\t\t\t<\/div>\n\t\t\t\t<div class=\"elementor-element elementor-element-79bc359 elementor-widget elementor-widget-text-editor\" data-id=\"79bc359\" data-element_type=\"widget\" data-e-type=\"widget\" data-widget_type=\"text-editor.default\">\n\t\t\t\t\t\t\t\t\t<p>Im Seidenstrassen-Quartier wohnen viele Menschen, die hier (sehr) lange gelebt, viel erlebt und entsprechend spannende Geschichten zu erz\u00e4hlen haben. Tauchen Sie ein!<\/p>\t\t\t\t\t\t\t\t<\/div>\n\t\t\t\t<div class=\"elementor-element elementor-element-7921f5e elementor-widget elementor-widget-text-editor\" data-id=\"7921f5e\" data-element_type=\"widget\" data-e-type=\"widget\" data-widget_type=\"text-editor.default\">\n\t\t\t\t\t\t\t\t\t<p>Seidenstr\u00e4ssler und ihre Geschichten<\/p><p><br \/><a href=\"https:\/\/files.wbk.kreativmedia.ch\/2b\/38\/2b38a777-ce97-4ba3-9d53-570d7bc906a2.pdf\" target=\"_blank\" rel=\"noopener\"><span style=\"text-decoration: underline;\"><strong>\u2028PDF Download<\/strong><\/span><\/a><\/p>\t\t\t\t\t\t\t\t<\/div>\n\t\t\t\t<\/div>\n\t\t\t\t<\/div>\n\t\t\t\t\t<\/div>\n\t\t\t\t<\/div>\n\t\t<div class=\"elementor-element elementor-element-8a0e0b3 e-flex e-con-boxed e-con e-parent\" data-id=\"8a0e0b3\" data-element_type=\"container\" data-e-type=\"container\" data-settings=\"{&quot;background_background&quot;:&quot;classic&quot;}\">\n\t\t\t\t\t<div class=\"e-con-inner\">\n\t\t<div class=\"elementor-element elementor-element-df5436e e-con-full e-flex e-con e-child\" data-id=\"df5436e\" data-element_type=\"container\" data-e-type=\"container\">\n\t\t\t\t<div class=\"elementor-element elementor-element-e3188e5 elementor-widget__width-initial elementor-widget elementor-widget-heading\" data-id=\"e3188e5\" data-element_type=\"widget\" data-e-type=\"widget\" data-widget_type=\"heading.default\">\n\t\t\t\t\t<h2 class=\"elementor-heading-title elementor-size-default\">Familien-Geschichten \u2028und ihre H\u00e4user<\/h2>\t\t\t\t<\/div>\n\t\t\t\t<\/div>\n\t\t\t\t\t<\/div>\n\t\t\t\t<\/div>\n\t\t<div class=\"elementor-element elementor-element-b377b1d e-flex e-con-boxed e-con e-parent\" data-id=\"b377b1d\" data-element_type=\"container\" data-e-type=\"container\" data-settings=\"{&quot;background_background&quot;:&quot;classic&quot;}\">\n\t\t\t\t\t<div class=\"e-con-inner\">\n\t\t<div class=\"elementor-element elementor-element-1d849b7 e-con-full e-flex e-con e-child\" data-id=\"1d849b7\" data-element_type=\"container\" data-e-type=\"container\" data-settings=\"{&quot;background_background&quot;:&quot;classic&quot;}\">\n\t\t<div class=\"elementor-element elementor-element-bb5a680 e-con-full e-flex e-con e-child\" data-id=\"bb5a680\" data-element_type=\"container\" data-e-type=\"container\">\n\t\t<div class=\"elementor-element elementor-element-fc30cc7 e-con-full e-flex e-con e-child\" data-id=\"fc30cc7\" data-element_type=\"container\" data-e-type=\"container\" data-settings=\"{&quot;background_background&quot;:&quot;classic&quot;}\">\n\t\t\t\t<\/div>\n\t\t<div class=\"elementor-element elementor-element-8793f5c e-con-full e-flex e-con e-child\" data-id=\"8793f5c\" data-element_type=\"container\" data-e-type=\"container\">\n\t\t<div class=\"elementor-element elementor-element-b6952e9 e-con-full e-flex e-con e-child\" data-id=\"b6952e9\" data-element_type=\"container\" data-e-type=\"container\">\n\t\t\t\t<div class=\"elementor-element elementor-element-4f6e5b4 elementor-widget elementor-widget-image\" data-id=\"4f6e5b4\" data-element_type=\"widget\" data-e-type=\"widget\" data-widget_type=\"image.default\">\n\t\t\t\t\t\t\t\t\t\t\t\t\t\t\t<img loading=\"lazy\" decoding=\"async\" width=\"800\" height=\"450\" src=\"https:\/\/seidenstrasse-winterthur.ch\/wp-content\/uploads\/2026\/01\/f1f814cc-150c-4524-ae2a-b0930d43e32f-1024x576.png\" class=\"attachment-large size-large wp-image-2383\" alt=\"\" srcset=\"https:\/\/seidenstrasse-winterthur.ch\/wp-content\/uploads\/2026\/01\/f1f814cc-150c-4524-ae2a-b0930d43e32f-1024x576.png 1024w, https:\/\/seidenstrasse-winterthur.ch\/wp-content\/uploads\/2026\/01\/f1f814cc-150c-4524-ae2a-b0930d43e32f-300x169.png 300w, https:\/\/seidenstrasse-winterthur.ch\/wp-content\/uploads\/2026\/01\/f1f814cc-150c-4524-ae2a-b0930d43e32f-768x432.png 768w, https:\/\/seidenstrasse-winterthur.ch\/wp-content\/uploads\/2026\/01\/f1f814cc-150c-4524-ae2a-b0930d43e32f-1536x864.png 1536w, https:\/\/seidenstrasse-winterthur.ch\/wp-content\/uploads\/2026\/01\/f1f814cc-150c-4524-ae2a-b0930d43e32f.png 1771w\" sizes=\"(max-width: 800px) 100vw, 800px\" \/>\t\t\t\t\t\t\t\t\t\t\t\t\t\t\t<\/div>\n\t\t\t\t<\/div>\n\t\t<div class=\"elementor-element elementor-element-5362d90 e-con-full e-flex e-con e-child\" data-id=\"5362d90\" data-element_type=\"container\" data-e-type=\"container\">\n\t\t\t\t<div class=\"elementor-element elementor-element-940b0f7 elementor-widget elementor-widget-heading\" data-id=\"940b0f7\" data-element_type=\"widget\" data-e-type=\"widget\" data-widget_type=\"heading.default\">\n\t\t\t\t\t<h2 class=\"elementor-heading-title elementor-size-default\">Villen Briner und Huggenberg<\/h2>\t\t\t\t<\/div>\n\t\t\t\t<div class=\"elementor-element elementor-element-d7e76e2 elementor-widget elementor-widget-text-editor\" data-id=\"d7e76e2\" data-element_type=\"widget\" data-e-type=\"widget\" data-widget_type=\"text-editor.default\">\n\t\t\t\t\t\t\t\t\t<p>Adlerstrasse 12 \/ 14<\/p>\t\t\t\t\t\t\t\t<\/div>\n\t\t\t\t<div class=\"elementor-element elementor-element-3054a3a elementor-widget elementor-widget-text-editor\" data-id=\"3054a3a\" data-element_type=\"widget\" data-e-type=\"widget\" data-widget_type=\"text-editor.default\">\n\t\t\t\t\t\t\t\t\t<p>In direkter Nachbarschaft zum Lindengutpark, an der Ecke Adlerstrasse\/Seidenstrasse, stehen die beiden Villen Briner (vorne) und Huggenberg. Sie wurden vor hundert Jahren als Ensemble erstellt und befinden sich nach wie vor in Familienbesitz.<\/p>\t\t\t\t\t\t\t\t<\/div>\n\t\t\t\t<div class=\"elementor-element elementor-element-a899905 elementor-widget elementor-widget-text-editor\" data-id=\"a899905\" data-element_type=\"widget\" data-e-type=\"widget\" data-widget_type=\"text-editor.default\">\n\t\t\t\t\t\t\t\t\t<p><a href=\"https:\/\/files.wbk.kreativmedia.ch\/3c\/4c\/3c4cc7a8-99b1-45f4-b408-042d07e88e68.pdf\" target=\"_blank\" rel=\"noopener\"><span style=\"text-decoration: underline;\"><strong>Mehr Infos\u00a0<\/strong><\/span><\/a><\/p>\t\t\t\t\t\t\t\t<\/div>\n\t\t\t\t<\/div>\n\t\t\t\t<\/div>\n\t\t\t\t<\/div>\n\t\t\t\t<\/div>\n\t\t\t\t\t<\/div>\n\t\t\t\t<\/div>\n\t\t<div class=\"elementor-element elementor-element-c57cf90 e-flex e-con-boxed e-con e-parent\" data-id=\"c57cf90\" data-element_type=\"container\" data-e-type=\"container\" data-settings=\"{&quot;background_background&quot;:&quot;classic&quot;}\">\n\t\t\t\t\t<div class=\"e-con-inner\">\n\t\t<div class=\"elementor-element elementor-element-0062294 e-con-full e-flex e-con e-child\" data-id=\"0062294\" data-element_type=\"container\" data-e-type=\"container\" data-settings=\"{&quot;background_background&quot;:&quot;classic&quot;}\">\n\t\t<div class=\"elementor-element elementor-element-bd3421f e-con-full e-flex e-con e-child\" data-id=\"bd3421f\" data-element_type=\"container\" data-e-type=\"container\">\n\t\t<div class=\"elementor-element elementor-element-9c8bdd6 e-con-full e-flex e-con e-child\" data-id=\"9c8bdd6\" data-element_type=\"container\" data-e-type=\"container\" data-settings=\"{&quot;background_background&quot;:&quot;classic&quot;}\">\n\t\t\t\t<\/div>\n\t\t<div class=\"elementor-element elementor-element-dcd9fb3 e-con-full e-flex e-con e-child\" data-id=\"dcd9fb3\" data-element_type=\"container\" data-e-type=\"container\">\n\t\t<div class=\"elementor-element elementor-element-d6ffc11 e-con-full e-flex e-con e-child\" data-id=\"d6ffc11\" data-element_type=\"container\" data-e-type=\"container\">\n\t\t\t\t<div class=\"elementor-element elementor-element-837e284 elementor-widget elementor-widget-image\" data-id=\"837e284\" data-element_type=\"widget\" data-e-type=\"widget\" data-widget_type=\"image.default\">\n\t\t\t\t\t\t\t\t\t\t\t\t\t\t\t<img loading=\"lazy\" decoding=\"async\" width=\"800\" height=\"600\" src=\"https:\/\/seidenstrasse-winterthur.ch\/wp-content\/uploads\/2026\/01\/a4d3e22f-f880-46f6-8249-c5e9d90e12ef.png\" class=\"attachment-large size-large wp-image-2392\" alt=\"\" srcset=\"https:\/\/seidenstrasse-winterthur.ch\/wp-content\/uploads\/2026\/01\/a4d3e22f-f880-46f6-8249-c5e9d90e12ef.png 813w, https:\/\/seidenstrasse-winterthur.ch\/wp-content\/uploads\/2026\/01\/a4d3e22f-f880-46f6-8249-c5e9d90e12ef-300x225.png 300w, https:\/\/seidenstrasse-winterthur.ch\/wp-content\/uploads\/2026\/01\/a4d3e22f-f880-46f6-8249-c5e9d90e12ef-768x576.png 768w\" sizes=\"(max-width: 800px) 100vw, 800px\" \/>\t\t\t\t\t\t\t\t\t\t\t\t\t\t\t<\/div>\n\t\t\t\t<\/div>\n\t\t<div class=\"elementor-element elementor-element-2566531 e-con-full e-flex e-con e-child\" data-id=\"2566531\" data-element_type=\"container\" data-e-type=\"container\">\n\t\t\t\t<div class=\"elementor-element elementor-element-c48dae0 elementor-widget elementor-widget-heading\" data-id=\"c48dae0\" data-element_type=\"widget\" data-e-type=\"widget\" data-widget_type=\"heading.default\">\n\t\t\t\t\t<h2 class=\"elementor-heading-title elementor-size-default\">Villa und Park Traubengut<\/h2>\t\t\t\t<\/div>\n\t\t\t\t<div class=\"elementor-element elementor-element-2911542 elementor-widget elementor-widget-text-editor\" data-id=\"2911542\" data-element_type=\"widget\" data-e-type=\"widget\" data-widget_type=\"text-editor.default\">\n\t\t\t\t\t\t\t\t\t<p>Seidenstrasse 27<\/p>\t\t\t\t\t\t\t\t<\/div>\n\t\t\t\t<div class=\"elementor-element elementor-element-5ec1bb9 elementor-widget elementor-widget-text-editor\" data-id=\"5ec1bb9\" data-element_type=\"widget\" data-e-type=\"widget\" data-widget_type=\"text-editor.default\">\n\t\t\t\t\t\t\t\t\t<p>Eine imposante Auffahrt f\u00fchrt zur herrschaftlichen Villa, umgeben von alten Baumbest\u00e4nden. Das weitl\u00e4ufige Landgut hat eine lange Geschichte seit 1806. Die 1903 erbaute, inzwischen mit grosser Sorgfalt renovierte Villa beherbergt heute ein Architeckturb\u00fcro und weitere berufliche Aktivit\u00e4ten.<\/p>\t\t\t\t\t\t\t\t<\/div>\n\t\t\t\t<div class=\"elementor-element elementor-element-63f4931 elementor-widget elementor-widget-text-editor\" data-id=\"63f4931\" data-element_type=\"widget\" data-e-type=\"widget\" data-widget_type=\"text-editor.default\">\n\t\t\t\t\t\t\t\t\t<p><a href=\"http:\/\/files.wbk.kreativmedia.ch\/4b\/d1\/4bd1e2b9-6bef-4700-a125-a971301ccf39.pdf\" target=\"_blank\" rel=\"noopener\"><span style=\"text-decoration: underline;\"><strong>Mehr Infos\u00a0<\/strong><\/span><\/a><\/p>\t\t\t\t\t\t\t\t<\/div>\n\t\t\t\t<\/div>\n\t\t\t\t<\/div>\n\t\t\t\t<\/div>\n\t\t\t\t<\/div>\n\t\t\t\t\t<\/div>\n\t\t\t\t<\/div>\n\t\t<div class=\"elementor-element elementor-element-e875cf8 e-flex e-con-boxed e-con e-parent\" data-id=\"e875cf8\" data-element_type=\"container\" data-e-type=\"container\" data-settings=\"{&quot;background_background&quot;:&quot;classic&quot;}\">\n\t\t\t\t\t<div class=\"e-con-inner\">\n\t\t<div class=\"elementor-element elementor-element-458eb8a e-con-full e-flex e-con e-child\" data-id=\"458eb8a\" data-element_type=\"container\" data-e-type=\"container\" data-settings=\"{&quot;background_background&quot;:&quot;classic&quot;}\">\n\t\t<div class=\"elementor-element elementor-element-a251cea e-con-full e-flex e-con e-child\" data-id=\"a251cea\" data-element_type=\"container\" data-e-type=\"container\">\n\t\t<div class=\"elementor-element elementor-element-7071c06 e-con-full e-flex e-con e-child\" data-id=\"7071c06\" data-element_type=\"container\" data-e-type=\"container\" data-settings=\"{&quot;background_background&quot;:&quot;classic&quot;}\">\n\t\t\t\t<\/div>\n\t\t<div class=\"elementor-element elementor-element-5885fc4 e-con-full e-flex e-con e-child\" data-id=\"5885fc4\" data-element_type=\"container\" data-e-type=\"container\">\n\t\t<div class=\"elementor-element elementor-element-9d97e42 e-con-full e-flex e-con e-child\" data-id=\"9d97e42\" data-element_type=\"container\" data-e-type=\"container\">\n\t\t\t\t<div class=\"elementor-element elementor-element-64fdced elementor-widget elementor-widget-image\" data-id=\"64fdced\" data-element_type=\"widget\" data-e-type=\"widget\" data-widget_type=\"image.default\">\n\t\t\t\t\t\t\t\t\t\t\t\t\t\t\t<img loading=\"lazy\" decoding=\"async\" width=\"800\" height=\"566\" src=\"https:\/\/seidenstrasse-winterthur.ch\/wp-content\/uploads\/2026\/05\/Karte-Villa-Fehlmann-1024x724.png\" class=\"attachment-large size-large wp-image-3326\" alt=\"\" srcset=\"https:\/\/seidenstrasse-winterthur.ch\/wp-content\/uploads\/2026\/05\/Karte-Villa-Fehlmann-1024x724.png 1024w, https:\/\/seidenstrasse-winterthur.ch\/wp-content\/uploads\/2026\/05\/Karte-Villa-Fehlmann-300x212.png 300w, https:\/\/seidenstrasse-winterthur.ch\/wp-content\/uploads\/2026\/05\/Karte-Villa-Fehlmann-768x543.png 768w, https:\/\/seidenstrasse-winterthur.ch\/wp-content\/uploads\/2026\/05\/Karte-Villa-Fehlmann.png 1280w\" sizes=\"(max-width: 800px) 100vw, 800px\" \/>\t\t\t\t\t\t\t\t\t\t\t\t\t\t\t<\/div>\n\t\t\t\t<\/div>\n\t\t<div class=\"elementor-element elementor-element-5eba62d e-con-full e-flex e-con e-child\" data-id=\"5eba62d\" data-element_type=\"container\" data-e-type=\"container\">\n\t\t\t\t<div class=\"elementor-element elementor-element-896f5a5 elementor-widget elementor-widget-heading\" data-id=\"896f5a5\" data-element_type=\"widget\" data-e-type=\"widget\" data-widget_type=\"heading.default\">\n\t\t\t\t\t<h2 class=\"elementor-heading-title elementor-size-default\">Villa Fehlmann<\/h2>\t\t\t\t<\/div>\n\t\t\t\t<div class=\"elementor-element elementor-element-aecff0c elementor-widget elementor-widget-text-editor\" data-id=\"aecff0c\" data-element_type=\"widget\" data-e-type=\"widget\" data-widget_type=\"text-editor.default\">\n\t\t\t\t\t\t\t\t\t<p>R\u00f6merstrasse 18<\/p>\t\t\t\t\t\t\t\t<\/div>\n\t\t\t\t<div class=\"elementor-element elementor-element-e151b25 elementor-widget elementor-widget-text-editor\" data-id=\"e151b25\" data-element_type=\"widget\" data-e-type=\"widget\" data-widget_type=\"text-editor.default\">\n\t\t\t\t\t\t\t\t\t<p>Die Villa Fehlmann wurde 1929 von Architekt Lebrecht V\u00f6lki im neoklassizistischen Stil erbaut. Bauherr war Dr. Heinrich Fehlmann-Richard (1880-1952),<b> <\/b>Generaldirektor der \u00abWinterthur Versicherungen\u00bb (heute AXA). Die weitl\u00e4ufige Liegenschaft mit Park und eigener G\u00e4rtnerei zwischen R\u00f6mer-und Seidenstrasse erwarb er von der Familie Volkart.<\/p>\t\t\t\t\t\t\t\t<\/div>\n\t\t\t\t<div class=\"elementor-element elementor-element-8eb7e69 elementor-widget elementor-widget-text-editor\" data-id=\"8eb7e69\" data-element_type=\"widget\" data-e-type=\"widget\" data-widget_type=\"text-editor.default\">\n\t\t\t\t\t\t\t\t\t<p><a title=\"Lange Geschichte\" href=\"https:\/\/files.wbk.kreativmedia.ch\/bc\/ba\/bcbaccdc-9fd3-4696-be73-0b2bd4cd7dd4.pdf\" target=\"_blank\" rel=\"noopener\"><span style=\"text-decoration: underline;\"><strong>Lange Geschitche\u00a0<\/strong><\/span><\/a><br \/><span style=\"text-decoration: underline;\"><a href=\"https:\/\/seidenstrasse-winterthur.ch\/wp-content\/uploads\/2026\/06\/Villa-Fehlmann-kurz.pdf\"><strong>Kurzer Geschichte<\/strong><\/a><\/span><\/p>\t\t\t\t\t\t\t\t<\/div>\n\t\t\t\t<\/div>\n\t\t\t\t<\/div>\n\t\t\t\t<\/div>\n\t\t\t\t<\/div>\n\t\t\t\t\t<\/div>\n\t\t\t\t<\/div>\n\t\t<div class=\"elementor-element elementor-element-a4dc257 e-flex e-con-boxed e-con e-parent\" data-id=\"a4dc257\" data-element_type=\"container\" data-e-type=\"container\" data-settings=\"{&quot;background_background&quot;:&quot;classic&quot;}\">\n\t\t\t\t\t<div class=\"e-con-inner\">\n\t\t<div class=\"elementor-element elementor-element-37c8fbe e-con-full e-flex e-con e-child\" data-id=\"37c8fbe\" data-element_type=\"container\" data-e-type=\"container\" data-settings=\"{&quot;background_background&quot;:&quot;classic&quot;}\">\n\t\t<div class=\"elementor-element elementor-element-c7a27ee e-con-full e-flex e-con e-child\" data-id=\"c7a27ee\" data-element_type=\"container\" data-e-type=\"container\">\n\t\t<div class=\"elementor-element elementor-element-a8ec6c7 e-flex e-con-boxed e-con e-child\" data-id=\"a8ec6c7\" data-element_type=\"container\" data-e-type=\"container\" data-settings=\"{&quot;background_background&quot;:&quot;classic&quot;}\">\n\t\t\t\t\t<div class=\"e-con-inner\">\n\t\t\t\t\t<\/div>\n\t\t\t\t<\/div>\n\t\t<div class=\"elementor-element elementor-element-7625031 e-con-full e-flex e-con e-child\" data-id=\"7625031\" data-element_type=\"container\" data-e-type=\"container\">\n\t\t<div class=\"elementor-element elementor-element-905df27 e-con-full e-flex e-con e-child\" data-id=\"905df27\" data-element_type=\"container\" data-e-type=\"container\">\n\t\t\t\t<div class=\"elementor-element elementor-element-a86b846 elementor-widget elementor-widget-image\" data-id=\"a86b846\" data-element_type=\"widget\" data-e-type=\"widget\" data-widget_type=\"image.default\">\n\t\t\t\t\t\t\t\t\t\t\t\t\t\t\t<img loading=\"lazy\" decoding=\"async\" width=\"800\" height=\"600\" src=\"https:\/\/seidenstrasse-winterthur.ch\/wp-content\/uploads\/2026\/01\/02cf2300-26d2-4c19-923e-e19e1dcececa-1024x768.png\" class=\"attachment-large size-large wp-image-2531\" alt=\"\" srcset=\"https:\/\/seidenstrasse-winterthur.ch\/wp-content\/uploads\/2026\/01\/02cf2300-26d2-4c19-923e-e19e1dcececa-1024x768.png 1024w, https:\/\/seidenstrasse-winterthur.ch\/wp-content\/uploads\/2026\/01\/02cf2300-26d2-4c19-923e-e19e1dcececa-300x225.png 300w, https:\/\/seidenstrasse-winterthur.ch\/wp-content\/uploads\/2026\/01\/02cf2300-26d2-4c19-923e-e19e1dcececa-768x576.png 768w, https:\/\/seidenstrasse-winterthur.ch\/wp-content\/uploads\/2026\/01\/02cf2300-26d2-4c19-923e-e19e1dcececa.png 1173w\" sizes=\"(max-width: 800px) 100vw, 800px\" \/>\t\t\t\t\t\t\t\t\t\t\t\t\t\t\t<\/div>\n\t\t\t\t<\/div>\n\t\t<div class=\"elementor-element elementor-element-cc46d43 e-con-full e-flex e-con e-child\" data-id=\"cc46d43\" data-element_type=\"container\" data-e-type=\"container\">\n\t\t\t\t<div class=\"elementor-element elementor-element-9860ae2 elementor-widget elementor-widget-heading\" data-id=\"9860ae2\" data-element_type=\"widget\" data-e-type=\"widget\" data-widget_type=\"heading.default\">\n\t\t\t\t\t<h2 class=\"elementor-heading-title elementor-size-default\">Villa Palmgut \/ Villa B\u00fchler<\/h2>\t\t\t\t<\/div>\n\t\t\t\t<div class=\"elementor-element elementor-element-a073ca0 elementor-widget elementor-widget-text-editor\" data-id=\"a073ca0\" data-element_type=\"widget\" data-e-type=\"widget\" data-widget_type=\"text-editor.default\">\n\t\t\t\t\t\t\t\t\t<p>Palmstrasse 26<\/p>\t\t\t\t\t\t\t\t<\/div>\n\t\t\t\t<div class=\"elementor-element elementor-element-b5a2eb5 elementor-widget elementor-widget-text-editor\" data-id=\"b5a2eb5\" data-element_type=\"widget\" data-e-type=\"widget\" data-widget_type=\"text-editor.default\">\n\t\t\t\t\t\t\t\t\t<p>Die Villa \u00abPalmgut\u00bb an der Palmstrasse 26 wurde 1883 von\u00a0Oberst Adolf B\u00fchler erbaut, im Jahr 1969 wurde sie abgerissen.\u00a0<\/p><p class=\"p1\">Zusammen mit den Villen \u00abThalgut\u00bb und \u00abTraubengut\u00bb bildete sie das von der R\u00f6mer- bis zur heutigen St. Gallerstrasse durchgehende Landgut \u00abPalmengarten\u00bb. 1899 wurde die Seidenstrasse durch den Palmengarten verl\u00e4ngert.<\/p>\t\t\t\t\t\t\t\t<\/div>\n\t\t\t\t<div class=\"elementor-element elementor-element-145fc81 elementor-widget elementor-widget-text-editor\" data-id=\"145fc81\" data-element_type=\"widget\" data-e-type=\"widget\" data-widget_type=\"text-editor.default\">\n\t\t\t\t\t\t\t\t\t<p><a href=\"https:\/\/files.wbk.kreativmedia.ch\/03\/d6\/03d6ecae-c2d7-43b4-b588-85a038979788.pdf\" target=\"_blank\" rel=\"noopener\"><span style=\"text-decoration: underline;\"><strong>Mehr Infos\u00a0<\/strong><\/span><\/a><\/p>\t\t\t\t\t\t\t\t<\/div>\n\t\t\t\t<\/div>\n\t\t\t\t<\/div>\n\t\t\t\t<\/div>\n\t\t\t\t<\/div>\n\t\t\t\t\t<\/div>\n\t\t\t\t<\/div>\n\t\t<div class=\"elementor-element elementor-element-db3a799 e-flex e-con-boxed e-con e-parent\" data-id=\"db3a799\" data-element_type=\"container\" data-e-type=\"container\" data-settings=\"{&quot;background_background&quot;:&quot;classic&quot;}\">\n\t\t\t\t\t<div class=\"e-con-inner\">\n\t\t<div class=\"elementor-element elementor-element-4925ee0 e-con-full e-flex e-con e-child\" data-id=\"4925ee0\" data-element_type=\"container\" data-e-type=\"container\" data-settings=\"{&quot;background_background&quot;:&quot;classic&quot;}\">\n\t\t<div class=\"elementor-element elementor-element-33a9855 e-con-full e-flex e-con e-child\" data-id=\"33a9855\" data-element_type=\"container\" data-e-type=\"container\">\n\t\t<div class=\"elementor-element elementor-element-e3d6644 e-con-full e-flex e-con e-child\" data-id=\"e3d6644\" data-element_type=\"container\" data-e-type=\"container\" data-settings=\"{&quot;background_background&quot;:&quot;classic&quot;}\">\n\t\t\t\t<\/div>\n\t\t<div class=\"elementor-element elementor-element-4956be8 e-con-full e-flex e-con e-child\" data-id=\"4956be8\" data-element_type=\"container\" data-e-type=\"container\">\n\t\t<div class=\"elementor-element elementor-element-8e15c70 e-con-full e-flex e-con e-child\" data-id=\"8e15c70\" data-element_type=\"container\" data-e-type=\"container\">\n\t\t\t\t<div class=\"elementor-element elementor-element-0b766b5 elementor-widget elementor-widget-image\" data-id=\"0b766b5\" data-element_type=\"widget\" data-e-type=\"widget\" data-widget_type=\"image.default\">\n\t\t\t\t\t\t\t\t\t\t\t\t\t\t\t<img loading=\"lazy\" decoding=\"async\" width=\"800\" height=\"600\" src=\"https:\/\/seidenstrasse-winterthur.ch\/wp-content\/uploads\/2026\/01\/c8ab1fb5-8057-4e7b-87d1-c8796d710068-1024x768.png\" class=\"attachment-large size-large wp-image-2541\" alt=\"\" srcset=\"https:\/\/seidenstrasse-winterthur.ch\/wp-content\/uploads\/2026\/01\/c8ab1fb5-8057-4e7b-87d1-c8796d710068-1024x768.png 1024w, https:\/\/seidenstrasse-winterthur.ch\/wp-content\/uploads\/2026\/01\/c8ab1fb5-8057-4e7b-87d1-c8796d710068-300x225.png 300w, https:\/\/seidenstrasse-winterthur.ch\/wp-content\/uploads\/2026\/01\/c8ab1fb5-8057-4e7b-87d1-c8796d710068-768x576.png 768w, https:\/\/seidenstrasse-winterthur.ch\/wp-content\/uploads\/2026\/01\/c8ab1fb5-8057-4e7b-87d1-c8796d710068.png 1267w\" sizes=\"(max-width: 800px) 100vw, 800px\" \/>\t\t\t\t\t\t\t\t\t\t\t\t\t\t\t<\/div>\n\t\t\t\t<\/div>\n\t\t<div class=\"elementor-element elementor-element-f8ee2a3 e-con-full e-flex e-con e-child\" data-id=\"f8ee2a3\" data-element_type=\"container\" data-e-type=\"container\">\n\t\t\t\t<div class=\"elementor-element elementor-element-91e2e3b elementor-widget elementor-widget-heading\" data-id=\"91e2e3b\" data-element_type=\"widget\" data-e-type=\"widget\" data-widget_type=\"heading.default\">\n\t\t\t\t\t<h2 class=\"elementor-heading-title elementor-size-default\">Villa Buchli<\/h2>\t\t\t\t<\/div>\n\t\t\t\t<div class=\"elementor-element elementor-element-b20fd38 elementor-widget elementor-widget-text-editor\" data-id=\"b20fd38\" data-element_type=\"widget\" data-e-type=\"widget\" data-widget_type=\"text-editor.default\">\n\t\t\t\t\t\t\t\t\t<p>Hermannstrasse 33<\/p>\t\t\t\t\t\t\t\t<\/div>\n\t\t\t\t<div class=\"elementor-element elementor-element-77bd2a6 elementor-widget elementor-widget-text-editor\" data-id=\"77bd2a6\" data-element_type=\"widget\" data-e-type=\"widget\" data-widget_type=\"text-editor.default\">\n\t\t\t\t\t\t\t\t\t<p>Eine geniale Erfindung erm\u00f6glichte 1924 den Bau dieser eleganten Villa. Zwei Generationen sp\u00e4ter erf\u00fcllte Musik das Haus und den Garten. Heute erfreut der sch\u00f6nste Rosengarten im Quartier alle Passanten.<\/p>\t\t\t\t\t\t\t\t<\/div>\n\t\t\t\t<div class=\"elementor-element elementor-element-81ae1bb elementor-widget elementor-widget-text-editor\" data-id=\"81ae1bb\" data-element_type=\"widget\" data-e-type=\"widget\" data-widget_type=\"text-editor.default\">\n\t\t\t\t\t\t\t\t\t<p><a href=\"https:\/\/files.wbk.kreativmedia.ch\/c9\/85\/c985e3ac-5e4d-46ef-b0c7-455a6d9bb325.pdf\" target=\"_blank\" rel=\"noopener\"><span style=\"text-decoration: underline;\"><strong>Mehr Infos\u00a0<\/strong><\/span><\/a><\/p>\t\t\t\t\t\t\t\t<\/div>\n\t\t\t\t<\/div>\n\t\t\t\t<\/div>\n\t\t\t\t<\/div>\n\t\t\t\t<\/div>\n\t\t\t\t\t<\/div>\n\t\t\t\t<\/div>\n\t\t<div class=\"elementor-element elementor-element-680c5a6 e-flex e-con-boxed e-con e-parent\" data-id=\"680c5a6\" data-element_type=\"container\" data-e-type=\"container\" data-settings=\"{&quot;background_background&quot;:&quot;classic&quot;}\">\n\t\t\t\t\t<div class=\"e-con-inner\">\n\t\t<div class=\"elementor-element elementor-element-578a562 e-con-full e-flex e-con e-child\" data-id=\"578a562\" data-element_type=\"container\" data-e-type=\"container\" data-settings=\"{&quot;background_background&quot;:&quot;classic&quot;}\">\n\t\t<div class=\"elementor-element elementor-element-1ee19cc e-con-full e-flex e-con e-child\" data-id=\"1ee19cc\" data-element_type=\"container\" data-e-type=\"container\">\n\t\t<div class=\"elementor-element elementor-element-b7ae764 e-con-full e-flex e-con e-child\" data-id=\"b7ae764\" data-element_type=\"container\" data-e-type=\"container\" data-settings=\"{&quot;background_background&quot;:&quot;classic&quot;}\">\n\t\t\t\t<\/div>\n\t\t<div class=\"elementor-element elementor-element-26ae713 e-con-full e-flex e-con e-child\" data-id=\"26ae713\" data-element_type=\"container\" data-e-type=\"container\">\n\t\t<div class=\"elementor-element elementor-element-db42f58 e-con-full e-flex e-con e-child\" data-id=\"db42f58\" data-element_type=\"container\" data-e-type=\"container\">\n\t\t\t\t<div class=\"elementor-element elementor-element-4931275 elementor-widget elementor-widget-image\" data-id=\"4931275\" data-element_type=\"widget\" data-e-type=\"widget\" data-widget_type=\"image.default\">\n\t\t\t\t\t\t\t\t\t\t\t\t\t\t\t<img loading=\"lazy\" decoding=\"async\" width=\"800\" height=\"508\" src=\"https:\/\/seidenstrasse-winterthur.ch\/wp-content\/uploads\/2026\/05\/Karte-Villa-Rittmeyer-1024x650.png\" class=\"attachment-large size-large wp-image-3331\" alt=\"\" srcset=\"https:\/\/seidenstrasse-winterthur.ch\/wp-content\/uploads\/2026\/05\/Karte-Villa-Rittmeyer-1024x650.png 1024w, https:\/\/seidenstrasse-winterthur.ch\/wp-content\/uploads\/2026\/05\/Karte-Villa-Rittmeyer-300x191.png 300w, https:\/\/seidenstrasse-winterthur.ch\/wp-content\/uploads\/2026\/05\/Karte-Villa-Rittmeyer-768x488.png 768w, https:\/\/seidenstrasse-winterthur.ch\/wp-content\/uploads\/2026\/05\/Karte-Villa-Rittmeyer.png 1280w\" sizes=\"(max-width: 800px) 100vw, 800px\" \/>\t\t\t\t\t\t\t\t\t\t\t\t\t\t\t<\/div>\n\t\t\t\t<\/div>\n\t\t<div class=\"elementor-element elementor-element-31cdb48 e-con-full e-flex e-con e-child\" data-id=\"31cdb48\" data-element_type=\"container\" data-e-type=\"container\">\n\t\t\t\t<div class=\"elementor-element elementor-element-975e528 elementor-widget elementor-widget-heading\" data-id=\"975e528\" data-element_type=\"widget\" data-e-type=\"widget\" data-widget_type=\"heading.default\">\n\t\t\t\t\t<h2 class=\"elementor-heading-title elementor-size-default\">Villa Rittmeyer<\/h2>\t\t\t\t<\/div>\n\t\t\t\t<div class=\"elementor-element elementor-element-22edd90 elementor-widget elementor-widget-text-editor\" data-id=\"22edd90\" data-element_type=\"widget\" data-e-type=\"widget\" data-widget_type=\"text-editor.default\">\n\t\t\t\t\t\t\t\t\t<p>\u00a0Seidenstrasse 18 \/ Pflanzschulstrasse 43<\/p>\t\t\t\t\t\t\t\t<\/div>\n\t\t\t\t<div class=\"elementor-element elementor-element-4b8939c elementor-widget elementor-widget-text-editor\" data-id=\"4b8939c\" data-element_type=\"widget\" data-e-type=\"widget\" data-widget_type=\"text-editor.default\">\n\t\t\t\t\t\t\t\t\t<p>Das Doppelwohnhaus Seidenstrasse 18 \/ Pflanzschulstrasse 43 wurde 1908 von den Architekten Rittmeyer &amp; Furrer (Robert Rittmeyer \/ Walter Furrer) erbaut. Im linken Hausteil wohnte von 1908 bis 1926 Robert Rittmeyer selbst, den rechten Hausteil bezogen Lucie Wolfer-Sulzer und Leo Heinrich Wolfer.<\/p>\t\t\t\t\t\t\t\t<\/div>\n\t\t\t\t<div class=\"elementor-element elementor-element-a7f3d28 elementor-widget elementor-widget-text-editor\" data-id=\"a7f3d28\" data-element_type=\"widget\" data-e-type=\"widget\" data-widget_type=\"text-editor.default\">\n\t\t\t\t\t\t\t\t\t<p><a title=\"Villa Rittmeyer\" href=\"https:\/\/seidenstrasse-winterthur.ch\/?page_id=3338\" target=\"_blank\" rel=\"noopener\"><span style=\"text-decoration: underline;\"><strong>Mehr Infos\u00a0<\/strong><\/span><\/a><\/p>\t\t\t\t\t\t\t\t<\/div>\n\t\t\t\t<\/div>\n\t\t\t\t<\/div>\n\t\t\t\t<\/div>\n\t\t\t\t<\/div>\n\t\t\t\t\t<\/div>\n\t\t\t\t<\/div>\n\t\t<div class=\"elementor-element elementor-element-8ce2250 e-flex e-con-boxed e-con e-parent\" data-id=\"8ce2250\" data-element_type=\"container\" data-e-type=\"container\" data-settings=\"{&quot;background_background&quot;:&quot;classic&quot;}\">\n\t\t\t\t\t<div class=\"e-con-inner\">\n\t\t<div class=\"elementor-element elementor-element-202e396 e-con-full e-flex e-con e-child\" data-id=\"202e396\" data-element_type=\"container\" data-e-type=\"container\" data-settings=\"{&quot;background_background&quot;:&quot;classic&quot;}\">\n\t\t<div class=\"elementor-element elementor-element-1211e93 e-con-full e-flex e-con e-child\" data-id=\"1211e93\" data-element_type=\"container\" data-e-type=\"container\">\n\t\t<div class=\"elementor-element elementor-element-c907b20 e-con-full e-flex e-con e-child\" data-id=\"c907b20\" data-element_type=\"container\" data-e-type=\"container\" data-settings=\"{&quot;background_background&quot;:&quot;classic&quot;}\">\n\t\t\t\t<\/div>\n\t\t<div class=\"elementor-element elementor-element-16a56cd e-con-full e-flex e-con e-child\" data-id=\"16a56cd\" data-element_type=\"container\" data-e-type=\"container\">\n\t\t<div class=\"elementor-element elementor-element-421d229 e-con-full e-flex e-con e-child\" data-id=\"421d229\" data-element_type=\"container\" data-e-type=\"container\">\n\t\t\t\t<div class=\"elementor-element elementor-element-c383728 elementor-widget elementor-widget-image\" data-id=\"c383728\" data-element_type=\"widget\" data-e-type=\"widget\" data-widget_type=\"image.default\">\n\t\t\t\t\t\t\t\t\t\t\t\t\t\t\t<img loading=\"lazy\" decoding=\"async\" width=\"800\" height=\"522\" src=\"https:\/\/seidenstrasse-winterthur.ch\/wp-content\/uploads\/2026\/05\/Karte-Villa-Bridler-1024x668.png\" class=\"attachment-large size-large wp-image-3327\" alt=\"\" srcset=\"https:\/\/seidenstrasse-winterthur.ch\/wp-content\/uploads\/2026\/05\/Karte-Villa-Bridler-1024x668.png 1024w, https:\/\/seidenstrasse-winterthur.ch\/wp-content\/uploads\/2026\/05\/Karte-Villa-Bridler-300x196.png 300w, https:\/\/seidenstrasse-winterthur.ch\/wp-content\/uploads\/2026\/05\/Karte-Villa-Bridler-768x501.png 768w, https:\/\/seidenstrasse-winterthur.ch\/wp-content\/uploads\/2026\/05\/Karte-Villa-Bridler.png 1280w\" sizes=\"(max-width: 800px) 100vw, 800px\" \/>\t\t\t\t\t\t\t\t\t\t\t\t\t\t\t<\/div>\n\t\t\t\t<\/div>\n\t\t<div class=\"elementor-element elementor-element-cf7d101 e-con-full e-flex e-con e-child\" data-id=\"cf7d101\" data-element_type=\"container\" data-e-type=\"container\">\n\t\t\t\t<div class=\"elementor-element elementor-element-449fd51 elementor-widget elementor-widget-heading\" data-id=\"449fd51\" data-element_type=\"widget\" data-e-type=\"widget\" data-widget_type=\"heading.default\">\n\t\t\t\t\t<h2 class=\"elementor-heading-title elementor-size-default\">Villa Bridler<\/h2>\t\t\t\t<\/div>\n\t\t\t\t<div class=\"elementor-element elementor-element-62ec52a elementor-widget elementor-widget-text-editor\" data-id=\"62ec52a\" data-element_type=\"widget\" data-e-type=\"widget\" data-widget_type=\"text-editor.default\">\n\t\t\t\t\t\t\t\t\t<p>Seidenstrasse 2<\/p>\t\t\t\t\t\t\t\t<\/div>\n\t\t\t\t<div class=\"elementor-element elementor-element-96b5fcc elementor-widget elementor-widget-text-editor\" data-id=\"96b5fcc\" data-element_type=\"widget\" data-e-type=\"widget\" data-widget_type=\"text-editor.default\">\n\t\t\t\t\t\t\t\t\t<p><span class=\"js-text-content content-block\">Die <a href=\"https:\/\/villabridler.ch\/unternehmen\" target=\"_blank\" rel=\"noopener\"><strong><span style=\"text-decoration: underline;\">Villa Bridler<\/span><\/strong><\/a><span style=\"text-decoration: underline;\">\u00a0<\/span>am oberen Ausgangspunkt der Seidenstrasse ist nicht zu \u00fcbersehen. Das markante Haus, 1899\/1900 im Tudor-Stil erstellt, <br \/>wird heute von der Familie Frank und Sabine Ihringer bewohnt.\u00a0<\/span><\/p>\t\t\t\t\t\t\t\t<\/div>\n\t\t\t\t<div class=\"elementor-element elementor-element-816e6f1 elementor-widget elementor-widget-text-editor\" data-id=\"816e6f1\" data-element_type=\"widget\" data-e-type=\"widget\" data-widget_type=\"text-editor.default\">\n\t\t\t\t\t\t\t\t\t<p><a href=\"https:\/\/files.wbk.kreativmedia.ch\/6f\/76\/6f769c0b-0754-4625-9560-cf383c83b8d6.pdf\" target=\"_blank\" rel=\"noopener\"><span style=\"text-decoration: underline;\"><strong>Mehr Infos\u00a0<\/strong><\/span><\/a><\/p>\t\t\t\t\t\t\t\t<\/div>\n\t\t\t\t<\/div>\n\t\t\t\t<\/div>\n\t\t\t\t<\/div>\n\t\t\t\t<\/div>\n\t\t\t\t\t<\/div>\n\t\t\t\t<\/div>\n\t\t<div class=\"elementor-element elementor-element-566c68a e-flex e-con-boxed e-con e-parent\" data-id=\"566c68a\" data-element_type=\"container\" data-e-type=\"container\" data-settings=\"{&quot;background_background&quot;:&quot;classic&quot;}\">\n\t\t\t\t\t<div class=\"e-con-inner\">\n\t\t<div class=\"elementor-element elementor-element-d6d613a e-con-full e-flex e-con e-child\" data-id=\"d6d613a\" data-element_type=\"container\" data-e-type=\"container\" data-settings=\"{&quot;background_background&quot;:&quot;classic&quot;}\">\n\t\t<div class=\"elementor-element elementor-element-31a03c1 e-con-full e-flex e-con e-child\" data-id=\"31a03c1\" data-element_type=\"container\" data-e-type=\"container\">\n\t\t<div class=\"elementor-element elementor-element-25fae53 e-con-full e-flex e-con e-child\" data-id=\"25fae53\" data-element_type=\"container\" data-e-type=\"container\" data-settings=\"{&quot;background_background&quot;:&quot;classic&quot;}\">\n\t\t\t\t<\/div>\n\t\t<div class=\"elementor-element elementor-element-e03c4a2 e-con-full e-flex e-con e-child\" data-id=\"e03c4a2\" data-element_type=\"container\" data-e-type=\"container\">\n\t\t<div class=\"elementor-element elementor-element-5f497bc e-con-full e-flex e-con e-child\" data-id=\"5f497bc\" data-element_type=\"container\" data-e-type=\"container\">\n\t\t\t\t<div class=\"elementor-element elementor-element-b0d6386 elementor-widget elementor-widget-image\" data-id=\"b0d6386\" data-element_type=\"widget\" data-e-type=\"widget\" data-widget_type=\"image.default\">\n\t\t\t\t\t\t\t\t\t\t\t\t\t\t\t<img loading=\"lazy\" decoding=\"async\" width=\"800\" height=\"554\" src=\"https:\/\/seidenstrasse-winterthur.ch\/wp-content\/uploads\/2026\/06\/Karte-Villa-Voelki-1024x709.png\" class=\"attachment-large size-large wp-image-3513\" alt=\"\" srcset=\"https:\/\/seidenstrasse-winterthur.ch\/wp-content\/uploads\/2026\/06\/Karte-Villa-Voelki-1024x709.png 1024w, https:\/\/seidenstrasse-winterthur.ch\/wp-content\/uploads\/2026\/06\/Karte-Villa-Voelki-300x208.png 300w, https:\/\/seidenstrasse-winterthur.ch\/wp-content\/uploads\/2026\/06\/Karte-Villa-Voelki-768x532.png 768w, https:\/\/seidenstrasse-winterthur.ch\/wp-content\/uploads\/2026\/06\/Karte-Villa-Voelki.png 1490w\" sizes=\"(max-width: 800px) 100vw, 800px\" \/>\t\t\t\t\t\t\t\t\t\t\t\t\t\t\t<\/div>\n\t\t\t\t<\/div>\n\t\t<div class=\"elementor-element elementor-element-abf7e3b e-con-full e-flex e-con e-child\" data-id=\"abf7e3b\" data-element_type=\"container\" data-e-type=\"container\">\n\t\t\t\t<div class=\"elementor-element elementor-element-2bade9d elementor-widget elementor-widget-heading\" data-id=\"2bade9d\" data-element_type=\"widget\" data-e-type=\"widget\" data-widget_type=\"heading.default\">\n\t\t\t\t\t<h2 class=\"elementor-heading-title elementor-size-default\">Villa V\u00f6lki<\/h2>\t\t\t\t<\/div>\n\t\t\t\t<div class=\"elementor-element elementor-element-db227ed elementor-widget elementor-widget-text-editor\" data-id=\"db227ed\" data-element_type=\"widget\" data-e-type=\"widget\" data-widget_type=\"text-editor.default\">\n\t\t\t\t\t\t\t\t\t<p class=\"p1\">Seidenweg 2<\/p>\t\t\t\t\t\t\t\t<\/div>\n\t\t\t\t<div class=\"elementor-element elementor-element-bf875aa elementor-widget elementor-widget-text-editor\" data-id=\"bf875aa\" data-element_type=\"widget\" data-e-type=\"widget\" data-widget_type=\"text-editor.default\">\n\t\t\t\t\t\t\t\t\t<p><span id=\"m_5943198545622970898docs-internal-guid-6966a171-7fff-af89-3ccb-e1ccff1becd3\">Etwas abseits der Seidenstrasse, am Seidenweg steht in einem verwunschenen Garten das herrschaftliche Wohnhaus, das der Architekt Lebrecht V\u00f6lki 1924 f\u00fcr seine Familie erbaut hatte.<\/span><\/p>\t\t\t\t\t\t\t\t<\/div>\n\t\t\t\t<div class=\"elementor-element elementor-element-7574134 elementor-widget elementor-widget-text-editor\" data-id=\"7574134\" data-element_type=\"widget\" data-e-type=\"widget\" data-widget_type=\"text-editor.default\">\n\t\t\t\t\t\t\t\t\t<p><a href=\"https:\/\/seidenstrasse-winterthur.ch\/wp-content\/uploads\/2026\/06\/Seidenweg-2-.pdf\" target=\"_blank\" rel=\"noopener\"><span style=\"text-decoration: underline;\"><strong>Mehr Infos\u00a0<\/strong><\/span><\/a><\/p>\t\t\t\t\t\t\t\t<\/div>\n\t\t\t\t<\/div>\n\t\t\t\t<\/div>\n\t\t\t\t<\/div>\n\t\t\t\t<\/div>\n\t\t\t\t\t<\/div>\n\t\t\t\t<\/div>\n\t\t<div class=\"elementor-element elementor-element-1edb26e e-flex e-con-boxed e-con e-parent\" data-id=\"1edb26e\" data-element_type=\"container\" data-e-type=\"container\" data-settings=\"{&quot;background_background&quot;:&quot;classic&quot;}\">\n\t\t\t\t\t<div class=\"e-con-inner\">\n\t\t<div class=\"elementor-element elementor-element-35bf7e7 e-con-full e-flex e-con e-child\" data-id=\"35bf7e7\" data-element_type=\"container\" data-e-type=\"container\" data-settings=\"{&quot;background_background&quot;:&quot;classic&quot;}\">\n\t\t<div class=\"elementor-element elementor-element-83baaa9 e-con-full e-flex e-con e-child\" data-id=\"83baaa9\" data-element_type=\"container\" data-e-type=\"container\">\n\t\t<div class=\"elementor-element elementor-element-268d179 e-con-full e-flex e-con e-child\" data-id=\"268d179\" data-element_type=\"container\" data-e-type=\"container\" data-settings=\"{&quot;background_background&quot;:&quot;classic&quot;}\">\n\t\t\t\t<\/div>\n\t\t<div class=\"elementor-element elementor-element-e6392af e-con-full e-flex e-con e-child\" data-id=\"e6392af\" data-element_type=\"container\" data-e-type=\"container\">\n\t\t<div class=\"elementor-element elementor-element-0417351 e-con-full e-flex e-con e-child\" data-id=\"0417351\" data-element_type=\"container\" data-e-type=\"container\">\n\t\t\t\t<div class=\"elementor-element elementor-element-b708030 elementor-widget elementor-widget-image\" data-id=\"b708030\" data-element_type=\"widget\" data-e-type=\"widget\" data-widget_type=\"image.default\">\n\t\t\t\t\t\t\t\t\t\t\t\t\t\t\t<img loading=\"lazy\" decoding=\"async\" width=\"800\" height=\"520\" src=\"https:\/\/seidenstrasse-winterthur.ch\/wp-content\/uploads\/2026\/06\/Karte-Seidenstrasse-43-1024x666.png\" class=\"attachment-large size-large wp-image-3516\" alt=\"\" srcset=\"https:\/\/seidenstrasse-winterthur.ch\/wp-content\/uploads\/2026\/06\/Karte-Seidenstrasse-43-1024x666.png 1024w, https:\/\/seidenstrasse-winterthur.ch\/wp-content\/uploads\/2026\/06\/Karte-Seidenstrasse-43-300x195.png 300w, https:\/\/seidenstrasse-winterthur.ch\/wp-content\/uploads\/2026\/06\/Karte-Seidenstrasse-43-768x499.png 768w, https:\/\/seidenstrasse-winterthur.ch\/wp-content\/uploads\/2026\/06\/Karte-Seidenstrasse-43-1536x999.png 1536w, https:\/\/seidenstrasse-winterthur.ch\/wp-content\/uploads\/2026\/06\/Karte-Seidenstrasse-43.png 1572w\" sizes=\"(max-width: 800px) 100vw, 800px\" \/>\t\t\t\t\t\t\t\t\t\t\t\t\t\t\t<\/div>\n\t\t\t\t<\/div>\n\t\t<div class=\"elementor-element elementor-element-3a2f536 e-con-full e-flex e-con e-child\" data-id=\"3a2f536\" data-element_type=\"container\" data-e-type=\"container\">\n\t\t\t\t<div class=\"elementor-element elementor-element-07afecc elementor-widget elementor-widget-heading\" data-id=\"07afecc\" data-element_type=\"widget\" data-e-type=\"widget\" data-widget_type=\"heading.default\">\n\t\t\t\t\t<h2 class=\"elementor-heading-title elementor-size-default\">Wohnhaus Welti-Sulzer<\/h2>\t\t\t\t<\/div>\n\t\t\t\t<div class=\"elementor-element elementor-element-298bc5f elementor-widget elementor-widget-text-editor\" data-id=\"298bc5f\" data-element_type=\"widget\" data-e-type=\"widget\" data-widget_type=\"text-editor.default\">\n\t\t\t\t\t\t\t\t\t<p class=\"p1\">Seidenstrasse 43<\/p>\t\t\t\t\t\t\t\t<\/div>\n\t\t\t\t<div class=\"elementor-element elementor-element-8dc57d1 elementor-widget elementor-widget-text-editor\" data-id=\"8dc57d1\" data-element_type=\"widget\" data-e-type=\"widget\" data-widget_type=\"text-editor.default\">\n\t\t\t\t\t\t\t\t\t<p><span id=\"m_-3316784218699089479docs-internal-guid-20411815-7fff-5b20-356f-a151b3a153cd\">An der Ecke Seidenstrasse\/Adlerstrasse steht ein elegantes, vom Architekten Robert Rittmeyer 1912 erbautes Doppelhaus. Die westliche Haush\u00e4lfte ist seit damals in Familienbesitz.<\/span><\/p>\t\t\t\t\t\t\t\t<\/div>\n\t\t\t\t<div class=\"elementor-element elementor-element-668e970 elementor-widget elementor-widget-text-editor\" data-id=\"668e970\" data-element_type=\"widget\" data-e-type=\"widget\" data-widget_type=\"text-editor.default\">\n\t\t\t\t\t\t\t\t\t<p><a href=\"https:\/\/seidenstrasse-winterthur.ch\/wp-content\/uploads\/2026\/06\/Wohnhaus-Welti.pdf\" target=\"_blank\" rel=\"noopener\"><span style=\"text-decoration: underline;\"><strong>Mehr Infos\u00a0<\/strong><\/span><\/a><\/p>\t\t\t\t\t\t\t\t<\/div>\n\t\t\t\t<\/div>\n\t\t\t\t<\/div>\n\t\t\t\t<\/div>\n\t\t\t\t<\/div>\n\t\t\t\t\t<\/div>\n\t\t\t\t<\/div>\n\t\t<div class=\"elementor-element elementor-element-2b524f9 e-flex e-con-boxed e-con e-parent\" data-id=\"2b524f9\" data-element_type=\"container\" data-e-type=\"container\" data-settings=\"{&quot;background_background&quot;:&quot;classic&quot;}\">\n\t\t\t\t\t<div class=\"e-con-inner\">\n\t\t<div class=\"elementor-element elementor-element-d1cfa27 e-con-full e-flex e-con e-child\" data-id=\"d1cfa27\" data-element_type=\"container\" data-e-type=\"container\" data-settings=\"{&quot;background_background&quot;:&quot;classic&quot;}\">\n\t\t<div class=\"elementor-element elementor-element-79042f2 e-con-full e-flex e-con e-child\" data-id=\"79042f2\" data-element_type=\"container\" data-e-type=\"container\">\n\t\t<div class=\"elementor-element elementor-element-680631a e-con-full e-flex e-con e-child\" data-id=\"680631a\" data-element_type=\"container\" data-e-type=\"container\" data-settings=\"{&quot;background_background&quot;:&quot;classic&quot;}\">\n\t\t\t\t<\/div>\n\t\t<div class=\"elementor-element elementor-element-296f7a2 e-con-full e-flex e-con e-child\" data-id=\"296f7a2\" data-element_type=\"container\" data-e-type=\"container\">\n\t\t<div class=\"elementor-element elementor-element-bc141d6 e-con-full e-flex e-con e-child\" data-id=\"bc141d6\" data-element_type=\"container\" data-e-type=\"container\">\n\t\t\t\t<div class=\"elementor-element elementor-element-a8a486b elementor-widget elementor-widget-image\" data-id=\"a8a486b\" data-element_type=\"widget\" data-e-type=\"widget\" data-widget_type=\"image.default\">\n\t\t\t\t\t\t\t\t\t\t\t\t\t\t\t<img loading=\"lazy\" decoding=\"async\" width=\"800\" height=\"560\" src=\"https:\/\/seidenstrasse-winterthur.ch\/wp-content\/uploads\/2026\/06\/Karte-Palmstrasse-27-1024x717.png\" class=\"attachment-large size-large wp-image-3547\" alt=\"\" srcset=\"https:\/\/seidenstrasse-winterthur.ch\/wp-content\/uploads\/2026\/06\/Karte-Palmstrasse-27-1024x717.png 1024w, https:\/\/seidenstrasse-winterthur.ch\/wp-content\/uploads\/2026\/06\/Karte-Palmstrasse-27-300x210.png 300w, https:\/\/seidenstrasse-winterthur.ch\/wp-content\/uploads\/2026\/06\/Karte-Palmstrasse-27-768x538.png 768w, https:\/\/seidenstrasse-winterthur.ch\/wp-content\/uploads\/2026\/06\/Karte-Palmstrasse-27-1536x1075.png 1536w, https:\/\/seidenstrasse-winterthur.ch\/wp-content\/uploads\/2026\/06\/Karte-Palmstrasse-27.png 1574w\" sizes=\"(max-width: 800px) 100vw, 800px\" \/>\t\t\t\t\t\t\t\t\t\t\t\t\t\t\t<\/div>\n\t\t\t\t<\/div>\n\t\t<div class=\"elementor-element elementor-element-be52600 e-con-full e-flex e-con e-child\" data-id=\"be52600\" data-element_type=\"container\" data-e-type=\"container\">\n\t\t\t\t<div class=\"elementor-element elementor-element-3f0b248 elementor-widget elementor-widget-heading\" data-id=\"3f0b248\" data-element_type=\"widget\" data-e-type=\"widget\" data-widget_type=\"heading.default\">\n\t\t\t\t\t<h2 class=\"elementor-heading-title elementor-size-default\">Esther und Robert Sulzer<\/h2>\t\t\t\t<\/div>\n\t\t\t\t<div class=\"elementor-element elementor-element-7faa957 elementor-widget elementor-widget-text-editor\" data-id=\"7faa957\" data-element_type=\"widget\" data-e-type=\"widget\" data-widget_type=\"text-editor.default\">\n\t\t\t\t\t\t\t\t\t<p class=\"p1\"><span id=\"m_3376855163467180968docs-internal-guid-82dd6920-7fff-7487-62e3-18053e8b5806\">Palmstrasse 27<\/span><\/p>\t\t\t\t\t\t\t\t<\/div>\n\t\t\t\t<div class=\"elementor-element elementor-element-fc940ea elementor-widget elementor-widget-text-editor\" data-id=\"fc940ea\" data-element_type=\"widget\" data-e-type=\"widget\" data-widget_type=\"text-editor.default\">\n\t\t\t\t\t\t\t\t\t<p><span id=\"m_3376855163467180968docs-internal-guid-82dd6920-7fff-7487-62e3-18053e8b5806\">Das Ehepaar ist in seinem Leben weit herumgekommen, von Mumbai \u00fcber Manila zur\u00fcck nach Elgg. Nun wohnen die beiden seit 10 Jahren im Fehlmann-Areal.\u00a0<\/span><\/p>\t\t\t\t\t\t\t\t<\/div>\n\t\t\t\t<div class=\"elementor-element elementor-element-c17cb90 elementor-widget elementor-widget-text-editor\" data-id=\"c17cb90\" data-element_type=\"widget\" data-e-type=\"widget\" data-widget_type=\"text-editor.default\">\n\t\t\t\t\t\t\t\t\t<p><a href=\"https:\/\/seidenstrasse-winterthur.ch\/wp-content\/uploads\/2026\/06\/Einmal-Weltbuerger-immer-Weltbuerger.pdf\" target=\"_blank\" rel=\"noopener\"><span style=\"text-decoration: underline;\"><strong>Mehr Infos\u00a0<\/strong><\/span><\/a><\/p>\t\t\t\t\t\t\t\t<\/div>\n\t\t\t\t<\/div>\n\t\t\t\t<\/div>\n\t\t\t\t<\/div>\n\t\t\t\t<\/div>\n\t\t\t\t\t<\/div>\n\t\t\t\t<\/div>\n\t\t<div class=\"elementor-element elementor-element-0ebd5f0 e-flex e-con-boxed e-con e-parent\" data-id=\"0ebd5f0\" data-element_type=\"container\" data-e-type=\"container\" data-settings=\"{&quot;background_background&quot;:&quot;classic&quot;}\">\n\t\t\t\t\t<div class=\"e-con-inner\">\n\t\t<div class=\"elementor-element elementor-element-875d5a7 e-con-full e-flex e-con e-child\" data-id=\"875d5a7\" data-element_type=\"container\" data-e-type=\"container\">\n\t\t\t\t<div class=\"elementor-element elementor-element-82b21e6 elementor-widget elementor-widget-heading\" data-id=\"82b21e6\" data-element_type=\"widget\" data-e-type=\"widget\" data-widget_type=\"heading.default\">\n\t\t\t\t\t<h2 class=\"elementor-heading-title elementor-size-default\">Lust bei den Aktivit\u00e4ten dabei zu sein?<\/h2>\t\t\t\t<\/div>\n\t\t\t\t<\/div>\n\t\t<div class=\"elementor-element elementor-element-cf4aae0 e-con-full e-flex e-con e-child\" data-id=\"cf4aae0\" data-element_type=\"container\" data-e-type=\"container\">\n\t\t<div class=\"elementor-element elementor-element-24a6d9b e-con-full e-flex e-con e-child\" data-id=\"24a6d9b\" data-element_type=\"container\" data-e-type=\"container\">\n\t\t\t\t<div class=\"elementor-element elementor-element-0ff02be elementor-widget elementor-widget-text-editor\" data-id=\"0ff02be\" data-element_type=\"widget\" data-e-type=\"widget\" data-widget_type=\"text-editor.default\">\n\t\t\t\t\t\t\t\t\t<p>Werde Mitglied<\/p>\t\t\t\t\t\t\t\t<\/div>\n\t\t\t\t<div class=\"elementor-element elementor-element-dbeafb2 elementor-widget elementor-widget-text-editor\" data-id=\"dbeafb2\" data-element_type=\"widget\" data-e-type=\"widget\" data-widget_type=\"text-editor.default\">\n\t\t\t\t\t\t\t\t\t<p><span style=\"white-space: pre-wrap;\">Weil Nachbarschaft mehr ist als nur nebeneinander wohnen.<\/span><\/p>\t\t\t\t\t\t\t\t<\/div>\n\t\t\t\t<div class=\"elementor-element elementor-element-f3054d3 elementor-widget elementor-widget-button\" data-id=\"f3054d3\" data-element_type=\"widget\" data-e-type=\"widget\" data-widget_type=\"button.default\">\n\t\t\t\t\t\t\t\t\t\t<a class=\"elementor-button elementor-button-link elementor-size-sm\" href=\"https:\/\/seidenstrasse-winterthur.ch\/?page_id=489\">\n\t\t\t\t\t\t<span class=\"elementor-button-content-wrapper\">\n\t\t\t\t\t\t\t\t\t<span class=\"elementor-button-text\">Hier anmelden<\/span>\n\t\t\t\t\t<\/span>\n\t\t\t\t\t<\/a>\n\t\t\t\t\t\t\t\t<\/div>\n\t\t\t\t<\/div>\n\t\t<div class=\"elementor-element elementor-element-088baa6 e-con-full e-flex e-con e-child\" data-id=\"088baa6\" data-element_type=\"container\" data-e-type=\"container\">\n\t\t\t\t<div class=\"elementor-element elementor-element-898794e elementor-widget elementor-widget-heading\" data-id=\"898794e\" data-element_type=\"widget\" data-e-type=\"widget\" data-widget_type=\"heading.default\">\n\t\t\t\t\t<h2 class=\"elementor-heading-title elementor-size-default\">Wir freuen uns auf dich!<\/h2>\t\t\t\t<\/div>\n\t\t\t\t<\/div>\n\t\t\t\t<\/div>\n\t\t\t\t\t<\/div>\n\t\t\t\t<\/div>\n\t\t\t\t<\/div>\n\t\t","protected":false},"excerpt":{"rendered":"<p>Geschichte &amp; Geschichten zum Seidenstrassen-Quartier Seidenstrasse 1885 Seidenstrasse 1904 Seidenstrasse 1932 Seidenstrasse 1960 Seidenstrasse 1990 Seidenstrasse 2025 Die Seidenstrasse wurde vor 150 Jahren von der Stadt Winterthur angelegt.\u00a0Was war davor? Wie hat sich die Umgebung seither entwickelt?\u00a0Die folgenden Inhalte bieten einen \u00dcberblick zur Entstehung des Quartiers und erz\u00e4hlen Geschichten \u00fcber Menschen aus dem Quartier. Der [&hellip;]<\/p>\n","protected":false},"author":2,"featured_media":0,"parent":0,"menu_order":0,"comment_status":"closed","ping_status":"closed","template":"","meta":{"inline_featured_image":false,"footnotes":""},"class_list":["post-1155","page","type-page","status-publish","hentry"],"aioseo_notices":[],"aioseo_head":"\n\t\t<!-- All in One SEO 5.0.0.1 - aioseo.com -->\n\t<meta name=\"description\" content=\"Geschichte &amp; Geschichten zum Seidenstrassen-Quartier Die Seidenstrasse wurde vor 150 Jahren von der Stadt Winterthur angelegt. Was war davor? Wie hat sich die Umgebung seither entwickelt? Die folgenden Inhalte bieten einen \u00dcberblick zur Entstehung des Quartiers und erz\u00e4hlen Geschichten \u00fcber Menschen aus dem Quartier. Der Bau der Seidenstrasse begann im Jahr 1874. Doch schon vorher bauten wohlhabende\" \/>\n\t<meta name=\"robots\" content=\"max-image-preview:large\" \/>\n\t<link rel=\"canonical\" href=\"https:\/\/seidenstrasse-winterthur.ch\/?page_id=1155\" \/>\n\t<meta name=\"generator\" content=\"All in One SEO (AIOSEO) 5.0.0.1\" \/>\n\t\t<meta property=\"og:locale\" content=\"de_DE\" \/>\n\t\t<meta property=\"og:site_name\" content=\"Seidenstrasse Quartierverein -\" \/>\n\t\t<meta property=\"og:type\" content=\"article\" \/>\n\t\t<meta property=\"og:title\" content=\"Geschichten - Seidenstrasse Quartierverein\" \/>\n\t\t<meta property=\"og:description\" content=\"Geschichte &amp; Geschichten zum Seidenstrassen-Quartier Die Seidenstrasse wurde vor 150 Jahren von der Stadt Winterthur angelegt. Was war davor? Wie hat sich die Umgebung seither entwickelt? Die folgenden Inhalte bieten einen \u00dcberblick zur Entstehung des Quartiers und erz\u00e4hlen Geschichten \u00fcber Menschen aus dem Quartier. Der Bau der Seidenstrasse begann im Jahr 1874. Doch schon vorher bauten wohlhabende\" \/>\n\t\t<meta property=\"og:url\" content=\"https:\/\/seidenstrasse-winterthur.ch\/?page_id=1155\" \/>\n\t\t<meta property=\"og:image\" content=\"https:\/\/seidenstrasse-winterthur.ch\/wp-content\/uploads\/2025\/07\/Seidenstrasse-Logo-MintGruen-01.svg\" \/>\n\t\t<meta property=\"og:image:secure_url\" content=\"https:\/\/seidenstrasse-winterthur.ch\/wp-content\/uploads\/2025\/07\/Seidenstrasse-Logo-MintGruen-01.svg\" \/>\n\t\t<meta property=\"article:published_time\" content=\"2025-07-28T19:15:51+00:00\" \/>\n\t\t<meta property=\"article:modified_time\" content=\"2026-06-18T13:46:52+00:00\" \/>\n\t\t<meta name=\"twitter:card\" content=\"summary_large_image\" \/>\n\t\t<meta name=\"twitter:title\" content=\"Geschichten - Seidenstrasse Quartierverein\" \/>\n\t\t<meta name=\"twitter:description\" content=\"Geschichte &amp; Geschichten zum Seidenstrassen-Quartier Die Seidenstrasse wurde vor 150 Jahren von der Stadt Winterthur angelegt. Was war davor? Wie hat sich die Umgebung seither entwickelt? Die folgenden Inhalte bieten einen \u00dcberblick zur Entstehung des Quartiers und erz\u00e4hlen Geschichten \u00fcber Menschen aus dem Quartier. Der Bau der Seidenstrasse begann im Jahr 1874. Doch schon vorher bauten wohlhabende\" \/>\n\t\t<meta name=\"twitter:image\" content=\"https:\/\/seidenstrasse-winterthur.ch\/wp-content\/uploads\/2025\/07\/Seidenstrasse-Logo-MintGruen-01.svg\" \/>\n\t\t<script type=\"application\/ld+json\" class=\"aioseo-schema\">\n\t\t\t{\"@context\":\"https:\\\/\\\/schema.org\",\"@graph\":[{\"@type\":\"BreadcrumbList\",\"@id\":\"https:\\\/\\\/seidenstrasse-winterthur.ch\\\/?page_id=1155#breadcrumblist\",\"itemListElement\":[{\"@type\":\"ListItem\",\"@id\":\"https:\\\/\\\/seidenstrasse-winterthur.ch#listItem\",\"position\":1,\"name\":\"Home\",\"item\":\"https:\\\/\\\/seidenstrasse-winterthur.ch\",\"nextItem\":{\"@type\":\"ListItem\",\"@id\":\"https:\\\/\\\/seidenstrasse-winterthur.ch\\\/?page_id=1155#listItem\",\"name\":\"Geschichten\"}},{\"@type\":\"ListItem\",\"@id\":\"https:\\\/\\\/seidenstrasse-winterthur.ch\\\/?page_id=1155#listItem\",\"position\":2,\"name\":\"Geschichten\",\"previousItem\":{\"@type\":\"ListItem\",\"@id\":\"https:\\\/\\\/seidenstrasse-winterthur.ch#listItem\",\"name\":\"Home\"}}]},{\"@type\":\"Organization\",\"@id\":\"https:\\\/\\\/seidenstrasse-winterthur.ch\\\/#organization\",\"name\":\"Seidenstrasse Quartierverein\",\"url\":\"https:\\\/\\\/seidenstrasse-winterthur.ch\\\/\",\"logo\":{\"@type\":\"ImageObject\",\"url\":\"https:\\\/\\\/seidenstrasse-winterthur.ch\\\/wp-content\\\/uploads\\\/2026\\\/03\\\/Seidenstrasse-Logo-01.svg\",\"@id\":\"https:\\\/\\\/seidenstrasse-winterthur.ch\\\/?page_id=1155\\\/#organizationLogo\",\"width\":499,\"height\":201},\"image\":{\"@id\":\"https:\\\/\\\/seidenstrasse-winterthur.ch\\\/?page_id=1155\\\/#organizationLogo\"}},{\"@type\":\"WebPage\",\"@id\":\"https:\\\/\\\/seidenstrasse-winterthur.ch\\\/?page_id=1155#webpage\",\"url\":\"https:\\\/\\\/seidenstrasse-winterthur.ch\\\/?page_id=1155\",\"name\":\"Geschichten - Seidenstrasse Quartierverein\",\"description\":\"Geschichte & Geschichten zum Seidenstrassen-Quartier Die Seidenstrasse wurde vor 150 Jahren von der Stadt Winterthur angelegt. Was war davor? Wie hat sich die Umgebung seither entwickelt? Die folgenden Inhalte bieten einen \\u00dcberblick zur Entstehung des Quartiers und erz\\u00e4hlen Geschichten \\u00fcber Menschen aus dem Quartier. Der Bau der Seidenstrasse begann im Jahr 1874. Doch schon vorher bauten wohlhabende\",\"inLanguage\":\"de-DE\",\"isPartOf\":{\"@id\":\"https:\\\/\\\/seidenstrasse-winterthur.ch\\\/#website\"},\"breadcrumb\":{\"@id\":\"https:\\\/\\\/seidenstrasse-winterthur.ch\\\/?page_id=1155#breadcrumblist\"},\"datePublished\":\"2025-07-28T21:15:51+02:00\",\"dateModified\":\"2026-06-18T15:46:52+02:00\"},{\"@type\":\"WebSite\",\"@id\":\"https:\\\/\\\/seidenstrasse-winterthur.ch\\\/#website\",\"url\":\"https:\\\/\\\/seidenstrasse-winterthur.ch\\\/\",\"name\":\"Seidenstrasse Quartierverein\",\"inLanguage\":\"de-DE\",\"publisher\":{\"@id\":\"https:\\\/\\\/seidenstrasse-winterthur.ch\\\/#organization\"}}]}\n\t\t<\/script>\n\t\t<!-- All in One SEO -->\n\n","aioseo_head_json":{"title":"Geschichten - Seidenstrasse Quartierverein","description":"Geschichte & Geschichten zum Seidenstrassen-Quartier Die Seidenstrasse wurde vor 150 Jahren von der Stadt Winterthur angelegt. Was war davor? Wie hat sich die Umgebung seither entwickelt? Die folgenden Inhalte bieten einen \u00dcberblick zur Entstehung des Quartiers und erz\u00e4hlen Geschichten \u00fcber Menschen aus dem Quartier. Der Bau der Seidenstrasse begann im Jahr 1874. Doch schon vorher bauten wohlhabende","canonical_url":"https:\/\/seidenstrasse-winterthur.ch\/?page_id=1155","robots":"max-image-preview:large","keywords":"","webmasterTools":{"miscellaneous":""},"schema":{"@context":"https:\/\/schema.org","@graph":[{"@type":"BreadcrumbList","@id":"https:\/\/seidenstrasse-winterthur.ch\/?page_id=1155#breadcrumblist","itemListElement":[{"@type":"ListItem","@id":"https:\/\/seidenstrasse-winterthur.ch#listItem","position":1,"name":"Home","item":"https:\/\/seidenstrasse-winterthur.ch","nextItem":{"@type":"ListItem","@id":"https:\/\/seidenstrasse-winterthur.ch\/?page_id=1155#listItem","name":"Geschichten"}},{"@type":"ListItem","@id":"https:\/\/seidenstrasse-winterthur.ch\/?page_id=1155#listItem","position":2,"name":"Geschichten","previousItem":{"@type":"ListItem","@id":"https:\/\/seidenstrasse-winterthur.ch#listItem","name":"Home"}}]},{"@type":"Organization","@id":"https:\/\/seidenstrasse-winterthur.ch\/#organization","name":"Seidenstrasse Quartierverein","url":"https:\/\/seidenstrasse-winterthur.ch\/","logo":{"@type":"ImageObject","url":"https:\/\/seidenstrasse-winterthur.ch\/wp-content\/uploads\/2026\/03\/Seidenstrasse-Logo-01.svg","@id":"https:\/\/seidenstrasse-winterthur.ch\/?page_id=1155\/#organizationLogo","width":499,"height":201},"image":{"@id":"https:\/\/seidenstrasse-winterthur.ch\/?page_id=1155\/#organizationLogo"}},{"@type":"WebPage","@id":"https:\/\/seidenstrasse-winterthur.ch\/?page_id=1155#webpage","url":"https:\/\/seidenstrasse-winterthur.ch\/?page_id=1155","name":"Geschichten - Seidenstrasse Quartierverein","description":"Geschichte & Geschichten zum Seidenstrassen-Quartier Die Seidenstrasse wurde vor 150 Jahren von der Stadt Winterthur angelegt. Was war davor? Wie hat sich die Umgebung seither entwickelt? Die folgenden Inhalte bieten einen \u00dcberblick zur Entstehung des Quartiers und erz\u00e4hlen Geschichten \u00fcber Menschen aus dem Quartier. Der Bau der Seidenstrasse begann im Jahr 1874. Doch schon vorher bauten wohlhabende","inLanguage":"de-DE","isPartOf":{"@id":"https:\/\/seidenstrasse-winterthur.ch\/#website"},"breadcrumb":{"@id":"https:\/\/seidenstrasse-winterthur.ch\/?page_id=1155#breadcrumblist"},"datePublished":"2025-07-28T21:15:51+02:00","dateModified":"2026-06-18T15:46:52+02:00"},{"@type":"WebSite","@id":"https:\/\/seidenstrasse-winterthur.ch\/#website","url":"https:\/\/seidenstrasse-winterthur.ch\/","name":"Seidenstrasse Quartierverein","inLanguage":"de-DE","publisher":{"@id":"https:\/\/seidenstrasse-winterthur.ch\/#organization"}}]},"og:locale":"de_DE","og:site_name":"Seidenstrasse Quartierverein -","og:type":"article","og:title":"Geschichten - Seidenstrasse Quartierverein","og:description":"Geschichte &amp; Geschichten zum Seidenstrassen-Quartier Die Seidenstrasse wurde vor 150 Jahren von der Stadt Winterthur angelegt. Was war davor? Wie hat sich die Umgebung seither entwickelt? Die folgenden Inhalte bieten einen \u00dcberblick zur Entstehung des Quartiers und erz\u00e4hlen Geschichten \u00fcber Menschen aus dem Quartier. Der Bau der Seidenstrasse begann im Jahr 1874. Doch schon vorher bauten wohlhabende","og:url":"https:\/\/seidenstrasse-winterthur.ch\/?page_id=1155","og:image":"https:\/\/seidenstrasse-winterthur.ch\/wp-content\/uploads\/2025\/07\/Seidenstrasse-Logo-MintGruen-01.svg","og:image:secure_url":"https:\/\/seidenstrasse-winterthur.ch\/wp-content\/uploads\/2025\/07\/Seidenstrasse-Logo-MintGruen-01.svg","article:published_time":"2025-07-28T19:15:51+00:00","article:modified_time":"2026-06-18T13:46:52+00:00","twitter:card":"summary_large_image","twitter:title":"Geschichten - Seidenstrasse Quartierverein","twitter:description":"Geschichte &amp; Geschichten zum Seidenstrassen-Quartier Die Seidenstrasse wurde vor 150 Jahren von der Stadt Winterthur angelegt. Was war davor? Wie hat sich die Umgebung seither entwickelt? Die folgenden Inhalte bieten einen \u00dcberblick zur Entstehung des Quartiers und erz\u00e4hlen Geschichten \u00fcber Menschen aus dem Quartier. Der Bau der Seidenstrasse begann im Jahr 1874. Doch schon vorher bauten wohlhabende","twitter:image":"https:\/\/seidenstrasse-winterthur.ch\/wp-content\/uploads\/2025\/07\/Seidenstrasse-Logo-MintGruen-01.svg"},"aioseo_meta_data":{"post_id":"1155","title":null,"description":null,"keywords":null,"keyphrases":{"focus":[],"additional":[]},"primary_term":null,"canonical_url":null,"og_title":null,"og_description":null,"og_object_type":"default","og_image_type":"default","og_image_url":null,"og_image_width":null,"og_image_height":null,"og_image_custom_url":null,"og_image_custom_fields":null,"og_video":null,"og_custom_url":null,"og_article_section":null,"og_article_tags":null,"twitter_use_og":false,"twitter_card":"default","twitter_image_type":"default","twitter_image_url":null,"twitter_image_custom_url":null,"twitter_image_custom_fields":null,"twitter_title":null,"twitter_description":null,"schema":{"blockGraphs":[],"customGraphs":[],"default":{"data":{"Article":[],"Course":[],"Dataset":[],"FAQPage":[],"Movie":[],"Person":[],"Product":[],"ProductReview":[],"Car":[],"Recipe":[],"Service":[],"SoftwareApplication":[],"WebPage":[]},"graphName":"","isEnabled":true},"graphs":[]},"schema_type":"default","schema_type_options":null,"pillar_content":false,"robots_default":true,"robots_noindex":false,"robots_noarchive":false,"robots_nosnippet":false,"robots_nofollow":false,"robots_noimageindex":false,"robots_noodp":false,"robots_notranslate":false,"robots_max_snippet":null,"robots_max_videopreview":null,"robots_max_imagepreview":"large","priority":null,"frequency":null,"local_seo":null,"breadcrumb_settings":null,"limit_modified_date":false,"ai":null,"created":"2026-03-05 17:05:01","updated":"2026-08-23 19:13:17","seo_analyzer_scan_date":null,"focus_keyword":null,"additional_keywords":null,"truseo_locale":null},"aioseo_breadcrumb":"<div class=\"aioseo-breadcrumbs\"><span class=\"aioseo-breadcrumb\">\n\t\t\t<a href=\"https:\/\/seidenstrasse-winterthur.ch\" title=\"Home\">Home<\/a>\n\t\t<\/span><span class=\"aioseo-breadcrumb-separator\">&raquo;<\/span><span class=\"aioseo-breadcrumb\">\n\t\t\tGeschichten\n\t\t<\/span><\/div>","aioseo_breadcrumb_json":[{"label":"Home","link":"https:\/\/seidenstrasse-winterthur.ch"},{"label":"Geschichten","link":"https:\/\/seidenstrasse-winterthur.ch\/?page_id=1155"}],"_links":{"self":[{"href":"https:\/\/seidenstrasse-winterthur.ch\/index.php?rest_route=\/wp\/v2\/pages\/1155","targetHints":{"allow":["GET"]}}],"collection":[{"href":"https:\/\/seidenstrasse-winterthur.ch\/index.php?rest_route=\/wp\/v2\/pages"}],"about":[{"href":"https:\/\/seidenstrasse-winterthur.ch\/index.php?rest_route=\/wp\/v2\/types\/page"}],"author":[{"embeddable":true,"href":"https:\/\/seidenstrasse-winterthur.ch\/index.php?rest_route=\/wp\/v2\/users\/2"}],"replies":[{"embeddable":true,"href":"https:\/\/seidenstrasse-winterthur.ch\/index.php?rest_route=%2Fwp%2Fv2%2Fcomments&post=1155"}],"version-history":[{"count":400,"href":"https:\/\/seidenstrasse-winterthur.ch\/index.php?rest_route=\/wp\/v2\/pages\/1155\/revisions"}],"predecessor-version":[{"id":3570,"href":"https:\/\/seidenstrasse-winterthur.ch\/index.php?rest_route=\/wp\/v2\/pages\/1155\/revisions\/3570"}],"wp:attachment":[{"href":"https:\/\/seidenstrasse-winterthur.ch\/index.php?rest_route=%2Fwp%2Fv2%2Fmedia&parent=1155"}],"curies":[{"name":"wp","href":"https:\/\/api.w.org\/{rel}","templated":true}]}}